{"id":3275,"date":"2022-07-19T14:06:44","date_gmt":"2022-07-19T12:06:44","guid":{"rendered":"https:\/\/farmworld.tv\/our-passion\/"},"modified":"2025-12-04T15:17:58","modified_gmt":"2025-12-04T14:17:58","slug":"passione","status":"publish","type":"page","link":"https:\/\/farmworld.tv\/it\/passione\/","title":{"rendered":"Passione"},"content":{"rendered":"<div class=\"wpb-content-wrapper\"><p>[vc_row full_width=\u201cstretch_row_content_no_spaces\u201d][vc_column][vc_row_inner][vc_column_inner]            <\/p><div class=\"iw_header_image \" data-max-height=\"700\">\n                <div class=\"iw_header_image_image_wrapper\">\n                    <div class=\"iw_header_image_image_rescue\"><\/div>\n                    <div class=\"picture-tag-wrapper\">\n                                        <picture>\n                    <source media=\"(max-width: 465px)\" srcset=\"https:\/\/farmworld.tv\/wp-content\/uploads\/2022\/07\/ltv_header_demo-scaled.jpg\">\n                    <source media=\"(max-width: 860px)\" srcset=\"https:\/\/farmworld.tv\/wp-content\/uploads\/2022\/07\/ltv_header_demo-scaled.jpg\">\n                    <img decoding=\"async\" src=\"https:\/\/farmworld.tv\/wp-content\/uploads\/2022\/07\/ltv_header_demo-scaled.jpg\" title=\"ltv_header_demo\" alt width=\"2560\" height=\"1440\" style=\"width: 100%; height: 100%; object-fit: cover\" loading=\"lazy\">\n                <\/picture>\n                    <\/div>\n                <\/div>\n                \n            <\/div>\n[\/vc_column_inner][\/vc_row_inner][\/vc_column][\/vc_row][vc_row full_width=\u201cstretch_row\u201d][vc_column][vc_row_inner][vc_column_inner][vc_empty_space height=\u201c50\u201d][\/vc_column_inner][\/vc_row_inner][vc_row_inner][vc_column_inner width=\u201c1\/6\u201d offset=\u201cvc_hidden-sm vc_hidden-xs\u201d][\/vc_column_inner][vc_column_inner offset=\u201cvc_col-md\u20118\u201d][vc_column_text]\n<h1 style=\"text-align: center;\">Passione<\/h1>\n<p>[\/vc_column_text][vc_column_text]<\/p>\n<h4 style=\"text-align: center;\"><span style=\"color: #5aa05a;\">Ciao, questi siamo noi e questa \u00e8 la nostra passione!<br>\n<\/span><\/h4>\n<p>[\/vc_column_text][vc_empty_space height=\u201c25px\u201d][\/vc_column_inner][vc_column_inner width=\u201c1\/6\u201d offset=\u201cvc_hidden-sm vc_hidden-xs\u201d][\/vc_column_inner][\/vc_row_inner][\/vc_column][\/vc_row][vc_row full_width=\u201cstretch_row\u201d][vc_column][vc_row_inner][vc_column_inner][vc_empty_space height=\u201c50\u201d][\/vc_column_inner][\/vc_row_inner][vc_row_inner][vc_column_inner width=\u201c1\/12\u201d offset=\u201cvc_hidden-sm vc_hidden-xs\u201d][\/vc_column_inner][vc_column_inner width=\u201c1\/2\u201d offset=\u201cvc_col-md\u20114\u201d][vc_single_image image=\u201c779\u201d img_size=\u201c175x175\u201d alignment=\u201ccenter\u201d style=\u201cvc_box_circle\u201d][vc_column_text css=\u201d.vc_custom_1669207015155{margin-bottom: 15px !important;}\u201d]<\/p>\n<h2 style=\"text-align: center;\">Tammo Gl\u00e4ser<\/h2>\n<p>[\/vc_column_text][vc_column_text css=\u201d.vc_custom_1676994923302{margin-bottom: 20px !important;}\u201d]<\/p>\n<p style=\"text-align: center;\">Anno di cos\u00adtru\u00adzi\u00adone&nbsp;1985<\/p>\n<p>[\/vc_column_text][vc_column_text css=\u201d.vc_custom_1676994931037{margin-bottom: 20px !important;}\u201d]<\/p>\n<p style=\"text-align: center;\">Tec\u00adnico del mar\u00adke\u00adting e della ges\u00adtione agricola<\/p>\n<p>[\/vc_column_text][vc_column_text css=\u201d.vc_custom_1676994938253{margin-bottom: 20px !important;}\u201d]<\/p>\n<p style=\"text-align: center;\">Trat\u00adtore pre\u00adfe\u00adrito: Case IH Quadt\u00adrac&nbsp;535<\/p>\n<p>[\/vc_column_text][vc_column_text css=\u201d.vc_custom_1676994945786{margin-bottom: 20px !important;}\u201d]<\/p>\n<p style=\"text-align: center;\">Desti\u00adna\u00adzione pre\u00adfe\u00adrita: Sas\u00adkat\u00adche\u00adwan (Canada)<\/p>\n<p>[\/vc_column_text][vc_column_text css=\u201d.vc_custom_1676994953934{margin-bottom: 20px !important;}\u201d]<\/p>\n<p style=\"text-align: center;\">Sog\u00adgetto pre\u00adfe\u00adrito finora: Semi\u00adna\u00adtrice da 65 metri (L\u2019agricoltura in Australia)<\/p>\n<p>[\/vc_column_text][vc_column_text css=\u201d.vc_custom_1676994960783{margin-bottom: 20px !important;}\u201d]<\/p>\n<p style=\"text-align: center;\">Minuti di ripresa: 60.000+<\/p>\n<p>[\/vc_column_text][vc_column_text css=\u201d.vc_custom_1676994967817{margin-bottom: 20px !important;}\u201d]<\/p>\n<p style=\"text-align: center;\">Inci\u00addenti con i droni fino ad ora:&nbsp;2<\/p>\n<p>[\/vc_column_text][vc_empty_space height=\u201c50\u201d][\/vc_column_inner][vc_column_inner width=\u201c1\/12\u201d offset=\u201cvc_hidden-sm vc_hidden-xs\u201d][\/vc_column_inner][vc_column_inner width=\u201c1\/12\u201d offset=\u201cvc_hidden-sm vc_hidden-xs\u201d][\/vc_column_inner][vc_column_inner width=\u201c1\/2\u201d offset=\u201cvc_col-md\u20114\u201d][vc_single_image image=\u201c783\u201d img_size=\u201c175x175\u201d alignment=\u201ccenter\u201d style=\u201cvc_box_circle\u201d][vc_column_text css=\u201d.vc_custom_1669207177490{margin-bottom: 15px !important;}\u201d]<\/p>\n<h2 style=\"text-align: center;\">J\u00f6rn Gl\u00e4ser<\/h2>\n<p>[\/vc_column_text][vc_column_text css=\u201d.vc_custom_1676994975784{margin-bottom: 20px !important;}\u201d]<\/p>\n<p style=\"text-align: center;\">Anno di cos\u00adtru\u00adzi\u00adone&nbsp;1988<\/p>\n<p>[\/vc_column_text][vc_column_text css=\u201d.vc_custom_1676994983434{margin-bottom: 20px !important;}\u201d]<\/p>\n<p style=\"text-align: center;\">Lau\u00adrea in ingeg\u00adne\u00adria del mar\u00adke\u00adting e della ges\u00adtione agricola<\/p>\n<p>[\/vc_column_text][vc_column_text css=\u201d.vc_custom_1676994991550{margin-bottom: 20px !important;}\u201d]<\/p>\n<p style=\"text-align: center;\">Trat\u00adtore pre\u00adfe\u00adrito: Fendt Favo\u00adrit 615&nbsp;LSA<\/p>\n<p>[\/vc_column_text][vc_column_text css=\u201d.vc_custom_1676994998669{margin-bottom: 20px !important;}\u201d]<\/p>\n<p style=\"text-align: center;\">Desti\u00adna\u00adzione pre\u00adfe\u00adrita: Francia<\/p>\n<p>[\/vc_column_text][vc_column_text css=\u201d.vc_custom_1676995006417{margin-bottom: 20px !important;}\u201d]<\/p>\n<p style=\"text-align: center;\">Sog\u00adgetto pre\u00adfe\u00adrito: Deutz-Fahr davanti al vul\u00adcano in&nbsp;Cile<\/p>\n<p>[\/vc_column_text][vc_column_text css=\u201d.vc_custom_1676995015002{margin-bottom: 20px !important;}\u201d]<\/p>\n<p style=\"text-align: center;\">Foto scat\u00adtate finora: 500.000+<\/p>\n<p>[\/vc_column_text][vc_column_text css=\u201d.vc_custom_1676995022401{margin-bottom: 20px !important;}\u201d]<\/p>\n<p style=\"text-align: center;\">Inci\u00addenti con i droni fino ad ora:&nbsp;1<\/p>\n<p>[\/vc_column_text][vc_empty_space height=\u201c50\u201d][\/vc_column_inner][vc_column_inner width=\u201c1\/12\u201d offset=\u201cvc_hidden-sm vc_hidden-xs\u201d][\/vc_column_inner][\/vc_row_inner][vc_row_inner][vc_column_inner offset=\u201cvc_hidden-sm vc_hidden-xs\u201d][vc_empty_space height=\u201c50\u201d][\/vc_column_inner][\/vc_row_inner][vc_row_inner][vc_column_inner][vc_empty_space height=\u201c25\u201d][\/vc_column_inner][\/vc_row_inner][\/vc_column][\/vc_row][vc_row full_width=\u201cstretch_row\u201d][vc_column][vc_row_inner][vc_column_inner width=\u201c1\/4\u201d][\/vc_column_inner][vc_column_inner offset=\u201cvc_col-md\u20116\u201d][vc_column_text css=\u201d.vc_custom_1669630113967{margin-bottom: 15px !important;}\u201d]<\/p>\n<h3 style=\"text-align: center;\"><span style=\"color: #5aa05a;\">1985 \u2013&nbsp;2000<\/span><\/h3>\n<p>[\/vc_column_text][vc_column_text css=\u201d.vc_custom_1676995031533{margin-bottom: 20px !important;}\u201d]<\/p>\n<h4 style=\"text-align: center;\">Mungere vacche durante le vacanze scolastiche<\/h4>\n<p>[\/vc_column_text][vc_column_text]<\/p>\n<p style=\"text-align: left;\">Noi: Tammo e J\u00f6rn. Abbiamo tras\u00adcorso ogni minuto libero della nos\u00adtra inf\u00adan\u00adzia nella fat\u00adto\u00adria di nos\u00adtro zio. \u00c8 qui che abbiamo impa\u00adrato a gui\u00addare trat\u00adtori, ini\u00adzi\u00adando con un Fendt Far\u00admer 309 LSA, ed \u00e8 qui che abbiamo scat\u00adtato la mag\u00adgior parte delle nostre prime foto di mac\u00adchine agri\u00adcole con una mac\u00adchina foto\u00adgra\u00adfica a rullino.<\/p>\n<p>[\/vc_column_text][vc_empty_space height=\u201c25\u201d][\/vc_column_inner][vc_column_inner width=\u201c1\/4\u201d][\/vc_column_inner][\/vc_row_inner][vc_row_inner][vc_column_inner]<\/p><div class=\"iw_cpt_image_gallery_advanced \"><div class=\"iw_cpt_image_gallery  first_gallery \" data-deactive_lightbox=\"false\"><div class=\"desktop\"><div class=\"iw_col_1_2\"><div class=\"iw_cpt_image_gallery_image full one\"><img decoding=\"async\" src=\"https:\/\/farmworld.tv\/wp-content\/uploads\/2022\/11\/ltv-fwtv-leidenschaft-1985-2000-image-01-970x647.jpg\" loading=\"lazy\"><div class=\"clearfix\"><\/div><\/div><\/div><div class=\"iw_col_1_2\"><div class=\"iw_cpt_image_gallery_image two\"><img decoding=\"async\" src=\"https:\/\/farmworld.tv\/wp-content\/uploads\/2022\/11\/ltv-fwtv-leidenschaft-1985-2000-image-02-970x647.jpg\" loading=\"lazy\"><\/div><div class=\"iw_cpt_image_gallery_image three\"><img decoding=\"async\" src=\"https:\/\/farmworld.tv\/wp-content\/uploads\/2022\/11\/ltv-fwtv-leidenschaft-1985-2000-image-03-970x647.jpg\" loading=\"lazy\"><\/div><div class=\"iw_cpt_image_gallery_image\"><img decoding=\"async\" src=\"https:\/\/farmworld.tv\/wp-content\/uploads\/2022\/11\/ltv-fwtv-leidenschaft-1985-2000-image-04-970x647.jpg\" loading=\"lazy\"><\/div><\/div><div class=\"iw_cpt_image_gallery_clearfix\"><\/div><div class=\"iw_col_1_2\"><\/div><div class=\"iw_col_1_2\"><\/div><\/div><div class=\"mobile\"><div class=\"iw_col_1_1\"><div class=\"iw_cpt_image_gallery_image full one\"><img decoding=\"async\" src=\"https:\/\/farmworld.tv\/wp-content\/uploads\/2022\/11\/ltv-fwtv-leidenschaft-1985-2000-image-01-970x647.jpg\" loading=\"lazy\"><\/div><\/div><div class=\"iw_col_1_1\"><div class=\"iw_cpt_image_gallery_image\"><img decoding=\"async\" src=\"https:\/\/farmworld.tv\/wp-content\/uploads\/2022\/11\/ltv-fwtv-leidenschaft-1985-2000-image-02-970x647.jpg\" loading=\"lazy\"><\/div><div class=\"iw_cpt_image_gallery_image\"><img decoding=\"async\" src=\"https:\/\/farmworld.tv\/wp-content\/uploads\/2022\/11\/ltv-fwtv-leidenschaft-1985-2000-image-03-970x647.jpg\" loading=\"lazy\"><\/div><div class=\"iw_cpt_image_gallery_image\"><img decoding=\"async\" src=\"https:\/\/farmworld.tv\/wp-content\/uploads\/2022\/11\/ltv-fwtv-leidenschaft-1985-2000-image-04-970x647.jpg\" loading=\"lazy\"><\/div><\/div><\/div><div class=\"iw_cpt_image_gallery_clearfix\"><\/div><\/div><\/div>[vc_empty_space height=\u201c25\u201d][\/vc_column_inner][\/vc_row_inner][vc_row_inner][vc_column_inner]            <div class=\"iw_svg_viewer \" style=\"text-align:center\">\n                \n                    <div class=\"iw_svg_viewer_content_wrapper\" style=\"width:2px; height:150px\">\n                        <?xml version=\"1.0\" encoding=\"UTF-8\"?><svg id=\"Layer_1\" viewBox=\"0 0 2 150\"><rect id=\"Rechteck_1061\" width=\"2\" height=\"150\" style=\"fill:#5aa05a;\" \/><\/svg>\n                    <\/div>\n                \n            <\/div>\n[vc_empty_space height=\u201c25\u201d][\/vc_column_inner][\/vc_row_inner][\/vc_column][\/vc_row][vc_row full_width=\u201cstretch_row\u201d][vc_column][vc_row_inner][vc_column_inner width=\u201c1\/4\u201d][\/vc_column_inner][vc_column_inner offset=\u201cvc_col-md\u20116\u201d][vc_column_text css=\u201d.vc_custom_1669630100681{margin-bottom: 15px !important;}\u201d]\n<h3 style=\"text-align: center;\"><span style=\"color: #5aa05a;\">2001 \u2013&nbsp;2002<\/span><\/h3>\n<p>[\/vc_column_text][vc_column_text css=\u201d.vc_custom_1676995048483{margin-bottom: 20px !important;}\u201d]<\/p>\n<h4 style=\"text-align: center;\">In viaggio con la cinepresa<\/h4>\n<p>[\/vc_column_text][vc_column_text]<\/p>\n<p style=\"text-align: left;\">Usa\u00advamo sempre la cine\u00adpresa 8 mm di nos\u00adtro padre per cat\u00adturare imma\u00adgini in movi\u00admento delle emo\u00adzio\u00adn\u00adanti ope\u00adra\u00adzioni dei mac\u00adchi\u00adnari agri\u00adcoli. Indi\u00admen\u00adti\u00adca\u00adbili sono state le prime imma\u00adgini dei trat\u00adtori Fendt Favo\u00adrit 800 e 900 presso vari con\u00adto\u00adter\u00adzisti. Fu pro\u00addotto un primo metrag\u00adgio dal titolo \u00ab5 ore di mac\u00adchine agri\u00adcole \u2013 attra\u00adverso tutti i set\u00adtori\u00bb su cas\u00adsetta VHS. Tro\u00advammo i primi acqui\u00adrenti tra\u00admite annunci sui giorn\u00adali e fummo molto orgo\u00adgli\u00adosi di ogni cas\u00adsetta ven\u00adduta dei nos\u00adtri video sulle mac\u00adchine agricole.<\/p>\n<p>[\/vc_column_text][vc_empty_space height=\u201c25\u201d][\/vc_column_inner][vc_column_inner width=\u201c1\/4\u201d][\/vc_column_inner][\/vc_row_inner][vc_row_inner][vc_column_inner]<\/p><div class=\"iw_cpt_image_gallery_advanced \"><div class=\"iw_cpt_image_gallery \" data-deactive_lightbox=\"false\"><div class=\"desktop\"><div class=\"iw_col_1_4\"><div class=\"iw_cpt_image_gallery_image one\"><img decoding=\"async\" src=\"https:\/\/farmworld.tv\/wp-content\/uploads\/2023\/03\/ltv-fwtv-leidenschaft-2001-image-01-970x728.jpg\" loading=\"lazy\"><\/div><\/div><div class=\"iw_col_1_2\"><div class=\"iw_cpt_image_gallery_image full two\"><img decoding=\"async\" src=\"https:\/\/farmworld.tv\/wp-content\/uploads\/2023\/03\/ltv-fwtv-leidenschaft-2001-image-02-970x728.jpg\" loading=\"lazy\"><\/div><\/div><div class=\"iw_col_1_4\"><div class=\"iw_cpt_image_gallery_image three\"><img decoding=\"async\" src=\"https:\/\/farmworld.tv\/wp-content\/uploads\/2023\/03\/ltv-fwtv-leidenschaft-2001-image-03-970x728.jpg\" loading=\"lazy\"><\/div><\/div><div class=\"iw_cpt_image_gallery_clearfix\"><\/div><div class=\"iw_col_1_2\"><\/div><div class=\"iw_col_1_2\"><\/div><\/div><div class=\"mobile\"><div class=\"iw_col_1_1\"><div class=\"iw_cpt_image_gallery_image full one\"><img decoding=\"async\" src=\"https:\/\/farmworld.tv\/wp-content\/uploads\/2023\/03\/ltv-fwtv-leidenschaft-2001-image-01-970x728.jpg\" loading=\"lazy\"><\/div><\/div><div class=\"iw_col_1_1\"><div class=\"iw_cpt_image_gallery_image\"><img decoding=\"async\" src=\"https:\/\/farmworld.tv\/wp-content\/uploads\/2023\/03\/ltv-fwtv-leidenschaft-2001-image-02-970x728.jpg\" loading=\"lazy\"><\/div><div class=\"iw_cpt_image_gallery_image\"><img decoding=\"async\" src=\"https:\/\/farmworld.tv\/wp-content\/uploads\/2023\/03\/ltv-fwtv-leidenschaft-2001-image-03-970x728.jpg\" loading=\"lazy\"><\/div><\/div><\/div><div class=\"iw_cpt_image_gallery_clearfix\"><\/div><\/div><\/div>[vc_empty_space height=\u201c25\u201d][\/vc_column_inner][\/vc_row_inner][vc_row_inner][vc_column_inner]            <div class=\"iw_svg_viewer \" style=\"text-align:center\">\n                \n                    <div class=\"iw_svg_viewer_content_wrapper\" style=\"width:2px; height:150px\">\n                        <?xml version=\"1.0\" encoding=\"UTF-8\"?><svg id=\"Layer_1\" viewBox=\"0 0 2 150\"><rect id=\"Rechteck_1061\" width=\"2\" height=\"150\" style=\"fill:#5aa05a;\" \/><\/svg>\n                    <\/div>\n                \n            <\/div>\n[vc_empty_space height=\u201c25\u201d][\/vc_column_inner][\/vc_row_inner][\/vc_column][\/vc_row][vc_row full_width=\u201cstretch_row\u201d][vc_column][vc_row_inner][vc_column_inner width=\u201c1\/4\u201d][\/vc_column_inner][vc_column_inner offset=\u201cvc_col-md\u20116\u201d][vc_column_text css=\u201d.vc_custom_1669629757632{margin-bottom: 15px !important;}\u201d]\n<h3 style=\"text-align: center;\"><span style=\"color: #5aa05a;\">2003<\/span><\/h3>\n<p>[\/vc_column_text][vc_column_text css=\u201d.vc_custom_1676995064434{margin-bottom: 20px !important;}\u201d]<\/p>\n<h4 style=\"text-align: center;\">Il primo&nbsp;DVD<\/h4>\n<p>[\/vc_column_text][vc_column_text]<\/p>\n<p style=\"text-align: left;\">Mate\u00adriale e ancora mate\u00adriale! Tammo effet\u00adtuava le regis\u00adtra\u00adzioni video e J\u00f6rn scat\u00adtava le foto. Dal\u00adl\u2019estate 2003, J\u00f6rn \u00e8 in viag\u00adgio con la sua prima foto\u00adca\u00admera digi\u00adtale e uno dei primi motivi digi\u00adtali \u00e8 un trat\u00adtore Claas Xer\u00adion 2500. E cos\u00ec siamo andati a cac\u00adcia, prima in bici\u00adc\u00adletta e subito dopo anche in auto, per sco\u00advare sog\u00adgetti sempre nuovi legati all\u2019ag\u00adri\u00adcol\u00adtura e alle tec\u00adno\u00adlo\u00adgie agri\u00adcole locali. Abbiamo creato un pic\u00adcolo sito web e con\u00addi\u00adviso molte delle nostre foto agri\u00adcole online con una comu\u00adnit\u00e0 cre\u00ads\u00adcente che con\u00addi\u00advi\u00addeva la stessa pas\u00adsione. Il nos\u00adtro primo indi\u00adrizzo URL era www.vario716.de ed \u00e8 ancora attivo. Il primo DVD sulle mac\u00adchine agri\u00adcole, inti\u00adto\u00adlato \u00abAutunno 2003 \u2013 Alla sco\u00adperta della rac\u00adcolta delle barba\u00adbie\u00adtole\u00bb, \u00e8 stato regis\u00adtrato sul PC di casa. I DVD, pro\u00adprio come le cas\u00adsette VHS, si mol\u00adti\u00adpli\u00adca\u00advano nella nos\u00adtra came\u00adretta. Fin dal\u00adl\u2019i\u00adni\u00adzio abbiamo avuto l\u2019ap\u00adpog\u00adgio dei nos\u00adtri geni\u00adtori per tutte le nuove idee, loro si sono occu\u00adpati prin\u00adci\u00adpal\u00admente delle spe\u00addi\u00adzioni e della con\u00adta\u00adbi\u00adlit\u00e0 nella nos\u00adtra azi\u00adenda non azi\u00adenda familiare.<\/p>\n<p>[\/vc_column_text][vc_empty_space height=\u201c25\u201d][\/vc_column_inner][vc_column_inner width=\u201c1\/4\u201d][\/vc_column_inner][\/vc_row_inner][vc_row_inner][vc_column_inner]<\/p><div class=\"iw_cpt_image_gallery_advanced \"><div class=\"iw_cpt_image_gallery \" data-deactive_lightbox=\"false\"><div class=\"desktop\"><div class=\"iw_col_1_4\"><div class=\"iw_cpt_image_gallery_image one\"><img decoding=\"async\" src=\"https:\/\/farmworld.tv\/wp-content\/uploads\/2022\/11\/ltv-fwtv-leidenschaft-2003-image-01-970x728.jpg\" loading=\"lazy\"><\/div><\/div><div class=\"iw_col_1_2\"><div class=\"iw_cpt_image_gallery_image full two\"><img decoding=\"async\" src=\"https:\/\/farmworld.tv\/wp-content\/uploads\/2022\/11\/ltv-fwtv-leidenschaft-2003-image-02-970x728.jpg\" loading=\"lazy\"><\/div><\/div><div class=\"iw_col_1_4\"><div class=\"iw_cpt_image_gallery_image three\"><img decoding=\"async\" src=\"https:\/\/farmworld.tv\/wp-content\/uploads\/2022\/11\/ltv-fwtv-leidenschaft-2003-image-03-970x728.jpg\" loading=\"lazy\"><\/div><\/div><div class=\"iw_cpt_image_gallery_clearfix\"><\/div><div class=\"iw_col_1_2\"><\/div><div class=\"iw_col_1_2\"><\/div><\/div><div class=\"mobile\"><div class=\"iw_col_1_1\"><div class=\"iw_cpt_image_gallery_image full one\"><img decoding=\"async\" src=\"https:\/\/farmworld.tv\/wp-content\/uploads\/2022\/11\/ltv-fwtv-leidenschaft-2003-image-01-970x728.jpg\" loading=\"lazy\"><\/div><\/div><div class=\"iw_col_1_1\"><div class=\"iw_cpt_image_gallery_image\"><img decoding=\"async\" src=\"https:\/\/farmworld.tv\/wp-content\/uploads\/2022\/11\/ltv-fwtv-leidenschaft-2003-image-02-970x728.jpg\" loading=\"lazy\"><\/div><div class=\"iw_cpt_image_gallery_image\"><img decoding=\"async\" src=\"https:\/\/farmworld.tv\/wp-content\/uploads\/2022\/11\/ltv-fwtv-leidenschaft-2003-image-03-970x728.jpg\" loading=\"lazy\"><\/div><\/div><\/div><div class=\"iw_cpt_image_gallery_clearfix\"><\/div><\/div><\/div>[vc_empty_space height=\u201c25\u201d][\/vc_column_inner][\/vc_row_inner][vc_row_inner][vc_column_inner]            <div class=\"iw_svg_viewer \" style=\"text-align:center\">\n                \n                    <div class=\"iw_svg_viewer_content_wrapper\" style=\"width:2px; height:150px\">\n                        <?xml version=\"1.0\" encoding=\"UTF-8\"?><svg id=\"Layer_1\" viewBox=\"0 0 2 150\"><rect id=\"Rechteck_1061\" width=\"2\" height=\"150\" style=\"fill:#5aa05a;\" \/><\/svg>\n                    <\/div>\n                \n            <\/div>\n[vc_empty_space height=\u201c25\u201d][\/vc_column_inner][\/vc_row_inner][\/vc_column][\/vc_row][vc_row full_width=\u201cstretch_row\u201d][vc_column][vc_row_inner][vc_column_inner width=\u201c1\/4\u201d][\/vc_column_inner][vc_column_inner offset=\u201cvc_col-md\u20116\u201d][vc_column_text css=\u201d.vc_custom_1669630090530{margin-bottom: 15px !important;}\u201d]\n<h3 style=\"text-align: center;\"><span style=\"color: #5aa05a;\">2004 \u2013&nbsp;2005<\/span><\/h3>\n<p>[\/vc_column_text][vc_column_text css=\u201d.vc_custom_1676995080133{margin-bottom: 20px !important;}\u201d]<\/p>\n<h4 style=\"text-align: center;\">Il primo autoarticolato davanti alle nostre telecamere<\/h4>\n<p>[\/vc_column_text][vc_column_text]<\/p>\n<p style=\"text-align: left;\">Quando l\u2019ar\u00adchi\u00advio di film\u00adati si \u00e8 riem\u00adpito, ave\u00advamo ormai docu\u00admen\u00adtato i pi\u00f9 importanti tra i lavori nei campi della regione. Nel\u00adl\u2019estate del 2004 e del 2005 abbiamo girato per la prima volta nel Meclem\u00adburgo-Pome\u00adra\u00adnia Ante\u00adriore e abbiamo film\u00adato mac\u00adchine agri\u00adcole XXL. Da quel momento per le riprese abbiamo usato una tele\u00adca\u00admera MiniDV. Le riprese del nos\u00adtro primo trat\u00adtore arti\u00adco\u00adlato, all\u00adora un John Deere 9320 vicino a Mag\u00adde\u00adburgo, sono indi\u00admen\u00adti\u00adca\u00adbili. Questo e molti altri sog\u00adgetti sono stati prot\u00adago\u00adnisti di film\u00adati di diverse ore con titoli come \u00abMac\u00adchine agri\u00adcole per\u00adfette\u00bb o \u00abMis\u00adsione agri\u00adcol\u00adtura\u00bb. I DVD sui mac\u00adchi\u00adnari agri\u00adcoli con\u00adti\u00adnu\u00ada\u00advano a mol\u00adti\u00adpli\u00adcarsi nella nos\u00adtra came\u00adretta. Nel frat\u00adtempo, tra\u00admite ebay ave\u00advamo rag\u00adgiunto anche cli\u00adenti all\u2019estero.<\/p>\n<p>[\/vc_column_text][vc_empty_space height=\u201c25\u201d][\/vc_column_inner][vc_column_inner width=\u201c1\/4\u201d][\/vc_column_inner][\/vc_row_inner][vc_row_inner][vc_column_inner]<\/p><div class=\"iw_cpt_image_gallery_advanced \"><div class=\"iw_cpt_image_gallery \" data-deactive_lightbox=\"false\"><div class=\"desktop\"><div class=\"iw_col_1_2\"><div class=\"iw_cpt_image_gallery_image one\"><img decoding=\"async\" src=\"https:\/\/farmworld.tv\/wp-content\/uploads\/2022\/11\/ltv-fwtv-leidenschaft-2004-2005-image-01-970x728.jpg\" loading=\"lazy\"><\/div><div class=\"iw_cpt_image_gallery_image two\"><img decoding=\"async\" src=\"https:\/\/farmworld.tv\/wp-content\/uploads\/2022\/11\/ltv-fwtv-leidenschaft-2004-2005-image-02-970x728.jpg\" loading=\"lazy\"><\/div><div class=\"iw_cpt_image_gallery_image\"><img decoding=\"async\" src=\"https:\/\/farmworld.tv\/wp-content\/uploads\/2022\/11\/ltv-fwtv-leidenschaft-2004-2005-image-04-970x728.jpg\" loading=\"lazy\"><\/div><div class=\"iw_cpt_image_gallery_image\"><img decoding=\"async\" src=\"https:\/\/farmworld.tv\/wp-content\/uploads\/2022\/11\/ltv-fwtv-leidenschaft-2004-2005-image-05-970x728.jpg\" loading=\"lazy\"><\/div><\/div><div class=\"iw_col_1_2\"><div class=\"iw_cpt_image_gallery_image full three\"><img decoding=\"async\" src=\"https:\/\/farmworld.tv\/wp-content\/uploads\/2022\/11\/ltv-fwtv-leidenschaft-2004-2005-image-03-970x728.jpg\" loading=\"lazy\"><\/div><\/div><div class=\"iw_cpt_image_gallery_clearfix\"><\/div><div class=\"iw_col_1_2\"><div class=\"iw_cpt_image_gallery_image\"><img decoding=\"async\" src=\"https:\/\/farmworld.tv\/wp-content\/uploads\/2023\/03\/ltv-fwtv-leidenschaft-2004-2005-image-06-970x728.jpg\" loading=\"lazy\"><\/div><\/div><div class=\"iw_col_1_2\"><\/div><\/div><div class=\"mobile\"><div class=\"iw_col_1_1\"><div class=\"iw_cpt_image_gallery_image full one\"><img decoding=\"async\" src=\"https:\/\/farmworld.tv\/wp-content\/uploads\/2022\/11\/ltv-fwtv-leidenschaft-2004-2005-image-01-970x728.jpg\" loading=\"lazy\"><\/div><\/div><div class=\"iw_col_1_1\"><div class=\"iw_cpt_image_gallery_image\"><img decoding=\"async\" src=\"https:\/\/farmworld.tv\/wp-content\/uploads\/2022\/11\/ltv-fwtv-leidenschaft-2004-2005-image-02-970x728.jpg\" loading=\"lazy\"><\/div><div class=\"iw_cpt_image_gallery_image\"><img decoding=\"async\" src=\"https:\/\/farmworld.tv\/wp-content\/uploads\/2022\/11\/ltv-fwtv-leidenschaft-2004-2005-image-03-970x728.jpg\" loading=\"lazy\"><\/div><div class=\"iw_cpt_image_gallery_image\"><img decoding=\"async\" src=\"https:\/\/farmworld.tv\/wp-content\/uploads\/2022\/11\/ltv-fwtv-leidenschaft-2004-2005-image-04-970x728.jpg\" loading=\"lazy\"><\/div><div class=\"iw_cpt_image_gallery_image\"><img decoding=\"async\" src=\"https:\/\/farmworld.tv\/wp-content\/uploads\/2022\/11\/ltv-fwtv-leidenschaft-2004-2005-image-05-970x728.jpg\" loading=\"lazy\"><\/div><div class=\"iw_cpt_image_gallery_image\"><img decoding=\"async\" src=\"https:\/\/farmworld.tv\/wp-content\/uploads\/2023\/03\/ltv-fwtv-leidenschaft-2004-2005-image-06-970x728.jpg\" loading=\"lazy\"><\/div><\/div><\/div><div class=\"iw_cpt_image_gallery_clearfix\"><\/div><\/div><\/div>[vc_empty_space height=\u201c25\u201d][\/vc_column_inner][\/vc_row_inner][vc_row_inner][vc_column_inner]            <div class=\"iw_svg_viewer \" style=\"text-align:center\">\n                \n                    <div class=\"iw_svg_viewer_content_wrapper\" style=\"width:2px; height:150px\">\n                        <?xml version=\"1.0\" encoding=\"UTF-8\"?><svg id=\"Layer_1\" viewBox=\"0 0 2 150\"><rect id=\"Rechteck_1061\" width=\"2\" height=\"150\" style=\"fill:#5aa05a;\" \/><\/svg>\n                    <\/div>\n                \n            <\/div>\n[vc_empty_space height=\u201c25\u201d][\/vc_column_inner][\/vc_row_inner][\/vc_column][\/vc_row][vc_row full_width=\u201cstretch_row\u201d][vc_column][vc_row_inner][vc_column_inner width=\u201c1\/4\u201d][\/vc_column_inner][vc_column_inner offset=\u201cvc_col-md\u20116\u201d][vc_column_text css=\u201d.vc_custom_1669630041717{margin-bottom: 15px !important;}\u201d]\n<h3 style=\"text-align: center;\"><span style=\"color: #5aa05a;\">2006 \u2013&nbsp;2008<\/span><\/h3>\n<p>[\/vc_column_text][vc_column_text css=\u201d.vc_custom_1676995095051{margin-bottom: 20px !important;}\u201d]<\/p>\n<h4 style=\"text-align: center;\">In giro per la Germania in&nbsp;HD<\/h4>\n<p>[\/vc_column_text][vc_column_text]<\/p>\n<p style=\"text-align: left;\">Per il 25\u00b0 anni\u00adver\u00adsa\u00adrio dell\u2019azienda con\u00adto\u00adter\u00adzista Blunk, abbiamo accom\u00adpa\u00adgnato il team per tutto l\u2019anno lavo\u00adra\u00adtivo e spe\u00adri\u00admen\u00adtato per la prima volta un nar\u00adra\u00adtore cine\u00adma\u00adto\u00adgra\u00adfico per questo DVD sulle mac\u00adchine agri\u00adcole. Nel frat\u00adtempo, le riprese veni\u00advano effet\u00adtuate in HD e le foto scat\u00adtate per la prima volta con una foto\u00adca\u00admera reflex. Da quel momento, l\u2019URL del sito web \u00e8 diven\u00adtato Landtechnikvideos.de, che \u00e8 anche il nos\u00adtro mar\u00adchio. Abbiamo pro\u00addotto il dop\u00adpio DVD \u00abLavorare di pi\u00f9 con la tra\u00adzione inte\u00adgrale\u00bb per la prima volta in un\u2019e\u00addi\u00adzione pi\u00f9 grande e per questo pro\u00adgetto cine\u00adma\u00adto\u00adgra\u00adfico abbiamo girato per la prima volta all\u2019estero: in Unghe\u00adria. Abbiamo anche effet\u00adtuato riprese aeree della lavo\u00adr\u00ada\u00adzione del ter\u00adreno e della rac\u00adcolta del mais con un auto\u00adgiro e un para\u00adpen\u00addio. Per la prima volta, tutti i cli\u00adenti sono stati infor\u00admati della nuova pubbli\u00adca\u00adzione per posta. Ad aprile 2007, il primo video \u00e8 stato cari\u00adcato sul nos\u00adtro canale YouTube.<\/p>\n<p>[\/vc_column_text][vc_empty_space height=\u201c25\u201d][\/vc_column_inner][vc_column_inner width=\u201c1\/4\u201d][\/vc_column_inner][\/vc_row_inner][vc_row_inner][vc_column_inner]<\/p><div class=\"iw_cpt_image_gallery_advanced \"><div class=\"iw_cpt_image_gallery \" data-deactive_lightbox=\"false\"><div class=\"desktop\"><div class=\"iw_col_1_2\"><div class=\"iw_cpt_image_gallery_image full one\"><img decoding=\"async\" src=\"https:\/\/farmworld.tv\/wp-content\/uploads\/2022\/11\/ltv-fwtv-leidenschaft-2006-2008-image-01-970x529.jpg\" loading=\"lazy\"><div class=\"clearfix\"><\/div><\/div><\/div><div class=\"iw_col_1_2\"><div class=\"iw_cpt_image_gallery_image two\"><img decoding=\"async\" src=\"https:\/\/farmworld.tv\/wp-content\/uploads\/2022\/11\/ltv-fwtv-leidenschaft-2006-2008-image-02-585x780.jpg\" loading=\"lazy\"><\/div><div class=\"iw_cpt_image_gallery_image three\"><img decoding=\"async\" src=\"https:\/\/farmworld.tv\/wp-content\/uploads\/2022\/11\/ltv-fwtv-leidenschaft-2006-2008-image-03-970x728.jpg\" loading=\"lazy\"><\/div><div class=\"iw_cpt_image_gallery_image\"><img decoding=\"async\" src=\"https:\/\/farmworld.tv\/wp-content\/uploads\/2022\/11\/ltv-fwtv-leidenschaft-2006-2008-image-04-970x728.jpg\" loading=\"lazy\"><\/div><div class=\"iw_cpt_image_gallery_image\"><img decoding=\"async\" src=\"https:\/\/farmworld.tv\/wp-content\/uploads\/2022\/11\/ltv-fwtv-leidenschaft-2006-2008-image-05-970x647.jpg\" loading=\"lazy\"><\/div><\/div><div class=\"iw_cpt_image_gallery_clearfix\"><\/div><div class=\"iw_col_1_2\"><div class=\"iw_cpt_image_gallery_image\"><img decoding=\"async\" src=\"https:\/\/farmworld.tv\/wp-content\/uploads\/2022\/11\/ltv-fwtv-leidenschaft-2006-2008-image-06-970x647.jpg\" loading=\"lazy\"><\/div><div class=\"iw_cpt_image_gallery_image\"><img decoding=\"async\" src=\"https:\/\/farmworld.tv\/wp-content\/uploads\/2022\/11\/ltv-fwtv-leidenschaft-2006-2008-image-07-970x647.jpg\" loading=\"lazy\"><\/div><\/div><div class=\"iw_col_1_2\"><\/div><\/div><div class=\"mobile\"><div class=\"iw_col_1_1\"><div class=\"iw_cpt_image_gallery_image full one\"><img decoding=\"async\" src=\"https:\/\/farmworld.tv\/wp-content\/uploads\/2022\/11\/ltv-fwtv-leidenschaft-2006-2008-image-01-970x529.jpg\" loading=\"lazy\"><\/div><\/div><div class=\"iw_col_1_1\"><div class=\"iw_cpt_image_gallery_image\"><img decoding=\"async\" src=\"https:\/\/farmworld.tv\/wp-content\/uploads\/2022\/11\/ltv-fwtv-leidenschaft-2006-2008-image-02-585x780.jpg\" loading=\"lazy\"><\/div><div class=\"iw_cpt_image_gallery_image\"><img decoding=\"async\" src=\"https:\/\/farmworld.tv\/wp-content\/uploads\/2022\/11\/ltv-fwtv-leidenschaft-2006-2008-image-03-970x728.jpg\" loading=\"lazy\"><\/div><div class=\"iw_cpt_image_gallery_image\"><img decoding=\"async\" src=\"https:\/\/farmworld.tv\/wp-content\/uploads\/2022\/11\/ltv-fwtv-leidenschaft-2006-2008-image-04-970x728.jpg\" loading=\"lazy\"><\/div><div class=\"iw_cpt_image_gallery_image\"><img decoding=\"async\" src=\"https:\/\/farmworld.tv\/wp-content\/uploads\/2022\/11\/ltv-fwtv-leidenschaft-2006-2008-image-05-970x647.jpg\" loading=\"lazy\"><\/div><div class=\"iw_cpt_image_gallery_image\"><img decoding=\"async\" src=\"https:\/\/farmworld.tv\/wp-content\/uploads\/2022\/11\/ltv-fwtv-leidenschaft-2006-2008-image-06-970x647.jpg\" loading=\"lazy\"><\/div><div class=\"iw_cpt_image_gallery_image\"><img decoding=\"async\" src=\"https:\/\/farmworld.tv\/wp-content\/uploads\/2022\/11\/ltv-fwtv-leidenschaft-2006-2008-image-07-970x647.jpg\" loading=\"lazy\"><\/div><\/div><\/div><div class=\"iw_cpt_image_gallery_clearfix\"><\/div><\/div><\/div>[vc_empty_space height=\u201c25\u201d][\/vc_column_inner][\/vc_row_inner][vc_row_inner][vc_column_inner]            <div class=\"iw_svg_viewer \" style=\"text-align:center\">\n                \n                    <div class=\"iw_svg_viewer_content_wrapper\" style=\"width:2px; height:150px\">\n                        <?xml version=\"1.0\" encoding=\"UTF-8\"?><svg id=\"Layer_1\" viewBox=\"0 0 2 150\"><rect id=\"Rechteck_1061\" width=\"2\" height=\"150\" style=\"fill:#5aa05a;\" \/><\/svg>\n                    <\/div>\n                \n            <\/div>\n[vc_empty_space height=\u201c25\u201d][\/vc_column_inner][\/vc_row_inner][\/vc_column][\/vc_row][vc_row full_width=\u201cstretch_row\u201d][vc_column][vc_row_inner][vc_column_inner width=\u201c1\/4\u201d][\/vc_column_inner][vc_column_inner offset=\u201cvc_col-md\u20116\u201d][vc_column_text css=\u201d.vc_custom_1669630262885{margin-bottom: 15px !important;}\u201d]\n<h3 style=\"text-align: center;\"><span style=\"color: #5aa05a;\">2009<\/span><\/h3>\n<p>[\/vc_column_text][vc_column_text css=\u201d.vc_custom_1676995111084{margin-bottom: 20px !important;}\u201d]<\/p>\n<h4 style=\"text-align: center;\">L\u2019agricoltura in Nord America<\/h4>\n<p>[\/vc_column_text][vc_column_text]<\/p>\n<p style=\"text-align: left;\">In Canada, in par\u00adti\u00adco\u00adlare nella pro\u00advin\u00adcia di Alberta e nello stato ame\u00adri\u00adcano del Mon\u00adtana, abbiamo girato il nos\u00adtro primo vero docu\u00admen\u00adta\u00adrio agri\u00adcolo all\u2019es\u00adtero. Come reagi\u00adreb\u00adbero gli agri\u00adcolt\u00adori alle nostre tele\u00adca\u00admere e che cosa dicono gli spett\u00ada\u00adtori di questa idea? Ave\u00advamo molte inco\u00adgnite quando abbiamo ini\u00adziato questo viag\u00adgio e per la prima volta abbiamo inves\u00adtito molto den\u00adaro in una pro\u00addu\u00adzi\u00adone. Oltre alle riprese, abbiamo rac\u00adcon\u00adtato le espe\u00adri\u00adenze quo\u00adti\u00addiane in un blog in diretta. I due DVD sulle mac\u00adchine agri\u00adcole \u00abL\u2019ag\u00adri\u00adcol\u00adtura in Nord Ame\u00adrica\u00bb Vol. 1 e Vol. 2 sono stati tra\u00addotti per la prima volta in ing\u00adlese e fran\u00adcese. Il pubblico inter\u00adna\u00adzio\u00adnale, che abbiamo rag\u00adgiunto anche attra\u00adverso riven\u00additori ed edi\u00adtori, ha con\u00adtri\u00adbuito ad aumen\u00adtare la dif\u00adfu\u00adsione. La trac\u00adcia audio \u00abno-spea\u00adker\u00bb offre allo spett\u00ada\u00adtore del film la pos\u00adsi\u00adbi\u00adlit\u00e0 di godere del\u00adl\u2019at\u00admos\u00adfera sonora anche senza alto\u00adpar\u00adlanti. Una carat\u00adteristica che \u00e8 stata inclusa anche in tutti i suc\u00adces\u00adsivi DVD sulle mac\u00adchine agri\u00adcole. Viene diseg\u00adnato il primo vero logo \u201clandtechnikvideos.de\u201d.<\/p>\n<p>[\/vc_column_text][vc_empty_space height=\u201c25\u201d][\/vc_column_inner][vc_column_inner width=\u201c1\/4\u201d][\/vc_column_inner][\/vc_row_inner][vc_row_inner][vc_column_inner]<\/p><div class=\"iw_cpt_image_gallery_advanced \"><div class=\"iw_cpt_image_gallery \" data-deactive_lightbox=\"false\"><div class=\"desktop\"><div class=\"iw_col_1_4\"><div class=\"iw_cpt_image_gallery_image one\"><img decoding=\"async\" src=\"https:\/\/farmworld.tv\/wp-content\/uploads\/2022\/11\/ltv-fwtv-leidenschaft-2009-image-01-970x647.jpg\" loading=\"lazy\"><\/div><div class=\"iw_cpt_image_gallery_image\"><img decoding=\"async\" src=\"https:\/\/farmworld.tv\/wp-content\/uploads\/2022\/11\/ltv-fwtv-leidenschaft-2009-image-04-970x647.jpg\" loading=\"lazy\"><\/div><\/div><div class=\"iw_col_1_2\"><div class=\"iw_cpt_image_gallery_image full two\"><img decoding=\"async\" src=\"https:\/\/farmworld.tv\/wp-content\/uploads\/2022\/11\/ltv-fwtv-leidenschaft-2009-image-02-970x647.jpg\" loading=\"lazy\"><\/div><\/div><div class=\"iw_col_1_4\"><div class=\"iw_cpt_image_gallery_image three\"><img decoding=\"async\" src=\"https:\/\/farmworld.tv\/wp-content\/uploads\/2022\/11\/ltv-fwtv-leidenschaft-2009-image-03-970x647.jpg\" loading=\"lazy\"><\/div><div class=\"iw_cpt_image_gallery_image\"><img decoding=\"async\" src=\"https:\/\/farmworld.tv\/wp-content\/uploads\/2022\/11\/ltv-fwtv-leidenschaft-2009-image-05-970x647.jpg\" loading=\"lazy\"><\/div><\/div><div class=\"iw_cpt_image_gallery_clearfix\"><\/div><div class=\"iw_col_1_2\"><div class=\"iw_cpt_image_gallery_image\"><img decoding=\"async\" src=\"https:\/\/farmworld.tv\/wp-content\/uploads\/2022\/11\/ltv-fwtv-leidenschaft-2009-image-06-970x546.jpg\" loading=\"lazy\"><\/div><div class=\"iw_cpt_image_gallery_image\"><img decoding=\"async\" src=\"https:\/\/farmworld.tv\/wp-content\/uploads\/2022\/11\/ltv-fwtv-leidenschaft-2009-image-07-970x647.jpg\" loading=\"lazy\"><\/div><\/div><div class=\"iw_col_1_2\"><\/div><\/div><div class=\"mobile\"><div class=\"iw_col_1_1\"><div class=\"iw_cpt_image_gallery_image full one\"><img decoding=\"async\" src=\"https:\/\/farmworld.tv\/wp-content\/uploads\/2022\/11\/ltv-fwtv-leidenschaft-2009-image-01-970x647.jpg\" loading=\"lazy\"><\/div><\/div><div class=\"iw_col_1_1\"><div class=\"iw_cpt_image_gallery_image\"><img decoding=\"async\" src=\"https:\/\/farmworld.tv\/wp-content\/uploads\/2022\/11\/ltv-fwtv-leidenschaft-2009-image-02-970x647.jpg\" loading=\"lazy\"><\/div><div class=\"iw_cpt_image_gallery_image\"><img decoding=\"async\" src=\"https:\/\/farmworld.tv\/wp-content\/uploads\/2022\/11\/ltv-fwtv-leidenschaft-2009-image-03-970x647.jpg\" loading=\"lazy\"><\/div><div class=\"iw_cpt_image_gallery_image\"><img decoding=\"async\" src=\"https:\/\/farmworld.tv\/wp-content\/uploads\/2022\/11\/ltv-fwtv-leidenschaft-2009-image-04-970x647.jpg\" loading=\"lazy\"><\/div><div class=\"iw_cpt_image_gallery_image\"><img decoding=\"async\" src=\"https:\/\/farmworld.tv\/wp-content\/uploads\/2022\/11\/ltv-fwtv-leidenschaft-2009-image-05-970x647.jpg\" loading=\"lazy\"><\/div><div class=\"iw_cpt_image_gallery_image\"><img decoding=\"async\" src=\"https:\/\/farmworld.tv\/wp-content\/uploads\/2022\/11\/ltv-fwtv-leidenschaft-2009-image-06-970x546.jpg\" loading=\"lazy\"><\/div><div class=\"iw_cpt_image_gallery_image\"><img decoding=\"async\" src=\"https:\/\/farmworld.tv\/wp-content\/uploads\/2022\/11\/ltv-fwtv-leidenschaft-2009-image-07-970x647.jpg\" loading=\"lazy\"><\/div><\/div><\/div><div class=\"iw_cpt_image_gallery_clearfix\"><\/div><\/div><\/div>[vc_empty_space height=\u201c25\u201d][\/vc_column_inner][\/vc_row_inner][vc_row_inner][vc_column_inner]            <div class=\"iw_svg_viewer \" style=\"text-align:center\">\n                \n                    <div class=\"iw_svg_viewer_content_wrapper\" style=\"width:2px; height:150px\">\n                        <?xml version=\"1.0\" encoding=\"UTF-8\"?><svg id=\"Layer_1\" viewBox=\"0 0 2 150\"><rect id=\"Rechteck_1061\" width=\"2\" height=\"150\" style=\"fill:#5aa05a;\" \/><\/svg>\n                    <\/div>\n                \n            <\/div>\n[vc_empty_space height=\u201c25\u201d][\/vc_column_inner][\/vc_row_inner][\/vc_column][\/vc_row][vc_row full_width=\u201cstretch_row\u201d][vc_column][vc_row_inner][vc_column_inner width=\u201c1\/4\u201d][\/vc_column_inner][vc_column_inner offset=\u201cvc_col-md\u20116\u201d][vc_column_text css=\u201d.vc_custom_1669630347071{margin-bottom: 15px !important;}\u201d]\n<h3 style=\"text-align: center;\"><span style=\"color: #5aa05a;\">2010<\/span><\/h3>\n<p>[\/vc_column_text][vc_column_text css=\u201d.vc_custom_1676995125865{margin-bottom: 20px !important;}\u201d]<\/p>\n<h4 style=\"text-align: center;\">In viaggio nella regione della Terra Nera in Russia<\/h4>\n<p>[\/vc_column_text][vc_column_text]<\/p>\n<p style=\"text-align: left;\">Non vede\u00advamo l\u2019ora di par\u00adtire verso qual\u00adche meta. Gra\u00adzie a una serie di contatti dis\u00adpo\u00adni\u00adbili, la Rus\u00adsia si \u00e8 aperta per noi come prossima desti\u00adna\u00adzione estera. Nono\u00adstante i vio\u00adlenti incendi boschivi, abbiamo intra\u00adpreso questo viag\u00adgio nel settembre 2010 e siamo stati prem\u00adiati con foto\u00adgra\u00adfie stra\u00ador\u00addi\u00adna\u00adrie, nono\u00adstante le dif\u00adfi\u00adcolt\u00e0. I con\u00adtrasti tra la vec\u00adchia tec\u00adno\u00adlo\u00adgia sovie\u00adtica e le pi\u00f9 recenti mac\u00adchine agri\u00adcole occi\u00adden\u00adtali riman\u00adgono nella memo\u00adria. Il DVD sulle mac\u00adchine agri\u00adcole \u00abAgri\u00adcol\u00adtura in Rus\u00adsia\u00bb \u00e8 stato tra\u00addotto in tre lin\u00adgue e ven\u00adduto in molti Paesi. La nos\u00adtra att\u00adrez\u00adza\u00adtura cine\u00adma\u00adto\u00adgra\u00adfica \u00e8 stata inte\u00adgrata da una video\u00adca\u00admera GoPro&nbsp;Hero.<\/p>\n<p>[\/vc_column_text][vc_empty_space height=\u201c25\u201d][\/vc_column_inner][vc_column_inner width=\u201c1\/4\u201d][\/vc_column_inner][\/vc_row_inner][vc_row_inner][vc_column_inner]<\/p><div class=\"iw_cpt_image_gallery_advanced \"><div class=\"iw_cpt_image_gallery \" data-deactive_lightbox=\"false\"><div class=\"desktop\"><div class=\"iw_col_1_2\"><div class=\"iw_cpt_image_gallery_image one\"><img decoding=\"async\" src=\"https:\/\/farmworld.tv\/wp-content\/uploads\/2022\/11\/ltv-fwtv-leidenschaft-2010-image-01-970x647.jpg\" loading=\"lazy\"><\/div><div class=\"iw_cpt_image_gallery_image two\"><img decoding=\"async\" src=\"https:\/\/farmworld.tv\/wp-content\/uploads\/2022\/11\/ltv-fwtv-leidenschaft-2010-image-02-970x647.jpg\" loading=\"lazy\"><\/div><div class=\"iw_cpt_image_gallery_image\"><img decoding=\"async\" src=\"https:\/\/farmworld.tv\/wp-content\/uploads\/2022\/11\/ltv-fwtv-leidenschaft-2010-image-04-970x647.jpg\" loading=\"lazy\"><\/div><div class=\"iw_cpt_image_gallery_image\"><img decoding=\"async\" src=\"https:\/\/farmworld.tv\/wp-content\/uploads\/2022\/11\/ltv-fwtv-leidenschaft-2010-image-05-970x647.jpg\" loading=\"lazy\"><\/div><\/div><div class=\"iw_col_1_2\"><div class=\"iw_cpt_image_gallery_image full three\"><img decoding=\"async\" src=\"https:\/\/farmworld.tv\/wp-content\/uploads\/2022\/11\/ltv-fwtv-leidenschaft-2010-image-03-970x728.jpg\" loading=\"lazy\"><\/div><\/div><div class=\"iw_cpt_image_gallery_clearfix\"><\/div><div class=\"iw_col_1_2\"><div class=\"iw_cpt_image_gallery_image\"><img decoding=\"async\" src=\"https:\/\/farmworld.tv\/wp-content\/uploads\/2022\/11\/ltv-fwtv-leidenschaft-2010-image-06-585x780.jpg\" loading=\"lazy\"><\/div><div class=\"iw_cpt_image_gallery_image\"><img decoding=\"async\" src=\"https:\/\/farmworld.tv\/wp-content\/uploads\/2022\/11\/ltv-fwtv-leidenschaft-2010-image-07-970x728.jpg\" loading=\"lazy\"><\/div><\/div><div class=\"iw_col_1_2\"><div class=\"iw_cpt_image_gallery_image\"><img decoding=\"async\" src=\"https:\/\/farmworld.tv\/wp-content\/uploads\/2022\/11\/ltv-fwtv-leidenschaft-2010-image-08-970x647.jpg\" loading=\"lazy\"><\/div><\/div><\/div><div class=\"mobile\"><div class=\"iw_col_1_1\"><div class=\"iw_cpt_image_gallery_image full one\"><img decoding=\"async\" src=\"https:\/\/farmworld.tv\/wp-content\/uploads\/2022\/11\/ltv-fwtv-leidenschaft-2010-image-01-970x647.jpg\" loading=\"lazy\"><\/div><\/div><div class=\"iw_col_1_1\"><div class=\"iw_cpt_image_gallery_image\"><img decoding=\"async\" src=\"https:\/\/farmworld.tv\/wp-content\/uploads\/2022\/11\/ltv-fwtv-leidenschaft-2010-image-02-970x647.jpg\" loading=\"lazy\"><\/div><div class=\"iw_cpt_image_gallery_image\"><img decoding=\"async\" src=\"https:\/\/farmworld.tv\/wp-content\/uploads\/2022\/11\/ltv-fwtv-leidenschaft-2010-image-03-970x728.jpg\" loading=\"lazy\"><\/div><div class=\"iw_cpt_image_gallery_image\"><img decoding=\"async\" src=\"https:\/\/farmworld.tv\/wp-content\/uploads\/2022\/11\/ltv-fwtv-leidenschaft-2010-image-04-970x647.jpg\" loading=\"lazy\"><\/div><div class=\"iw_cpt_image_gallery_image\"><img decoding=\"async\" src=\"https:\/\/farmworld.tv\/wp-content\/uploads\/2022\/11\/ltv-fwtv-leidenschaft-2010-image-05-970x647.jpg\" loading=\"lazy\"><\/div><div class=\"iw_cpt_image_gallery_image\"><img decoding=\"async\" src=\"https:\/\/farmworld.tv\/wp-content\/uploads\/2022\/11\/ltv-fwtv-leidenschaft-2010-image-06-585x780.jpg\" loading=\"lazy\"><\/div><div class=\"iw_cpt_image_gallery_image\"><img decoding=\"async\" src=\"https:\/\/farmworld.tv\/wp-content\/uploads\/2022\/11\/ltv-fwtv-leidenschaft-2010-image-07-970x728.jpg\" loading=\"lazy\"><\/div><div class=\"iw_cpt_image_gallery_image\"><img decoding=\"async\" src=\"https:\/\/farmworld.tv\/wp-content\/uploads\/2022\/11\/ltv-fwtv-leidenschaft-2010-image-08-970x647.jpg\" loading=\"lazy\"><\/div><\/div><\/div><div class=\"iw_cpt_image_gallery_clearfix\"><\/div><\/div><\/div>[vc_empty_space height=\u201c25\u201d][\/vc_column_inner][\/vc_row_inner][vc_row_inner][vc_column_inner]            <div class=\"iw_svg_viewer \" style=\"text-align:center\">\n                \n                    <div class=\"iw_svg_viewer_content_wrapper\" style=\"width:2px; height:150px\">\n                        <?xml version=\"1.0\" encoding=\"UTF-8\"?><svg id=\"Layer_1\" viewBox=\"0 0 2 150\"><rect id=\"Rechteck_1061\" width=\"2\" height=\"150\" style=\"fill:#5aa05a;\" \/><\/svg>\n                    <\/div>\n                \n            <\/div>\n[vc_empty_space height=\u201c25\u201d][\/vc_column_inner][\/vc_row_inner][\/vc_column][\/vc_row][vc_row full_width=\u201cstretch_row\u201d][vc_column][vc_row_inner][vc_column_inner width=\u201c1\/4\u201d][\/vc_column_inner][vc_column_inner offset=\u201cvc_col-md\u20116\u201d][vc_column_text css=\u201d.vc_custom_1669630586822{margin-bottom: 15px !important;}\u201d]\n<h3 style=\"text-align: center;\"><span style=\"color: #5aa05a;\">2011<\/span><\/h3>\n<p>[\/vc_column_text][vc_column_text css=\u201d.vc_custom_1676995140616{margin-bottom: 20px !important;}\u201d]<\/p>\n<h4 style=\"text-align: center;\">Un viaggio alla scoperta del granaio canadese<\/h4>\n<p>[\/vc_column_text][vc_column_text]<\/p>\n<p style=\"text-align: left;\">In pri\u00adma\u00advera abbiamo girato in Bel\u00adgio e nei Paesi Bassi. I validi contatti e la voglia di una nuova avven\u00adtura ci hanno ripor\u00adtato in Canada nel\u00adl\u2019estate del 2011. Tra Win\u00adni\u00adpeg, Regina e Sas\u00adkatoon abbiamo per\u00adcorso migli\u00adaia di chi\u00adlo\u00adme\u00adtri. Abbiamo creato ottimi contatti e film\u00adato ope\u00adra\u00adzioni con mac\u00adchine agri\u00adcole che prima erano impen\u00adsa\u00adbili per noi. Anche a livello nazio\u00adnale siamo stati attivi con le riprese delle atti\u00advit\u00e0 agri\u00adcole. Il cofa\u00adnetto DVD \u00abL\u2019agricoltura in Ger\u00adma\u00adnia\u00bb ha super\u00adato tutto ci\u00f2 che ave\u00advamo pubbli\u00adcato finora: 370 minuti su quat\u00adtro DVD, loca\u00adtion cine\u00adma\u00adto\u00adgra\u00adfi\u00adche in tutto il Paese, con\u00adfe\u00adzio\u00adnati in un\u2019at\u00adtraente cus\u00adto\u00addia e tra\u00addotti in cin\u00adque lin\u00adgue (tedesco, ing\u00adlese, fran\u00adcese, spa\u00adgnolo e italiano).<\/p>\n<p>[\/vc_column_text][vc_empty_space height=\u201c25\u201d][\/vc_column_inner][vc_column_inner width=\u201c1\/4\u201d][\/vc_column_inner][\/vc_row_inner][vc_row_inner][vc_column_inner]<\/p><div class=\"iw_cpt_image_gallery_advanced \"><div class=\"iw_cpt_image_gallery \" data-deactive_lightbox=\"false\"><div class=\"desktop\"><div class=\"iw_col_1_2\"><div class=\"iw_cpt_image_gallery_image full one\"><img decoding=\"async\" src=\"https:\/\/farmworld.tv\/wp-content\/uploads\/2022\/11\/ltv-fwtv-leidenschaft-2011-image-01-1-970x647.jpg\" loading=\"lazy\"><div class=\"clearfix\"><\/div><\/div><\/div><div class=\"iw_col_1_2\"><div class=\"iw_cpt_image_gallery_image two\"><img decoding=\"async\" src=\"https:\/\/farmworld.tv\/wp-content\/uploads\/2022\/11\/ltv-fwtv-leidenschaft-2011-image-02-1-970x647.jpg\" loading=\"lazy\"><\/div><div class=\"iw_cpt_image_gallery_image three\"><img decoding=\"async\" src=\"https:\/\/farmworld.tv\/wp-content\/uploads\/2022\/11\/ltv-fwtv-leidenschaft-2011-image-03-1-970x647.jpg\" loading=\"lazy\"><\/div><div class=\"iw_cpt_image_gallery_image\"><img decoding=\"async\" src=\"https:\/\/farmworld.tv\/wp-content\/uploads\/2022\/11\/ltv-fwtv-leidenschaft-2011-image-04-1-970x647.jpg\" loading=\"lazy\"><\/div><div class=\"iw_cpt_image_gallery_image\"><img decoding=\"async\" src=\"https:\/\/farmworld.tv\/wp-content\/uploads\/2022\/11\/ltv-fwtv-leidenschaft-2011-image-05-1-970x647.jpg\" loading=\"lazy\"><\/div><\/div><div class=\"iw_cpt_image_gallery_clearfix\"><\/div><div class=\"iw_col_1_2\"><div class=\"iw_cpt_image_gallery_image\"><img decoding=\"async\" src=\"https:\/\/farmworld.tv\/wp-content\/uploads\/2022\/11\/ltv-fwtv-leidenschaft-2011-image-06-1-970x647.jpg\" loading=\"lazy\"><\/div><div class=\"iw_cpt_image_gallery_image\"><img decoding=\"async\" src=\"https:\/\/farmworld.tv\/wp-content\/uploads\/2022\/11\/ltv-fwtv-leidenschaft-2011-image-07-1-970x647.jpg\" loading=\"lazy\"><\/div><\/div><div class=\"iw_col_1_2\"><div class=\"iw_cpt_image_gallery_image\"><img decoding=\"async\" src=\"https:\/\/farmworld.tv\/wp-content\/uploads\/2022\/11\/ltv-fwtv-leidenschaft-2011-image-08-1-970x728.jpg\" loading=\"lazy\"><\/div><\/div><\/div><div class=\"mobile\"><div class=\"iw_col_1_1\"><div class=\"iw_cpt_image_gallery_image full one\"><img decoding=\"async\" src=\"https:\/\/farmworld.tv\/wp-content\/uploads\/2022\/11\/ltv-fwtv-leidenschaft-2011-image-01-1-970x647.jpg\" loading=\"lazy\"><\/div><\/div><div class=\"iw_col_1_1\"><div class=\"iw_cpt_image_gallery_image\"><img decoding=\"async\" src=\"https:\/\/farmworld.tv\/wp-content\/uploads\/2022\/11\/ltv-fwtv-leidenschaft-2011-image-02-1-970x647.jpg\" loading=\"lazy\"><\/div><div class=\"iw_cpt_image_gallery_image\"><img decoding=\"async\" src=\"https:\/\/farmworld.tv\/wp-content\/uploads\/2022\/11\/ltv-fwtv-leidenschaft-2011-image-03-1-970x647.jpg\" loading=\"lazy\"><\/div><div class=\"iw_cpt_image_gallery_image\"><img decoding=\"async\" src=\"https:\/\/farmworld.tv\/wp-content\/uploads\/2022\/11\/ltv-fwtv-leidenschaft-2011-image-04-1-970x647.jpg\" loading=\"lazy\"><\/div><div class=\"iw_cpt_image_gallery_image\"><img decoding=\"async\" src=\"https:\/\/farmworld.tv\/wp-content\/uploads\/2022\/11\/ltv-fwtv-leidenschaft-2011-image-05-1-970x647.jpg\" loading=\"lazy\"><\/div><div class=\"iw_cpt_image_gallery_image\"><img decoding=\"async\" src=\"https:\/\/farmworld.tv\/wp-content\/uploads\/2022\/11\/ltv-fwtv-leidenschaft-2011-image-06-1-970x647.jpg\" loading=\"lazy\"><\/div><div class=\"iw_cpt_image_gallery_image\"><img decoding=\"async\" src=\"https:\/\/farmworld.tv\/wp-content\/uploads\/2022\/11\/ltv-fwtv-leidenschaft-2011-image-07-1-970x647.jpg\" loading=\"lazy\"><\/div><div class=\"iw_cpt_image_gallery_image\"><img decoding=\"async\" src=\"https:\/\/farmworld.tv\/wp-content\/uploads\/2022\/11\/ltv-fwtv-leidenschaft-2011-image-08-1-970x728.jpg\" loading=\"lazy\"><\/div><\/div><\/div><div class=\"iw_cpt_image_gallery_clearfix\"><\/div><\/div><\/div>[vc_empty_space height=\u201c25\u201d][\/vc_column_inner][\/vc_row_inner][vc_row_inner][vc_column_inner]            <div class=\"iw_svg_viewer \" style=\"text-align:center\">\n                \n                    <div class=\"iw_svg_viewer_content_wrapper\" style=\"width:2px; height:150px\">\n                        <?xml version=\"1.0\" encoding=\"UTF-8\"?><svg id=\"Layer_1\" viewBox=\"0 0 2 150\"><rect id=\"Rechteck_1061\" width=\"2\" height=\"150\" style=\"fill:#5aa05a;\" \/><\/svg>\n                    <\/div>\n                \n            <\/div>\n[vc_empty_space height=\u201c25\u201d][\/vc_column_inner][\/vc_row_inner][\/vc_column][\/vc_row][vc_row full_width=\u201cstretch_row\u201d][vc_column][vc_row_inner][vc_column_inner width=\u201c1\/4\u201d][\/vc_column_inner][vc_column_inner offset=\u201cvc_col-md\u20116\u201d][vc_column_text css=\u201d.vc_custom_1669630739589{margin-bottom: 15px !important;}\u201d]\n<h3 style=\"text-align: center;\"><span style=\"color: #5aa05a;\">2012<\/span><\/h3>\n<p>[\/vc_column_text][vc_column_text css=\u201d.vc_custom_1676995156118{margin-bottom: 20px !important;}\u201d]<\/p>\n<h4 style=\"text-align: center;\">Il Midwest degli Stati Uniti e l\u2019Australia<\/h4>\n<p>[\/vc_column_text][vc_column_text]<\/p>\n<p style=\"text-align: left;\">L\u2019ot\u00adtimo ris\u00adcon\u00adtro della nos\u00adtra prima pro\u00addu\u00adzi\u00adone in Canada ci ha spro\u00adnato a un nuovo viag\u00adgio all\u2019es\u00adtero nella pri\u00adma\u00advera del 2012. Enormi semi\u00adna\u00adtrici, trat\u00adtori arti\u00adco\u00adlati a tre ruote hanno carat\u00adte\u00adriz\u00adzato le riprese. Dal titolo \u201cL\u2019ag\u00adri\u00adcol\u00adtura in Nord Ame\u00adrica Vol. 3\u201d, un disco Blu-ray Landtechnikvideos.de sono nati anche una pagina Face\u00adbook oltre a un DVD sulle mac\u00adchine agri\u00adcole. Da all\u00adora abbiamo uti\u00adliz\u00adzato il sito per tenere aggior\u00adnati i fan del nos\u00adtro lavoro sulle riprese. Alla fine del\u00adl\u2019estate siamo stati per la prima volta in viag\u00adgio nella Repubblica Ceca. Nel dicembre 2012, abbiamo film\u00adato fino a 47 gradi durante la rac\u00adcolta del grano nel\u00adl\u2019Aus\u00adtra\u00adlia occi\u00adden\u00adtale e quindi per la prima volta nel\u00adl\u2019e\u00admis\u00adfero meri\u00addio\u00adnale. Il pre\u00adludio alla nos\u00adtra pro\u00addu\u00adzi\u00adone pi\u00f9 ela\u00adborata fino ad&nbsp;oggi!<br>\n[\/vc_column_text][vc_empty_space height=\u201c25\u201d][\/vc_column_inner][vc_column_inner width=\u201c1\/4\u201d][\/vc_column_inner][\/vc_row_inner][vc_row_inner][vc_column_inner]<\/p><div class=\"iw_cpt_image_gallery_advanced \"><div class=\"iw_cpt_image_gallery \" data-deactive_lightbox=\"false\"><div class=\"desktop\"><div class=\"iw_col_1_4\"><div class=\"iw_cpt_image_gallery_image one\"><img decoding=\"async\" src=\"https:\/\/farmworld.tv\/wp-content\/uploads\/2022\/11\/ltv-fwtv-leidenschaft-2012-image-09-970x647.jpg\" loading=\"lazy\"><\/div><div class=\"iw_cpt_image_gallery_image\"><img decoding=\"async\" src=\"https:\/\/farmworld.tv\/wp-content\/uploads\/2022\/11\/ltv-fwtv-leidenschaft-2012-image-03-970x728.jpg\" loading=\"lazy\"><\/div><\/div><div class=\"iw_col_1_2\"><div class=\"iw_cpt_image_gallery_image full two\"><img decoding=\"async\" src=\"https:\/\/farmworld.tv\/wp-content\/uploads\/2022\/11\/ltv-fwtv-leidenschaft-2012-image-02-970x647.jpg\" loading=\"lazy\"><\/div><\/div><div class=\"iw_col_1_4\"><div class=\"iw_cpt_image_gallery_image three\"><img decoding=\"async\" src=\"https:\/\/farmworld.tv\/wp-content\/uploads\/2022\/11\/ltv-fwtv-leidenschaft-2012-image-08-970x647.jpg\" loading=\"lazy\"><\/div><div class=\"iw_cpt_image_gallery_image\"><img decoding=\"async\" src=\"https:\/\/farmworld.tv\/wp-content\/uploads\/2022\/11\/ltv-fwtv-leidenschaft-2012-image-04-970x728.jpg\" loading=\"lazy\"><\/div><\/div><div class=\"iw_cpt_image_gallery_clearfix\"><\/div><div class=\"iw_col_1_2\"><div class=\"iw_cpt_image_gallery_image\"><img decoding=\"async\" src=\"https:\/\/farmworld.tv\/wp-content\/uploads\/2022\/11\/ltv-fwtv-leidenschaft-2012-image-07-970x647.jpg\" loading=\"lazy\"><\/div><div class=\"iw_cpt_image_gallery_image\"><img decoding=\"async\" src=\"https:\/\/farmworld.tv\/wp-content\/uploads\/2022\/11\/ltv-fwtv-leidenschaft-2012-image-05-970x728.jpg\" loading=\"lazy\"><\/div><\/div><div class=\"iw_col_1_2\"><div class=\"iw_cpt_image_gallery_image\"><img decoding=\"async\" src=\"https:\/\/farmworld.tv\/wp-content\/uploads\/2022\/11\/ltv-fwtv-leidenschaft-2012-image-01-970x647.jpg\" loading=\"lazy\"><\/div><div class=\"iw_cpt_image_gallery_image\"><img decoding=\"async\" src=\"https:\/\/farmworld.tv\/wp-content\/uploads\/2022\/11\/ltv-fwtv-leidenschaft-2012-image-06-970x728.jpg\" loading=\"lazy\"><\/div><\/div><\/div><div class=\"mobile\"><div class=\"iw_col_1_1\"><div class=\"iw_cpt_image_gallery_image full one\"><img decoding=\"async\" src=\"https:\/\/farmworld.tv\/wp-content\/uploads\/2022\/11\/ltv-fwtv-leidenschaft-2012-image-09-970x647.jpg\" loading=\"lazy\"><\/div><\/div><div class=\"iw_col_1_1\"><div class=\"iw_cpt_image_gallery_image\"><img decoding=\"async\" src=\"https:\/\/farmworld.tv\/wp-content\/uploads\/2022\/11\/ltv-fwtv-leidenschaft-2012-image-02-970x647.jpg\" loading=\"lazy\"><\/div><div class=\"iw_cpt_image_gallery_image\"><img decoding=\"async\" src=\"https:\/\/farmworld.tv\/wp-content\/uploads\/2022\/11\/ltv-fwtv-leidenschaft-2012-image-08-970x647.jpg\" loading=\"lazy\"><\/div><div class=\"iw_cpt_image_gallery_image\"><img decoding=\"async\" src=\"https:\/\/farmworld.tv\/wp-content\/uploads\/2022\/11\/ltv-fwtv-leidenschaft-2012-image-03-970x728.jpg\" loading=\"lazy\"><\/div><div class=\"iw_cpt_image_gallery_image\"><img decoding=\"async\" src=\"https:\/\/farmworld.tv\/wp-content\/uploads\/2022\/11\/ltv-fwtv-leidenschaft-2012-image-04-970x728.jpg\" loading=\"lazy\"><\/div><div class=\"iw_cpt_image_gallery_image\"><img decoding=\"async\" src=\"https:\/\/farmworld.tv\/wp-content\/uploads\/2022\/11\/ltv-fwtv-leidenschaft-2012-image-07-970x647.jpg\" loading=\"lazy\"><\/div><div class=\"iw_cpt_image_gallery_image\"><img decoding=\"async\" src=\"https:\/\/farmworld.tv\/wp-content\/uploads\/2022\/11\/ltv-fwtv-leidenschaft-2012-image-05-970x728.jpg\" loading=\"lazy\"><\/div><div class=\"iw_cpt_image_gallery_image\"><img decoding=\"async\" src=\"https:\/\/farmworld.tv\/wp-content\/uploads\/2022\/11\/ltv-fwtv-leidenschaft-2012-image-01-970x647.jpg\" loading=\"lazy\"><\/div><div class=\"iw_cpt_image_gallery_image\"><img decoding=\"async\" src=\"https:\/\/farmworld.tv\/wp-content\/uploads\/2022\/11\/ltv-fwtv-leidenschaft-2012-image-06-970x728.jpg\" loading=\"lazy\"><\/div><\/div><\/div><div class=\"iw_cpt_image_gallery_clearfix\"><\/div><\/div><\/div>[vc_empty_space height=\u201c25\u201d][\/vc_column_inner][\/vc_row_inner][vc_row_inner][vc_column_inner]            <div class=\"iw_svg_viewer \" style=\"text-align:center\">\n                \n                    <div class=\"iw_svg_viewer_content_wrapper\" style=\"width:2px; height:150px\">\n                        <?xml version=\"1.0\" encoding=\"UTF-8\"?><svg id=\"Layer_1\" viewBox=\"0 0 2 150\"><rect id=\"Rechteck_1061\" width=\"2\" height=\"150\" style=\"fill:#5aa05a;\" \/><\/svg>\n                    <\/div>\n                \n            <\/div>\n[vc_empty_space height=\u201c25\u201d][\/vc_column_inner][\/vc_row_inner][\/vc_column][\/vc_row][vc_row full_width=\u201cstretch_row\u201d][vc_column][vc_row_inner][vc_column_inner width=\u201c1\/4\u201d][\/vc_column_inner][vc_column_inner offset=\u201cvc_col-md\u20116\u201d][vc_column_text css=\u201d.vc_custom_1669630811524{margin-bottom: 15px !important;}\u201d]\n<h3 style=\"text-align: center;\"><span style=\"color: #5aa05a;\">2013<\/span><\/h3>\n<p>[\/vc_column_text][vc_column_text css=\u201d.vc_custom_1676995171968{margin-bottom: 20px !important;}\u201d]<\/p>\n<h4 style=\"text-align: center;\">Raccolta del mais in Germania e viaggio in Australia<\/h4>\n<p>[\/vc_column_text][vc_column_text]<\/p>\n<p style=\"text-align: left;\">In pri\u00adma\u00advera abbiamo fatto altri due viaggi per girare in Aus\u00adtra\u00adlia. Sul posto, abbiamo per\u00adcorso migli\u00adaia di chi\u00adlo\u00adme\u00adtri e girato in decine di azi\u00adende. Un motivo ver\u00ada\u00admente unico \u00e8 stato la semi\u00adna\u00adtrice pi\u00f9 grande del mondo. L\u00ec siamo ent\u00adrati in con\u00adtatto per la prima volta con la col\u00adti\u00adva\u00adzione della canna da zuc\u00adchero. Per il film \u00abMac\u00adchine agri\u00adcole in primo piano \u2013 La rac\u00adcolta del mais\u00bb abbiamo esami\u00adnato le pi\u00f9 potenti mac\u00adchine per la rac\u00adcolta del forag\u00adgio e abbiamo effet\u00adtuato riprese in varie regioni della Ger\u00adma\u00adnia. Ave\u00advamo scat\u00adtato foto aeree intorno al Krone BigX da un para\u00adpen\u00addio a motore. Questo video sulle mac\u00adchine agri\u00adcole \u00e8 uscito anche in Blu-ray. Nel corso del\u00adl\u2019anno abbiamo anche accom\u00adpa\u00adgnato il team dell\u2019azienda con\u00adto\u00adter\u00adzista lussem\u00adburg\u00adhese Reiff per un nuovo repor\u00adtage. Per il 2014 abbiamo pro\u00addotto un calen\u00adda\u00adrio set\u00adtim\u00adanale con 52 motivi.<\/p>\n<p>[\/vc_column_text][vc_empty_space height=\u201c25\u201d][\/vc_column_inner][vc_column_inner width=\u201c1\/4\u201d][\/vc_column_inner][\/vc_row_inner][vc_row_inner][vc_column_inner]<\/p><div class=\"iw_cpt_image_gallery_advanced \"><div class=\"iw_cpt_image_gallery \" data-deactive_lightbox=\"false\"><div class=\"desktop\"><div class=\"iw_col_1_2\"><div class=\"iw_cpt_image_gallery_image one\"><img decoding=\"async\" src=\"https:\/\/farmworld.tv\/wp-content\/uploads\/2022\/11\/ltv-fwtv-leidenschaft-2013-image-01-970x647.jpg\" loading=\"lazy\"><\/div><div class=\"iw_cpt_image_gallery_image two\"><img decoding=\"async\" src=\"https:\/\/farmworld.tv\/wp-content\/uploads\/2022\/11\/ltv-fwtv-leidenschaft-2013-image-02-970x647.jpg\" loading=\"lazy\"><\/div><div class=\"iw_cpt_image_gallery_image\"><img decoding=\"async\" src=\"https:\/\/farmworld.tv\/wp-content\/uploads\/2022\/11\/ltv-fwtv-leidenschaft-2013-image-04-970x647.jpg\" loading=\"lazy\"><\/div><div class=\"iw_cpt_image_gallery_image\"><img decoding=\"async\" src=\"https:\/\/farmworld.tv\/wp-content\/uploads\/2022\/11\/ltv-fwtv-leidenschaft-2013-image-05-970x647.jpg\" loading=\"lazy\"><\/div><\/div><div class=\"iw_col_1_2\"><div class=\"iw_cpt_image_gallery_image full three\"><img decoding=\"async\" src=\"https:\/\/farmworld.tv\/wp-content\/uploads\/2022\/11\/ltv-fwtv-leidenschaft-2013-image-03-970x647.jpg\" loading=\"lazy\"><\/div><\/div><div class=\"iw_cpt_image_gallery_clearfix\"><\/div><div class=\"iw_col_1_2\"><\/div><div class=\"iw_col_1_2\"><\/div><\/div><div class=\"mobile\"><div class=\"iw_col_1_1\"><div class=\"iw_cpt_image_gallery_image full one\"><img decoding=\"async\" src=\"https:\/\/farmworld.tv\/wp-content\/uploads\/2022\/11\/ltv-fwtv-leidenschaft-2013-image-01-970x647.jpg\" loading=\"lazy\"><\/div><\/div><div class=\"iw_col_1_1\"><div class=\"iw_cpt_image_gallery_image\"><img decoding=\"async\" src=\"https:\/\/farmworld.tv\/wp-content\/uploads\/2022\/11\/ltv-fwtv-leidenschaft-2013-image-02-970x647.jpg\" loading=\"lazy\"><\/div><div class=\"iw_cpt_image_gallery_image\"><img decoding=\"async\" src=\"https:\/\/farmworld.tv\/wp-content\/uploads\/2022\/11\/ltv-fwtv-leidenschaft-2013-image-03-970x647.jpg\" loading=\"lazy\"><\/div><div class=\"iw_cpt_image_gallery_image\"><img decoding=\"async\" src=\"https:\/\/farmworld.tv\/wp-content\/uploads\/2022\/11\/ltv-fwtv-leidenschaft-2013-image-04-970x647.jpg\" loading=\"lazy\"><\/div><div class=\"iw_cpt_image_gallery_image\"><img decoding=\"async\" src=\"https:\/\/farmworld.tv\/wp-content\/uploads\/2022\/11\/ltv-fwtv-leidenschaft-2013-image-05-970x647.jpg\" loading=\"lazy\"><\/div><\/div><\/div><div class=\"iw_cpt_image_gallery_clearfix\"><\/div><\/div><\/div>[vc_empty_space height=\u201c25\u201d][\/vc_column_inner][\/vc_row_inner][vc_row_inner][vc_column_inner]            <div class=\"iw_svg_viewer \" style=\"text-align:center\">\n                \n                    <div class=\"iw_svg_viewer_content_wrapper\" style=\"width:2px; height:150px\">\n                        <?xml version=\"1.0\" encoding=\"UTF-8\"?><svg id=\"Layer_1\" viewBox=\"0 0 2 150\"><rect id=\"Rechteck_1061\" width=\"2\" height=\"150\" style=\"fill:#5aa05a;\" \/><\/svg>\n                    <\/div>\n                \n            <\/div>\n[vc_empty_space height=\u201c25\u201d][\/vc_column_inner][\/vc_row_inner][\/vc_column][\/vc_row][vc_row full_width=\u201cstretch_row\u201d][vc_column][vc_row_inner][vc_column_inner width=\u201c1\/4\u201d][\/vc_column_inner][vc_column_inner offset=\u201cvc_col-md\u20116\u201d][vc_column_text css=\u201d.vc_custom_1669630897559{margin-bottom: 15px !important;}\u201d]\n<h3 style=\"text-align: center;\"><span style=\"color: #5aa05a;\">2014<\/span><\/h3>\n<p>[\/vc_column_text][vc_column_text css=\u201d.vc_custom_1676995187936{margin-bottom: 20px !important;}\u201d]<\/p>\n<h4 style=\"text-align: center;\">L\u2019agricoltura in Australia e l\u2019azienda contoterzista Reiff<\/h4>\n<p>[\/vc_column_text][vc_column_text]<\/p>\n<p style=\"text-align: left;\">Il DVD Mac\u00adchine agri\u00adcole \u2013 L\u2019azienda con\u00adto\u00adter\u00adzista J\u2011Reiff Vol. 1 \u00e8 uscito nella pri\u00adma\u00advera del 2014 ed \u00e8 stata solo una delle tante idee cine\u00adma\u00adto\u00adgra\u00adfi\u00adche rea\u00adliz\u00adzate con Reiff negli anni suc\u00adces\u00adsivi e ancora oggi. Il DVD L\u2019azienda con\u00adto\u00adter\u00adzista J\u2011Reiff Vol. 1 \u00e8 stato tra\u00addotto in sette lin\u00adgue, tra cui olan\u00addese e lussem\u00adburg\u00adhese. Il nos\u00adtro titolo di mag\u00adgior suc\u00adcesso fino ad oggi, \u00abL\u2019agricoltura in Aus\u00adtra\u00adlia\u00bb, \u00e8 stato pubbli\u00adcato nel corso del\u00adl\u2019anno. Come sempre, il cofa\u00adnetto DVD tri\u00adplo \u00e8 stato creato in modo com\u00adple\u00adta\u00admente indi\u00adpen\u00addente e senza spon\u00adsor e offre una visione com\u00adpleta del\u00adl\u2019ag\u00adri\u00adcol\u00adtura e delle sue sfide in Aus\u00adtra\u00adlia. Dalla ricerca, alle riprese, al mon\u00adtag\u00adgio, alla colonna sonora, al design del pro\u00addotto, tutto il lavoro \u00e8 nato da nostre idee. Per il 2015 abbiamo pro\u00addotto per la prima volta un calen\u00adda\u00adrio men\u00adsile, i cui motivi ven\u00adgono pre\u00adsen\u00adtati in azione in un DVD alle\u00adgato. Il calen\u00adda\u00adrio \u00e8 stato ven\u00adduto in tutta Europa. Il primo drone cine\u00adma\u00adto\u00adgra\u00adfico della nos\u00adtra att\u00adrez\u00adza\u00adtura ha aperto un nuovo capi\u00adtolo nella cine\u00adma\u00adto\u00adgra\u00adfia. La tec\u00adno\u00adlo\u00adgia dei droni \u00e8 miglio\u00adrata rapi\u00adda\u00admente e gi\u00e0 con la seconda e la terza gene\u00adra\u00adzione \u00e8 stato pos\u00adsi\u00adbile otte\u00adnere angoli di visione impres\u00adsio\u00adn\u00adanti. Da subito, la nos\u00adtra tec\u00adno\u00adlo\u00adgia di ripresa regis\u00adtra anche su schede di memo\u00adria. Ave\u00advamo gi\u00e0 uti\u00adliz\u00adzato la nuova tec\u00adno\u00adlo\u00adgia di ripresa per le prime riprese in Fran\u00adcia. Diversi media hanno par\u00adlato del nos\u00adtro lavoro nel 2014. Tra questi, Nord\u00addeut\u00adscher Rund\u00adfunk, Bay\u00adri\u00adsche Fern\u00adse\u00adhen, Sat.1\u2011Regional, Deut\u00adsche Welle. Abbiamo rac\u00adcolto diversi ser\u00advizi tele\u00advi\u00adsivi, arti\u00adcoli di giorn\u00adale e regis\u00adtra\u00adzioni radio\u00adfo\u00adni\u00adche sul nos\u00adtro sito web. J\u00f6rn rileva l\u2019at\u00adti\u00advit\u00e0 di agen\u00adzia e fonda agrimotion.com.<\/p>\n<p>[\/vc_column_text][vc_empty_space height=\u201c25\u201d][\/vc_column_inner][vc_column_inner width=\u201c1\/4\u201d][\/vc_column_inner][\/vc_row_inner][vc_row_inner][vc_column_inner]<\/p><div class=\"iw_cpt_image_gallery_advanced \"><div class=\"iw_cpt_image_gallery \" data-deactive_lightbox=\"false\"><div class=\"desktop\"><div class=\"iw_col_1_2\"><div class=\"iw_cpt_image_gallery_image full one\"><img decoding=\"async\" src=\"https:\/\/farmworld.tv\/wp-content\/uploads\/2022\/11\/ltv-fwtv-leidenschaft-2014-image-01-970x647.jpg\" loading=\"lazy\"><div class=\"clearfix\"><\/div><\/div><\/div><div class=\"iw_col_1_2\"><div class=\"iw_cpt_image_gallery_image two\"><img decoding=\"async\" src=\"https:\/\/farmworld.tv\/wp-content\/uploads\/2022\/11\/ltv-fwtv-leidenschaft-2014-image-02-970x647.jpg\" loading=\"lazy\"><\/div><div class=\"iw_cpt_image_gallery_image three\"><img decoding=\"async\" src=\"https:\/\/farmworld.tv\/wp-content\/uploads\/2022\/11\/ltv-fwtv-leidenschaft-2014-image-03-970x647.jpg\" loading=\"lazy\"><\/div><div class=\"iw_cpt_image_gallery_image\"><img decoding=\"async\" src=\"https:\/\/farmworld.tv\/wp-content\/uploads\/2022\/11\/ltv-fwtv-leidenschaft-2014-image-04-970x647.jpg\" loading=\"lazy\"><\/div><\/div><div class=\"iw_cpt_image_gallery_clearfix\"><\/div><div class=\"iw_col_1_2\"><\/div><div class=\"iw_col_1_2\"><\/div><\/div><div class=\"mobile\"><div class=\"iw_col_1_1\"><div class=\"iw_cpt_image_gallery_image full one\"><img decoding=\"async\" src=\"https:\/\/farmworld.tv\/wp-content\/uploads\/2022\/11\/ltv-fwtv-leidenschaft-2014-image-01-970x647.jpg\" loading=\"lazy\"><\/div><\/div><div class=\"iw_col_1_1\"><div class=\"iw_cpt_image_gallery_image\"><img decoding=\"async\" src=\"https:\/\/farmworld.tv\/wp-content\/uploads\/2022\/11\/ltv-fwtv-leidenschaft-2014-image-02-970x647.jpg\" loading=\"lazy\"><\/div><div class=\"iw_cpt_image_gallery_image\"><img decoding=\"async\" src=\"https:\/\/farmworld.tv\/wp-content\/uploads\/2022\/11\/ltv-fwtv-leidenschaft-2014-image-03-970x647.jpg\" loading=\"lazy\"><\/div><div class=\"iw_cpt_image_gallery_image\"><img decoding=\"async\" src=\"https:\/\/farmworld.tv\/wp-content\/uploads\/2022\/11\/ltv-fwtv-leidenschaft-2014-image-04-970x647.jpg\" loading=\"lazy\"><\/div><\/div><\/div><div class=\"iw_cpt_image_gallery_clearfix\"><\/div><\/div><\/div>[vc_empty_space height=\u201c25\u201d][\/vc_column_inner][\/vc_row_inner][vc_row_inner][vc_column_inner]            <div class=\"iw_svg_viewer \" style=\"text-align:center\">\n                \n                    <div class=\"iw_svg_viewer_content_wrapper\" style=\"width:2px; height:150px\">\n                        <?xml version=\"1.0\" encoding=\"UTF-8\"?><svg id=\"Layer_1\" viewBox=\"0 0 2 150\"><rect id=\"Rechteck_1061\" width=\"2\" height=\"150\" style=\"fill:#5aa05a;\" \/><\/svg>\n                    <\/div>\n                \n            <\/div>\n[vc_empty_space height=\u201c25\u201d][\/vc_column_inner][\/vc_row_inner][\/vc_column][\/vc_row][vc_row full_width=\u201cstretch_row\u201d][vc_column][vc_row_inner][vc_column_inner width=\u201c1\/4\u201d][\/vc_column_inner][vc_column_inner offset=\u201cvc_col-md\u20116\u201d][vc_column_text css=\u201d.vc_custom_1669631003889{margin-bottom: 15px !important;}\u201d]\n<h3 style=\"text-align: center;\"><span style=\"color: #5aa05a;\">2015<\/span><\/h3>\n<p>[\/vc_column_text][vc_column_text css=\u201d.vc_custom_1676995206199{margin-bottom: 20px !important;}\u201d]<\/p>\n<h4 style=\"text-align: center;\">In viaggio in Francia, Russia e Canada<\/h4>\n<p>[\/vc_column_text][vc_column_text]<\/p>\n<p style=\"text-align: left;\">L\u2019e\u00adco\u00adno\u00admia agri\u00adcola fran\u00adcese \u00e8 incre\u00addi\u00adbilm\u00adente diver\u00adsi\u00adfi\u00adcata. \u00c8 stato chiaro fin dal\u00adl\u2019i\u00adni\u00adzio che avremmo dovuto fare diverse visite nel Paese in sta\u00adgioni diverse per poter pre\u00adsen\u00adtare il mag\u00adgior numero pos\u00adsi\u00adbile di lavori sul campo. In autunno \u00e8 stato pubbli\u00adcato il cofa\u00adnetto in tre parti \u00abL\u2019agricoltura in Fran\u00adcia\u00bb. Allo stesso tempo, d\u2019estate abbiamo intra\u00adpreso un viag\u00adgio nel Canada ori\u00aden\u00adtale. Nelle pro\u00advince del\u00adl\u2019On\u00adta\u00adrio e del Qu\u00e9\u00adbec, abbiamo girato durante la rac\u00adcolta del forag\u00adgio verde e abbiamo cos\u00ec cono\u00adsci\u00aduto l\u2019ag\u00adri\u00adcol\u00adtura cana\u00addese da un punto di vista com\u00adple\u00adta\u00admente diverso. D\u2019estate abbiamo anche avuto l\u2019op\u00adpor\u00adtu\u00adnit\u00e0 di visi\u00adt\u00adare lo sta\u00adbi\u00adli\u00admento di miet\u00adit\u00adreb\u00adbie Rost\u00adsel\u00admash nella Rus\u00adsia meri\u00addio\u00adnale. Anche per l\u2019anno suc\u00adces\u00adsivo \u00e8 stato pro\u00addotto un calen\u00adda\u00adrio men\u00adsile, \u201cTrat\u00adtori moderni\u201d, com\u00admer\u00adcia\u00adliz\u00adzato in tre lin\u00adgue. Per il nos\u00adtro canale You\u00adTube, abbiamo film\u00adato uno dei primi cin\u00adg\u00ado\u00adlati John Deere 9RX in Ger\u00adma\u00adnia e abbiamo pubbli\u00adcato, tra l\u2019al\u00adtro, due cor\u00adto\u00adme\u00adtraggi di grande suc\u00adcesso sul lavoro dell\u2019azienda con\u00adto\u00adter\u00adzista Osters &amp; Vo\u00df. Giriamo anche la prima parte della serie di film sul\u00adl\u2019a\u00adzi\u00adenda di ingeg\u00adne\u00adria civile Maa\u00ad\u00dfen, che \u00e8 gi\u00e0 stata vista 2,5 mili\u00adoni di&nbsp;volte.<\/p>\n<p>[\/vc_column_text][vc_empty_space height=\u201c25\u201d][\/vc_column_inner][vc_column_inner width=\u201c1\/4\u201d][\/vc_column_inner][\/vc_row_inner][vc_row_inner][vc_column_inner]<\/p><div class=\"iw_cpt_image_gallery_advanced \"><div class=\"iw_cpt_image_gallery \" data-deactive_lightbox=\"false\"><div class=\"desktop\"><div class=\"iw_col_1_4\"><div class=\"iw_cpt_image_gallery_image one\"><img decoding=\"async\" src=\"https:\/\/farmworld.tv\/wp-content\/uploads\/2022\/11\/ltv-fwtv-leidenschaft-2015-image-01-970x647.jpg\" loading=\"lazy\"><\/div><div class=\"iw_cpt_image_gallery_image\"><img decoding=\"async\" src=\"https:\/\/farmworld.tv\/wp-content\/uploads\/2022\/11\/ltv-fwtv-leidenschaft-2015-image-04-970x647.jpg\" loading=\"lazy\"><\/div><\/div><div class=\"iw_col_1_2\"><div class=\"iw_cpt_image_gallery_image full two\"><img decoding=\"async\" src=\"https:\/\/farmworld.tv\/wp-content\/uploads\/2022\/11\/ltv-fwtv-leidenschaft-2015-image-02-970x647.jpg\" loading=\"lazy\"><\/div><\/div><div class=\"iw_col_1_4\"><div class=\"iw_cpt_image_gallery_image three\"><img decoding=\"async\" src=\"https:\/\/farmworld.tv\/wp-content\/uploads\/2022\/11\/ltv-fwtv-leidenschaft-2015-image-03-970x647.jpg\" loading=\"lazy\"><\/div><div class=\"iw_cpt_image_gallery_image\"><img decoding=\"async\" src=\"https:\/\/farmworld.tv\/wp-content\/uploads\/2022\/11\/ltv-fwtv-leidenschaft-2015-image-05-970x647.jpg\" loading=\"lazy\"><\/div><\/div><div class=\"iw_cpt_image_gallery_clearfix\"><\/div><div class=\"iw_col_1_2\"><div class=\"iw_cpt_image_gallery_image\"><img decoding=\"async\" src=\"https:\/\/farmworld.tv\/wp-content\/uploads\/2022\/11\/ltv-fwtv-leidenschaft-2015-image-06-970x647.jpg\" loading=\"lazy\"><\/div><\/div><div class=\"iw_col_1_2\"><\/div><\/div><div class=\"mobile\"><div class=\"iw_col_1_1\"><div class=\"iw_cpt_image_gallery_image full one\"><img decoding=\"async\" src=\"https:\/\/farmworld.tv\/wp-content\/uploads\/2022\/11\/ltv-fwtv-leidenschaft-2015-image-01-970x647.jpg\" loading=\"lazy\"><\/div><\/div><div class=\"iw_col_1_1\"><div class=\"iw_cpt_image_gallery_image\"><img decoding=\"async\" src=\"https:\/\/farmworld.tv\/wp-content\/uploads\/2022\/11\/ltv-fwtv-leidenschaft-2015-image-02-970x647.jpg\" loading=\"lazy\"><\/div><div class=\"iw_cpt_image_gallery_image\"><img decoding=\"async\" src=\"https:\/\/farmworld.tv\/wp-content\/uploads\/2022\/11\/ltv-fwtv-leidenschaft-2015-image-03-970x647.jpg\" loading=\"lazy\"><\/div><div class=\"iw_cpt_image_gallery_image\"><img decoding=\"async\" src=\"https:\/\/farmworld.tv\/wp-content\/uploads\/2022\/11\/ltv-fwtv-leidenschaft-2015-image-04-970x647.jpg\" loading=\"lazy\"><\/div><div class=\"iw_cpt_image_gallery_image\"><img decoding=\"async\" src=\"https:\/\/farmworld.tv\/wp-content\/uploads\/2022\/11\/ltv-fwtv-leidenschaft-2015-image-05-970x647.jpg\" loading=\"lazy\"><\/div><div class=\"iw_cpt_image_gallery_image\"><img decoding=\"async\" src=\"https:\/\/farmworld.tv\/wp-content\/uploads\/2022\/11\/ltv-fwtv-leidenschaft-2015-image-06-970x647.jpg\" loading=\"lazy\"><\/div><\/div><\/div><div class=\"iw_cpt_image_gallery_clearfix\"><\/div><\/div><\/div>[vc_empty_space height=\u201c25\u201d][\/vc_column_inner][\/vc_row_inner][vc_row_inner][vc_column_inner]            <div class=\"iw_svg_viewer \" style=\"text-align:center\">\n                \n                    <div class=\"iw_svg_viewer_content_wrapper\" style=\"width:2px; height:150px\">\n                        <?xml version=\"1.0\" encoding=\"UTF-8\"?><svg id=\"Layer_1\" viewBox=\"0 0 2 150\"><rect id=\"Rechteck_1061\" width=\"2\" height=\"150\" style=\"fill:#5aa05a;\" \/><\/svg>\n                    <\/div>\n                \n            <\/div>\n[vc_empty_space height=\u201c25\u201d][\/vc_column_inner][\/vc_row_inner][\/vc_column][\/vc_row][vc_row full_width=\u201cstretch_row\u201d][vc_column][vc_row_inner][vc_column_inner width=\u201c1\/4\u201d][\/vc_column_inner][vc_column_inner offset=\u201cvc_col-md\u20116\u201d][vc_column_text css=\u201d.vc_custom_1669631090908{margin-bottom: 15px !important;}\u201d]\n<h3 style=\"text-align: center;\"><span style=\"color: #5aa05a;\">2016<\/span><\/h3>\n<p>[\/vc_column_text][vc_column_text css=\u201d.vc_custom_1676995220500{margin-bottom: 20px !important;}\u201d]<\/p>\n<h4 style=\"text-align: center;\">Il nuovo sito web e le riprese in Russia<\/h4>\n<p>[\/vc_column_text][vc_column_text]<\/p>\n<p style=\"text-align: left;\">Il pro\u00adgetto cine\u00adma\u00adto\u00adgra\u00adfico l\u2019agricoltura in Rus\u00adsia prende slan\u00adcio. D\u2019estate abbiamo girato durante la rac\u00adcolta del grano nella Rus\u00adsia meri\u00addio\u00adnale e poi in autunno durante la rac\u00adcolta delle barba\u00adbie\u00adtole da zuc\u00adchero nel\u00adl\u2019o\u00adblast\u2019 di Voronezh, a sud di Mosca. Per tutto il 2016 siamo stati impeg\u00adnati nella nuova cos\u00adtru\u00adzi\u00adone del nos\u00adtro sito web www.landtechnikvideos.de. Final\u00admente, in autunno, arriva il momento: Il nuovo sito web pre\u00adsenta i nos\u00adtri DVD sulle mac\u00adchine agri\u00adcole e molti appro\u00adfon\u00addi\u00admenti sul nos\u00adtro lavoro. La media\u00adteca, in cui clas\u00adsi\u00adfi\u00adchi\u00adamo le foto di mac\u00adchine agri\u00adcole e le ren\u00addiamo libe\u00adr\u00ada\u00admente acces\u00adsi\u00adbili, com\u00adprende rapi\u00adda\u00admente pi\u00f9 di 18.000 foto. Il logo di landtechnikvideos.de viene rivisto. La novit\u00e0 di ques\u00adt\u2019anno sono stati i DVD \u201cTempo di miet\u00adi\u00adtura in Canada\u201d, che accom\u00adpa\u00adgnano lo spett\u00ada\u00adtore in un tour agri\u00adcolo attra\u00adverso quat\u00adtro pro\u00advince cana\u00addesi. Una novit\u00e0 di ques\u00adt\u2019anno \u00e8 stato il titolo \u201cCon\u00adto\u00adter\u00adzisti: 5 paesi \u2013 5 sto\u00adrie\u201d, per il quale abbiamo girato in Irlanda, Irlanda del Nord e Danim\u00adarca. Diversi media hanno par\u00adlato del nos\u00adtro lavoro, tra cui Bild.de, Frank\u00adfur\u00adter All\u00adge\u00admeine Zei\u00adtung e agrarheute.com. La tec\u00adno\u00adlo\u00adgia della tele\u00adca\u00admera \u00e8 stata con\u00adver\u00adtita passo dopo passo alla riso\u00adlu\u00adzi\u00adone 4K. La nos\u00adtra pagina Face\u00adbook ha super\u00adato il tra\u00adguardo dei 100.000 fol\u00adlower e su You\u00adTube abbiamo spe\u00adri\u00admen\u00adtato la tec\u00adno\u00adlo\u00adgia dei video a 360&nbsp;gradi.<\/p>\n<p>[\/vc_column_text][vc_empty_space height=\u201c25\u201d][\/vc_column_inner][vc_column_inner width=\u201c1\/4\u201d][\/vc_column_inner][\/vc_row_inner][vc_row_inner][vc_column_inner]<\/p><div class=\"iw_cpt_image_gallery_advanced \"><div class=\"iw_cpt_image_gallery \" data-deactive_lightbox=\"false\"><div class=\"desktop\"><div class=\"iw_col_1_2\"><div class=\"iw_cpt_image_gallery_image one\"><img decoding=\"async\" src=\"https:\/\/farmworld.tv\/wp-content\/uploads\/2022\/11\/ltv-fwtv-leidenschaft-2016-image-01-970x647.jpg\" loading=\"lazy\"><\/div><div class=\"iw_cpt_image_gallery_image two\"><img decoding=\"async\" src=\"https:\/\/farmworld.tv\/wp-content\/uploads\/2022\/11\/ltv-fwtv-leidenschaft-2016-image-02-970x647.jpg\" loading=\"lazy\"><\/div><div class=\"iw_cpt_image_gallery_image\"><img decoding=\"async\" src=\"https:\/\/farmworld.tv\/wp-content\/uploads\/2023\/03\/ltv-fwtv-leidenschaft-2016-image-06-970x728.jpg\" loading=\"lazy\"><\/div><div class=\"iw_cpt_image_gallery_image\"><img decoding=\"async\" src=\"https:\/\/farmworld.tv\/wp-content\/uploads\/2022\/11\/ltv-fwtv-leidenschaft-2016-image-05-970x647.jpg\" loading=\"lazy\"><\/div><\/div><div class=\"iw_col_1_2\"><div class=\"iw_cpt_image_gallery_image full three\"><img decoding=\"async\" src=\"https:\/\/farmworld.tv\/wp-content\/uploads\/2022\/11\/ltv-fwtv-leidenschaft-2016-image-03-970x647.jpg\" loading=\"lazy\"><\/div><\/div><div class=\"iw_cpt_image_gallery_clearfix\"><\/div><div class=\"iw_col_1_2\"><\/div><div class=\"iw_col_1_2\"><\/div><\/div><div class=\"mobile\"><div class=\"iw_col_1_1\"><div class=\"iw_cpt_image_gallery_image full one\"><img decoding=\"async\" src=\"https:\/\/farmworld.tv\/wp-content\/uploads\/2022\/11\/ltv-fwtv-leidenschaft-2016-image-01-970x647.jpg\" loading=\"lazy\"><\/div><\/div><div class=\"iw_col_1_1\"><div class=\"iw_cpt_image_gallery_image\"><img decoding=\"async\" src=\"https:\/\/farmworld.tv\/wp-content\/uploads\/2022\/11\/ltv-fwtv-leidenschaft-2016-image-02-970x647.jpg\" loading=\"lazy\"><\/div><div class=\"iw_cpt_image_gallery_image\"><img decoding=\"async\" src=\"https:\/\/farmworld.tv\/wp-content\/uploads\/2022\/11\/ltv-fwtv-leidenschaft-2016-image-03-970x647.jpg\" loading=\"lazy\"><\/div><div class=\"iw_cpt_image_gallery_image\"><img decoding=\"async\" src=\"https:\/\/farmworld.tv\/wp-content\/uploads\/2023\/03\/ltv-fwtv-leidenschaft-2016-image-06-970x728.jpg\" loading=\"lazy\"><\/div><div class=\"iw_cpt_image_gallery_image\"><img decoding=\"async\" src=\"https:\/\/farmworld.tv\/wp-content\/uploads\/2022\/11\/ltv-fwtv-leidenschaft-2016-image-05-970x647.jpg\" loading=\"lazy\"><\/div><\/div><\/div><div class=\"iw_cpt_image_gallery_clearfix\"><\/div><\/div><\/div>[vc_empty_space height=\u201c25\u201d][\/vc_column_inner][\/vc_row_inner][vc_row_inner][vc_column_inner]            <div class=\"iw_svg_viewer \" style=\"text-align:center\">\n                \n                    <div class=\"iw_svg_viewer_content_wrapper\" style=\"width:2px; height:150px\">\n                        <?xml version=\"1.0\" encoding=\"UTF-8\"?><svg id=\"Layer_1\" viewBox=\"0 0 2 150\"><rect id=\"Rechteck_1061\" width=\"2\" height=\"150\" style=\"fill:#5aa05a;\" \/><\/svg>\n                    <\/div>\n                \n            <\/div>\n[vc_empty_space height=\u201c25\u201d][\/vc_column_inner][\/vc_row_inner][\/vc_column][\/vc_row][vc_row full_width=\u201cstretch_row\u201d][vc_column][vc_row_inner][vc_column_inner width=\u201c1\/4\u201d][\/vc_column_inner][vc_column_inner offset=\u201cvc_col-md\u20116\u201d][vc_column_text css=\u201d.vc_custom_1669631172660{margin-bottom: 15px !important;}\u201d]\n<h3 style=\"text-align: center;\"><span style=\"color: #5aa05a;\">2017<\/span><\/h3>\n<p>[\/vc_column_text][vc_column_text css=\u201d.vc_custom_1676995239068{margin-bottom: 20px !important;}\u201d]<\/p>\n<h4 style=\"text-align: center;\">Tanto tempo trascorso in viaggio tra Russia, Sud e Nord America<\/h4>\n<p>[\/vc_column_text][vc_column_text]<\/p>\n<p style=\"text-align: left;\">Siamo andati a ripren\u00addere la rac\u00adcolta della soia nello stato del Mato Grosso in Bra\u00adsile. Il Sud Ame\u00adrica \u00e8 un nuovo con\u00adti\u00adnente nella nos\u00adtra sto\u00adria cine\u00adma\u00adto\u00adgra\u00adfica. Il 10% della soia pro\u00addotta nel mondo pro\u00adviene da qui. Una pro\u00addu\u00adzi\u00adone entus\u00adi\u00adas\u00admante che non avrebbe avuto tanto suc\u00adcesso senza un\u2019in\u00adtensa ricerca preli\u00admi\u00adnare. Solo poche set\u00adti\u00admane dopo ci siamo recati in Argen\u00adtina ed eravamo stati qui anche con un locale. Abbiamo girato durante la rac\u00adcolta del riso e del mais e abbiamo visi\u00adtato grandi alle\u00adva\u00admenti bovini. Solo poche set\u00adti\u00admane di riprese in Sibe\u00adria hanno fatto da con\u00adtrasto. Tra le citt\u00e0 russe di Novo\u00adsi\u00adbirsk e Bar\u00adnaul, abbiamo girato in campi di cen\u00adti\u00adnaia di ettari, visi\u00adtato le stalle del pi\u00f9 grande alle\u00adva\u00adtore del Paese e per\u00adcorso molti chi\u00adlo\u00adme\u00adtri. Pi\u00f9 volte ci \u00e8 stato chiesto se pote\u00advamo port\u00adare degli ospiti alle riprese. Da qui \u00e8 nata l\u2019i\u00addea degli agri-tour Agrar-Adven\u00adture. Nella pri\u00adma\u00advera del 2017, i pre\u00adpa\u00adra\u00adtivi per un primo viag\u00adgio agri\u00adcolo in Canada sono ini\u00adziati con una visita preli\u00admi\u00adnare. Poco prima del com\u00adple\u00adta\u00admento del DVD sulle nuove tec\u00adno\u00adlo\u00adgie agri\u00adcole \u00abUn\u2019avventura in Rus\u00adsia\u00bb, dopo lunghe dis\u00adcus\u00adsioni abbiamo rice\u00advuto l\u2019ap\u00adpro\u00adva\u00adzione per le riprese presso la fabbrica di trat\u00adtori Kirov a San Pie\u00adtro\u00adburgo. \u00c8 qui che escono dalla catena di mon\u00adtag\u00adgio i famosi trat\u00adtori Kiro\u00advets. Insieme a ques\u00adt\u2019ul\u00adtimo capi\u00adtolo, \u00e8 stato final\u00admente pubbli\u00adcato il tri\u00adplo cofa\u00adnetto DVD \u00abUn\u2019avventura in Rus\u00adsia\u00bb, un pro\u00adgetto cine\u00adma\u00adto\u00adgra\u00adfico che for\u00adnisce impres\u00adsioni e infor\u00adma\u00adzioni uni\u00adche sulla pro\u00addu\u00adzi\u00adone agri\u00adcola del pi\u00f9 grande Paese del mondo. A settembre si \u00e8 svolto il nos\u00adtro primo viag\u00adgio Agrar-Adven\u00adture in Canada con 15 par\u00adte\u00adci\u00adpanti. Nel novembre 2017 abbiamo pre\u00adsen\u00adtato per la prima volta il nos\u00adtro lavoro cine\u00adma\u00adto\u00adgra\u00adfico presso il nos\u00adtro stand fie\u00adristico all\u2019es\u00adpo\u00adsi\u00adzione di mac\u00adchine agri\u00adcole Agri\u00adtech\u00adnica di Han\u00adno\u00adver. Per un video di prova sul nos\u00adtro canale You\u00adTube, Fendt ci ha pre\u00adsen\u00adtato in esclu\u00adsiva il primo trat\u00adtore cin\u00adg\u00ado\u00adlato 900 Vario&nbsp;MT.<\/p>\n<p>[\/vc_column_text][vc_empty_space height=\u201c25\u201d][\/vc_column_inner][vc_column_inner width=\u201c1\/4\u201d][\/vc_column_inner][\/vc_row_inner][vc_row_inner][vc_column_inner]<\/p><div class=\"iw_cpt_image_gallery_advanced \"><div class=\"iw_cpt_image_gallery \" data-deactive_lightbox=\"false\"><div class=\"desktop\"><div class=\"iw_col_1_2\"><div class=\"iw_cpt_image_gallery_image full one\"><img decoding=\"async\" src=\"https:\/\/farmworld.tv\/wp-content\/uploads\/2022\/11\/ltv-fwtv-leidenschaft-2017-image-01-970x647.jpg\" loading=\"lazy\"><div class=\"clearfix\"><\/div><\/div><\/div><div class=\"iw_col_1_2\"><div class=\"iw_cpt_image_gallery_image two\"><img decoding=\"async\" src=\"https:\/\/farmworld.tv\/wp-content\/uploads\/2022\/11\/ltv-fwtv-leidenschaft-2017-image-02-970x647.jpg\" loading=\"lazy\"><\/div><div class=\"iw_cpt_image_gallery_image three\"><img decoding=\"async\" src=\"https:\/\/farmworld.tv\/wp-content\/uploads\/2022\/11\/ltv-fwtv-leidenschaft-2017-image-03-970x647.jpg\" loading=\"lazy\"><\/div><div class=\"iw_cpt_image_gallery_image\"><img decoding=\"async\" src=\"https:\/\/farmworld.tv\/wp-content\/uploads\/2022\/11\/ltv-fwtv-leidenschaft-2017-image-04-970x647.jpg\" loading=\"lazy\"><\/div><div class=\"iw_cpt_image_gallery_image\"><img decoding=\"async\" src=\"https:\/\/farmworld.tv\/wp-content\/uploads\/2022\/11\/ltv-fwtv-leidenschaft-2017-image-05-970x647.jpg\" loading=\"lazy\"><\/div><\/div><div class=\"iw_cpt_image_gallery_clearfix\"><\/div><div class=\"iw_col_1_2\"><div class=\"iw_cpt_image_gallery_image\"><img decoding=\"async\" src=\"https:\/\/farmworld.tv\/wp-content\/uploads\/2022\/11\/ltv-fwtv-leidenschaft-2017-image-06-970x647.jpg\" loading=\"lazy\"><\/div><div class=\"iw_cpt_image_gallery_image\"><img decoding=\"async\" src=\"https:\/\/farmworld.tv\/wp-content\/uploads\/2022\/11\/ltv-fwtv-leidenschaft-2017-image-07-970x647.jpg\" loading=\"lazy\"><\/div><\/div><div class=\"iw_col_1_2\"><div class=\"iw_cpt_image_gallery_image\"><img decoding=\"async\" src=\"https:\/\/farmworld.tv\/wp-content\/uploads\/2022\/11\/ltv-fwtv-leidenschaft-2017-image-08-970x647.jpg\" loading=\"lazy\"><\/div><div class=\"iw_cpt_image_gallery_image\"><img decoding=\"async\" src=\"https:\/\/farmworld.tv\/wp-content\/uploads\/2022\/11\/ltv-fwtv-leidenschaft-2017-image-09-970x647.jpg\" loading=\"lazy\"><\/div><\/div><\/div><div class=\"mobile\"><div class=\"iw_col_1_1\"><div class=\"iw_cpt_image_gallery_image full one\"><img decoding=\"async\" src=\"https:\/\/farmworld.tv\/wp-content\/uploads\/2022\/11\/ltv-fwtv-leidenschaft-2017-image-01-970x647.jpg\" loading=\"lazy\"><\/div><\/div><div class=\"iw_col_1_1\"><div class=\"iw_cpt_image_gallery_image\"><img decoding=\"async\" src=\"https:\/\/farmworld.tv\/wp-content\/uploads\/2022\/11\/ltv-fwtv-leidenschaft-2017-image-02-970x647.jpg\" loading=\"lazy\"><\/div><div class=\"iw_cpt_image_gallery_image\"><img decoding=\"async\" src=\"https:\/\/farmworld.tv\/wp-content\/uploads\/2022\/11\/ltv-fwtv-leidenschaft-2017-image-03-970x647.jpg\" loading=\"lazy\"><\/div><div class=\"iw_cpt_image_gallery_image\"><img decoding=\"async\" src=\"https:\/\/farmworld.tv\/wp-content\/uploads\/2022\/11\/ltv-fwtv-leidenschaft-2017-image-04-970x647.jpg\" loading=\"lazy\"><\/div><div class=\"iw_cpt_image_gallery_image\"><img decoding=\"async\" src=\"https:\/\/farmworld.tv\/wp-content\/uploads\/2022\/11\/ltv-fwtv-leidenschaft-2017-image-05-970x647.jpg\" loading=\"lazy\"><\/div><div class=\"iw_cpt_image_gallery_image\"><img decoding=\"async\" src=\"https:\/\/farmworld.tv\/wp-content\/uploads\/2022\/11\/ltv-fwtv-leidenschaft-2017-image-06-970x647.jpg\" loading=\"lazy\"><\/div><div class=\"iw_cpt_image_gallery_image\"><img decoding=\"async\" src=\"https:\/\/farmworld.tv\/wp-content\/uploads\/2022\/11\/ltv-fwtv-leidenschaft-2017-image-07-970x647.jpg\" loading=\"lazy\"><\/div><div class=\"iw_cpt_image_gallery_image\"><img decoding=\"async\" src=\"https:\/\/farmworld.tv\/wp-content\/uploads\/2022\/11\/ltv-fwtv-leidenschaft-2017-image-08-970x647.jpg\" loading=\"lazy\"><\/div><div class=\"iw_cpt_image_gallery_image\"><img decoding=\"async\" src=\"https:\/\/farmworld.tv\/wp-content\/uploads\/2022\/11\/ltv-fwtv-leidenschaft-2017-image-09-970x647.jpg\" loading=\"lazy\"><\/div><\/div><\/div><div class=\"iw_cpt_image_gallery_clearfix\"><\/div><\/div><\/div>[vc_empty_space height=\u201c25\u201d][\/vc_column_inner][\/vc_row_inner][vc_row_inner][vc_column_inner]            <div class=\"iw_svg_viewer \" style=\"text-align:center\">\n                \n                    <div class=\"iw_svg_viewer_content_wrapper\" style=\"width:2px; height:150px\">\n                        <?xml version=\"1.0\" encoding=\"UTF-8\"?><svg id=\"Layer_1\" viewBox=\"0 0 2 150\"><rect id=\"Rechteck_1061\" width=\"2\" height=\"150\" style=\"fill:#5aa05a;\" \/><\/svg>\n                    <\/div>\n                \n            <\/div>\n[vc_empty_space height=\u201c25\u201d][\/vc_column_inner][\/vc_row_inner][\/vc_column][\/vc_row][vc_row full_width=\u201cstretch_row\u201d][vc_column][vc_row_inner][vc_column_inner width=\u201c1\/4\u201d][\/vc_column_inner][vc_column_inner offset=\u201cvc_col-md\u20116\u201d][vc_column_text css=\u201d.vc_custom_1669631305062{margin-bottom: 15px !important;}\u201d]\n<h3 style=\"text-align: center;\"><span style=\"color: #5aa05a;\">2018<\/span><\/h3>\n<p>[\/vc_column_text][vc_column_text css=\u201d.vc_custom_1676995256517{margin-bottom: 20px !important;}\u201d]<\/p>\n<h4 style=\"text-align: center;\">Riprese in Brasile e Cile e il primo viaggio agricolo in Russia<\/h4>\n<p>[\/vc_column_text][vc_column_text]<\/p>\n<p style=\"text-align: left;\">Dopo il suc\u00adcesso del viag\u00adgio agri\u00adcolo inau\u00adgu\u00adrale in Canada dello scorso anno, ques\u00adt\u2019anno \u00e8 stato aggiunto al pro\u00adgramma un viag\u00adgio agri\u00adcolo in Rus\u00adsia. I pre\u00adpa\u00adra\u00adtivi si sono svolti in Sibe\u00adria e nei din\u00adtorni di San Pie\u00adtro\u00adburgo nella pri\u00adma\u00advera del 2018. Era inoltre neces\u00adsa\u00adrio com\u00adple\u00adtare il pro\u00adgetto cine\u00adma\u00adto\u00adgra\u00adfico Agri\u00adcol\u00adtura in Sud Ame\u00adrica. Abbiamo scelto l\u2019e\u00adco\u00adno\u00admia agri\u00adcola del Cile come con\u00adtrasto con il Bra\u00adsile e l\u2019Ar\u00adgen\u00adtina. Lungo i vul\u00adcani e le Ande, abbiamo girato sui ter\u00adreni pi\u00f9 fer\u00adtili del mondo. Un altro punto di forza tra i viaggi cine\u00adma\u00adto\u00adgra\u00adfici fatti finora. La col\u00adti\u00adva\u00adzione della canna da zuc\u00adchero \u00e8 pre\u00adsente ad alto livello agri\u00adcolo solo in pochi Paesi del mondo, tra cui il Bra\u00adsile. Dopo molte ricer\u00adche, abbiamo otten\u00aduto il per\u00admesso di visi\u00adt\u00adare una fat\u00adto\u00adria del secondo pro\u00addut\u00adtore di canna da zuc\u00adchero al mondo. Le nostre tele\u00adca\u00admere hanno ripreso la pi\u00f9 potente tec\u00adno\u00adlo\u00adgia di rac\u00adcolta attu\u00adal\u00admente dis\u00adpo\u00adni\u00adbile, che ha con\u00adtri\u00adbuito all\u2019ul\u00adtimo capi\u00adtolo dei DVD sulle mac\u00adchine agri\u00adcole \u00abL\u2019agricoltura in Sud Ame\u00adrica\u00bb. Nella lista delle pro\u00addu\u00adzi\u00adoni pi\u00f9 ela\u00adbo\u00adrate, il pro\u00adgetto cine\u00adma\u00adto\u00adgra\u00adfico in Aus\u00adtra\u00adlia viene sosti\u00adtuito dalla nuova pre\u00adsen\u00adta\u00adzione \u00abL\u2019agricoltura in Sud Ame\u00adrica\u00bb. Come sempre, una pro\u00addu\u00adzi\u00adone com\u00adple\u00adta\u00admente indi\u00adpen\u00addente rea\u00adliz\u00adzata senza spon\u00adsor! La nos\u00adtra nuova pubbli\u00adca\u00adzione \u00e8 stata ripor\u00adtata da diversi media, tra cui la rivista spe\u00adcia\u00adliz\u00adzata Profi. Ques\u00adt\u2019anno \u00e8 stata pubbli\u00adcata anche la con\u00adti\u00adnu\u00ada\u00adzione della for\u00adt\u00adu\u00adnata serie di repor\u00adtage sull\u2019azienda con\u00adto\u00adter\u00adzista lussem\u00adburg\u00adhese Reiff. La seconda parte pre\u00adsenta gli ultimi svi\u00adluppi del\u00adl\u2019a\u00adzi\u00adenda. Anche il nos\u00adtro primo viag\u00adgio agri\u00adcolo Agrar-Adven\u00adture in Rus\u00adsia \u00e8 stato un com\u00adpleto suc\u00adcesso. Solo pochi giorni dopo, abbiamo accom\u00adpa\u00adgnato un nuovo gruppo turistico in Canada. Nel 2018 abbiamo pre\u00adsen\u00adtato per la prima volta le atti\u00advit\u00e0 di viag\u00adgio Agrar-Adven\u00adture e i nos\u00adtri DVD sulle mac\u00adchine agri\u00adcole presso uno stand all\u2019EuroTier.<\/p>\n<p>[\/vc_column_text][vc_empty_space height=\u201c25\u201d][\/vc_column_inner][vc_column_inner width=\u201c1\/4\u201d][\/vc_column_inner][\/vc_row_inner][vc_row_inner][vc_column_inner]<\/p><div class=\"iw_cpt_image_gallery_advanced \"><div class=\"iw_cpt_image_gallery \" data-deactive_lightbox=\"false\"><div class=\"desktop\"><div class=\"iw_col_1_2\"><div class=\"iw_cpt_image_gallery_image one\"><img decoding=\"async\" src=\"https:\/\/farmworld.tv\/wp-content\/uploads\/2022\/11\/ltv-fwtv-leidenschaft-2018-image-01-970x546.jpg\" loading=\"lazy\"><\/div><div class=\"iw_cpt_image_gallery_image two\"><img decoding=\"async\" src=\"https:\/\/farmworld.tv\/wp-content\/uploads\/2022\/11\/ltv-fwtv-leidenschaft-2018-image-02-970x666.jpg\" loading=\"lazy\"><\/div><div class=\"iw_cpt_image_gallery_image\"><img decoding=\"async\" src=\"https:\/\/farmworld.tv\/wp-content\/uploads\/2022\/11\/ltv-fwtv-leidenschaft-2018-image-04-970x647.jpg\" loading=\"lazy\"><\/div><div class=\"iw_cpt_image_gallery_image\"><img decoding=\"async\" src=\"https:\/\/farmworld.tv\/wp-content\/uploads\/2022\/11\/ltv-fwtv-leidenschaft-2018-image-05-970x647.jpg\" loading=\"lazy\"><\/div><\/div><div class=\"iw_col_1_2\"><div class=\"iw_cpt_image_gallery_image full three\"><img decoding=\"async\" src=\"https:\/\/farmworld.tv\/wp-content\/uploads\/2022\/11\/ltv-fwtv-leidenschaft-2018-image-03-970x728.jpg\" loading=\"lazy\"><\/div><\/div><div class=\"iw_cpt_image_gallery_clearfix\"><\/div><div class=\"iw_col_1_2\"><div class=\"iw_cpt_image_gallery_image\"><img decoding=\"async\" src=\"https:\/\/farmworld.tv\/wp-content\/uploads\/2022\/11\/ltv-fwtv-leidenschaft-2018-image-06-970x647.jpg\" loading=\"lazy\"><\/div><\/div><div class=\"iw_col_1_2\"><\/div><\/div><div class=\"mobile\"><div class=\"iw_col_1_1\"><div class=\"iw_cpt_image_gallery_image full one\"><img decoding=\"async\" src=\"https:\/\/farmworld.tv\/wp-content\/uploads\/2022\/11\/ltv-fwtv-leidenschaft-2018-image-01-970x546.jpg\" loading=\"lazy\"><\/div><\/div><div class=\"iw_col_1_1\"><div class=\"iw_cpt_image_gallery_image\"><img decoding=\"async\" src=\"https:\/\/farmworld.tv\/wp-content\/uploads\/2022\/11\/ltv-fwtv-leidenschaft-2018-image-02-970x666.jpg\" loading=\"lazy\"><\/div><div class=\"iw_cpt_image_gallery_image\"><img decoding=\"async\" src=\"https:\/\/farmworld.tv\/wp-content\/uploads\/2022\/11\/ltv-fwtv-leidenschaft-2018-image-03-970x728.jpg\" loading=\"lazy\"><\/div><div class=\"iw_cpt_image_gallery_image\"><img decoding=\"async\" src=\"https:\/\/farmworld.tv\/wp-content\/uploads\/2022\/11\/ltv-fwtv-leidenschaft-2018-image-04-970x647.jpg\" loading=\"lazy\"><\/div><div class=\"iw_cpt_image_gallery_image\"><img decoding=\"async\" src=\"https:\/\/farmworld.tv\/wp-content\/uploads\/2022\/11\/ltv-fwtv-leidenschaft-2018-image-05-970x647.jpg\" loading=\"lazy\"><\/div><div class=\"iw_cpt_image_gallery_image\"><img decoding=\"async\" src=\"https:\/\/farmworld.tv\/wp-content\/uploads\/2022\/11\/ltv-fwtv-leidenschaft-2018-image-06-970x647.jpg\" loading=\"lazy\"><\/div><\/div><\/div><div class=\"iw_cpt_image_gallery_clearfix\"><\/div><\/div><\/div>[vc_empty_space height=\u201c25\u201d][\/vc_column_inner][\/vc_row_inner][vc_row_inner][vc_column_inner]            <div class=\"iw_svg_viewer \" style=\"text-align:center\">\n                \n                    <div class=\"iw_svg_viewer_content_wrapper\" style=\"width:2px; height:150px\">\n                        <?xml version=\"1.0\" encoding=\"UTF-8\"?><svg id=\"Layer_1\" viewBox=\"0 0 2 150\"><rect id=\"Rechteck_1061\" width=\"2\" height=\"150\" style=\"fill:#5aa05a;\" \/><\/svg>\n                    <\/div>\n                \n            <\/div>\n[vc_empty_space height=\u201c25\u201d][\/vc_column_inner][\/vc_row_inner][\/vc_column][\/vc_row][vc_row full_width=\u201cstretch_row\u201d][vc_column][vc_row_inner][vc_column_inner width=\u201c1\/4\u201d][\/vc_column_inner][vc_column_inner offset=\u201cvc_col-md\u20116\u201d][vc_column_text css=\u201d.vc_custom_1669631406677{margin-bottom: 15px !important;}\u201d]\n<h3 style=\"text-align: center;\"><span style=\"color: #5aa05a;\">2019<\/span><\/h3>\n<p>[\/vc_column_text][vc_column_text css=\u201d.vc_custom_1676995272431{margin-bottom: 20px !important;}\u201d]<\/p>\n<h4 style=\"text-align: center;\">Lancio su Instagram e nascita di farmworld.tv<\/h4>\n<p>[\/vc_column_text][vc_column_text]<\/p>\n<p style=\"text-align: left;\">Landtechnikvideos.de ha una pagina Insta\u00adgram. Dopo soli 4 mesi, la comu\u00adnit\u00e0 aveva gi\u00e0 20.000 fol\u00adlower. Teniamo aggior\u00adnati i nos\u00adtri fan con post rego\u00adlari e aggior\u00adna\u00admenti della sto\u00adria. Dopo vari viaggi a lungo rag\u00adgio, ques\u00adt\u2019anno ci siamo con\u00adcen\u00adtrati su Ger\u00adma\u00adnia, Aus\u00adtria e Svi\u00adz\u00adzera con la pro\u00addu\u00adzi\u00adone \u201cMis\u00adsione agri\u00adcol\u00adtura\u201d. Questo inter\u00ades\u00adsante pro\u00adgetto cine\u00adma\u00adto\u00adgra\u00adfico ini\u00adzia con il ser\u00advi\u00adzio inver\u00adnale. Per rag\u00adgi\u00adungere i 75 luoghi delle riprese, abbiamo per\u00adcorso circa 25.000 chi\u00adlo\u00adme\u00adtri in auto: un mega-pro\u00adgetto! Allo stesso tempo, erano in corso i lavori per il nuovo ser\u00advi\u00adzio di strea\u00adming farmworld.tv. Ini\u00adzi\u00adal\u00admente, l\u2019of\u00adferta era stata testata solo in tedesco in una fase di prova. Il film in tre parti \u201cMis\u00adsione agri\u00adcol\u00adtura\u201d \u00e8 stato infine pubbli\u00adcato in autunno come set di DVD sulle mac\u00adchine agri\u00adcole e come strea\u00adming video in 4K: una pie\u00adtra miliare per noi pen\u00adsando alle future pro\u00addu\u00adzi\u00adoni. Abbiamo con\u00adti\u00adnu\u00adato a for\u00adnire alla nos\u00adtra comu\u00adnit\u00e0 di You\u00adTube nuovi cor\u00adto\u00adme\u00adtraggi e video di prova delle ultime tec\u00adno\u00adlo\u00adgie agri\u00adcole. Due repor\u00adtage sul\u00adl\u2019ag\u00adri\u00adcol\u00adtura in Rus\u00adsia hanno fatto scal\u00adpore quando abbiamo visi\u00adtato l\u2019a\u00adzi\u00adenda agri\u00adcola russa Eko\u00adNiva. La prima e la seconda parte sono state viste pi\u00f9 di 3,5 mili\u00adoni di volte. I viaggi all\u2019in\u00adsegna del\u00adl\u2019ag\u00adri\u00adcol\u00adtura Agrar-Adven\u00adture in Rus\u00adsia e Canada si sono svolti anche nel 2019. La fine del\u00adl\u2019anno \u00e8 stata seg\u00adnata dalla par\u00adte\u00adci\u00adpa\u00adzione alla fiera di mac\u00adchine agri\u00adcole Agri\u00adtech\u00adnica. Presso il nos\u00adtro stand abbiamo avuto nuo\u00adva\u00admente l\u2019op\u00adpor\u00adtu\u00adnit\u00e0 di parl\u00adare per\u00adso\u00adnal\u00admente con molti dei nos\u00adtri&nbsp;fan.<\/p>\n<p>[\/vc_column_text][vc_empty_space height=\u201c25\u201d][\/vc_column_inner][vc_column_inner width=\u201c1\/4\u201d][\/vc_column_inner][\/vc_row_inner][vc_row_inner][vc_column_inner]<\/p><div class=\"iw_cpt_image_gallery_advanced \"><div class=\"iw_cpt_image_gallery \" data-deactive_lightbox=\"false\"><div class=\"desktop\"><div class=\"iw_col_1_4\"><div class=\"iw_cpt_image_gallery_image one\"><img decoding=\"async\" src=\"https:\/\/farmworld.tv\/wp-content\/uploads\/2022\/11\/ltv-fwtv-leidenschaft-2019-image-01-970x647.jpg\" loading=\"lazy\"><\/div><div class=\"iw_cpt_image_gallery_image\"><img decoding=\"async\" src=\"https:\/\/farmworld.tv\/wp-content\/uploads\/2022\/11\/ltv-fwtv-leidenschaft-2019-image-04-970x647.jpg\" loading=\"lazy\"><\/div><\/div><div class=\"iw_col_1_2\"><div class=\"iw_cpt_image_gallery_image full two\"><img decoding=\"async\" src=\"https:\/\/farmworld.tv\/wp-content\/uploads\/2022\/11\/ltv-fwtv-leidenschaft-2019-image-02-970x647.jpg\" loading=\"lazy\"><\/div><\/div><div class=\"iw_col_1_4\"><div class=\"iw_cpt_image_gallery_image three\"><img decoding=\"async\" src=\"https:\/\/farmworld.tv\/wp-content\/uploads\/2022\/11\/ltv-fwtv-leidenschaft-2019-image-03-970x647.jpg\" loading=\"lazy\"><\/div><div class=\"iw_cpt_image_gallery_image\"><img decoding=\"async\" src=\"https:\/\/farmworld.tv\/wp-content\/uploads\/2022\/11\/ltv-fwtv-leidenschaft-2019-image-05-970x546.jpg\" loading=\"lazy\"><\/div><\/div><div class=\"iw_cpt_image_gallery_clearfix\"><\/div><div class=\"iw_col_1_2\"><\/div><div class=\"iw_col_1_2\"><\/div><\/div><div class=\"mobile\"><div class=\"iw_col_1_1\"><div class=\"iw_cpt_image_gallery_image full one\"><img decoding=\"async\" src=\"https:\/\/farmworld.tv\/wp-content\/uploads\/2022\/11\/ltv-fwtv-leidenschaft-2019-image-01-970x647.jpg\" loading=\"lazy\"><\/div><\/div><div class=\"iw_col_1_1\"><div class=\"iw_cpt_image_gallery_image\"><img decoding=\"async\" src=\"https:\/\/farmworld.tv\/wp-content\/uploads\/2022\/11\/ltv-fwtv-leidenschaft-2019-image-02-970x647.jpg\" loading=\"lazy\"><\/div><div class=\"iw_cpt_image_gallery_image\"><img decoding=\"async\" src=\"https:\/\/farmworld.tv\/wp-content\/uploads\/2022\/11\/ltv-fwtv-leidenschaft-2019-image-03-970x647.jpg\" loading=\"lazy\"><\/div><div class=\"iw_cpt_image_gallery_image\"><img decoding=\"async\" src=\"https:\/\/farmworld.tv\/wp-content\/uploads\/2022\/11\/ltv-fwtv-leidenschaft-2019-image-04-970x647.jpg\" loading=\"lazy\"><\/div><div class=\"iw_cpt_image_gallery_image\"><img decoding=\"async\" src=\"https:\/\/farmworld.tv\/wp-content\/uploads\/2022\/11\/ltv-fwtv-leidenschaft-2019-image-05-970x546.jpg\" loading=\"lazy\"><\/div><\/div><\/div><div class=\"iw_cpt_image_gallery_clearfix\"><\/div><\/div><\/div>[vc_empty_space height=\u201c25\u201d][\/vc_column_inner][\/vc_row_inner][vc_row_inner][vc_column_inner]            <div class=\"iw_svg_viewer \" style=\"text-align:center\">\n                \n                    <div class=\"iw_svg_viewer_content_wrapper\" style=\"width:2px; height:150px\">\n                        <?xml version=\"1.0\" encoding=\"UTF-8\"?><svg id=\"Layer_1\" viewBox=\"0 0 2 150\"><rect id=\"Rechteck_1061\" width=\"2\" height=\"150\" style=\"fill:#5aa05a;\" \/><\/svg>\n                    <\/div>\n                \n            <\/div>\n[vc_empty_space height=\u201c25\u201d][\/vc_column_inner][\/vc_row_inner][\/vc_column][\/vc_row][vc_row full_width=\u201cstretch_row\u201d][vc_column][vc_row_inner][vc_column_inner width=\u201c1\/4\u201d][\/vc_column_inner][vc_column_inner offset=\u201cvc_col-md\u20116\u201d][vc_column_text css=\u201d.vc_custom_1669631584220{margin-bottom: 15px !important;}\u201d]\n<h3 style=\"text-align: center;\"><span style=\"color: #5aa05a;\">2020<\/span><\/h3>\n<p>[\/vc_column_text][vc_column_text css=\u201d.vc_custom_1676995290916{margin-bottom: 20px !important;}\u201d]<\/p>\n<h4 style=\"text-align: center;\">Landtechnik Videos va in streaming 4K!<\/h4>\n<p>[\/vc_column_text][vc_column_text]<\/p>\n<p style=\"text-align: left;\">La fase di prova del\u00adl\u2019of\u00adferta di strea\u00adming in lin\u00adgua tede\u00adsca ha avuto suc\u00adcesso e quindi \u00e8 ini\u00adziato il lavoro di pro\u00adgram\u00adma\u00adzione per una piat\u00adta\u00adforma inter\u00adna\u00adzio\u00adnale. Farmworld.tv ha otten\u00aduto il pro\u00adprio logo e da quel momento in poi \u00e8 ser\u00advito a comu\u00adni\u00adcare il nos\u00adtro lavoro a livello inter\u00adna\u00adzio\u00adnale. Alla fine del\u00adl\u2019anno, appas\u00adsio\u00adnati di oltre 20 paesi diversi ave\u00advano gi\u00e0 uti\u00adliz\u00adzato il sito web, tra\u00addotto in cin\u00adque lin\u00adgue, e i film offerti \u2013 e la ten\u00addenza \u00e8 in aumento! La nos\u00adtra nuova pre\u00adsen\u00adta\u00adzione Tempo di miet\u00adi\u00adtura in Ger\u00adma\u00adnia \u00e8 stata pubbli\u00adcata con\u00adtem\u00adpo\u00adra\u00adnea\u00admente in DVD e in strea\u00adming video 4k. Altre riprese si sono svolte in Lussem\u00adburgo presso l\u2019azienda con\u00adto\u00adter\u00adzista Reiff, ma questa volta l\u2019oggetto prin\u00adci\u00adpale sono stati gli Old\u00adti\u00admer. Il nos\u00adtro canale You\u00adTube tedesco ha super\u00adato il tra\u00adguardo dei 200.000 iscritti 13 anni dopo il cari\u00adca\u00admento del primo video. A met\u00e0 anno, l\u2019of\u00adferta \u00e8 stata inte\u00adgrata da un canale indi\u00adpen\u00addente in lin\u00adgua ing\u00adlese sulla piattaforma.<\/p>\n<p>[\/vc_column_text][vc_empty_space height=\u201c25\u201d][\/vc_column_inner][vc_column_inner width=\u201c1\/4\u201d][\/vc_column_inner][\/vc_row_inner][vc_row_inner][vc_column_inner]<\/p><div class=\"iw_cpt_image_gallery_advanced \"><div class=\"iw_cpt_image_gallery \" data-deactive_lightbox=\"false\"><div class=\"desktop\"><div class=\"iw_col_1_2\"><div class=\"iw_cpt_image_gallery_image full one\"><img decoding=\"async\" src=\"https:\/\/farmworld.tv\/wp-content\/uploads\/2022\/11\/ltv-fwtv-leidenschaft-2020-image-01-970x544.jpg\" loading=\"lazy\"><div class=\"clearfix\"><\/div><\/div><\/div><div class=\"iw_col_1_2\"><div class=\"iw_cpt_image_gallery_image two\"><img decoding=\"async\" src=\"https:\/\/farmworld.tv\/wp-content\/uploads\/2022\/11\/ltv-fwtv-leidenschaft-2020-image-02-970x647.jpg\" loading=\"lazy\"><\/div><div class=\"iw_cpt_image_gallery_image three\"><img decoding=\"async\" src=\"https:\/\/farmworld.tv\/wp-content\/uploads\/2022\/11\/ltv-fwtv-leidenschaft-2020-image-03-970x647.jpg\" loading=\"lazy\"><\/div><div class=\"iw_cpt_image_gallery_image\"><img decoding=\"async\" src=\"https:\/\/farmworld.tv\/wp-content\/uploads\/2022\/11\/ltv-fwtv-leidenschaft-2020-image-04-970x647.jpg\" loading=\"lazy\"><\/div><\/div><div class=\"iw_cpt_image_gallery_clearfix\"><\/div><div class=\"iw_col_1_2\"><\/div><div class=\"iw_col_1_2\"><\/div><\/div><div class=\"mobile\"><div class=\"iw_col_1_1\"><div class=\"iw_cpt_image_gallery_image full one\"><img decoding=\"async\" src=\"https:\/\/farmworld.tv\/wp-content\/uploads\/2022\/11\/ltv-fwtv-leidenschaft-2020-image-01-970x544.jpg\" loading=\"lazy\"><\/div><\/div><div class=\"iw_col_1_1\"><div class=\"iw_cpt_image_gallery_image\"><img decoding=\"async\" src=\"https:\/\/farmworld.tv\/wp-content\/uploads\/2022\/11\/ltv-fwtv-leidenschaft-2020-image-02-970x647.jpg\" loading=\"lazy\"><\/div><div class=\"iw_cpt_image_gallery_image\"><img decoding=\"async\" src=\"https:\/\/farmworld.tv\/wp-content\/uploads\/2022\/11\/ltv-fwtv-leidenschaft-2020-image-03-970x647.jpg\" loading=\"lazy\"><\/div><div class=\"iw_cpt_image_gallery_image\"><img decoding=\"async\" src=\"https:\/\/farmworld.tv\/wp-content\/uploads\/2022\/11\/ltv-fwtv-leidenschaft-2020-image-04-970x647.jpg\" loading=\"lazy\"><\/div><\/div><\/div><div class=\"iw_cpt_image_gallery_clearfix\"><\/div><\/div><\/div>[vc_empty_space height=\u201c25\u201d][\/vc_column_inner][\/vc_row_inner][vc_row_inner][vc_column_inner]            <div class=\"iw_svg_viewer \" style=\"text-align:center\">\n                \n                    <div class=\"iw_svg_viewer_content_wrapper\" style=\"width:2px; height:150px\">\n                        <?xml version=\"1.0\" encoding=\"UTF-8\"?><svg id=\"Layer_1\" viewBox=\"0 0 2 150\"><rect id=\"Rechteck_1061\" width=\"2\" height=\"150\" style=\"fill:#5aa05a;\" \/><\/svg>\n                    <\/div>\n                \n            <\/div>\n[vc_empty_space height=\u201c25\u201d][\/vc_column_inner][\/vc_row_inner][\/vc_column][\/vc_row][vc_row full_width=\u201cstretch_row\u201d][vc_column][vc_row_inner][vc_column_inner width=\u201c1\/4\u201d][\/vc_column_inner][vc_column_inner offset=\u201cvc_col-md\u20116\u201d][vc_column_text css=\u201d.vc_custom_1669631679554{margin-bottom: 15px !important;}\u201d]\n<h3 style=\"text-align: center;\"><span style=\"color: #5aa05a;\">2021<\/span><\/h3>\n<p>[\/vc_column_text][vc_column_text css=\u201d.vc_custom_1676995306868{margin-bottom: 20px !important;}\u201d]<\/p>\n<h4 style=\"text-align: center;\">Oltre 200.000 iscritti su YouTube<\/h4>\n<p>[\/vc_column_text][vc_column_text]<\/p>\n<p style=\"text-align: left;\">Negli anni pre\u00adce\u00addenti, le mac\u00adchine agri\u00adcole moderne sono state prot\u00adago\u00adniste dei nos\u00adtri pro\u00adgetti cine\u00adma\u00adto\u00adgra\u00adfici. Ques\u00adt\u2019anno le cose cam\u00adbiano. In Trat\u00adtori young\u00adtimer XXL ci siamo dedi\u00adcati ai trat\u00adtori pi\u00f9 importanti degli anni \u201980 e \u201990. Ven\u00adgono pre\u00adsen\u00adtati circa 50 trat\u00adtori di 20 mar\u00adchi diversi, tra cui Fendt, John Deere, Deutz-Fahr, Mer\u00adce\u00addes-Benz, Schl\u00fc\u00adter, Mas\u00adsey Fer\u00adgu\u00adson e Fiat, oltre a qual\u00adche nome eso\u00adtico. Per noi il lavoro di ripresa \u00e8 stato anche un viag\u00adgio a ritroso nella nos\u00adtra sto\u00adria. Anche la seconda novit\u00e0 di ques\u00adt\u2019anno riguarda le vec\u00adchie mac\u00adchine agri\u00adcole. J\u2011Reiff Fendt Clas\u00adsics Vol.1 \u00e8 stato girato presso l\u2019a\u00adzi\u00adenda con\u00adto\u00adter\u00adzista Reiff in Lussem\u00adburgo. Negli ultimi anni, il decano Josy Reiff ha cos\u00adtruito la pi\u00f9 vasta col\u00adle\u00adzione di trat\u00adtori Fendt al mondo. Il volume 1 tratta il peri\u00adodo di cos\u00adtru\u00adzi\u00adone dal 1928 al 1958. Ent\u00adrambi i film ven\u00adgono dis\u00adtri\u00adbuiti in DVD sulle mac\u00adchine agri\u00adcole e in strea\u00adming video 4K. I nos\u00adtri video su You\u00adTube ispi\u00adrano sempre pi\u00f9 spett\u00ada\u00adtori: Solo nel 2021, il canale ha regis\u00adtrato 14 mili\u00adoni di visua\u00adliz\u00adza\u00adzioni con un tempo di ripro\u00addu\u00adzi\u00adone totale di 1,1 mili\u00adoni di ore! Il nos\u00adtro ser\u00advi\u00adzio esclu\u00adsivo sul vei\u00adcolo portante ad ampio rag\u00adgio NEXAT, che abbiamo girato in Ucraina, ha fatto scal\u00adpore. Oltre all\u2019offerta in tedesco e ing\u00adlese, ques\u00adt\u2019anno abbiamo aperto anche un canale in lin\u00adgua francese.<\/p>\n<p>[\/vc_column_text][vc_empty_space height=\u201c25\u201d][\/vc_column_inner][vc_column_inner width=\u201c1\/4\u201d][\/vc_column_inner][\/vc_row_inner][vc_row_inner][vc_column_inner]<\/p><div class=\"iw_cpt_image_gallery_advanced \"><div class=\"iw_cpt_image_gallery \" data-deactive_lightbox=\"false\"><div class=\"desktop\"><div class=\"iw_col_1_2\"><div class=\"iw_cpt_image_gallery_image one\"><img decoding=\"async\" src=\"https:\/\/farmworld.tv\/wp-content\/uploads\/2022\/11\/ltv-fwtv-leidenschaft-2021-image-01-970x647.jpg\" loading=\"lazy\"><\/div><div class=\"iw_cpt_image_gallery_image two\"><img decoding=\"async\" src=\"https:\/\/farmworld.tv\/wp-content\/uploads\/2022\/11\/ltv-fwtv-leidenschaft-2021-image-02-970x647.jpg\" loading=\"lazy\"><\/div><div class=\"iw_cpt_image_gallery_image\"><img decoding=\"async\" src=\"https:\/\/farmworld.tv\/wp-content\/uploads\/2022\/11\/ltv-fwtv-leidenschaft-2021-image-04-970x647.jpg\" loading=\"lazy\"><\/div><div class=\"iw_cpt_image_gallery_image\"><img decoding=\"async\" src=\"https:\/\/farmworld.tv\/wp-content\/uploads\/2022\/11\/ltv-fwtv-leidenschaft-2021-image-05-970x647.jpg\" loading=\"lazy\"><\/div><\/div><div class=\"iw_col_1_2\"><div class=\"iw_cpt_image_gallery_image full three\"><img decoding=\"async\" src=\"https:\/\/farmworld.tv\/wp-content\/uploads\/2022\/11\/ltv-fwtv-leidenschaft-2021-image-03-970x647.jpg\" loading=\"lazy\"><\/div><\/div><div class=\"iw_cpt_image_gallery_clearfix\"><\/div><div class=\"iw_col_1_2\"><div class=\"iw_cpt_image_gallery_image\"><img decoding=\"async\" src=\"https:\/\/farmworld.tv\/wp-content\/uploads\/2022\/11\/ltv-fwtv-leidenschaft-2021-image-06-970x647.jpg\" loading=\"lazy\"><\/div><div class=\"iw_cpt_image_gallery_image\"><img decoding=\"async\" src=\"https:\/\/farmworld.tv\/wp-content\/uploads\/2022\/11\/ltv-fwtv-leidenschaft-2021-image-07-1-970x647.jpg\" loading=\"lazy\"><\/div><\/div><div class=\"iw_col_1_2\"><\/div><\/div><div class=\"mobile\"><div class=\"iw_col_1_1\"><div class=\"iw_cpt_image_gallery_image full one\"><img decoding=\"async\" src=\"https:\/\/farmworld.tv\/wp-content\/uploads\/2022\/11\/ltv-fwtv-leidenschaft-2021-image-01-970x647.jpg\" loading=\"lazy\"><\/div><\/div><div class=\"iw_col_1_1\"><div class=\"iw_cpt_image_gallery_image\"><img decoding=\"async\" src=\"https:\/\/farmworld.tv\/wp-content\/uploads\/2022\/11\/ltv-fwtv-leidenschaft-2021-image-02-970x647.jpg\" loading=\"lazy\"><\/div><div class=\"iw_cpt_image_gallery_image\"><img decoding=\"async\" src=\"https:\/\/farmworld.tv\/wp-content\/uploads\/2022\/11\/ltv-fwtv-leidenschaft-2021-image-03-970x647.jpg\" loading=\"lazy\"><\/div><div class=\"iw_cpt_image_gallery_image\"><img decoding=\"async\" src=\"https:\/\/farmworld.tv\/wp-content\/uploads\/2022\/11\/ltv-fwtv-leidenschaft-2021-image-04-970x647.jpg\" loading=\"lazy\"><\/div><div class=\"iw_cpt_image_gallery_image\"><img decoding=\"async\" src=\"https:\/\/farmworld.tv\/wp-content\/uploads\/2022\/11\/ltv-fwtv-leidenschaft-2021-image-05-970x647.jpg\" loading=\"lazy\"><\/div><div class=\"iw_cpt_image_gallery_image\"><img decoding=\"async\" src=\"https:\/\/farmworld.tv\/wp-content\/uploads\/2022\/11\/ltv-fwtv-leidenschaft-2021-image-06-970x647.jpg\" loading=\"lazy\"><\/div><div class=\"iw_cpt_image_gallery_image\"><img decoding=\"async\" src=\"https:\/\/farmworld.tv\/wp-content\/uploads\/2022\/11\/ltv-fwtv-leidenschaft-2021-image-07-1-970x647.jpg\" loading=\"lazy\"><\/div><\/div><\/div><div class=\"iw_cpt_image_gallery_clearfix\"><\/div><\/div><\/div>[vc_empty_space height=\u201c25\u201d][\/vc_column_inner][\/vc_row_inner][vc_row_inner][vc_column_inner]            <div class=\"iw_svg_viewer \" style=\"text-align:center\">\n                \n                    <div class=\"iw_svg_viewer_content_wrapper\" style=\"width:2px; height:150px\">\n                        <?xml version=\"1.0\" encoding=\"UTF-8\"?><svg id=\"Layer_1\" viewBox=\"0 0 2 150\"><rect id=\"Rechteck_1061\" width=\"2\" height=\"150\" style=\"fill:#5aa05a;\" \/><\/svg>\n                    <\/div>\n                \n            <\/div>\n[vc_empty_space height=\u201c25\u201d][\/vc_column_inner][\/vc_row_inner][\/vc_column][\/vc_row][vc_row full_width=\u201cstretch_row\u201d][vc_column][vc_row_inner][vc_column_inner width=\u201c1\/4\u201d][\/vc_column_inner][vc_column_inner offset=\u201cvc_col-md\u20116\u201d][vc_column_text css=\u201d.vc_custom_1669631741339{margin-bottom: 15px !important;}\u201d]\n<h3 style=\"text-align: center;\"><span style=\"color: #5aa05a;\">2022<\/span><\/h3>\n<p>[\/vc_column_text][vc_column_text css=\u201d.vc_custom_1676995322499{margin-bottom: 20px !important;}\u201d]<\/p>\n<h4 style=\"text-align: center;\">In viaggio in Scandinavia<\/h4>\n<p>[\/vc_column_text][vc_column_text]<\/p>\n<p style=\"text-align: left;\">Con il pro\u00adgetto cine\u00adma\u00adto\u00adgra\u00adfico \u201cL\u2019ag\u00adri\u00adcol\u00adtura in Scan\u00addi\u00adna\u00advia\u201d abbiamo col\u00admato un\u2019al\u00adtra lacuna nel rac\u00adcon\u00adtare l\u2019e\u00adco\u00adno\u00admia agri\u00adcola in Europa. Occu\u00adp\u00adarsi di tutti e quat\u00adtro i Paesi, Danim\u00adarca, Sve\u00adzia, Fin\u00adlan\u00addia e Nor\u00adve\u00adgia, \u00e8 stata un\u2019impresa ambi\u00adziosa e ha richiesto molto tempo in ter\u00admini di ricerca. Alla fine, \u00e8 stato pos\u00adsi\u00adbile effet\u00adtuare un tour delle regioni agri\u00adcole importanti con diverse visite e pre\u00adsen\u00adtare i punti sali\u00adenti dal punto di vista paes\u00adag\u00adgi\u00adstico e agri\u00adcolo. Abbiamo girato in 25 paesi diversi in 5 con\u00adti\u00adnenti! Una novit\u00e0 di ques\u00adt\u2019anno \u00e8 stata la con\u00adti\u00adnu\u00ada\u00adzione della serie di video J\u2011Reiff Fendt Clas\u00adsics. Vol. 2, che tratta il peri\u00adodo di cos\u00adtru\u00adzi\u00adone dei trat\u00adtori Fendt tra il 1959 e il 1969. Nel frat\u00adtempo, il nos\u00adtro canale You\u00adTube in lin\u00adgua tede\u00adsca ha rag\u00adgiunto 85 mili\u00adoni di visua\u00adliz\u00adza\u00adzioni video e 250.000 iscritti, mentre il canale in ing\u00adlese ha super\u00adato il tra\u00adguardo dei 15.000 iscritti.<\/p>\n<p>[\/vc_column_text][vc_empty_space height=\u201c25\u201d][\/vc_column_inner][vc_column_inner width=\u201c1\/4\u201d][\/vc_column_inner][\/vc_row_inner][vc_row_inner][vc_column_inner]<\/p><div class=\"iw_cpt_image_gallery_advanced \"><div class=\"iw_cpt_image_gallery \" data-deactive_lightbox=\"false\"><div class=\"desktop\"><div class=\"iw_col_1_2\"><div class=\"iw_cpt_image_gallery_image full one\"><img decoding=\"async\" src=\"https:\/\/farmworld.tv\/wp-content\/uploads\/2022\/11\/ltv-fwtv-leidenschaft-2022-image-01-970x647.jpg\" loading=\"lazy\"><div class=\"clearfix\"><\/div><\/div><\/div><div class=\"iw_col_1_2\"><div class=\"iw_cpt_image_gallery_image two\"><img decoding=\"async\" src=\"https:\/\/farmworld.tv\/wp-content\/uploads\/2022\/11\/ltv-fwtv-leidenschaft-2022-image-02-970x728.jpg\" loading=\"lazy\"><\/div><div class=\"iw_cpt_image_gallery_image three\"><img decoding=\"async\" src=\"https:\/\/farmworld.tv\/wp-content\/uploads\/2022\/11\/ltv-fwtv-leidenschaft-2022-image-03-970x437.jpg\" loading=\"lazy\"><\/div><div class=\"iw_cpt_image_gallery_image\"><img decoding=\"async\" src=\"https:\/\/farmworld.tv\/wp-content\/uploads\/2022\/11\/ltv-fwtv-leidenschaft-2022-image-04-970x728.jpg\" loading=\"lazy\"><\/div><div class=\"iw_cpt_image_gallery_image\"><img decoding=\"async\" src=\"https:\/\/farmworld.tv\/wp-content\/uploads\/2022\/11\/ltv-fwtv-leidenschaft-2022-image-05-970x728.jpg\" loading=\"lazy\"><\/div><\/div><div class=\"iw_cpt_image_gallery_clearfix\"><\/div><div class=\"iw_col_1_2\"><div class=\"iw_cpt_image_gallery_image\"><img decoding=\"async\" src=\"https:\/\/farmworld.tv\/wp-content\/uploads\/2022\/11\/ltv-fwtv-leidenschaft-2022-image-06-970x647.jpg\" loading=\"lazy\"><\/div><\/div><div class=\"iw_col_1_2\"><\/div><\/div><div class=\"mobile\"><div class=\"iw_col_1_1\"><div class=\"iw_cpt_image_gallery_image full one\"><img decoding=\"async\" src=\"https:\/\/farmworld.tv\/wp-content\/uploads\/2022\/11\/ltv-fwtv-leidenschaft-2022-image-01-970x647.jpg\" loading=\"lazy\"><\/div><\/div><div class=\"iw_col_1_1\"><div class=\"iw_cpt_image_gallery_image\"><img decoding=\"async\" src=\"https:\/\/farmworld.tv\/wp-content\/uploads\/2022\/11\/ltv-fwtv-leidenschaft-2022-image-02-970x728.jpg\" loading=\"lazy\"><\/div><div class=\"iw_cpt_image_gallery_image\"><img decoding=\"async\" src=\"https:\/\/farmworld.tv\/wp-content\/uploads\/2022\/11\/ltv-fwtv-leidenschaft-2022-image-03-970x437.jpg\" loading=\"lazy\"><\/div><div class=\"iw_cpt_image_gallery_image\"><img decoding=\"async\" src=\"https:\/\/farmworld.tv\/wp-content\/uploads\/2022\/11\/ltv-fwtv-leidenschaft-2022-image-04-970x728.jpg\" loading=\"lazy\"><\/div><div class=\"iw_cpt_image_gallery_image\"><img decoding=\"async\" src=\"https:\/\/farmworld.tv\/wp-content\/uploads\/2022\/11\/ltv-fwtv-leidenschaft-2022-image-05-970x728.jpg\" loading=\"lazy\"><\/div><div class=\"iw_cpt_image_gallery_image\"><img decoding=\"async\" src=\"https:\/\/farmworld.tv\/wp-content\/uploads\/2022\/11\/ltv-fwtv-leidenschaft-2022-image-06-970x647.jpg\" loading=\"lazy\"><\/div><\/div><\/div><div class=\"iw_cpt_image_gallery_clearfix\"><\/div><\/div><\/div>[vc_empty_space height=\u201c25\u201d][\/vc_column_inner][\/vc_row_inner][vc_row_inner][vc_column_inner]            <div class=\"iw_svg_viewer \" style=\"text-align:center\">\n                \n                    <div class=\"iw_svg_viewer_content_wrapper\" style=\"width:2px; height:150px\">\n                        <?xml version=\"1.0\" encoding=\"UTF-8\"?><svg id=\"Layer_1\" viewBox=\"0 0 2 150\"><rect id=\"Rechteck_1061\" width=\"2\" height=\"150\" style=\"fill:#5aa05a;\" \/><\/svg>\n                    <\/div>\n                \n            <\/div>\n[vc_empty_space height=\u201c25\u201d][\/vc_column_inner][\/vc_row_inner][\/vc_column][\/vc_row][vc_row full_width=\u201cstretch_row\u201d][vc_column][vc_row_inner][vc_column_inner width=\u201c1\/4\u201d][\/vc_column_inner][vc_column_inner offset=\u201cvc_col-md\u20116\u201d][vc_column_text css=\u201d.vc_custom_1678799272379{margin-bottom: 15px !important;}\u201d]\n<h3 style=\"text-align: center;\"><span style=\"color: #5aa05a;\">2023<\/span><\/h3>\n<p>[\/vc_column_text][vc_column_text css=\u201d.vc_custom_1764857256121{margin-bottom: 20px !important;}\u201d]<\/p>\n<h4 style=\"text-align: center;\">L\u2019ultimo continente agricolo rimasto: l\u2019Africa<\/h4>\n<p>[\/vc_column_text][vc_column_text css=\u201c\u201d]<\/p>\n<p style=\"text-align: left;\">A feb\u00adbraio, dopo una ricerca appro\u00adfon\u00addita e impeg\u00adna\u00adtiva, ci siamo recati per la prima volta in Sudaf\u00adrica e ora abbiamo girato in sei dei sette con\u00adti\u00adnenti. La pro\u00addu\u00adzi\u00adone \u00e8 ini\u00adziata con la rac\u00adcolta del mais e una visita ai grandi alle\u00adva\u00adtori di bes\u00adtiame a est di Johan\u00adnes\u00adburg. Il viag\u00adgio ci ha poi por\u00adtato ad attra\u00adver\u00adsare il Paese fino a Citt\u00e0 del Capo. Tut\u00adta\u00advia, sono state neces\u00ads\u00ada\u00adrie altre due visite per com\u00adple\u00adtare la serie di film in tre parti \u201cAdven\u00adture South Africa\u201d. Alla fine, abbiamo per\u00adcorso oltre 8.000 chi\u00adlo\u00adme\u00adtri attra\u00adverso le regioni pi\u00f9 importanti del Paese per i&nbsp;film!<\/p>\n<p>[\/vc_column_text][vc_column_text css=\u201c\u201d]<\/p>\n<p style=\"text-align: left;\">Eravamo dav\u00advero entus\u00adi\u00adasti del lan\u00adcio del nos\u00adtro nuovo sito web. Con l\u2019ai\u00aduto di un\u2019a\u00adgen\u00adzia, abbiamo rea\u00adliz\u00adzato il sito in cin\u00adque lin\u00adgue e inte\u00adgrato il clas\u00adsico nego\u00adzio online e il ser\u00advi\u00adzio di strea\u00adming. Farmworld.tv \u00e8 ora uti\u00adliz\u00adzato da appas\u00adsio\u00adnati di cinema di oltre 30 paesi e for\u00adnisce l\u2019ac\u00adcesso a tutti i nos\u00adtri docu\u00admen\u00adtari sul\u00adl\u2019ag\u00adri\u00adcol\u00adtura risa\u00adlenti al 2012. La media\u00adteca di nuova con\u00adce\u00adzione, con circa 20.000 foto, offre accesso gra\u00adtuito all\u2019\u00adar\u00adchi\u00advio imma\u00adgini di 20 anni di landtechnikvideos.de.<\/p>\n<p>[\/vc_column_text][vc_column_text css=\u201c\u201d]<\/p>\n<p style=\"text-align: left;\">Nel novembre 2023 si \u00e8 tenuta ad Han\u00adno\u00adver la fiera delle mac\u00adchine agri\u00adcole Agri\u00adtech\u00adnica, alla quale abbiamo par\u00adte\u00adci\u00adpato ancora una volta con uno stand. Con la serie di video You\u00adTube \u201cInside Agri\u00adtech\u00adnica\u201d non solo abbiamo seguito i lavori di alle\u00adsti\u00admento, ma abbiamo anche potuto sve\u00adlare in esclu\u00adsiva alcuni nuovi entus\u00adi\u00adas\u00admanti pro\u00addotti. Nel\u00adl\u2019au\u00adtunno di ques\u00adt\u2019anno pre\u00adsen\u00adte\u00adremo Stream\u00adbox, un nuovo pro\u00addotto che con\u00adsen\u00adtir\u00e0 ai nos\u00adtri appas\u00adsio\u00adnati di cinema di rac\u00adco\u00adgliere e con\u00addi\u00advi\u00addere video digi\u00adtali. Il viag\u00adgio agri\u00adcolo Agrar-Adven\u00adture di ques\u00adt\u2019anno si \u00e8 svolto in Canada.<\/p>\n<p>[\/vc_column_text][vc_empty_space height=\u201c25\u201d][\/vc_column_inner][vc_column_inner width=\u201c1\/4\u201d][\/vc_column_inner][\/vc_row_inner][vc_row_inner][vc_column_inner]<\/p><div class=\"iw_cpt_image_gallery_advanced \"><div class=\"iw_cpt_image_gallery \" data-deactive_lightbox=\"false\"><div class=\"desktop\"><div class=\"iw_col_1_4\"><div class=\"iw_cpt_image_gallery_image one\"><img decoding=\"async\" src=\"https:\/\/farmworld.tv\/wp-content\/uploads\/2023\/03\/ltv-fwtv-leidenschaft-2023-image-01-970x728.jpg\" loading=\"lazy\"><\/div><div class=\"iw_cpt_image_gallery_image\"><img decoding=\"async\" src=\"https:\/\/farmworld.tv\/wp-content\/uploads\/2023\/03\/ltv-fwtv-leidenschaft-2023-image-04-970x647.jpg\" loading=\"lazy\"><\/div><\/div><div class=\"iw_col_1_2\"><div class=\"iw_cpt_image_gallery_image full two\"><img decoding=\"async\" src=\"https:\/\/farmworld.tv\/wp-content\/uploads\/2023\/03\/ltv-fwtv-leidenschaft-2023-image-02-970x728.jpg\" loading=\"lazy\"><\/div><\/div><div class=\"iw_col_1_4\"><div class=\"iw_cpt_image_gallery_image three\"><img decoding=\"async\" src=\"https:\/\/farmworld.tv\/wp-content\/uploads\/2023\/03\/ltv-fwtv-leidenschaft-2023-image-03-970x728.jpg\" loading=\"lazy\"><\/div><div class=\"iw_cpt_image_gallery_image\"><img decoding=\"async\" src=\"https:\/\/farmworld.tv\/wp-content\/uploads\/2023\/03\/ltv-fwtv-leidenschaft-2023-image-05-970x647.jpg\" loading=\"lazy\"><\/div><\/div><div class=\"iw_cpt_image_gallery_clearfix\"><\/div><div class=\"iw_col_1_2\"><div class=\"iw_cpt_image_gallery_image\"><img decoding=\"async\" src=\"https:\/\/farmworld.tv\/wp-content\/uploads\/2025\/12\/ltv-fwtv-leidenschaft-2023-image-06-970x647.jpg\" loading=\"lazy\"><\/div><div class=\"iw_cpt_image_gallery_image\"><img decoding=\"async\" src=\"https:\/\/farmworld.tv\/wp-content\/uploads\/2025\/12\/ltv-fwtv-leidenschaft-2023-image-07-970x546.jpg\" loading=\"lazy\"><\/div><\/div><div class=\"iw_col_1_2\"><div class=\"iw_cpt_image_gallery_image\"><img decoding=\"async\" src=\"https:\/\/farmworld.tv\/wp-content\/uploads\/2025\/12\/ltv-fwtv-leidenschaft-2023-image-08-970x437.jpg\" loading=\"lazy\"><\/div><\/div><\/div><div class=\"mobile\"><div class=\"iw_col_1_1\"><div class=\"iw_cpt_image_gallery_image full one\"><img decoding=\"async\" src=\"https:\/\/farmworld.tv\/wp-content\/uploads\/2023\/03\/ltv-fwtv-leidenschaft-2023-image-01-970x728.jpg\" loading=\"lazy\"><\/div><\/div><div class=\"iw_col_1_1\"><div class=\"iw_cpt_image_gallery_image\"><img decoding=\"async\" src=\"https:\/\/farmworld.tv\/wp-content\/uploads\/2023\/03\/ltv-fwtv-leidenschaft-2023-image-02-970x728.jpg\" loading=\"lazy\"><\/div><div class=\"iw_cpt_image_gallery_image\"><img decoding=\"async\" src=\"https:\/\/farmworld.tv\/wp-content\/uploads\/2023\/03\/ltv-fwtv-leidenschaft-2023-image-03-970x728.jpg\" loading=\"lazy\"><\/div><div class=\"iw_cpt_image_gallery_image\"><img decoding=\"async\" src=\"https:\/\/farmworld.tv\/wp-content\/uploads\/2023\/03\/ltv-fwtv-leidenschaft-2023-image-04-970x647.jpg\" loading=\"lazy\"><\/div><div class=\"iw_cpt_image_gallery_image\"><img decoding=\"async\" src=\"https:\/\/farmworld.tv\/wp-content\/uploads\/2023\/03\/ltv-fwtv-leidenschaft-2023-image-05-970x647.jpg\" loading=\"lazy\"><\/div><div class=\"iw_cpt_image_gallery_image\"><img decoding=\"async\" src=\"https:\/\/farmworld.tv\/wp-content\/uploads\/2025\/12\/ltv-fwtv-leidenschaft-2023-image-06-970x647.jpg\" loading=\"lazy\"><\/div><div class=\"iw_cpt_image_gallery_image\"><img decoding=\"async\" src=\"https:\/\/farmworld.tv\/wp-content\/uploads\/2025\/12\/ltv-fwtv-leidenschaft-2023-image-07-970x546.jpg\" loading=\"lazy\"><\/div><div class=\"iw_cpt_image_gallery_image\"><img decoding=\"async\" src=\"https:\/\/farmworld.tv\/wp-content\/uploads\/2025\/12\/ltv-fwtv-leidenschaft-2023-image-08-970x437.jpg\" loading=\"lazy\"><\/div><\/div><\/div><div class=\"iw_cpt_image_gallery_clearfix\"><\/div><\/div><\/div>[vc_empty_space height=\u201c25\u201d][\/vc_column_inner][\/vc_row_inner][vc_row_inner][vc_column_inner]            <div class=\"iw_svg_viewer \" style=\"text-align:center\">\n                \n                    <div class=\"iw_svg_viewer_content_wrapper\" style=\"width:2px; height:150px\">\n                        <?xml version=\"1.0\" encoding=\"UTF-8\"?><svg id=\"Layer_1\" viewBox=\"0 0 2 150\"><rect id=\"Rechteck_1061\" width=\"2\" height=\"150\" style=\"fill:#5aa05a;\" \/><\/svg>\n                    <\/div>\n                \n            <\/div>\n[vc_empty_space height=\u201c25\u201d][\/vc_column_inner][\/vc_row_inner][\/vc_column][\/vc_row][vc_row full_width=\u201cstretch_row\u201d][vc_column][vc_row_inner][vc_column_inner width=\u201c1\/4\u201d][\/vc_column_inner][vc_column_inner offset=\u201cvc_col-md\u20116\u201d][vc_column_text css=\u201d.vc_custom_1764853717833{margin-bottom: 15px !important;}\u201d]\n<h3 style=\"text-align: center;\"><span style=\"color: #5aa05a;\">2024<\/span><\/h3>\n<p>[\/vc_column_text][vc_column_text css=\u201d.vc_custom_1764857313456{margin-bottom: 20px !important;}\u201d]<\/p>\n<h4 style=\"text-align: center;\">In tutta Europa<\/h4>\n<p>[\/vc_column_text][vc_column_text css=\u201c\u201d]La ricerca per \u201cAgri\u00adcol\u00adtura in Europa\u201d \u00e8 stata molto appro\u00adfon\u00addita. L\u2019o\u00adbi\u00adet\u00adtivo era quello di visi\u00adt\u00adare azi\u00adende agri\u00adcole e app\u00adalt\u00ada\u00adtori nel mag\u00adgior numero pos\u00adsi\u00adbile di paesi in cui non ave\u00advamo mai girato prima o ave\u00advamo girato molto poco. In pri\u00adma\u00advera ci reche\u00adremo in Ita\u00adlia e nei Paesi Bassi. Nel corso del\u00adl\u2019anno si aggi\u00adunge\u00adranno altri 11 paesi, tra cui inter\u00ades\u00adsanti regioni del\u00adl\u2019\u00adEu\u00adropa ori\u00aden\u00adtale, Slove\u00adnia, Unghe\u00adria, Roma\u00adnia e Repubblica Ceca. La serie in due parti, della durata di 195 minuti, \u00e8 stata final\u00admente pubbli\u00adcata in autunno insieme a J\u2011Reiff Fendt Clas\u00adsics Vol. 4. Il sequel sulla col\u00adle\u00adzione di trat\u00adtori d\u2019epoca di Josy Reiff tratta della cosid\u00addetta \u201cSerie Moderna\u201d di Fendt e mos\u00adtra 40 trat\u00adtori cos\u00adtruiti tra il 1967 e il 1976. Il tour agri\u00adcolo Agrar-Adven\u00adture ci ha por\u00adtato per la prima volta negli Stati Uniti nel 2024. Durante l\u2019es\u00adcur\u00adsione di circa 3.500 chi\u00adlo\u00adme\u00adtri, abbiamo esplo\u00adrato il Mid\u00adwest, visi\u00adtato il Farm Pro\u00adgress Show e num\u00ade\u00adrose azi\u00adende agri\u00adcole inter\u00ades\u00adsanti. Natur\u00adal\u00admente, su You\u00adTube \u00e8 dis\u00adpo\u00adni\u00adbile anche un road movie su questo tour.[\/vc_column_text][vc_column_text css=\u201c\u201d]Nel 2024 abbiamo anche pro\u00addotto argo\u00admenti inter\u00ades\u00adsanti per il nos\u00adtro canale You\u00adTube. Par\u00adti\u00adco\u00adlar\u00admente degni di nota sono i test drive esclu\u00adsivi con la miet\u00adit\u00adreb\u00adbia New Hol\u00adland CR11 e la John Deere 9RX. Anche se il tempo per imple\u00admen\u00adtare nuove idee \u00e8 pur\u00adtroppo molto limi\u00adtato, abbiamo lan\u00adciato un pod\u00adcast e regis\u00adtrato tre epi\u00adsodi con agri\u00adcolt\u00adori pro\u00adve\u00adni\u00adenti da Canada, Rus\u00adsia e Sudaf\u00adrica per dare il via alle danze. Gra\u00adzie all\u2019ot\u00adtimo ris\u00adcon\u00adtro otten\u00aduto dagli epi\u00adsodi, vogliamo sicu\u00adra\u00admente con\u00adti\u00adnu\u00adare la serie in futuro.[\/vc_column_text][vc_empty_space height=\u201c25\u201d][\/vc_column_inner][vc_column_inner width=\u201c1\/4\u201d][\/vc_column_inner][\/vc_row_inner][vc_row_inner][vc_column_inner]<\/p><div class=\"iw_cpt_image_gallery_advanced \"><div class=\"iw_cpt_image_gallery \" data-deactive_lightbox=\"false\"><div class=\"desktop\"><div class=\"iw_col_1_2\"><div class=\"iw_cpt_image_gallery_image one\"><img decoding=\"async\" src=\"https:\/\/farmworld.tv\/wp-content\/uploads\/2025\/12\/ltv-fwtv-leidenschaft-2024-image-01-970x728.jpg\" loading=\"lazy\"><\/div><div class=\"iw_cpt_image_gallery_image two\"><img decoding=\"async\" src=\"https:\/\/farmworld.tv\/wp-content\/uploads\/2025\/12\/ltv-fwtv-leidenschaft-2024-image-02-970x728.jpg\" loading=\"lazy\"><\/div><div class=\"iw_cpt_image_gallery_image\"><img decoding=\"async\" src=\"https:\/\/farmworld.tv\/wp-content\/uploads\/2025\/12\/ltv-fwtv-leidenschaft-2024-image-04-970x648.jpg\" loading=\"lazy\"><\/div><div class=\"iw_cpt_image_gallery_image\"><img decoding=\"async\" src=\"https:\/\/farmworld.tv\/wp-content\/uploads\/2025\/12\/ltv-fwtv-leidenschaft-2024-image-05-970x647.jpg\" loading=\"lazy\"><\/div><\/div><div class=\"iw_col_1_2\"><div class=\"iw_cpt_image_gallery_image full three\"><img decoding=\"async\" src=\"https:\/\/farmworld.tv\/wp-content\/uploads\/2025\/12\/ltv-fwtv-leidenschaft-2024-image-03-970x546.jpg\" loading=\"lazy\"><\/div><\/div><div class=\"iw_cpt_image_gallery_clearfix\"><\/div><div class=\"iw_col_1_2\"><div class=\"iw_cpt_image_gallery_image\"><img decoding=\"async\" src=\"https:\/\/farmworld.tv\/wp-content\/uploads\/2025\/12\/ltv-fwtv-leidenschaft-2024-image-06-970x647.jpg\" loading=\"lazy\"><\/div><div class=\"iw_cpt_image_gallery_image\"><img decoding=\"async\" src=\"https:\/\/farmworld.tv\/wp-content\/uploads\/2025\/12\/ltv-fwtv-leidenschaft-2024-image-07-780x780.jpg\" loading=\"lazy\"><\/div><\/div><div class=\"iw_col_1_2\"><div class=\"iw_cpt_image_gallery_image\"><img decoding=\"async\" src=\"https:\/\/farmworld.tv\/wp-content\/uploads\/2025\/12\/ltv-fwtv-leidenschaft-2024-image-08-970x546.jpg\" loading=\"lazy\"><\/div><\/div><\/div><div class=\"mobile\"><div class=\"iw_col_1_1\"><div class=\"iw_cpt_image_gallery_image full one\"><img decoding=\"async\" src=\"https:\/\/farmworld.tv\/wp-content\/uploads\/2025\/12\/ltv-fwtv-leidenschaft-2024-image-01-970x728.jpg\" loading=\"lazy\"><\/div><\/div><div class=\"iw_col_1_1\"><div class=\"iw_cpt_image_gallery_image\"><img decoding=\"async\" src=\"https:\/\/farmworld.tv\/wp-content\/uploads\/2025\/12\/ltv-fwtv-leidenschaft-2024-image-02-970x728.jpg\" loading=\"lazy\"><\/div><div class=\"iw_cpt_image_gallery_image\"><img decoding=\"async\" src=\"https:\/\/farmworld.tv\/wp-content\/uploads\/2025\/12\/ltv-fwtv-leidenschaft-2024-image-03-970x546.jpg\" loading=\"lazy\"><\/div><div class=\"iw_cpt_image_gallery_image\"><img decoding=\"async\" src=\"https:\/\/farmworld.tv\/wp-content\/uploads\/2025\/12\/ltv-fwtv-leidenschaft-2024-image-04-970x648.jpg\" loading=\"lazy\"><\/div><div class=\"iw_cpt_image_gallery_image\"><img decoding=\"async\" src=\"https:\/\/farmworld.tv\/wp-content\/uploads\/2025\/12\/ltv-fwtv-leidenschaft-2024-image-05-970x647.jpg\" loading=\"lazy\"><\/div><div class=\"iw_cpt_image_gallery_image\"><img decoding=\"async\" src=\"https:\/\/farmworld.tv\/wp-content\/uploads\/2025\/12\/ltv-fwtv-leidenschaft-2024-image-06-970x647.jpg\" loading=\"lazy\"><\/div><div class=\"iw_cpt_image_gallery_image\"><img decoding=\"async\" src=\"https:\/\/farmworld.tv\/wp-content\/uploads\/2025\/12\/ltv-fwtv-leidenschaft-2024-image-07-780x780.jpg\" loading=\"lazy\"><\/div><div class=\"iw_cpt_image_gallery_image\"><img decoding=\"async\" src=\"https:\/\/farmworld.tv\/wp-content\/uploads\/2025\/12\/ltv-fwtv-leidenschaft-2024-image-08-970x546.jpg\" loading=\"lazy\"><\/div><\/div><\/div><div class=\"iw_cpt_image_gallery_clearfix\"><\/div><\/div><\/div>[vc_empty_space height=\u201c25\u201d][\/vc_column_inner][\/vc_row_inner][vc_row_inner][vc_column_inner]            <div class=\"iw_svg_viewer \" style=\"text-align:center\">\n                \n                    <div class=\"iw_svg_viewer_content_wrapper\" style=\"width:2px; height:150px\">\n                        <?xml version=\"1.0\" encoding=\"UTF-8\"?><svg id=\"Layer_1\" viewBox=\"0 0 2 150\"><rect id=\"Rechteck_1061\" width=\"2\" height=\"150\" style=\"fill:#5aa05a;\" \/><\/svg>\n                    <\/div>\n                \n            <\/div>\n[vc_empty_space height=\u201c25\u201d][\/vc_column_inner][\/vc_row_inner][\/vc_column][\/vc_row][vc_row full_width=\u201cstretch_row\u201d][vc_column][vc_row_inner][vc_column_inner width=\u201c1\/4\u201d][\/vc_column_inner][vc_column_inner offset=\u201cvc_col-md\u20116\u201d][vc_column_text css=\u201d.vc_custom_1764854284144{margin-bottom: 15px !important;}\u201d]\n<h3 style=\"text-align: center;\"><span style=\"color: #5aa05a;\">2025<\/span><\/h3>\n<p>[\/vc_column_text][vc_column_text css=\u201d.vc_custom_1764857351687{margin-bottom: 20px !important;}\u201d]<\/p>\n<h4 style=\"text-align: center;\">In viaggio: in giro per gli Stati&nbsp;Uniti<\/h4>\n<p>[\/vc_column_text][vc_column_text css=\u201c\u201d]Quest\u2019anno, i nos\u00adtri lungo\u00adme\u00adtraggi ci hanno por\u00adtato in un altro con\u00adti\u00adnente. Seb\u00adbene aves\u00adsimo gi\u00e0 esplo\u00adrato il Mid\u00adwest degli Stati Uniti alcuni anni fa per il nos\u00adtro film \u201cAgri\u00adcol\u00adtura in Nord Ame\u00adrica Vol. 3\u201d, all\u2019epoca i droni cine\u00adma\u00adto\u00adgra\u00adfici non esis\u00adt\u00adevano e c\u2019\u00e8 ancora molto da sco\u00adprire nel terzo Paese pi\u00f9 grande del mondo. Dopo diverse visite in diverse sta\u00adgioni, abbiamo final\u00admente girato in 13 diversi stati degli Stati Uniti. \u00c8 stata una pro\u00addu\u00adzi\u00adone incre\u00addi\u00adbilm\u00adente emo\u00adzio\u00adn\u00adante, con mac\u00adchi\u00adnari agri\u00adcoli e paes\u00adaggi impres\u00adsio\u00adn\u00adanti, oltre a per\u00adsone mera\u00advigli\u00adose che abbiamo avuto l\u2019op\u00adpor\u00adtu\u00adnit\u00e0 di incon\u00adtrare sul posto. Dal con\u00adfine cana\u00addese alla Cali\u00adfor\u00adnia e gi\u00f9 fino alle zone deser\u00adti\u00adche vicino al Mes\u00adsico, abbiamo vis\u00adsuto espe\u00adri\u00adenze stra\u00ador\u00addi\u00adna\u00adrie. La serie in due parti \u201cAgri\u00adcol\u00adtura negli Stati Uniti\u201d \u00e8 dis\u00adpo\u00adni\u00adbile su DVD, strea\u00adming video 4K e Stream\u00adbox. Anche la serie di film J\u2011Reiff Fendt Clas\u00adsics \u00e8 stata ampliata. La parte 5 \u00e8 dedi\u00adcata agli anni dal 1977 al 1985.[\/vc_column_text][vc_column_text css=\u201c\u201d]All\u2019Agritechnica 2025, molti pro\u00addut\u00adtori di mac\u00adchine agri\u00adcole hanno pre\u00adsen\u00adtato nuovi pro\u00addotti inter\u00ades\u00adsanti, alcuni dei quali abbiamo potuto mostrare in ante\u00adprima sul nos\u00adtro canale You\u00adTube durante i test drive. Tra questi figur\u00adavano la nuova trin\u00adcia\u00adtrice Claas Jaguar e la testata per mais a 16 file di Krone. Siamo stati inoltre lieti di poter par\u00adte\u00adcipare ad Agri\u00adtech\u00adnica con un nos\u00adtro stand espo\u00adsi\u00adtivo e di incon\u00adtrare di per\u00adsona tanti appas\u00adsio\u00adnati di cinema. Il numero di dicembre della rivista di tec\u00adno\u00adlo\u00adgia agri\u00adcola Profi ha pubbli\u00adcato un repor\u00adtage det\u00adta\u00adgli\u00adato sulla nos\u00adtra pro\u00addu\u00adzi\u00adone cine\u00adma\u00adto\u00adgra\u00adfica negli Stati Uniti. Alla fine del\u00adl\u2019anno, il nos\u00adtro canale You\u00adTube in lin\u00adgua ing\u00adlese ha super\u00adato i 25.000 iscritti![\/vc_column_text][vc_column_text css=\u201c\u201d]Verso la fine del\u00adl\u2019anno, sul nos\u00adtro canale You\u00adTube \u00e8 stata pubbli\u00adcata una serie di film\u00adati dav\u00advero spe\u00adciale. Per cele\u00adbrare i 30 anni di Fendt Vario, abbiamo avuto l\u2019op\u00adpor\u00adtu\u00adnit\u00e0 di film\u00adare i leg\u00adgen\u00addari trat\u00adtori, tra cui il Tri\u00adsix e l\u2019Evo. Un sogno d\u2019in\u00adf\u00adan\u00adzia che si avvera! Le parti 1 e 2 sono dis\u00adpo\u00adni\u00adbili sul nos\u00adtro canale You\u00adTube e sono state ovvia\u00admente pubbli\u00adcate anche in ing\u00adlese e francese.[\/vc_column_text][vc_empty_space height=\u201c25\u201d][\/vc_column_inner][vc_column_inner width=\u201c1\/4\u201d][\/vc_column_inner][\/vc_row_inner][vc_row_inner][vc_column_inner]<\/p><div class=\"iw_cpt_image_gallery_advanced \"><div class=\"iw_cpt_image_gallery \" data-deactive_lightbox=\"false\"><div class=\"desktop\"><div class=\"iw_col_1_2\"><div class=\"iw_cpt_image_gallery_image full one\"><img decoding=\"async\" src=\"https:\/\/farmworld.tv\/wp-content\/uploads\/2025\/12\/ltv-fwtv-leidenschaft-2025-image-01-970x727.jpg\" loading=\"lazy\"><div class=\"clearfix\"><\/div><\/div><\/div><div class=\"iw_col_1_2\"><div class=\"iw_cpt_image_gallery_image two\"><img decoding=\"async\" src=\"https:\/\/farmworld.tv\/wp-content\/uploads\/2025\/12\/ltv-fwtv-leidenschaft-2025-image-02-970x648.jpg\" loading=\"lazy\"><\/div><div class=\"iw_cpt_image_gallery_image three\"><img decoding=\"async\" src=\"https:\/\/farmworld.tv\/wp-content\/uploads\/2025\/12\/ltv-fwtv-leidenschaft-2025-image-03-970x648.jpg\" loading=\"lazy\"><\/div><div class=\"iw_cpt_image_gallery_image\"><img decoding=\"async\" src=\"https:\/\/farmworld.tv\/wp-content\/uploads\/2025\/12\/ltv-fwtv-leidenschaft-2025-image-04-970x647.jpg\" loading=\"lazy\"><\/div><div class=\"iw_cpt_image_gallery_image\"><img decoding=\"async\" src=\"https:\/\/farmworld.tv\/wp-content\/uploads\/2025\/12\/ltv-fwtv-leidenschaft-2025-image-05-970x647.jpg\" loading=\"lazy\"><\/div><\/div><div class=\"iw_cpt_image_gallery_clearfix\"><\/div><div class=\"iw_col_1_2\"><div class=\"iw_cpt_image_gallery_image\"><img decoding=\"async\" src=\"https:\/\/farmworld.tv\/wp-content\/uploads\/2025\/12\/ltv-fwtv-leidenschaft-2025-image-06-970x647.jpg\" loading=\"lazy\"><\/div><div class=\"iw_cpt_image_gallery_image\"><img decoding=\"async\" src=\"https:\/\/farmworld.tv\/wp-content\/uploads\/2025\/12\/ltv-fwtv-leidenschaft-2025-image-07-970x647.jpg\" loading=\"lazy\"><\/div><\/div><div class=\"iw_col_1_2\"><\/div><\/div><div class=\"mobile\"><div class=\"iw_col_1_1\"><div class=\"iw_cpt_image_gallery_image full one\"><img decoding=\"async\" src=\"https:\/\/farmworld.tv\/wp-content\/uploads\/2025\/12\/ltv-fwtv-leidenschaft-2025-image-01-970x727.jpg\" loading=\"lazy\"><\/div><\/div><div class=\"iw_col_1_1\"><div class=\"iw_cpt_image_gallery_image\"><img decoding=\"async\" src=\"https:\/\/farmworld.tv\/wp-content\/uploads\/2025\/12\/ltv-fwtv-leidenschaft-2025-image-02-970x648.jpg\" loading=\"lazy\"><\/div><div class=\"iw_cpt_image_gallery_image\"><img decoding=\"async\" src=\"https:\/\/farmworld.tv\/wp-content\/uploads\/2025\/12\/ltv-fwtv-leidenschaft-2025-image-03-970x648.jpg\" loading=\"lazy\"><\/div><div class=\"iw_cpt_image_gallery_image\"><img decoding=\"async\" src=\"https:\/\/farmworld.tv\/wp-content\/uploads\/2025\/12\/ltv-fwtv-leidenschaft-2025-image-04-970x647.jpg\" loading=\"lazy\"><\/div><div class=\"iw_cpt_image_gallery_image\"><img decoding=\"async\" src=\"https:\/\/farmworld.tv\/wp-content\/uploads\/2025\/12\/ltv-fwtv-leidenschaft-2025-image-05-970x647.jpg\" loading=\"lazy\"><\/div><div class=\"iw_cpt_image_gallery_image\"><img decoding=\"async\" src=\"https:\/\/farmworld.tv\/wp-content\/uploads\/2025\/12\/ltv-fwtv-leidenschaft-2025-image-06-970x647.jpg\" loading=\"lazy\"><\/div><div class=\"iw_cpt_image_gallery_image\"><img decoding=\"async\" src=\"https:\/\/farmworld.tv\/wp-content\/uploads\/2025\/12\/ltv-fwtv-leidenschaft-2025-image-07-970x647.jpg\" loading=\"lazy\"><\/div><\/div><\/div><div class=\"iw_cpt_image_gallery_clearfix\"><\/div><\/div><\/div>[vc_empty_space height=\u201c25\u201d][\/vc_column_inner][\/vc_row_inner][vc_row_inner][vc_column_inner]            <div class=\"iw_svg_viewer \" style=\"text-align:center\">\n                \n                    <div class=\"iw_svg_viewer_content_wrapper\" style=\"width:2px; height:150px\">\n                        <?xml version=\"1.0\" encoding=\"UTF-8\"?><svg id=\"Layer_1\" viewBox=\"0 0 2 150\"><rect id=\"Rechteck_1061\" width=\"2\" height=\"150\" style=\"fill:#5aa05a;\" \/><\/svg>\n                    <\/div>\n                \n            <\/div>\n[vc_empty_space height=\u201c25\u201d][\/vc_column_inner][\/vc_row_inner][\/vc_column][\/vc_row][vc_row full_width=\u201cstretch_row\u201d][vc_column][vc_row_inner][vc_column_inner width=\u201c1\/4\u201d][\/vc_column_inner][vc_column_inner offset=\u201cvc_col-md\u20116\u201d][vc_column_text css=\u201d.vc_custom_1764854470673{margin-bottom: 15px !important;}\u201d]\n<h3 style=\"text-align: center;\"><span style=\"color: #5aa05a;\">2026<\/span><\/h3>\n<p>[\/vc_column_text][vc_column_text css=\u201d.vc_custom_1764857397158{margin-bottom: 20px !important;}\u201d]<\/p>\n<h4 style=\"text-align: center;\">Nuovi paesi e nuovi argomenti: c\u2019\u00e8 cos\u00ec tanto da scoprire!<\/h4>\n<p>[\/vc_column_text][vc_column_text css=\u201c\u201d]Ispirati dalle num\u00ade\u00adrose con\u00adver\u00adsa\u00adzioni inter\u00ades\u00adsanti e dagli incon\u00adtri per\u00adso\u00adnali avve\u00adnuti alla fiera delle mac\u00adchine agri\u00adcole Agri\u00adtech\u00adnica di Han\u00adno\u00adver, sti\u00adamo valu\u00adt\u00adando nuovi pro\u00adgetti video che ci por\u00adteranno in regioni dove non abbiamo ancora lavor\u00adato con le nostre tele\u00adca\u00admere. L\u2019en\u00adtus\u00adi\u00adasmo \u00e8 alle stelle! Il nos\u00adtro canale You\u00adTube in lin\u00adgua tede\u00adsca sta per rag\u00adgi\u00adungere i 300.000 iscritti. Con un itin\u00adera\u00adrio leg\u00adger\u00admente modi\u00adfi\u00adcato, il tour agri\u00adcolo Agrar-Adven\u00adture negli Stati Uniti si svol\u00adger\u00e0 a settembre. Inoltre, landtechnikvideos.de fest\u00adeg\u00adgia il suo 25\u00b0 anniversario![\/vc_column_text][vc_empty_space height=\u201c25\u201d][vc_single_image image=\u201c9445\u201d img_size=\u201cfull\u201d alignment=\u201ccenter\u201d css=\u201c\u201d][\/vc_column_inner][vc_column_inner width=\u201c1\/4\u201d][\/vc_column_inner][\/vc_row_inner][vc_row_inner disable_element=\u201cyes\u201d][vc_column_inner]<\/p><div class=\"iw_cpt_image_gallery_advanced \"><div class=\"iw_cpt_image_gallery \" data-deactive_lightbox=\"false\"><div class=\"desktop\"><div class=\"iw_col_1_2\"><div class=\"iw_cpt_image_gallery_image full one\"><img decoding=\"async\" src=\"https:\/\/farmworld.tv\/wp-content\/uploads\/2025\/12\/ltv-fwtv-leidenschaft-2025-image-01-970x727.jpg\" loading=\"lazy\"><div class=\"clearfix\"><\/div><\/div><\/div><div class=\"iw_col_1_2\"><div class=\"iw_cpt_image_gallery_image two\"><img decoding=\"async\" src=\"https:\/\/farmworld.tv\/wp-content\/uploads\/2025\/12\/ltv-fwtv-leidenschaft-2025-image-02-970x648.jpg\" loading=\"lazy\"><\/div><div class=\"iw_cpt_image_gallery_image three\"><img decoding=\"async\" src=\"https:\/\/farmworld.tv\/wp-content\/uploads\/2025\/12\/ltv-fwtv-leidenschaft-2025-image-03-970x648.jpg\" loading=\"lazy\"><\/div><div class=\"iw_cpt_image_gallery_image\"><img decoding=\"async\" src=\"https:\/\/farmworld.tv\/wp-content\/uploads\/2025\/12\/ltv-fwtv-leidenschaft-2025-image-04-970x647.jpg\" loading=\"lazy\"><\/div><div class=\"iw_cpt_image_gallery_image\"><img decoding=\"async\" src=\"https:\/\/farmworld.tv\/wp-content\/uploads\/2025\/12\/ltv-fwtv-leidenschaft-2025-image-05-970x647.jpg\" loading=\"lazy\"><\/div><\/div><div class=\"iw_cpt_image_gallery_clearfix\"><\/div><div class=\"iw_col_1_2\"><div class=\"iw_cpt_image_gallery_image\"><img decoding=\"async\" src=\"https:\/\/farmworld.tv\/wp-content\/uploads\/2025\/12\/ltv-fwtv-leidenschaft-2025-image-06-970x647.jpg\" loading=\"lazy\"><\/div><div class=\"iw_cpt_image_gallery_image\"><img decoding=\"async\" src=\"https:\/\/farmworld.tv\/wp-content\/uploads\/2025\/12\/ltv-fwtv-leidenschaft-2025-image-07-970x647.jpg\" loading=\"lazy\"><\/div><\/div><div class=\"iw_col_1_2\"><\/div><\/div><div class=\"mobile\"><div class=\"iw_col_1_1\"><div class=\"iw_cpt_image_gallery_image full one\"><img decoding=\"async\" src=\"https:\/\/farmworld.tv\/wp-content\/uploads\/2025\/12\/ltv-fwtv-leidenschaft-2025-image-01-970x727.jpg\" loading=\"lazy\"><\/div><\/div><div class=\"iw_col_1_1\"><div class=\"iw_cpt_image_gallery_image\"><img decoding=\"async\" src=\"https:\/\/farmworld.tv\/wp-content\/uploads\/2025\/12\/ltv-fwtv-leidenschaft-2025-image-02-970x648.jpg\" loading=\"lazy\"><\/div><div class=\"iw_cpt_image_gallery_image\"><img decoding=\"async\" src=\"https:\/\/farmworld.tv\/wp-content\/uploads\/2025\/12\/ltv-fwtv-leidenschaft-2025-image-03-970x648.jpg\" loading=\"lazy\"><\/div><div class=\"iw_cpt_image_gallery_image\"><img decoding=\"async\" src=\"https:\/\/farmworld.tv\/wp-content\/uploads\/2025\/12\/ltv-fwtv-leidenschaft-2025-image-04-970x647.jpg\" loading=\"lazy\"><\/div><div class=\"iw_cpt_image_gallery_image\"><img decoding=\"async\" src=\"https:\/\/farmworld.tv\/wp-content\/uploads\/2025\/12\/ltv-fwtv-leidenschaft-2025-image-05-970x647.jpg\" loading=\"lazy\"><\/div><div class=\"iw_cpt_image_gallery_image\"><img decoding=\"async\" src=\"https:\/\/farmworld.tv\/wp-content\/uploads\/2025\/12\/ltv-fwtv-leidenschaft-2025-image-06-970x647.jpg\" loading=\"lazy\"><\/div><div class=\"iw_cpt_image_gallery_image\"><img decoding=\"async\" src=\"https:\/\/farmworld.tv\/wp-content\/uploads\/2025\/12\/ltv-fwtv-leidenschaft-2025-image-07-970x647.jpg\" loading=\"lazy\"><\/div><\/div><\/div><div class=\"iw_cpt_image_gallery_clearfix\"><\/div><\/div><\/div>[vc_empty_space height=\u201c25\u201d][\/vc_column_inner][\/vc_row_inner][vc_row_inner disable_element=\u201cyes\u201d][vc_column_inner]            <div class=\"iw_svg_viewer \" style=\"text-align:center\">\n                \n                    <div class=\"iw_svg_viewer_content_wrapper\" style=\"width:2px; height:150px\">\n                        <?xml version=\"1.0\" encoding=\"UTF-8\"?><svg id=\"Layer_1\" viewBox=\"0 0 2 150\"><rect id=\"Rechteck_1061\" width=\"2\" height=\"150\" style=\"fill:#5aa05a;\" \/><\/svg>\n                    <\/div>\n                \n            <\/div>\n[vc_empty_space height=\u201c25\u201d][\/vc_column_inner][\/vc_row_inner][\/vc_column][\/vc_row][vc_row full_width=\u201cstretch_row\u201d][vc_column][vc_row_inner][vc_column_inner][vc_empty_space height=\u201c50\u201d][\/vc_column_inner][\/vc_row_inner][vc_row_inner][vc_column_inner][vc_empty_space height=\u201c50\u201d][\/vc_column_inner][\/vc_row_inner][\/vc_column][\/vc_row]\n<\/div>","protected":false},"excerpt":{"rendered":"<p>[vc_row full_width=\u201cstretch_row_content_no_spaces\u201d][vc_column][vc_row_inner][vc_column_inner][\/vc_column_inner][\/vc_row_inner][\/vc_column][\/vc_row][vc_row full_width=\u201cstretch_row\u201d][vc_column][vc_row_inner][vc_column_inner][vc_empty_space height=\u201c50\u201d][\/vc_column_inner][\/vc_row_inner][vc_row_inner][vc_column_inner width=\u201c1\/6\u201d offset=\u201cvc_hidden-sm vc_hidden-xs\u201d][\/vc_column_inner][vc_column_inner offset=\u201cvc_col-md\u20118\u201d][vc_column_text] Pas\u00adsione [\/vc_column_text][vc_column_text] Ciao, questi siamo noi e questa \u00e8 la nos\u00adtra pas\u00adsione! [\/vc_column_text][vc_empty_space height=\u201c25px\u201d][\/vc_column_inner][vc_column_inner width=\u201c1\/6\u201d offset=\u201cvc_hidden-sm vc_hidden-xs\u201d][\/vc_column_inner][\/vc_row_inner][\/vc_column][\/vc_row][vc_row full_width=\u201cstretch_row\u201d][vc_column][vc_row_inner][vc_column_inner][vc_empty_space height=\u201c50\u201d][\/vc_column_inner][\/vc_row_inner][vc_row_inner][vc_column_inner width=\u201c1\/12\u201d offset=\u201cvc_hidden-sm vc_hidden-xs\u201d][\/vc_column_inner][vc_column_inner width=\u201c1\/2\u201d offset=\u201cvc_col-md\u20114\u201d][vc_single_image image=\u201c779\u201d img_size=\u201c175x175\u201d alignment=\u201ccenter\u201d style=\u201cvc_box_circle\u201d][vc_column_text css=\u201d.vc_custom_1669207015155{margin-bottom: 15px !important;}\u201d] Tammo Gl\u00e4\u00adser [\/vc_column_text][vc_column_text css=\u201d.vc_custom_1676994923302{margin-bottom: 20px !important;}\u201d] Anno di cos\u00adtru\u00adzi\u00adone&nbsp;1985 [\/vc_column_text][vc_column_text css=\u201d.vc_custom_1676994931037{margin-bottom: 20px !important;}\u201d] Tec\u00adnico del marketing&nbsp;[\u2026]<\/p>\n","protected":false},"author":2,"featured_media":0,"parent":0,"menu_order":0,"comment_status":"closed","ping_status":"closed","template":"","meta":{"wp_typography_post_enhancements_disabled":false,"footnotes":""},"class_list":["post-3275","page","type-page","status-publish","hentry"],"yoast_head":"<!-- This site is optimized with the Yoast SEO plugin v25.3.1 - https:\/\/yoast.com\/wordpress\/plugins\/seo\/ -->\n<title>La nostra passione - Tammo e J\u00f6rn Gl\u00e4ser<\/title>\n<meta name=\"description\" content=\"Fin dall&#039;infanzia: macchine agricole! Dalle prime riprese con la &quot;Ritsch-Ratsch-Klick-Kamera&quot; all&#039;odierna produzione cinematografica in 4K...\" \/>\n<meta name=\"robots\" content=\"index, follow, max-snippet:-1, max-image-preview:large, max-video-preview:-1\" \/>\n<link rel=\"canonical\" href=\"https:\/\/farmworld.tv\/it\/passione\/\" \/>\n<meta property=\"og:locale\" content=\"it_IT\" \/>\n<meta property=\"og:type\" content=\"article\" \/>\n<meta property=\"og:title\" content=\"La nostra passione - Tammo e J\u00f6rn Gl\u00e4ser\" \/>\n<meta property=\"og:description\" content=\"Fin dall&#039;infanzia: macchine agricole! Dalle prime riprese con la &quot;Ritsch-Ratsch-Klick-Kamera&quot; all&#039;odierna produzione cinematografica in 4K...\" \/>\n<meta property=\"og:url\" content=\"https:\/\/farmworld.tv\/it\/passione\/\" \/>\n<meta property=\"og:site_name\" content=\"farmworld.tv\" \/>\n<meta property=\"article:modified_time\" content=\"2025-12-04T14:17:58+00:00\" \/>\n<meta name=\"twitter:card\" content=\"summary_large_image\" \/>\n<meta name=\"twitter:label1\" content=\"Tempo di lettura stimato\" \/>\n\t<meta name=\"twitter:data1\" content=\"22 minuti\" \/>\n<script type=\"application\/ld+json\" class=\"yoast-schema-graph\">{\"@context\":\"https:\/\/schema.org\",\"@graph\":[{\"@type\":\"WebPage\",\"@id\":\"https:\/\/farmworld.tv\/it\/passione\/\",\"url\":\"https:\/\/farmworld.tv\/it\/passione\/\",\"name\":\"La nostra passione - Tammo e J\u00f6rn Gl\u00e4ser\",\"isPartOf\":{\"@id\":\"https:\/\/farmworld.tv\/en\/#website\"},\"datePublished\":\"2022-07-19T12:06:44+00:00\",\"dateModified\":\"2025-12-04T14:17:58+00:00\",\"description\":\"Fin dall'infanzia: macchine agricole! Dalle prime riprese con la \\\"Ritsch-Ratsch-Klick-Kamera\\\" all'odierna produzione cinematografica in 4K...\",\"breadcrumb\":{\"@id\":\"https:\/\/farmworld.tv\/it\/passione\/#breadcrumb\"},\"inLanguage\":\"it-IT\",\"potentialAction\":[{\"@type\":\"ReadAction\",\"target\":[\"https:\/\/farmworld.tv\/it\/passione\/\"]}]},{\"@type\":\"BreadcrumbList\",\"@id\":\"https:\/\/farmworld.tv\/it\/passione\/#breadcrumb\",\"itemListElement\":[{\"@type\":\"ListItem\",\"position\":1,\"name\":\"Home\",\"item\":\"https:\/\/farmworld.tv\/it\/\"},{\"@type\":\"ListItem\",\"position\":2,\"name\":\"Passione\"}]},{\"@type\":\"WebSite\",\"@id\":\"https:\/\/farmworld.tv\/en\/#website\",\"url\":\"https:\/\/farmworld.tv\/en\/\",\"name\":\"farmworld.tv\",\"description\":\"\",\"potentialAction\":[{\"@type\":\"SearchAction\",\"target\":{\"@type\":\"EntryPoint\",\"urlTemplate\":\"https:\/\/farmworld.tv\/en\/?s={search_term_string}\"},\"query-input\":{\"@type\":\"PropertyValueSpecification\",\"valueRequired\":true,\"valueName\":\"search_term_string\"}}],\"inLanguage\":\"it-IT\"}]}<\/script>\n<!-- \/ Yoast SEO plugin. -->","yoast_head_json":{"title":"La nostra passione - Tammo e J\u00f6rn Gl\u00e4ser","description":"Fin dall'infanzia: macchine agricole! Dalle prime riprese con la \"Ritsch-Ratsch-Klick-Kamera\" all'odierna produzione cinematografica in 4K...","robots":{"index":"index","follow":"follow","max-snippet":"max-snippet:-1","max-image-preview":"max-image-preview:large","max-video-preview":"max-video-preview:-1"},"canonical":"https:\/\/farmworld.tv\/it\/passione\/","og_locale":"it_IT","og_type":"article","og_title":"La nostra passione - Tammo e J\u00f6rn Gl\u00e4ser","og_description":"Fin dall'infanzia: macchine agricole! Dalle prime riprese con la \"Ritsch-Ratsch-Klick-Kamera\" all'odierna produzione cinematografica in 4K...","og_url":"https:\/\/farmworld.tv\/it\/passione\/","og_site_name":"farmworld.tv","article_modified_time":"2025-12-04T14:17:58+00:00","twitter_card":"summary_large_image","twitter_misc":{"Tempo di lettura stimato":"22 minuti"},"schema":{"@context":"https:\/\/schema.org","@graph":[{"@type":"WebPage","@id":"https:\/\/farmworld.tv\/it\/passione\/","url":"https:\/\/farmworld.tv\/it\/passione\/","name":"La nostra passione - Tammo e J\u00f6rn Gl\u00e4ser","isPartOf":{"@id":"https:\/\/farmworld.tv\/en\/#website"},"datePublished":"2022-07-19T12:06:44+00:00","dateModified":"2025-12-04T14:17:58+00:00","description":"Fin dall'infanzia: macchine agricole! Dalle prime riprese con la \"Ritsch-Ratsch-Klick-Kamera\" all'odierna produzione cinematografica in 4K...","breadcrumb":{"@id":"https:\/\/farmworld.tv\/it\/passione\/#breadcrumb"},"inLanguage":"it-IT","potentialAction":[{"@type":"ReadAction","target":["https:\/\/farmworld.tv\/it\/passione\/"]}]},{"@type":"BreadcrumbList","@id":"https:\/\/farmworld.tv\/it\/passione\/#breadcrumb","itemListElement":[{"@type":"ListItem","position":1,"name":"Home","item":"https:\/\/farmworld.tv\/it\/"},{"@type":"ListItem","position":2,"name":"Passione"}]},{"@type":"WebSite","@id":"https:\/\/farmworld.tv\/en\/#website","url":"https:\/\/farmworld.tv\/en\/","name":"farmworld.tv","description":"","potentialAction":[{"@type":"SearchAction","target":{"@type":"EntryPoint","urlTemplate":"https:\/\/farmworld.tv\/en\/?s={search_term_string}"},"query-input":{"@type":"PropertyValueSpecification","valueRequired":true,"valueName":"search_term_string"}}],"inLanguage":"it-IT"}]}},"_links":{"self":[{"href":"https:\/\/farmworld.tv\/it\/wp-json\/wp\/v2\/pages\/3275","targetHints":{"allow":["GET"]}}],"collection":[{"href":"https:\/\/farmworld.tv\/it\/wp-json\/wp\/v2\/pages"}],"about":[{"href":"https:\/\/farmworld.tv\/it\/wp-json\/wp\/v2\/types\/page"}],"author":[{"embeddable":true,"href":"https:\/\/farmworld.tv\/it\/wp-json\/wp\/v2\/users\/2"}],"replies":[{"embeddable":true,"href":"https:\/\/farmworld.tv\/it\/wp-json\/wp\/v2\/comments?post=3275"}],"version-history":[{"count":6,"href":"https:\/\/farmworld.tv\/it\/wp-json\/wp\/v2\/pages\/3275\/revisions"}],"predecessor-version":[{"id":3312,"href":"https:\/\/farmworld.tv\/it\/wp-json\/wp\/v2\/pages\/3275\/revisions\/3312"}],"wp:attachment":[{"href":"https:\/\/farmworld.tv\/it\/wp-json\/wp\/v2\/media?parent=3275"}],"curies":[{"name":"wp","href":"https:\/\/api.w.org\/{rel}","templated":true}]}}