{"id":2932,"date":"2022-07-19T14:06:44","date_gmt":"2022-07-19T12:06:44","guid":{"rendered":"https:\/\/farmworld.tv\/unsere-leidenschaft\/"},"modified":"2025-12-04T15:05:55","modified_gmt":"2025-12-04T14:05:55","slug":"notre-passion","status":"publish","type":"page","link":"https:\/\/farmworld.tv\/fr\/notre-passion\/","title":{"rendered":"Notre passion"},"content":{"rendered":"<div class=\"wpb-content-wrapper\"><p>[vc_row full_width=\u201cstretch_row_content_no_spaces\u201d][vc_column][vc_row_inner][vc_column_inner]            <\/p><div class=\"iw_header_image \" data-max-height=\"700\">\n                <div class=\"iw_header_image_image_wrapper\">\n                    <div class=\"iw_header_image_image_rescue\"><\/div>\n                    <div class=\"picture-tag-wrapper\">\n                                        <picture>\n                    <source media=\"(max-width: 465px)\" srcset=\"https:\/\/farmworld.tv\/wp-content\/uploads\/2022\/07\/ltv_header_demo-scaled.jpg\">\n                    <source media=\"(max-width: 860px)\" srcset=\"https:\/\/farmworld.tv\/wp-content\/uploads\/2022\/07\/ltv_header_demo-scaled.jpg\">\n                    <img decoding=\"async\" src=\"https:\/\/farmworld.tv\/wp-content\/uploads\/2022\/07\/ltv_header_demo-scaled.jpg\" title=\"ltv_header_demo\" alt width=\"2560\" height=\"1440\" style=\"width: 100%; height: 100%; object-fit: cover\" loading=\"lazy\">\n                <\/picture>\n                    <\/div>\n                <\/div>\n                \n            <\/div>\n[\/vc_column_inner][\/vc_row_inner][\/vc_column][\/vc_row][vc_row full_width=\u201cstretch_row\u201d][vc_column][vc_row_inner][vc_column_inner][vc_empty_space height=\u201c50\u201d][\/vc_column_inner][\/vc_row_inner][vc_row_inner][vc_column_inner width=\u201c1\/6\u201d offset=\u201cvc_hidden-sm vc_hidden-xs\u201d][\/vc_column_inner][vc_column_inner offset=\u201cvc_col-md\u20118\u201d][vc_column_text]\n<h1 style=\"text-align: center;\">Notre passion<\/h1>\n<p>[\/vc_column_text][vc_column_text]<\/p>\n<h4 style=\"text-align: center;\"><span style=\"color: #5aa05a;\"> Bonjour \u00e0 tous&nbsp;! Voici un petit tour d\u2019horizon de nous et notre passion&nbsp;!&nbsp;<\/span><\/h4>\n<p>[\/vc_column_text][vc_empty_space height=\u201c25px\u201d][\/vc_column_inner][vc_column_inner width=\u201c1\/6\u201d offset=\u201cvc_hidden-sm vc_hidden-xs\u201d][\/vc_column_inner][\/vc_row_inner][\/vc_column][\/vc_row][vc_row full_width=\u201cstretch_row\u201d][vc_column][vc_row_inner][vc_column_inner][vc_empty_space height=\u201c50\u201d][\/vc_column_inner][\/vc_row_inner][vc_row_inner][vc_column_inner width=\u201c1\/12\u201d offset=\u201cvc_hidden-sm vc_hidden-xs\u201d][\/vc_column_inner][vc_column_inner width=\u201c1\/2\u201d offset=\u201cvc_col-md\u20114\u201d][vc_single_image image=\u201c779\u201d img_size=\u201c175x175\u201d alignment=\u201ccenter\u201d style=\u201cvc_box_circle\u201d][vc_column_text css=\u201d.vc_custom_1669207015155{margin-bottom: 15px !important;}\u201d]<\/p>\n<h2 style=\"text-align: center;\">Tammo Gl\u00e4ser<\/h2>\n<p>[\/vc_column_text][vc_column_text css=\u201d.vc_custom_1676993684887{margin-bottom: 20px !important;}\u201d]<\/p>\n<p style=\"text-align: center;\">Ann\u00e9e de con\u00ads\u00adtruc\u00adtion&nbsp;: 1985<\/p>\n<p>[\/vc_column_text][vc_column_text css=\u201d.vc_custom_1676993709140{margin-bottom: 20px !important;}\u201d]<\/p>\n<p style=\"text-align: center;\">Ing\u00e9\u00adnieur dipl\u00f4m\u00e9 en mar\u00adke\u00adting et ges\u00adtion agricole<\/p>\n<p>[\/vc_column_text][vc_column_text css=\u201d.vc_custom_1676993718054{margin-bottom: 20px !important;}\u201d]<\/p>\n<p style=\"text-align: center;\">Trac\u00adteur pr\u00e9\u00adf\u00e9r\u00e9&nbsp;: Case IH Quadt\u00adrac&nbsp;535<\/p>\n<p>[\/vc_column_text][vc_column_text css=\u201d.vc_custom_1676993727407{margin-bottom: 20px !important;}\u201d]<\/p>\n<p style=\"text-align: center;\">Desti\u00adna\u00adtion pr\u00e9\u00adf\u00e9\u00adr\u00e9e&nbsp;: Sas\u00adkat\u00adche\u00adwan (Canada)<\/p>\n<p>[\/vc_column_text][vc_column_text css=\u201d.vc_custom_1676993736885{margin-bottom: 20px !important;}\u201d]<\/p>\n<p style=\"text-align: center;\">Tour\u00adnage pr\u00e9\u00adf\u00e9r\u00e9 jusqu\u2019\u00e0 main\u00adten\u00adant&nbsp;: Semoir de 65&nbsp;m\u00e8tres (Agri\u00adcul\u00adture en Australie)<\/p>\n<p>[\/vc_column_text][vc_column_text css=\u201d.vc_custom_1676993746005{margin-bottom: 20px !important;}\u201d]<\/p>\n<p style=\"text-align: center;\">Nombre de minu\u00adtes fil\u00adm\u00e9es&nbsp;: + de 60&nbsp;000<\/p>\n<p>[\/vc_column_text][vc_column_text css=\u201d.vc_custom_1676993754767{margin-bottom: 20px !important;}\u201d]<\/p>\n<p style=\"text-align: center;\">Crashs de dro\u00adnes jusqu\u2019\u00e0 main\u00adten\u00adant&nbsp;: 2<\/p>\n<p>[\/vc_column_text][vc_empty_space height=\u201c50\u201d][\/vc_column_inner][vc_column_inner width=\u201c1\/12\u201d offset=\u201cvc_hidden-sm vc_hidden-xs\u201d][\/vc_column_inner][vc_column_inner width=\u201c1\/12\u201d offset=\u201cvc_hidden-sm vc_hidden-xs\u201d][\/vc_column_inner][vc_column_inner width=\u201c1\/2\u201d offset=\u201cvc_col-md\u20114\u201d][vc_single_image image=\u201c783\u201d img_size=\u201c175x175\u201d alignment=\u201ccenter\u201d style=\u201cvc_box_circle\u201d][vc_column_text css=\u201d.vc_custom_1669207177490{margin-bottom: 15px !important;}\u201d]<\/p>\n<h2 style=\"text-align: center;\">J\u00f6rn Gl\u00e4ser<\/h2>\n<p>[\/vc_column_text][vc_column_text css=\u201d.vc_custom_1676993763441{margin-bottom: 20px !important;}\u201d]<\/p>\n<p style=\"text-align: center;\">Ann\u00e9e de con\u00ads\u00adtruc\u00adtion&nbsp;: 1988<\/p>\n<p>[\/vc_column_text][vc_column_text css=\u201d.vc_custom_1676993771570{margin-bottom: 20px !important;}\u201d]<\/p>\n<p style=\"text-align: center;\">Licence d\u2019ing\u00e9nieur en mar\u00adke\u00adting et ges\u00adtion agricole<\/p>\n<p>[\/vc_column_text][vc_column_text css=\u201d.vc_custom_1676993781851{margin-bottom: 20px !important;}\u201d]<\/p>\n<p style=\"text-align: center;\">Trac\u00adteur pr\u00e9\u00adf\u00e9r\u00e9&nbsp;: Fendt Favo\u00adrit 615&nbsp;LSA<\/p>\n<p>[\/vc_column_text][vc_column_text css=\u201d.vc_custom_1676993790734{margin-bottom: 20px !important;}\u201d]<\/p>\n<p style=\"text-align: center;\">Desti\u00adna\u00adtion pr\u00e9\u00adf\u00e9\u00adr\u00e9e&nbsp;: France<\/p>\n<p>[\/vc_column_text][vc_column_text css=\u201d.vc_custom_1676993799002{margin-bottom: 20px !important;}\u201d]<\/p>\n<p style=\"text-align: center;\">Tour\u00adnage pr\u00e9\u00adf\u00e9r\u00e9&nbsp;: Un Deutz-Fahr devant un vol\u00adcan chilien<\/p>\n<p>[\/vc_column_text][vc_column_text css=\u201d.vc_custom_1676993806823{margin-bottom: 20px !important;}\u201d]<\/p>\n<p style=\"text-align: center;\">Images pri\u00adses jusqu\u2019\u00e0 pr\u00e9\u00adsent&nbsp;: + de 500&nbsp;000<\/p>\n<p>[\/vc_column_text][vc_column_text css=\u201d.vc_custom_1676993814418{margin-bottom: 20px !important;}\u201d]<\/p>\n<p style=\"text-align: center;\">Crashs de dro\u00adnes jusqu\u2019\u00e0 main\u00adten\u00adant&nbsp;: 1<\/p>\n<p>[\/vc_column_text][vc_empty_space height=\u201c50\u201d][\/vc_column_inner][vc_column_inner width=\u201c1\/12\u201d offset=\u201cvc_hidden-sm vc_hidden-xs\u201d][\/vc_column_inner][\/vc_row_inner][vc_row_inner][vc_column_inner offset=\u201cvc_hidden-sm vc_hidden-xs\u201d][vc_empty_space height=\u201c50\u201d][\/vc_column_inner][\/vc_row_inner][vc_row_inner][vc_column_inner][vc_empty_space height=\u201c25\u201d][\/vc_column_inner][\/vc_row_inner][\/vc_column][\/vc_row][vc_row full_width=\u201cstretch_row\u201d][vc_column][vc_row_inner][vc_column_inner width=\u201c1\/4\u201d][\/vc_column_inner][vc_column_inner offset=\u201cvc_col-md\u20116\u201d][vc_column_text css=\u201d.vc_custom_1669630113967{margin-bottom: 15px !important;}\u201d]<\/p>\n<h3 style=\"text-align: center;\"><span style=\"color: #5aa05a;\">1985 \u2013&nbsp;2000<\/span><\/h3>\n<p>[\/vc_column_text][vc_column_text css=\u201d.vc_custom_1676993826689{margin-bottom: 20px !important;}\u201d]<\/p>\n<h4 style=\"text-align: center;\">Traire les vaches pendant les vacances scolaires<\/h4>\n<p>[\/vc_column_text][vc_column_text]<\/p>\n<p style=\"text-align: left;\">Nous, c\u2019est Tammo et J\u00f6rn. Durant notre enfance, nous avons pass\u00e9 tout notre temps libre dans l\u2019exploitation lai\u00adti\u00e8re de notre oncle. C\u2019est l\u00e0 que nous avons app\u00adris \u00e0 con\u00adduire un trac\u00adteur au volant d\u2019un Fendt Far\u00admer 309 LSA, et c\u2019est l\u00e0 aussi que nous avons pris la plu\u00adpart de nos pre\u00admi\u00e8\u00adres pho\u00adtos de machi\u00adnes agri\u00adco\u00adles avec notre petit appa\u00adreil argentique.<\/p>\n<p>[\/vc_column_text][vc_empty_space height=\u201c25\u201d][\/vc_column_inner][vc_column_inner width=\u201c1\/4\u201d][\/vc_column_inner][\/vc_row_inner][vc_row_inner][vc_column_inner]<\/p><div class=\"iw_cpt_image_gallery_advanced \"><div class=\"iw_cpt_image_gallery  first_gallery \" data-deactive_lightbox=\"false\"><div class=\"desktop\"><div class=\"iw_col_1_2\"><div class=\"iw_cpt_image_gallery_image full one\"><img decoding=\"async\" src=\"https:\/\/farmworld.tv\/wp-content\/uploads\/2022\/11\/ltv-fwtv-leidenschaft-1985-2000-image-01-970x647.jpg\" loading=\"lazy\"><div class=\"clearfix\"><\/div><\/div><\/div><div class=\"iw_col_1_2\"><div class=\"iw_cpt_image_gallery_image two\"><img decoding=\"async\" src=\"https:\/\/farmworld.tv\/wp-content\/uploads\/2022\/11\/ltv-fwtv-leidenschaft-1985-2000-image-02-970x647.jpg\" loading=\"lazy\"><\/div><div class=\"iw_cpt_image_gallery_image three\"><img decoding=\"async\" src=\"https:\/\/farmworld.tv\/wp-content\/uploads\/2022\/11\/ltv-fwtv-leidenschaft-1985-2000-image-03-970x647.jpg\" loading=\"lazy\"><\/div><div class=\"iw_cpt_image_gallery_image\"><img decoding=\"async\" src=\"https:\/\/farmworld.tv\/wp-content\/uploads\/2022\/11\/ltv-fwtv-leidenschaft-1985-2000-image-04-970x647.jpg\" loading=\"lazy\"><\/div><\/div><div class=\"iw_cpt_image_gallery_clearfix\"><\/div><div class=\"iw_col_1_2\"><\/div><div class=\"iw_col_1_2\"><\/div><\/div><div class=\"mobile\"><div class=\"iw_col_1_1\"><div class=\"iw_cpt_image_gallery_image full one\"><img decoding=\"async\" src=\"https:\/\/farmworld.tv\/wp-content\/uploads\/2022\/11\/ltv-fwtv-leidenschaft-1985-2000-image-01-970x647.jpg\" loading=\"lazy\"><\/div><\/div><div class=\"iw_col_1_1\"><div class=\"iw_cpt_image_gallery_image\"><img decoding=\"async\" src=\"https:\/\/farmworld.tv\/wp-content\/uploads\/2022\/11\/ltv-fwtv-leidenschaft-1985-2000-image-02-970x647.jpg\" loading=\"lazy\"><\/div><div class=\"iw_cpt_image_gallery_image\"><img decoding=\"async\" src=\"https:\/\/farmworld.tv\/wp-content\/uploads\/2022\/11\/ltv-fwtv-leidenschaft-1985-2000-image-03-970x647.jpg\" loading=\"lazy\"><\/div><div class=\"iw_cpt_image_gallery_image\"><img decoding=\"async\" src=\"https:\/\/farmworld.tv\/wp-content\/uploads\/2022\/11\/ltv-fwtv-leidenschaft-1985-2000-image-04-970x647.jpg\" loading=\"lazy\"><\/div><\/div><\/div><div class=\"iw_cpt_image_gallery_clearfix\"><\/div><\/div><\/div>[vc_empty_space height=\u201c25\u201d][\/vc_column_inner][\/vc_row_inner][vc_row_inner][vc_column_inner]            <div class=\"iw_svg_viewer \" style=\"text-align:center\">\n                \n                    <div class=\"iw_svg_viewer_content_wrapper\" style=\"width:2px; height:150px\">\n                        <?xml version=\"1.0\" encoding=\"UTF-8\"?><svg id=\"Layer_1\" viewBox=\"0 0 2 150\"><rect id=\"Rechteck_1061\" width=\"2\" height=\"150\" style=\"fill:#5aa05a;\" \/><\/svg>\n                    <\/div>\n                \n            <\/div>\n[vc_empty_space height=\u201c25\u201d][\/vc_column_inner][\/vc_row_inner][\/vc_column][\/vc_row][vc_row full_width=\u201cstretch_row\u201d][vc_column][vc_row_inner][vc_column_inner width=\u201c1\/4\u201d][\/vc_column_inner][vc_column_inner offset=\u201cvc_col-md\u20116\u201d][vc_column_text css=\u201d.vc_custom_1669630100681{margin-bottom: 15px !important;}\u201d]\n<h3 style=\"text-align: center;\"><span style=\"color: #5aa05a;\">2001 \u2013&nbsp;2002<\/span><\/h3>\n<p>[\/vc_column_text][vc_column_text css=\u201d.vc_custom_1676993845933{margin-bottom: 20px !important;}\u201d]<\/p>\n<h4 style=\"text-align: center;\">En route avec la cam\u00e9ra<\/h4>\n<p>[\/vc_column_text][vc_column_text]<\/p>\n<p style=\"text-align: left;\">Nous nous som\u00admes sou\u00advent ser\u00advis de la cam\u00e9ra 8&nbsp;mm de notre p\u00e8re pour immor\u00adta\u00adli\u00adser le tra\u00advail de nombreu\u00adses machi\u00adnes agri\u00adco\u00adles. Nous n\u2019oublierons jamais nos pre\u00admiers films de trac\u00adteurs Fendt Favo\u00adrit 800 et 900 aupr\u00e8s de dif\u00adf\u00e9r\u00adents entre\u00adpre\u00adneurs agri\u00adco\u00adles. Notre pre\u00admier film inti\u00adtul\u00e9 \u00ab&nbsp;5&nbsp;heu\u00adres de tech\u00adni\u00adque agri\u00adcole \u2013 Tous les sec\u00adteurs agri\u00adco\u00adles&nbsp;\u00bb a \u00e9t\u00e9 r\u00e9a\u00adlis\u00e9 sur cas\u00adsette VHS. Nous avons trouv\u00e9 nos pre\u00admiers cli\u00adents par le biais d\u2019annonces dans les jour\u00adnaux, et nous \u00e9ti\u00adons tr\u00e8s fiers de chaque vente de nos cas\u00adset\u00adtes de tech\u00adni\u00adque agricole.<\/p>\n<p>[\/vc_column_text][vc_empty_space height=\u201c25\u201d][\/vc_column_inner][vc_column_inner width=\u201c1\/4\u201d][\/vc_column_inner][\/vc_row_inner][vc_row_inner][vc_column_inner]<\/p><div class=\"iw_cpt_image_gallery_advanced \"><div class=\"iw_cpt_image_gallery \" data-deactive_lightbox=\"false\"><div class=\"desktop\"><div class=\"iw_col_1_4\"><div class=\"iw_cpt_image_gallery_image one\"><img decoding=\"async\" src=\"https:\/\/farmworld.tv\/wp-content\/uploads\/2023\/03\/ltv-fwtv-leidenschaft-2001-image-01-970x728.jpg\" loading=\"lazy\"><\/div><\/div><div class=\"iw_col_1_2\"><div class=\"iw_cpt_image_gallery_image full two\"><img decoding=\"async\" src=\"https:\/\/farmworld.tv\/wp-content\/uploads\/2023\/03\/ltv-fwtv-leidenschaft-2001-image-02-970x728.jpg\" loading=\"lazy\"><\/div><\/div><div class=\"iw_col_1_4\"><div class=\"iw_cpt_image_gallery_image three\"><img decoding=\"async\" src=\"https:\/\/farmworld.tv\/wp-content\/uploads\/2023\/03\/ltv-fwtv-leidenschaft-2001-image-03-970x728.jpg\" loading=\"lazy\"><\/div><\/div><div class=\"iw_cpt_image_gallery_clearfix\"><\/div><div class=\"iw_col_1_2\"><\/div><div class=\"iw_col_1_2\"><\/div><\/div><div class=\"mobile\"><div class=\"iw_col_1_1\"><div class=\"iw_cpt_image_gallery_image full one\"><img decoding=\"async\" src=\"https:\/\/farmworld.tv\/wp-content\/uploads\/2023\/03\/ltv-fwtv-leidenschaft-2001-image-01-970x728.jpg\" loading=\"lazy\"><\/div><\/div><div class=\"iw_col_1_1\"><div class=\"iw_cpt_image_gallery_image\"><img decoding=\"async\" src=\"https:\/\/farmworld.tv\/wp-content\/uploads\/2023\/03\/ltv-fwtv-leidenschaft-2001-image-02-970x728.jpg\" loading=\"lazy\"><\/div><div class=\"iw_cpt_image_gallery_image\"><img decoding=\"async\" src=\"https:\/\/farmworld.tv\/wp-content\/uploads\/2023\/03\/ltv-fwtv-leidenschaft-2001-image-03-970x728.jpg\" loading=\"lazy\"><\/div><\/div><\/div><div class=\"iw_cpt_image_gallery_clearfix\"><\/div><\/div><\/div>[vc_empty_space height=\u201c25\u201d][\/vc_column_inner][\/vc_row_inner][vc_row_inner][vc_column_inner]            <div class=\"iw_svg_viewer \" style=\"text-align:center\">\n                \n                    <div class=\"iw_svg_viewer_content_wrapper\" style=\"width:2px; height:150px\">\n                        <?xml version=\"1.0\" encoding=\"UTF-8\"?><svg id=\"Layer_1\" viewBox=\"0 0 2 150\"><rect id=\"Rechteck_1061\" width=\"2\" height=\"150\" style=\"fill:#5aa05a;\" \/><\/svg>\n                    <\/div>\n                \n            <\/div>\n[vc_empty_space height=\u201c25\u201d][\/vc_column_inner][\/vc_row_inner][\/vc_column][\/vc_row][vc_row full_width=\u201cstretch_row\u201d][vc_column][vc_row_inner][vc_column_inner width=\u201c1\/4\u201d][\/vc_column_inner][vc_column_inner offset=\u201cvc_col-md\u20116\u201d][vc_column_text css=\u201d.vc_custom_1669629757632{margin-bottom: 15px !important;}\u201d]\n<h3 style=\"text-align: center;\"><span style=\"color: #5aa05a;\">2003<\/span><\/h3>\n<p>[\/vc_column_text][vc_column_text css=\u201d.vc_custom_1676993865517{margin-bottom: 20px !important;}\u201d]<\/p>\n<h4 style=\"text-align: center;\">Le premier DVD<\/h4>\n<p>[\/vc_column_text][vc_column_text]<\/p>\n<p style=\"text-align: left;\">Nous avons col\u00adlet\u00e9 le plus d\u2019images pos\u00adsi\u00adble&nbsp;! Tammo r\u00e9a\u00adli\u00adsait les enre\u00adgis\u00adtre\u00adments vid\u00e9o et J\u00f6rn pre\u00adnait les pho\u00adtos. \u00c0 par\u00adtir de l\u2019\u00e9t\u00e9 2003, J\u00f6rn pre\u00adnait tou\u00adjours son pre\u00admier appa\u00adreil photo num\u00e9\u00adri\u00adque avec lui. L\u2019un de nos pre\u00admiers motifs num\u00e9\u00adri\u00adques fut un trac\u00adteur Claas Xer\u00adion 2500. C\u2019est ainsi qu\u2019\u00e0 v\u00e9lo, puis en voiture, nous som\u00admes par\u00adtis \u00e0 la chasse de nou\u00advel\u00adles sc\u00e8\u00adnes de travaux et machi\u00adnes agri\u00adco\u00adles. Nous avons cr\u00e9\u00e9 un petit site inter\u00adnet afin de par\u00adta\u00adger un grand nombre de nos pho\u00adtos de mat\u00e9\u00adriel agri\u00adcole avec une com\u00admun\u00adaut\u00e9 gran\u00addis\u00adsante, qui par\u00adta\u00adge\u00adait la m\u00eame pas\u00adsion. Notre pre\u00admi\u00e8re adresse URL, www.vario716.de, est tou\u00adjours active. Notre pre\u00admier DVD sur la tech\u00adni\u00adque agri\u00adcole, inti\u00adtul\u00e9 \u00ab&nbsp;Aut\u00adomne 2003 \u2013 R\u00e9colte des bet\u00adter\u00adaves&nbsp;\u00bb, a \u00e9t\u00e9 r\u00e9a\u00adlis\u00e9 sur notre ordi\u00adna\u00adteur per\u00adson\u00adnel. Ces DVD, tout comme les cas\u00adset\u00adtes VHS, \u00e9tai\u00adent repro\u00adduits dans notre chambre d\u2019enfance. D\u00e8s le d\u00e9but, nous avons \u00e9t\u00e9 plei\u00adne\u00adment sou\u00adte\u00adnus par nos par\u00adents, qui se char\u00adge\u00adai\u00adent sur\u00adtout des exp\u00e9\u00addi\u00adti\u00adons et de la comp\u00adta\u00adbi\u00adlit\u00e9 dans notre petite \u00ab&nbsp;ent\u00adre\u00adprise familiale&nbsp;\u00bb.<\/p>\n<p>[\/vc_column_text][vc_empty_space height=\u201c25\u201d][\/vc_column_inner][vc_column_inner width=\u201c1\/4\u201d][\/vc_column_inner][\/vc_row_inner][vc_row_inner][vc_column_inner]<\/p><div class=\"iw_cpt_image_gallery_advanced \"><div class=\"iw_cpt_image_gallery \" data-deactive_lightbox=\"false\"><div class=\"desktop\"><div class=\"iw_col_1_4\"><div class=\"iw_cpt_image_gallery_image one\"><img decoding=\"async\" src=\"https:\/\/farmworld.tv\/wp-content\/uploads\/2022\/11\/ltv-fwtv-leidenschaft-2003-image-01-970x728.jpg\" loading=\"lazy\"><\/div><\/div><div class=\"iw_col_1_2\"><div class=\"iw_cpt_image_gallery_image full two\"><img decoding=\"async\" src=\"https:\/\/farmworld.tv\/wp-content\/uploads\/2022\/11\/ltv-fwtv-leidenschaft-2003-image-02-970x728.jpg\" loading=\"lazy\"><\/div><\/div><div class=\"iw_col_1_4\"><div class=\"iw_cpt_image_gallery_image three\"><img decoding=\"async\" src=\"https:\/\/farmworld.tv\/wp-content\/uploads\/2022\/11\/ltv-fwtv-leidenschaft-2003-image-03-970x728.jpg\" loading=\"lazy\"><\/div><\/div><div class=\"iw_cpt_image_gallery_clearfix\"><\/div><div class=\"iw_col_1_2\"><\/div><div class=\"iw_col_1_2\"><\/div><\/div><div class=\"mobile\"><div class=\"iw_col_1_1\"><div class=\"iw_cpt_image_gallery_image full one\"><img decoding=\"async\" src=\"https:\/\/farmworld.tv\/wp-content\/uploads\/2022\/11\/ltv-fwtv-leidenschaft-2003-image-01-970x728.jpg\" loading=\"lazy\"><\/div><\/div><div class=\"iw_col_1_1\"><div class=\"iw_cpt_image_gallery_image\"><img decoding=\"async\" src=\"https:\/\/farmworld.tv\/wp-content\/uploads\/2022\/11\/ltv-fwtv-leidenschaft-2003-image-02-970x728.jpg\" loading=\"lazy\"><\/div><div class=\"iw_cpt_image_gallery_image\"><img decoding=\"async\" src=\"https:\/\/farmworld.tv\/wp-content\/uploads\/2022\/11\/ltv-fwtv-leidenschaft-2003-image-03-970x728.jpg\" loading=\"lazy\"><\/div><\/div><\/div><div class=\"iw_cpt_image_gallery_clearfix\"><\/div><\/div><\/div>[vc_empty_space height=\u201c25\u201d][\/vc_column_inner][\/vc_row_inner][vc_row_inner][vc_column_inner]            <div class=\"iw_svg_viewer \" style=\"text-align:center\">\n                \n                    <div class=\"iw_svg_viewer_content_wrapper\" style=\"width:2px; height:150px\">\n                        <?xml version=\"1.0\" encoding=\"UTF-8\"?><svg id=\"Layer_1\" viewBox=\"0 0 2 150\"><rect id=\"Rechteck_1061\" width=\"2\" height=\"150\" style=\"fill:#5aa05a;\" \/><\/svg>\n                    <\/div>\n                \n            <\/div>\n[vc_empty_space height=\u201c25\u201d][\/vc_column_inner][\/vc_row_inner][\/vc_column][\/vc_row][vc_row full_width=\u201cstretch_row\u201d][vc_column][vc_row_inner][vc_column_inner width=\u201c1\/4\u201d][\/vc_column_inner][vc_column_inner offset=\u201cvc_col-md\u20116\u201d][vc_column_text css=\u201d.vc_custom_1669630090530{margin-bottom: 15px !important;}\u201d]\n<h3 style=\"text-align: center;\"><span style=\"color: #5aa05a;\">2004 \u2013&nbsp;2005<\/span><\/h3>\n<p>[\/vc_column_text][vc_column_text css=\u201d.vc_custom_1676993886888{margin-bottom: 20px !important;}\u201d]<\/p>\n<h4 style=\"text-align: center;\">Notre premier tournage d\u2019un tracteur articul\u00e9<\/h4>\n<p>[\/vc_column_text][vc_column_text]<\/p>\n<p style=\"text-align: left;\">Nos archi\u00adves cin\u00e9\u00adma\u00adto\u00adgra\u00adphi\u00adques se sont d\u00e9ve\u00adlo\u00adp\u00adp\u00e9es, et nous avi\u00adons entre-temps d\u00e9j\u00e0 docu\u00adment\u00e9 les plus importants travaux des champs de notre r\u00e9gion. Au cours des \u00e9t\u00e9s 2004 et 2005, nous avons film\u00e9 pour la pre\u00admi\u00e8re fois dans le Meck\u00adlem\u00adbourg-Pom\u00e9\u00adra\u00adnie occi\u00adden\u00adtale, o\u00f9 nous avons \u00e9t\u00e9 con\u00adfron\u00adt\u00e9s \u00e0 des engins agri\u00adco\u00adles XXL. D\u00e8s lors, nous avons enre\u00adgis\u00adtr\u00e9 avec une cam\u00e9ra MiniDV. Nous n\u2019oublierons jamais les pri\u00adses de vue de notre pre\u00admier trac\u00adteur arti\u00adcul\u00e9, un John Deere 9320 uti\u00adlis\u00e9 pr\u00e8s de Mag\u00adde\u00adbourg. Ce tour\u00adnage, et bien d\u2019autres encore, ont donn\u00e9 nais\u00adsance \u00e0 des films de plu\u00ads\u00adieurs heu\u00adres inti\u00adtul\u00e9s \u00ab&nbsp;La tech\u00adni\u00adque agri\u00adcole \u00e0 la per\u00adfec\u00adtion&nbsp;\u00bb ou \u00ab&nbsp;Aven\u00adture Agri\u00adcul\u00adture&nbsp;\u00bb. Nos DVD sur la tech\u00adni\u00adque agri\u00adcole \u00e9tai\u00adent tou\u00adjours repro\u00adduits dans notre chambre d\u2019enfance. Entre-temps, nous avons \u00e9ga\u00adle\u00adment r\u00e9ussi \u00e0 appro\u00adcher des cli\u00adents \u00e0 l\u2019\u00e9tranger via&nbsp;eBay.<\/p>\n<p>[\/vc_column_text][vc_empty_space height=\u201c25\u201d][\/vc_column_inner][vc_column_inner width=\u201c1\/4\u201d][\/vc_column_inner][\/vc_row_inner][vc_row_inner][vc_column_inner]<\/p><div class=\"iw_cpt_image_gallery_advanced \"><div class=\"iw_cpt_image_gallery \" data-deactive_lightbox=\"false\"><div class=\"desktop\"><div class=\"iw_col_1_2\"><div class=\"iw_cpt_image_gallery_image one\"><img decoding=\"async\" src=\"https:\/\/farmworld.tv\/wp-content\/uploads\/2022\/11\/ltv-fwtv-leidenschaft-2004-2005-image-01-970x728.jpg\" loading=\"lazy\"><\/div><div class=\"iw_cpt_image_gallery_image two\"><img decoding=\"async\" src=\"https:\/\/farmworld.tv\/wp-content\/uploads\/2022\/11\/ltv-fwtv-leidenschaft-2004-2005-image-02-970x728.jpg\" loading=\"lazy\"><\/div><div class=\"iw_cpt_image_gallery_image\"><img decoding=\"async\" src=\"https:\/\/farmworld.tv\/wp-content\/uploads\/2022\/11\/ltv-fwtv-leidenschaft-2004-2005-image-04-970x728.jpg\" loading=\"lazy\"><\/div><div class=\"iw_cpt_image_gallery_image\"><img decoding=\"async\" src=\"https:\/\/farmworld.tv\/wp-content\/uploads\/2022\/11\/ltv-fwtv-leidenschaft-2004-2005-image-05-970x728.jpg\" loading=\"lazy\"><\/div><\/div><div class=\"iw_col_1_2\"><div class=\"iw_cpt_image_gallery_image full three\"><img decoding=\"async\" src=\"https:\/\/farmworld.tv\/wp-content\/uploads\/2022\/11\/ltv-fwtv-leidenschaft-2004-2005-image-03-970x728.jpg\" loading=\"lazy\"><\/div><\/div><div class=\"iw_cpt_image_gallery_clearfix\"><\/div><div class=\"iw_col_1_2\"><div class=\"iw_cpt_image_gallery_image\"><img decoding=\"async\" src=\"https:\/\/farmworld.tv\/wp-content\/uploads\/2023\/03\/ltv-fwtv-leidenschaft-2004-2005-image-06-970x728.jpg\" loading=\"lazy\"><\/div><\/div><div class=\"iw_col_1_2\"><\/div><\/div><div class=\"mobile\"><div class=\"iw_col_1_1\"><div class=\"iw_cpt_image_gallery_image full one\"><img decoding=\"async\" src=\"https:\/\/farmworld.tv\/wp-content\/uploads\/2022\/11\/ltv-fwtv-leidenschaft-2004-2005-image-01-970x728.jpg\" loading=\"lazy\"><\/div><\/div><div class=\"iw_col_1_1\"><div class=\"iw_cpt_image_gallery_image\"><img decoding=\"async\" src=\"https:\/\/farmworld.tv\/wp-content\/uploads\/2022\/11\/ltv-fwtv-leidenschaft-2004-2005-image-02-970x728.jpg\" loading=\"lazy\"><\/div><div class=\"iw_cpt_image_gallery_image\"><img decoding=\"async\" src=\"https:\/\/farmworld.tv\/wp-content\/uploads\/2022\/11\/ltv-fwtv-leidenschaft-2004-2005-image-03-970x728.jpg\" loading=\"lazy\"><\/div><div class=\"iw_cpt_image_gallery_image\"><img decoding=\"async\" src=\"https:\/\/farmworld.tv\/wp-content\/uploads\/2022\/11\/ltv-fwtv-leidenschaft-2004-2005-image-04-970x728.jpg\" loading=\"lazy\"><\/div><div class=\"iw_cpt_image_gallery_image\"><img decoding=\"async\" src=\"https:\/\/farmworld.tv\/wp-content\/uploads\/2022\/11\/ltv-fwtv-leidenschaft-2004-2005-image-05-970x728.jpg\" loading=\"lazy\"><\/div><div class=\"iw_cpt_image_gallery_image\"><img decoding=\"async\" src=\"https:\/\/farmworld.tv\/wp-content\/uploads\/2023\/03\/ltv-fwtv-leidenschaft-2004-2005-image-06-970x728.jpg\" loading=\"lazy\"><\/div><\/div><\/div><div class=\"iw_cpt_image_gallery_clearfix\"><\/div><\/div><\/div>[vc_empty_space height=\u201c25\u201d][\/vc_column_inner][\/vc_row_inner][vc_row_inner][vc_column_inner]            <div class=\"iw_svg_viewer \" style=\"text-align:center\">\n                \n                    <div class=\"iw_svg_viewer_content_wrapper\" style=\"width:2px; height:150px\">\n                        <?xml version=\"1.0\" encoding=\"UTF-8\"?><svg id=\"Layer_1\" viewBox=\"0 0 2 150\"><rect id=\"Rechteck_1061\" width=\"2\" height=\"150\" style=\"fill:#5aa05a;\" \/><\/svg>\n                    <\/div>\n                \n            <\/div>\n[vc_empty_space height=\u201c25\u201d][\/vc_column_inner][\/vc_row_inner][\/vc_column][\/vc_row][vc_row full_width=\u201cstretch_row\u201d][vc_column][vc_row_inner][vc_column_inner width=\u201c1\/4\u201d][\/vc_column_inner][vc_column_inner offset=\u201cvc_col-md\u20116\u201d][vc_column_text css=\u201d.vc_custom_1669630041717{margin-bottom: 15px !important;}\u201d]\n<h3 style=\"text-align: center;\"><span style=\"color: #5aa05a;\">2006 \u2013&nbsp;2008<\/span><\/h3>\n<p>[\/vc_column_text][vc_column_text css=\u201d.vc_custom_1676993916366{margin-bottom: 20px !important;}\u201d]<\/p>\n<h4 style=\"text-align: center;\">Un voyage HD dans toute l\u2019Allemagne<\/h4>\n<p>[\/vc_column_text][vc_column_text]<\/p>\n<p style=\"text-align: left;\">\u00c0 l\u2019occasion du 25e&nbsp;anni\u00adver\u00adsaire de l\u2019entreprise agri\u00adcole Blunk, nous avons accom\u00adpa\u00adgn\u00e9 son \u00e9quipe tout au long de la cam\u00adpa\u00adgne agri\u00adcole et avons eu pour la pre\u00admi\u00e8re fois recours \u00e0 un nar\u00adra\u00adteur pour ce DVD de tech\u00adni\u00adque agri\u00adcole. Le film a \u00e9t\u00e9 r\u00e9a\u00adlis\u00e9 en HD et les pho\u00adtos ont \u00e9t\u00e9 pri\u00adses pour la pre\u00admi\u00e8re fois avec un appa\u00adreil photo reflex. Landtechnikvideos.de est devenu notre adresse inter\u00adnet et notre nom de mar\u00adque. Pour la pre\u00admi\u00e8re fois, nous avons tourn\u00e9 \u00e0 l\u2019\u00e9tranger, en Hon\u00adgrie, et pro\u00adduit ainsi un dou\u00adble DVD \u00ab&nbsp;Trans\u00admis\u00adsion int\u00e9\u00adgrale \u2013 L\u2019entra\u00eenement pour tous&nbsp;\u00bb en externe dans un nombre d\u2019exemplaires plus important. Nous avons \u00e9ga\u00adle\u00adment film\u00e9 des images a\u00e9ri\u00aden\u00adnes lors du tra\u00advail du sol et de la r\u00e9colte du ma\u00efs avec un auto\u00adgire et un para\u00adpente. Nos cli\u00adents ont \u00e9t\u00e9 infor\u00adm\u00e9s pour la pre\u00admi\u00e8re fois d\u2019une nou\u00advelle publi\u00adca\u00adtion par cour\u00adrier. En avril 2007, nous avons t\u00e9l\u00e9\u00adcharg\u00e9 la pre\u00admi\u00e8re vid\u00e9o sur notre cha\u00eene YouTube.<\/p>\n<p>[\/vc_column_text][vc_empty_space height=\u201c25\u201d][\/vc_column_inner][vc_column_inner width=\u201c1\/4\u201d][\/vc_column_inner][\/vc_row_inner][vc_row_inner][vc_column_inner]<\/p><div class=\"iw_cpt_image_gallery_advanced \"><div class=\"iw_cpt_image_gallery \" data-deactive_lightbox=\"false\"><div class=\"desktop\"><div class=\"iw_col_1_2\"><div class=\"iw_cpt_image_gallery_image full one\"><img decoding=\"async\" src=\"https:\/\/farmworld.tv\/wp-content\/uploads\/2022\/11\/ltv-fwtv-leidenschaft-2006-2008-image-01-970x529.jpg\" loading=\"lazy\"><div class=\"clearfix\"><\/div><\/div><\/div><div class=\"iw_col_1_2\"><div class=\"iw_cpt_image_gallery_image two\"><img decoding=\"async\" src=\"https:\/\/farmworld.tv\/wp-content\/uploads\/2022\/11\/ltv-fwtv-leidenschaft-2006-2008-image-02-585x780.jpg\" loading=\"lazy\"><\/div><div class=\"iw_cpt_image_gallery_image three\"><img decoding=\"async\" src=\"https:\/\/farmworld.tv\/wp-content\/uploads\/2022\/11\/ltv-fwtv-leidenschaft-2006-2008-image-03-970x728.jpg\" loading=\"lazy\"><\/div><div class=\"iw_cpt_image_gallery_image\"><img decoding=\"async\" src=\"https:\/\/farmworld.tv\/wp-content\/uploads\/2022\/11\/ltv-fwtv-leidenschaft-2006-2008-image-04-970x728.jpg\" loading=\"lazy\"><\/div><div class=\"iw_cpt_image_gallery_image\"><img decoding=\"async\" src=\"https:\/\/farmworld.tv\/wp-content\/uploads\/2022\/11\/ltv-fwtv-leidenschaft-2006-2008-image-05-970x647.jpg\" loading=\"lazy\"><\/div><\/div><div class=\"iw_cpt_image_gallery_clearfix\"><\/div><div class=\"iw_col_1_2\"><div class=\"iw_cpt_image_gallery_image\"><img decoding=\"async\" src=\"https:\/\/farmworld.tv\/wp-content\/uploads\/2022\/11\/ltv-fwtv-leidenschaft-2006-2008-image-06-970x647.jpg\" loading=\"lazy\"><\/div><div class=\"iw_cpt_image_gallery_image\"><img decoding=\"async\" src=\"https:\/\/farmworld.tv\/wp-content\/uploads\/2022\/11\/ltv-fwtv-leidenschaft-2006-2008-image-07-970x647.jpg\" loading=\"lazy\"><\/div><\/div><div class=\"iw_col_1_2\"><\/div><\/div><div class=\"mobile\"><div class=\"iw_col_1_1\"><div class=\"iw_cpt_image_gallery_image full one\"><img decoding=\"async\" src=\"https:\/\/farmworld.tv\/wp-content\/uploads\/2022\/11\/ltv-fwtv-leidenschaft-2006-2008-image-01-970x529.jpg\" loading=\"lazy\"><\/div><\/div><div class=\"iw_col_1_1\"><div class=\"iw_cpt_image_gallery_image\"><img decoding=\"async\" src=\"https:\/\/farmworld.tv\/wp-content\/uploads\/2022\/11\/ltv-fwtv-leidenschaft-2006-2008-image-02-585x780.jpg\" loading=\"lazy\"><\/div><div class=\"iw_cpt_image_gallery_image\"><img decoding=\"async\" src=\"https:\/\/farmworld.tv\/wp-content\/uploads\/2022\/11\/ltv-fwtv-leidenschaft-2006-2008-image-03-970x728.jpg\" loading=\"lazy\"><\/div><div class=\"iw_cpt_image_gallery_image\"><img decoding=\"async\" src=\"https:\/\/farmworld.tv\/wp-content\/uploads\/2022\/11\/ltv-fwtv-leidenschaft-2006-2008-image-04-970x728.jpg\" loading=\"lazy\"><\/div><div class=\"iw_cpt_image_gallery_image\"><img decoding=\"async\" src=\"https:\/\/farmworld.tv\/wp-content\/uploads\/2022\/11\/ltv-fwtv-leidenschaft-2006-2008-image-05-970x647.jpg\" loading=\"lazy\"><\/div><div class=\"iw_cpt_image_gallery_image\"><img decoding=\"async\" src=\"https:\/\/farmworld.tv\/wp-content\/uploads\/2022\/11\/ltv-fwtv-leidenschaft-2006-2008-image-06-970x647.jpg\" loading=\"lazy\"><\/div><div class=\"iw_cpt_image_gallery_image\"><img decoding=\"async\" src=\"https:\/\/farmworld.tv\/wp-content\/uploads\/2022\/11\/ltv-fwtv-leidenschaft-2006-2008-image-07-970x647.jpg\" loading=\"lazy\"><\/div><\/div><\/div><div class=\"iw_cpt_image_gallery_clearfix\"><\/div><\/div><\/div>[vc_empty_space height=\u201c25\u201d][\/vc_column_inner][\/vc_row_inner][vc_row_inner][vc_column_inner]            <div class=\"iw_svg_viewer \" style=\"text-align:center\">\n                \n                    <div class=\"iw_svg_viewer_content_wrapper\" style=\"width:2px; height:150px\">\n                        <?xml version=\"1.0\" encoding=\"UTF-8\"?><svg id=\"Layer_1\" viewBox=\"0 0 2 150\"><rect id=\"Rechteck_1061\" width=\"2\" height=\"150\" style=\"fill:#5aa05a;\" \/><\/svg>\n                    <\/div>\n                \n            <\/div>\n[vc_empty_space height=\u201c25\u201d][\/vc_column_inner][\/vc_row_inner][\/vc_column][\/vc_row][vc_row full_width=\u201cstretch_row\u201d][vc_column][vc_row_inner][vc_column_inner width=\u201c1\/4\u201d][\/vc_column_inner][vc_column_inner offset=\u201cvc_col-md\u20116\u201d][vc_column_text css=\u201d.vc_custom_1669630262885{margin-bottom: 15px !important;}\u201d]\n<h3 style=\"text-align: center;\"><span style=\"color: #5aa05a;\">2009<\/span><\/h3>\n<p>[\/vc_column_text][vc_column_text css=\u201d.vc_custom_1676993962983{margin-bottom: 20px !important;}\u201d]<\/p>\n<h4 style=\"text-align: center;\">L\u2019agriculture en Am\u00e9rique du&nbsp;Nord<\/h4>\n<p>[\/vc_column_text][vc_column_text]<\/p>\n<p style=\"text-align: left;\">Nous avons tourn\u00e9 notre pre\u00admier v\u00e9ri\u00adta\u00adble docu\u00admen\u00adtaire \u00e0 l\u2019\u00e9tranger, au Canada, prin\u00adci\u00adpa\u00adle\u00adment dans la pro\u00advince de l\u2019Alberta et dans l\u2019\u00c9tat am\u00e9\u00adri\u00adcain du Mon\u00adtana. Com\u00adment les agri\u00adcul\u00adteurs r\u00e9a\u00adgi\u00adrai\u00adent-ils \u00e0 nos cam\u00e9\u00adras et que pen\u00adse\u00adrai\u00adent les spec\u00adta\u00adteurs de cette id\u00e9e&nbsp;? De nombreu\u00adses ques\u00adti\u00adons nous pr\u00e9\u00adoc\u00adcu\u00adp\u00adai\u00adent \u00e0 l\u2019\u00e9poque, lors\u00adque nous avons ent\u00adre\u00adpris ce voyage et r\u00e9el\u00adle\u00adment investi pour la pre\u00admi\u00e8re fois de l\u2019argent dans une pro\u00adduc\u00adtion. Par\u00adal\u00adl\u00e8\u00adle\u00adment au tour\u00adnage, nous avons r\u00e9dig\u00e9 des notes de blog pour rendre compte de nos exp\u00e9\u00adri\u00aden\u00adces quo\u00adti\u00addi\u00aden\u00adnes. Les deux volu\u00admes de \u00ab&nbsp;L\u2019agriculture en Am\u00e9\u00adri\u00adque du Nord&nbsp;\u00bb ont \u00e9t\u00e9 tra\u00adduits pour la pre\u00admi\u00e8re fois en ang\u00adlais et en fran\u00ad\u00e7ais. Le public inter\u00adna\u00adtio\u00adnal que nous avons \u00e9ga\u00adle\u00adment att\u00adeint par le biais de dis\u00adtri\u00adbu\u00adteurs et de mai\u00adsons d\u2019\u00e9dition a con\u00adtri\u00adbu\u00e9 \u00e0 aug\u00admen\u00adter les ven\u00adtes. La piste audio \u00ab&nbsp;no spea\u00adker&nbsp;\u00bb offrait au spec\u00adta\u00adteur la pos\u00adsi\u00adbi\u00adlit\u00e9 d\u2019appr\u00e9cier l\u2019ambiance sonore, sans inter\u00adven\u00adtion du nar\u00adra\u00adteur. Une carac\u00adt\u00e9\u00adris\u00adtique qui figure sur tous nos DVD de tech\u00adni\u00adque agri\u00adcole jusqu\u2019\u00e0 main\u00adten\u00adant. Le pre\u00admier v\u00e9ri\u00adta\u00adble logo \u00ab&nbsp;landtechnikvideos.de&nbsp;\u00bb a \u00e9t\u00e9&nbsp;cr\u00e9\u00e9.<\/p>\n<p>[\/vc_column_text][vc_empty_space height=\u201c25\u201d][\/vc_column_inner][vc_column_inner width=\u201c1\/4\u201d][\/vc_column_inner][\/vc_row_inner][vc_row_inner][vc_column_inner]<\/p><div class=\"iw_cpt_image_gallery_advanced \"><div class=\"iw_cpt_image_gallery \" data-deactive_lightbox=\"false\"><div class=\"desktop\"><div class=\"iw_col_1_4\"><div class=\"iw_cpt_image_gallery_image one\"><img decoding=\"async\" src=\"https:\/\/farmworld.tv\/wp-content\/uploads\/2022\/11\/ltv-fwtv-leidenschaft-2009-image-01-970x647.jpg\" loading=\"lazy\"><\/div><div class=\"iw_cpt_image_gallery_image\"><img decoding=\"async\" src=\"https:\/\/farmworld.tv\/wp-content\/uploads\/2022\/11\/ltv-fwtv-leidenschaft-2009-image-04-970x647.jpg\" loading=\"lazy\"><\/div><\/div><div class=\"iw_col_1_2\"><div class=\"iw_cpt_image_gallery_image full two\"><img decoding=\"async\" src=\"https:\/\/farmworld.tv\/wp-content\/uploads\/2022\/11\/ltv-fwtv-leidenschaft-2009-image-02-970x647.jpg\" loading=\"lazy\"><\/div><\/div><div class=\"iw_col_1_4\"><div class=\"iw_cpt_image_gallery_image three\"><img decoding=\"async\" src=\"https:\/\/farmworld.tv\/wp-content\/uploads\/2022\/11\/ltv-fwtv-leidenschaft-2009-image-03-970x647.jpg\" loading=\"lazy\"><\/div><div class=\"iw_cpt_image_gallery_image\"><img decoding=\"async\" src=\"https:\/\/farmworld.tv\/wp-content\/uploads\/2022\/11\/ltv-fwtv-leidenschaft-2009-image-05-970x647.jpg\" loading=\"lazy\"><\/div><\/div><div class=\"iw_cpt_image_gallery_clearfix\"><\/div><div class=\"iw_col_1_2\"><div class=\"iw_cpt_image_gallery_image\"><img decoding=\"async\" src=\"https:\/\/farmworld.tv\/wp-content\/uploads\/2022\/11\/ltv-fwtv-leidenschaft-2009-image-06-970x546.jpg\" loading=\"lazy\"><\/div><div class=\"iw_cpt_image_gallery_image\"><img decoding=\"async\" src=\"https:\/\/farmworld.tv\/wp-content\/uploads\/2022\/11\/ltv-fwtv-leidenschaft-2009-image-07-970x647.jpg\" loading=\"lazy\"><\/div><\/div><div class=\"iw_col_1_2\"><\/div><\/div><div class=\"mobile\"><div class=\"iw_col_1_1\"><div class=\"iw_cpt_image_gallery_image full one\"><img decoding=\"async\" src=\"https:\/\/farmworld.tv\/wp-content\/uploads\/2022\/11\/ltv-fwtv-leidenschaft-2009-image-01-970x647.jpg\" loading=\"lazy\"><\/div><\/div><div class=\"iw_col_1_1\"><div class=\"iw_cpt_image_gallery_image\"><img decoding=\"async\" src=\"https:\/\/farmworld.tv\/wp-content\/uploads\/2022\/11\/ltv-fwtv-leidenschaft-2009-image-02-970x647.jpg\" loading=\"lazy\"><\/div><div class=\"iw_cpt_image_gallery_image\"><img decoding=\"async\" src=\"https:\/\/farmworld.tv\/wp-content\/uploads\/2022\/11\/ltv-fwtv-leidenschaft-2009-image-03-970x647.jpg\" loading=\"lazy\"><\/div><div class=\"iw_cpt_image_gallery_image\"><img decoding=\"async\" src=\"https:\/\/farmworld.tv\/wp-content\/uploads\/2022\/11\/ltv-fwtv-leidenschaft-2009-image-04-970x647.jpg\" loading=\"lazy\"><\/div><div class=\"iw_cpt_image_gallery_image\"><img decoding=\"async\" src=\"https:\/\/farmworld.tv\/wp-content\/uploads\/2022\/11\/ltv-fwtv-leidenschaft-2009-image-05-970x647.jpg\" loading=\"lazy\"><\/div><div class=\"iw_cpt_image_gallery_image\"><img decoding=\"async\" src=\"https:\/\/farmworld.tv\/wp-content\/uploads\/2022\/11\/ltv-fwtv-leidenschaft-2009-image-06-970x546.jpg\" loading=\"lazy\"><\/div><div class=\"iw_cpt_image_gallery_image\"><img decoding=\"async\" src=\"https:\/\/farmworld.tv\/wp-content\/uploads\/2022\/11\/ltv-fwtv-leidenschaft-2009-image-07-970x647.jpg\" loading=\"lazy\"><\/div><\/div><\/div><div class=\"iw_cpt_image_gallery_clearfix\"><\/div><\/div><\/div>[vc_empty_space height=\u201c25\u201d][\/vc_column_inner][\/vc_row_inner][vc_row_inner][vc_column_inner]            <div class=\"iw_svg_viewer \" style=\"text-align:center\">\n                \n                    <div class=\"iw_svg_viewer_content_wrapper\" style=\"width:2px; height:150px\">\n                        <?xml version=\"1.0\" encoding=\"UTF-8\"?><svg id=\"Layer_1\" viewBox=\"0 0 2 150\"><rect id=\"Rechteck_1061\" width=\"2\" height=\"150\" style=\"fill:#5aa05a;\" \/><\/svg>\n                    <\/div>\n                \n            <\/div>\n[vc_empty_space height=\u201c25\u201d][\/vc_column_inner][\/vc_row_inner][\/vc_column][\/vc_row][vc_row full_width=\u201cstretch_row\u201d][vc_column][vc_row_inner][vc_column_inner width=\u201c1\/4\u201d][\/vc_column_inner][vc_column_inner offset=\u201cvc_col-md\u20116\u201d][vc_column_text css=\u201d.vc_custom_1669630347071{margin-bottom: 15px !important;}\u201d]\n<h3 style=\"text-align: center;\"><span style=\"color: #5aa05a;\">2010<\/span><\/h3>\n<p>[\/vc_column_text][vc_column_text css=\u201d.vc_custom_1676993981232{margin-bottom: 20px !important;}\u201d]<\/p>\n<h4 style=\"text-align: center;\">En route pour la r\u00e9gion des terres noires de Russie<\/h4>\n<p>[\/vc_column_text][vc_column_text]<\/p>\n<p style=\"text-align: left;\">Nous avi\u00adons une fois de plus envie de par\u00adtir \u00e0 l\u2019aventure. Gr\u00e2ce \u00e0 de bons cont\u00adacts, la Rus\u00adsie est deve\u00adnue notre pro\u00adchaine desti\u00adna\u00adtion. Mal\u00adgr\u00e9 les vio\u00adlents incen\u00addies de for\u00eat, nous avons ent\u00adre\u00adpris ce voyage en sep\u00adtembre 2010 et avons \u00e9t\u00e9 r\u00e9com\u00adpen\u00ads\u00e9s par des images impres\u00adsi\u00adon\u00adnan\u00adtes. Le fort con\u00adtraste entre l\u2019ancienne tech\u00adni\u00adque sovi\u00e9\u00adtique et les der\u00adni\u00e8\u00adres machi\u00adnes agri\u00adco\u00adles venues de l\u2019Ouest res\u00adtera grav\u00e9 dans nos m\u00e9moi\u00adres. Notre DVD \u00ab&nbsp;L\u2019agriculture en Rus\u00adsie&nbsp;\u00bb a \u00e9t\u00e9 tra\u00adduit en trois lan\u00adgues et vendu dans de nombreux pays. Une cam\u00e9ra d\u2019action GoPro Hero est venue com\u00adpl\u00e9\u00adter notre \u00e9qui\u00adpe\u00adment de tournage.<\/p>\n<p>[\/vc_column_text][vc_empty_space height=\u201c25\u201d][\/vc_column_inner][vc_column_inner width=\u201c1\/4\u201d][\/vc_column_inner][\/vc_row_inner][vc_row_inner][vc_column_inner]<\/p><div class=\"iw_cpt_image_gallery_advanced \"><div class=\"iw_cpt_image_gallery \" data-deactive_lightbox=\"false\"><div class=\"desktop\"><div class=\"iw_col_1_2\"><div class=\"iw_cpt_image_gallery_image one\"><img decoding=\"async\" src=\"https:\/\/farmworld.tv\/wp-content\/uploads\/2022\/11\/ltv-fwtv-leidenschaft-2010-image-01-970x647.jpg\" loading=\"lazy\"><\/div><div class=\"iw_cpt_image_gallery_image two\"><img decoding=\"async\" src=\"https:\/\/farmworld.tv\/wp-content\/uploads\/2022\/11\/ltv-fwtv-leidenschaft-2010-image-02-970x647.jpg\" loading=\"lazy\"><\/div><div class=\"iw_cpt_image_gallery_image\"><img decoding=\"async\" src=\"https:\/\/farmworld.tv\/wp-content\/uploads\/2022\/11\/ltv-fwtv-leidenschaft-2010-image-04-970x647.jpg\" loading=\"lazy\"><\/div><div class=\"iw_cpt_image_gallery_image\"><img decoding=\"async\" src=\"https:\/\/farmworld.tv\/wp-content\/uploads\/2022\/11\/ltv-fwtv-leidenschaft-2010-image-05-970x647.jpg\" loading=\"lazy\"><\/div><\/div><div class=\"iw_col_1_2\"><div class=\"iw_cpt_image_gallery_image full three\"><img decoding=\"async\" src=\"https:\/\/farmworld.tv\/wp-content\/uploads\/2022\/11\/ltv-fwtv-leidenschaft-2010-image-03-970x728.jpg\" loading=\"lazy\"><\/div><\/div><div class=\"iw_cpt_image_gallery_clearfix\"><\/div><div class=\"iw_col_1_2\"><div class=\"iw_cpt_image_gallery_image\"><img decoding=\"async\" src=\"https:\/\/farmworld.tv\/wp-content\/uploads\/2022\/11\/ltv-fwtv-leidenschaft-2010-image-06-585x780.jpg\" loading=\"lazy\"><\/div><div class=\"iw_cpt_image_gallery_image\"><img decoding=\"async\" src=\"https:\/\/farmworld.tv\/wp-content\/uploads\/2022\/11\/ltv-fwtv-leidenschaft-2010-image-07-970x728.jpg\" loading=\"lazy\"><\/div><\/div><div class=\"iw_col_1_2\"><div class=\"iw_cpt_image_gallery_image\"><img decoding=\"async\" src=\"https:\/\/farmworld.tv\/wp-content\/uploads\/2022\/11\/ltv-fwtv-leidenschaft-2010-image-08-970x647.jpg\" loading=\"lazy\"><\/div><\/div><\/div><div class=\"mobile\"><div class=\"iw_col_1_1\"><div class=\"iw_cpt_image_gallery_image full one\"><img decoding=\"async\" src=\"https:\/\/farmworld.tv\/wp-content\/uploads\/2022\/11\/ltv-fwtv-leidenschaft-2010-image-01-970x647.jpg\" loading=\"lazy\"><\/div><\/div><div class=\"iw_col_1_1\"><div class=\"iw_cpt_image_gallery_image\"><img decoding=\"async\" src=\"https:\/\/farmworld.tv\/wp-content\/uploads\/2022\/11\/ltv-fwtv-leidenschaft-2010-image-02-970x647.jpg\" loading=\"lazy\"><\/div><div class=\"iw_cpt_image_gallery_image\"><img decoding=\"async\" src=\"https:\/\/farmworld.tv\/wp-content\/uploads\/2022\/11\/ltv-fwtv-leidenschaft-2010-image-03-970x728.jpg\" loading=\"lazy\"><\/div><div class=\"iw_cpt_image_gallery_image\"><img decoding=\"async\" src=\"https:\/\/farmworld.tv\/wp-content\/uploads\/2022\/11\/ltv-fwtv-leidenschaft-2010-image-04-970x647.jpg\" loading=\"lazy\"><\/div><div class=\"iw_cpt_image_gallery_image\"><img decoding=\"async\" src=\"https:\/\/farmworld.tv\/wp-content\/uploads\/2022\/11\/ltv-fwtv-leidenschaft-2010-image-05-970x647.jpg\" loading=\"lazy\"><\/div><div class=\"iw_cpt_image_gallery_image\"><img decoding=\"async\" src=\"https:\/\/farmworld.tv\/wp-content\/uploads\/2022\/11\/ltv-fwtv-leidenschaft-2010-image-06-585x780.jpg\" loading=\"lazy\"><\/div><div class=\"iw_cpt_image_gallery_image\"><img decoding=\"async\" src=\"https:\/\/farmworld.tv\/wp-content\/uploads\/2022\/11\/ltv-fwtv-leidenschaft-2010-image-07-970x728.jpg\" loading=\"lazy\"><\/div><div class=\"iw_cpt_image_gallery_image\"><img decoding=\"async\" src=\"https:\/\/farmworld.tv\/wp-content\/uploads\/2022\/11\/ltv-fwtv-leidenschaft-2010-image-08-970x647.jpg\" loading=\"lazy\"><\/div><\/div><\/div><div class=\"iw_cpt_image_gallery_clearfix\"><\/div><\/div><\/div>[vc_empty_space height=\u201c25\u201d][\/vc_column_inner][\/vc_row_inner][vc_row_inner][vc_column_inner]            <div class=\"iw_svg_viewer \" style=\"text-align:center\">\n                \n                    <div class=\"iw_svg_viewer_content_wrapper\" style=\"width:2px; height:150px\">\n                        <?xml version=\"1.0\" encoding=\"UTF-8\"?><svg id=\"Layer_1\" viewBox=\"0 0 2 150\"><rect id=\"Rechteck_1061\" width=\"2\" height=\"150\" style=\"fill:#5aa05a;\" \/><\/svg>\n                    <\/div>\n                \n            <\/div>\n[vc_empty_space height=\u201c25\u201d][\/vc_column_inner][\/vc_row_inner][\/vc_column][\/vc_row][vc_row full_width=\u201cstretch_row\u201d][vc_column][vc_row_inner][vc_column_inner width=\u201c1\/4\u201d][\/vc_column_inner][vc_column_inner offset=\u201cvc_col-md\u20116\u201d][vc_column_text css=\u201d.vc_custom_1669630586822{margin-bottom: 15px !important;}\u201d]\n<h3 style=\"text-align: center;\"><span style=\"color: #5aa05a;\">2011<\/span><\/h3>\n<p>[\/vc_column_text][vc_column_text css=\u201d.vc_custom_1676993999715{margin-bottom: 20px !important;}\u201d]<\/p>\n<h4 style=\"text-align: center;\">\u00c0 la d\u00e9couverte du grenier \u00e0 bl\u00e9 du Canada<\/h4>\n<p>[\/vc_column_text][vc_column_text]<\/p>\n<p style=\"text-align: left;\">Au prin\u00adtemps, nous avons film\u00e9 en Bel\u00adgi\u00adque et aux Pays-Bas. De bons cont\u00adacts et l\u2019appel de l\u2019aventure nous ont de nou\u00adveau con\u00adduits au Canada lors de l\u2019\u00e9t\u00e9 2011. De Win\u00adni\u00adpeg \u00e0 Sas\u00adkatoon en pas\u00adsant par Regina, nous avons par\u00adcouru des mil\u00adliers de kilo\u00adm\u00e8\u00adtres. Nous avons ren\u00adcon\u00adtr\u00e9 des gens for\u00admi\u00adda\u00adbles et film\u00e9 des travaux avec des machi\u00adnes agri\u00adco\u00adles jusqu\u2019alors impen\u00adsables pour nous. Mais nous avons \u00e9ga\u00adle\u00adment \u00e9t\u00e9 actifs dans notre pro\u00adpre pays. Le coff\u00adret DVD \u00ab&nbsp;L\u2019agriculture en Alle\u00adma\u00adgne&nbsp;\u00bb a d\u00e9pass\u00e9 tout ce que nous avi\u00adons publi\u00e9 jusqu\u2019\u00e0 pr\u00e9\u00adsent&nbsp;: 370&nbsp;minu\u00adtes de film sur quatre DVD fil\u00adm\u00e9s dans tout le pays, embal\u00adl\u00e9s dans un beau coff\u00adret et tra\u00adduits en cinq lan\u00adgues (alle\u00admand, ang\u00adlais, fran\u00ad\u00e7ais, espa\u00adgnol, italien).<\/p>\n<p>[\/vc_column_text][vc_empty_space height=\u201c25\u201d][\/vc_column_inner][vc_column_inner width=\u201c1\/4\u201d][\/vc_column_inner][\/vc_row_inner][vc_row_inner][vc_column_inner]<\/p><div class=\"iw_cpt_image_gallery_advanced \"><div class=\"iw_cpt_image_gallery \" data-deactive_lightbox=\"false\"><div class=\"desktop\"><div class=\"iw_col_1_2\"><div class=\"iw_cpt_image_gallery_image full one\"><img decoding=\"async\" src=\"https:\/\/farmworld.tv\/wp-content\/uploads\/2022\/11\/ltv-fwtv-leidenschaft-2011-image-01-1-970x647.jpg\" loading=\"lazy\"><div class=\"clearfix\"><\/div><\/div><\/div><div class=\"iw_col_1_2\"><div class=\"iw_cpt_image_gallery_image two\"><img decoding=\"async\" src=\"https:\/\/farmworld.tv\/wp-content\/uploads\/2022\/11\/ltv-fwtv-leidenschaft-2011-image-02-1-970x647.jpg\" loading=\"lazy\"><\/div><div class=\"iw_cpt_image_gallery_image three\"><img decoding=\"async\" src=\"https:\/\/farmworld.tv\/wp-content\/uploads\/2022\/11\/ltv-fwtv-leidenschaft-2011-image-03-1-970x647.jpg\" loading=\"lazy\"><\/div><div class=\"iw_cpt_image_gallery_image\"><img decoding=\"async\" src=\"https:\/\/farmworld.tv\/wp-content\/uploads\/2022\/11\/ltv-fwtv-leidenschaft-2011-image-04-1-970x647.jpg\" loading=\"lazy\"><\/div><div class=\"iw_cpt_image_gallery_image\"><img decoding=\"async\" src=\"https:\/\/farmworld.tv\/wp-content\/uploads\/2022\/11\/ltv-fwtv-leidenschaft-2011-image-05-1-970x647.jpg\" loading=\"lazy\"><\/div><\/div><div class=\"iw_cpt_image_gallery_clearfix\"><\/div><div class=\"iw_col_1_2\"><div class=\"iw_cpt_image_gallery_image\"><img decoding=\"async\" src=\"https:\/\/farmworld.tv\/wp-content\/uploads\/2022\/11\/ltv-fwtv-leidenschaft-2011-image-06-1-970x647.jpg\" loading=\"lazy\"><\/div><div class=\"iw_cpt_image_gallery_image\"><img decoding=\"async\" src=\"https:\/\/farmworld.tv\/wp-content\/uploads\/2022\/11\/ltv-fwtv-leidenschaft-2011-image-07-1-970x647.jpg\" loading=\"lazy\"><\/div><\/div><div class=\"iw_col_1_2\"><div class=\"iw_cpt_image_gallery_image\"><img decoding=\"async\" src=\"https:\/\/farmworld.tv\/wp-content\/uploads\/2022\/11\/ltv-fwtv-leidenschaft-2011-image-08-1-970x728.jpg\" loading=\"lazy\"><\/div><\/div><\/div><div class=\"mobile\"><div class=\"iw_col_1_1\"><div class=\"iw_cpt_image_gallery_image full one\"><img decoding=\"async\" src=\"https:\/\/farmworld.tv\/wp-content\/uploads\/2022\/11\/ltv-fwtv-leidenschaft-2011-image-01-1-970x647.jpg\" loading=\"lazy\"><\/div><\/div><div class=\"iw_col_1_1\"><div class=\"iw_cpt_image_gallery_image\"><img decoding=\"async\" src=\"https:\/\/farmworld.tv\/wp-content\/uploads\/2022\/11\/ltv-fwtv-leidenschaft-2011-image-02-1-970x647.jpg\" loading=\"lazy\"><\/div><div class=\"iw_cpt_image_gallery_image\"><img decoding=\"async\" src=\"https:\/\/farmworld.tv\/wp-content\/uploads\/2022\/11\/ltv-fwtv-leidenschaft-2011-image-03-1-970x647.jpg\" loading=\"lazy\"><\/div><div class=\"iw_cpt_image_gallery_image\"><img decoding=\"async\" src=\"https:\/\/farmworld.tv\/wp-content\/uploads\/2022\/11\/ltv-fwtv-leidenschaft-2011-image-04-1-970x647.jpg\" loading=\"lazy\"><\/div><div class=\"iw_cpt_image_gallery_image\"><img decoding=\"async\" src=\"https:\/\/farmworld.tv\/wp-content\/uploads\/2022\/11\/ltv-fwtv-leidenschaft-2011-image-05-1-970x647.jpg\" loading=\"lazy\"><\/div><div class=\"iw_cpt_image_gallery_image\"><img decoding=\"async\" src=\"https:\/\/farmworld.tv\/wp-content\/uploads\/2022\/11\/ltv-fwtv-leidenschaft-2011-image-06-1-970x647.jpg\" loading=\"lazy\"><\/div><div class=\"iw_cpt_image_gallery_image\"><img decoding=\"async\" src=\"https:\/\/farmworld.tv\/wp-content\/uploads\/2022\/11\/ltv-fwtv-leidenschaft-2011-image-07-1-970x647.jpg\" loading=\"lazy\"><\/div><div class=\"iw_cpt_image_gallery_image\"><img decoding=\"async\" src=\"https:\/\/farmworld.tv\/wp-content\/uploads\/2022\/11\/ltv-fwtv-leidenschaft-2011-image-08-1-970x728.jpg\" loading=\"lazy\"><\/div><\/div><\/div><div class=\"iw_cpt_image_gallery_clearfix\"><\/div><\/div><\/div>[vc_empty_space height=\u201c25\u201d][\/vc_column_inner][\/vc_row_inner][vc_row_inner][vc_column_inner]            <div class=\"iw_svg_viewer \" style=\"text-align:center\">\n                \n                    <div class=\"iw_svg_viewer_content_wrapper\" style=\"width:2px; height:150px\">\n                        <?xml version=\"1.0\" encoding=\"UTF-8\"?><svg id=\"Layer_1\" viewBox=\"0 0 2 150\"><rect id=\"Rechteck_1061\" width=\"2\" height=\"150\" style=\"fill:#5aa05a;\" \/><\/svg>\n                    <\/div>\n                \n            <\/div>\n[vc_empty_space height=\u201c25\u201d][\/vc_column_inner][\/vc_row_inner][\/vc_column][\/vc_row][vc_row full_width=\u201cstretch_row\u201d][vc_column][vc_row_inner][vc_column_inner width=\u201c1\/4\u201d][\/vc_column_inner][vc_column_inner offset=\u201cvc_col-md\u20116\u201d][vc_column_text css=\u201d.vc_custom_1669630739589{margin-bottom: 15px !important;}\u201d]\n<h3 style=\"text-align: center;\"><span style=\"color: #5aa05a;\">2012<\/span><\/h3>\n<p>[\/vc_column_text][vc_column_text css=\u201d.vc_custom_1676994018000{margin-bottom: 20px !important;}\u201d]<\/p>\n<h4 style=\"text-align: center;\">Le Midwest am\u00e9ricain et l\u2019Australie<\/h4>\n<p>[\/vc_column_text][vc_column_text]<\/p>\n<p style=\"text-align: left;\">L\u2019enthousiasme de nos fans pour notre pre\u00admi\u00e8re pro\u00adduc\u00adtion au Canada nous a inci\u00adt\u00e9s \u00e0 entre\u00adprendre un nou\u00adveau voyage \u00e0 l\u2019\u00e9tranger au prin\u00adtemps 2012. Des semoirs g\u00e9ants et des trac\u00adteurs arti\u00adcul\u00e9s \u00e0 trois pneus ont mar\u00adqu\u00e9 ce tour\u00adnage. Notre docu\u00admen\u00adtaire \u00ab&nbsp;L\u2019agriculture en Am\u00e9\u00adri\u00adque du Nord Par\u00adtie&nbsp;3&nbsp;\u00bb a donn\u00e9 nais\u00adsance \u00e0 un DVD et \u00e0 un dis\u00adque Blu-ray. Une page Face\u00adbook a \u00e9t\u00e9 cr\u00e9\u00e9e pour Landtechnikvideos.de. Nous nous en som\u00admes ser\u00advis pour tenir les fans de notre tra\u00advail au cou\u00adrant des tour\u00adna\u00adges. \u00c0 la fin de l\u2019\u00e9t\u00e9, nous som\u00admes all\u00e9s pour la pre\u00admi\u00e8re fois en R\u00e9pu\u00adbli\u00adque tch\u00e8\u00adque. En d\u00e9cembre 2012, nous avons film\u00e9 la r\u00e9colte des c\u00e9r\u00e9a\u00adles, \u00e0 une temp\u00e9\u00adra\u00adture mon\u00adtant par\u00adfois jusqu\u2019\u00e0 47&nbsp;degr\u00e9s, dans l\u2019ouest de l\u2019Australie, et donc pour la pre\u00admi\u00e8re fois dans l\u2019h\u00e9misph\u00e8re sud. C\u2019\u00e9tait notre pro\u00adduc\u00adtion la plus co\u00fb\u00adteuse jusque-l\u00e0&nbsp;!<\/p>\n<p>[\/vc_column_text][vc_empty_space height=\u201c25\u201d][\/vc_column_inner][vc_column_inner width=\u201c1\/4\u201d][\/vc_column_inner][\/vc_row_inner][vc_row_inner][vc_column_inner]<\/p><div class=\"iw_cpt_image_gallery_advanced \"><div class=\"iw_cpt_image_gallery \" data-deactive_lightbox=\"false\"><div class=\"desktop\"><div class=\"iw_col_1_4\"><div class=\"iw_cpt_image_gallery_image one\"><img decoding=\"async\" src=\"https:\/\/farmworld.tv\/wp-content\/uploads\/2022\/11\/ltv-fwtv-leidenschaft-2012-image-09-970x647.jpg\" loading=\"lazy\"><\/div><div class=\"iw_cpt_image_gallery_image\"><img decoding=\"async\" src=\"https:\/\/farmworld.tv\/wp-content\/uploads\/2022\/11\/ltv-fwtv-leidenschaft-2012-image-03-970x728.jpg\" loading=\"lazy\"><\/div><\/div><div class=\"iw_col_1_2\"><div class=\"iw_cpt_image_gallery_image full two\"><img decoding=\"async\" src=\"https:\/\/farmworld.tv\/wp-content\/uploads\/2022\/11\/ltv-fwtv-leidenschaft-2012-image-02-970x647.jpg\" loading=\"lazy\"><\/div><\/div><div class=\"iw_col_1_4\"><div class=\"iw_cpt_image_gallery_image three\"><img decoding=\"async\" src=\"https:\/\/farmworld.tv\/wp-content\/uploads\/2022\/11\/ltv-fwtv-leidenschaft-2012-image-08-970x647.jpg\" loading=\"lazy\"><\/div><div class=\"iw_cpt_image_gallery_image\"><img decoding=\"async\" src=\"https:\/\/farmworld.tv\/wp-content\/uploads\/2022\/11\/ltv-fwtv-leidenschaft-2012-image-04-970x728.jpg\" loading=\"lazy\"><\/div><\/div><div class=\"iw_cpt_image_gallery_clearfix\"><\/div><div class=\"iw_col_1_2\"><div class=\"iw_cpt_image_gallery_image\"><img decoding=\"async\" src=\"https:\/\/farmworld.tv\/wp-content\/uploads\/2022\/11\/ltv-fwtv-leidenschaft-2012-image-07-970x647.jpg\" loading=\"lazy\"><\/div><div class=\"iw_cpt_image_gallery_image\"><img decoding=\"async\" src=\"https:\/\/farmworld.tv\/wp-content\/uploads\/2022\/11\/ltv-fwtv-leidenschaft-2012-image-05-970x728.jpg\" loading=\"lazy\"><\/div><\/div><div class=\"iw_col_1_2\"><div class=\"iw_cpt_image_gallery_image\"><img decoding=\"async\" src=\"https:\/\/farmworld.tv\/wp-content\/uploads\/2022\/11\/ltv-fwtv-leidenschaft-2012-image-01-970x647.jpg\" loading=\"lazy\"><\/div><div class=\"iw_cpt_image_gallery_image\"><img decoding=\"async\" src=\"https:\/\/farmworld.tv\/wp-content\/uploads\/2022\/11\/ltv-fwtv-leidenschaft-2012-image-06-970x728.jpg\" loading=\"lazy\"><\/div><\/div><\/div><div class=\"mobile\"><div class=\"iw_col_1_1\"><div class=\"iw_cpt_image_gallery_image full one\"><img decoding=\"async\" src=\"https:\/\/farmworld.tv\/wp-content\/uploads\/2022\/11\/ltv-fwtv-leidenschaft-2012-image-09-970x647.jpg\" loading=\"lazy\"><\/div><\/div><div class=\"iw_col_1_1\"><div class=\"iw_cpt_image_gallery_image\"><img decoding=\"async\" src=\"https:\/\/farmworld.tv\/wp-content\/uploads\/2022\/11\/ltv-fwtv-leidenschaft-2012-image-02-970x647.jpg\" loading=\"lazy\"><\/div><div class=\"iw_cpt_image_gallery_image\"><img decoding=\"async\" src=\"https:\/\/farmworld.tv\/wp-content\/uploads\/2022\/11\/ltv-fwtv-leidenschaft-2012-image-08-970x647.jpg\" loading=\"lazy\"><\/div><div class=\"iw_cpt_image_gallery_image\"><img decoding=\"async\" src=\"https:\/\/farmworld.tv\/wp-content\/uploads\/2022\/11\/ltv-fwtv-leidenschaft-2012-image-03-970x728.jpg\" loading=\"lazy\"><\/div><div class=\"iw_cpt_image_gallery_image\"><img decoding=\"async\" src=\"https:\/\/farmworld.tv\/wp-content\/uploads\/2022\/11\/ltv-fwtv-leidenschaft-2012-image-04-970x728.jpg\" loading=\"lazy\"><\/div><div class=\"iw_cpt_image_gallery_image\"><img decoding=\"async\" src=\"https:\/\/farmworld.tv\/wp-content\/uploads\/2022\/11\/ltv-fwtv-leidenschaft-2012-image-07-970x647.jpg\" loading=\"lazy\"><\/div><div class=\"iw_cpt_image_gallery_image\"><img decoding=\"async\" src=\"https:\/\/farmworld.tv\/wp-content\/uploads\/2022\/11\/ltv-fwtv-leidenschaft-2012-image-05-970x728.jpg\" loading=\"lazy\"><\/div><div class=\"iw_cpt_image_gallery_image\"><img decoding=\"async\" src=\"https:\/\/farmworld.tv\/wp-content\/uploads\/2022\/11\/ltv-fwtv-leidenschaft-2012-image-01-970x647.jpg\" loading=\"lazy\"><\/div><div class=\"iw_cpt_image_gallery_image\"><img decoding=\"async\" src=\"https:\/\/farmworld.tv\/wp-content\/uploads\/2022\/11\/ltv-fwtv-leidenschaft-2012-image-06-970x728.jpg\" loading=\"lazy\"><\/div><\/div><\/div><div class=\"iw_cpt_image_gallery_clearfix\"><\/div><\/div><\/div>[vc_empty_space height=\u201c25\u201d][\/vc_column_inner][\/vc_row_inner][vc_row_inner][vc_column_inner]            <div class=\"iw_svg_viewer \" style=\"text-align:center\">\n                \n                    <div class=\"iw_svg_viewer_content_wrapper\" style=\"width:2px; height:150px\">\n                        <?xml version=\"1.0\" encoding=\"UTF-8\"?><svg id=\"Layer_1\" viewBox=\"0 0 2 150\"><rect id=\"Rechteck_1061\" width=\"2\" height=\"150\" style=\"fill:#5aa05a;\" \/><\/svg>\n                    <\/div>\n                \n            <\/div>\n[vc_empty_space height=\u201c25\u201d][\/vc_column_inner][\/vc_row_inner][\/vc_column][\/vc_row][vc_row full_width=\u201cstretch_row\u201d][vc_column][vc_row_inner][vc_column_inner width=\u201c1\/4\u201d][\/vc_column_inner][vc_column_inner offset=\u201cvc_col-md\u20116\u201d][vc_column_text css=\u201d.vc_custom_1669630811524{margin-bottom: 15px !important;}\u201d]\n<h3 style=\"text-align: center;\"><span style=\"color: #5aa05a;\">2013<\/span><\/h3>\n<p>[\/vc_column_text][vc_column_text css=\u201d.vc_custom_1676994036607{margin-bottom: 20px !important;}\u201d]<\/p>\n<h4 style=\"text-align: center;\">R\u00e9colte de ma\u00efs en Allemagne et voyage en Australie<\/h4>\n<p>[\/vc_column_text][vc_column_text]<\/p>\n<p style=\"text-align: left;\">Au prin\u00adtemps, nous avons ent\u00adre\u00adpris deux aut\u00adres voy\u00ada\u00adges de tour\u00adnage en Aus\u00adtra\u00adlie. Sur place, nous avons par\u00adcouru des mil\u00adliers de kilo\u00adm\u00e8\u00adtres et film\u00e9 des dizai\u00adnes d\u2019exploitations. Notam\u00adment une tra\u00advail\u00adlant avec le plus grand semoir du monde&nbsp;! C\u2019est l\u00e0 que nous avons pu obser\u00adver pour la pre\u00admi\u00e8re fois la cul\u00adture de la canne \u00e0 sucre. Pour notre film \u00ab&nbsp;Le point sur le mat\u00e9\u00adriel agri\u00adcole \u2013 La r\u00e9colte du ma\u00efs&nbsp;\u00bb, nous nous som\u00admes int\u00e9\u00adres\u00ads\u00e9s aux ensi\u00adleu\u00adses les plus puis\u00adsan\u00adtes et avons tourn\u00e9 dans dif\u00adf\u00e9\u00adren\u00adtes r\u00e9gions d\u2019Allemagne. Nous avons alors tourn\u00e9 des vues a\u00e9ri\u00aden\u00adnes autour de la Krone BigX \u00e0 par\u00adtir d\u2019un para\u00adpente moto\u00adris\u00e9. Cette vid\u00e9o est \u00e9ga\u00adle\u00adment sor\u00adtie en Blu-ray. Tout au long de l\u2019ann\u00e9e, nous avons \u00e9ga\u00adle\u00adment accom\u00adpa\u00adgn\u00e9 l\u2019\u00e9quipe de l\u2019entreprise agri\u00adcole Reiff au Luxem\u00adbourg pour un nou\u00adveau repor\u00adtage. Pour l\u2019ann\u00e9e 2014, nous avons cr\u00e9\u00e9 un cal\u00aden\u00addrier heb\u00addomad\u00adaire avec 52&nbsp;photos.<\/p>\n<p>[\/vc_column_text][vc_empty_space height=\u201c25\u201d][\/vc_column_inner][vc_column_inner width=\u201c1\/4\u201d][\/vc_column_inner][\/vc_row_inner][vc_row_inner][vc_column_inner]<\/p><div class=\"iw_cpt_image_gallery_advanced \"><div class=\"iw_cpt_image_gallery \" data-deactive_lightbox=\"false\"><div class=\"desktop\"><div class=\"iw_col_1_2\"><div class=\"iw_cpt_image_gallery_image one\"><img decoding=\"async\" src=\"https:\/\/farmworld.tv\/wp-content\/uploads\/2022\/11\/ltv-fwtv-leidenschaft-2013-image-01-970x647.jpg\" loading=\"lazy\"><\/div><div class=\"iw_cpt_image_gallery_image two\"><img decoding=\"async\" src=\"https:\/\/farmworld.tv\/wp-content\/uploads\/2022\/11\/ltv-fwtv-leidenschaft-2013-image-02-970x647.jpg\" loading=\"lazy\"><\/div><div class=\"iw_cpt_image_gallery_image\"><img decoding=\"async\" src=\"https:\/\/farmworld.tv\/wp-content\/uploads\/2022\/11\/ltv-fwtv-leidenschaft-2013-image-04-970x647.jpg\" loading=\"lazy\"><\/div><div class=\"iw_cpt_image_gallery_image\"><img decoding=\"async\" src=\"https:\/\/farmworld.tv\/wp-content\/uploads\/2022\/11\/ltv-fwtv-leidenschaft-2013-image-05-970x647.jpg\" loading=\"lazy\"><\/div><\/div><div class=\"iw_col_1_2\"><div class=\"iw_cpt_image_gallery_image full three\"><img decoding=\"async\" src=\"https:\/\/farmworld.tv\/wp-content\/uploads\/2022\/11\/ltv-fwtv-leidenschaft-2013-image-03-970x647.jpg\" loading=\"lazy\"><\/div><\/div><div class=\"iw_cpt_image_gallery_clearfix\"><\/div><div class=\"iw_col_1_2\"><\/div><div class=\"iw_col_1_2\"><\/div><\/div><div class=\"mobile\"><div class=\"iw_col_1_1\"><div class=\"iw_cpt_image_gallery_image full one\"><img decoding=\"async\" src=\"https:\/\/farmworld.tv\/wp-content\/uploads\/2022\/11\/ltv-fwtv-leidenschaft-2013-image-01-970x647.jpg\" loading=\"lazy\"><\/div><\/div><div class=\"iw_col_1_1\"><div class=\"iw_cpt_image_gallery_image\"><img decoding=\"async\" src=\"https:\/\/farmworld.tv\/wp-content\/uploads\/2022\/11\/ltv-fwtv-leidenschaft-2013-image-02-970x647.jpg\" loading=\"lazy\"><\/div><div class=\"iw_cpt_image_gallery_image\"><img decoding=\"async\" src=\"https:\/\/farmworld.tv\/wp-content\/uploads\/2022\/11\/ltv-fwtv-leidenschaft-2013-image-03-970x647.jpg\" loading=\"lazy\"><\/div><div class=\"iw_cpt_image_gallery_image\"><img decoding=\"async\" src=\"https:\/\/farmworld.tv\/wp-content\/uploads\/2022\/11\/ltv-fwtv-leidenschaft-2013-image-04-970x647.jpg\" loading=\"lazy\"><\/div><div class=\"iw_cpt_image_gallery_image\"><img decoding=\"async\" src=\"https:\/\/farmworld.tv\/wp-content\/uploads\/2022\/11\/ltv-fwtv-leidenschaft-2013-image-05-970x647.jpg\" loading=\"lazy\"><\/div><\/div><\/div><div class=\"iw_cpt_image_gallery_clearfix\"><\/div><\/div><\/div>[vc_empty_space height=\u201c25\u201d][\/vc_column_inner][\/vc_row_inner][vc_row_inner][vc_column_inner]            <div class=\"iw_svg_viewer \" style=\"text-align:center\">\n                \n                    <div class=\"iw_svg_viewer_content_wrapper\" style=\"width:2px; height:150px\">\n                        <?xml version=\"1.0\" encoding=\"UTF-8\"?><svg id=\"Layer_1\" viewBox=\"0 0 2 150\"><rect id=\"Rechteck_1061\" width=\"2\" height=\"150\" style=\"fill:#5aa05a;\" \/><\/svg>\n                    <\/div>\n                \n            <\/div>\n[vc_empty_space height=\u201c25\u201d][\/vc_column_inner][\/vc_row_inner][\/vc_column][\/vc_row][vc_row full_width=\u201cstretch_row\u201d][vc_column][vc_row_inner][vc_column_inner width=\u201c1\/4\u201d][\/vc_column_inner][vc_column_inner offset=\u201cvc_col-md\u20116\u201d][vc_column_text css=\u201d.vc_custom_1669630897559{margin-bottom: 15px !important;}\u201d]\n<h3 style=\"text-align: center;\"><span style=\"color: #5aa05a;\">2014<\/span><\/h3>\n<p>[\/vc_column_text][vc_column_text css=\u201d.vc_custom_1676994054782{margin-bottom: 20px !important;}\u201d]<\/p>\n<h4 style=\"text-align: center;\">L\u2019agriculture en Australie et l\u2019entreprise de travaux agricoles Reiff<\/h4>\n<p>[\/vc_column_text][vc_column_text]<\/p>\n<p style=\"text-align: left;\">Le DVD \u00ab&nbsp;L\u2019entreprise de travaux agri\u00adco\u00adles J\u2011Reiff Par\u00adtie 1&nbsp;\u00bb est sorti au prin\u00adtemps 2014. Il \u00e9tait l\u2019un des nombreux pro\u00adjets que nous avons r\u00e9a\u00adli\u00ads\u00e9s par la suite avec Reiff et que nous r\u00e9a\u00adli\u00adsons encore aujourd\u2019hui. Ce DVD a m\u00eame \u00e9t\u00e9 tra\u00adduit en sept lan\u00adgues, y com\u00adpris en n\u00e9er\u00adlan\u00addais et en luxem\u00adbour\u00adgeois. Notre docu\u00admen\u00adtaire le plus r\u00e9ussi \u00e0 ce jour, \u00ab&nbsp;L\u2019agriculture en Aus\u00adtra\u00adlie&nbsp;\u00bb, est sorti plus tard dans l\u2019ann\u00e9e. Comme tou\u00adjours, ce coff\u00adret de trois DVD a \u00e9t\u00e9 r\u00e9a\u00adlis\u00e9 de mani\u00e8re tota\u00adle\u00adment ind\u00e9\u00adpen\u00addante, sans aucun spon\u00adsor, et donne un aper\u00e7u com\u00adplet de l\u2019agriculture et de ses d\u00e9fis en Aus\u00adtra\u00adlie. Nous avons r\u00e9a\u00adlis\u00e9 tout le tra\u00advail, de la recher\u00adche \u00e0 la con\u00adcep\u00adtion du pro\u00adduit, en pas\u00adsant par le tour\u00adnage, le mon\u00adtage du film et le son. Pour l\u2019ann\u00e9e 2015, nous avons pro\u00adduit pour la pre\u00admi\u00e8re fois un cal\u00aden\u00addrier men\u00adsuel dont les motifs sont \u00e9ga\u00adle\u00adment pr\u00e9\u00adsen\u00adt\u00e9s \u00e0 l\u2019ac\u00adtion dans un DVD joint. Ce cal\u00aden\u00addrier a \u00e9t\u00e9 vendu dans toute l\u2019Europe. L\u2019arriv\u00e9e du pre\u00admier drone dans notre \u00e9qui\u00adpe\u00adment a ouvert un tout nou\u00adveau champ de pos\u00adsi\u00adbi\u00adli\u00adt\u00e9s pour nos tour\u00adna\u00adges. La tech\u00adni\u00adque des dro\u00adnes s\u2019est rapi\u00adde\u00adment am\u00e9\u00adlio\u00adr\u00e9e, et la deu\u00adxi\u00e8me et troi\u00adsi\u00e8me g\u00e9n\u00e9\u00adra\u00adtion nous ont per\u00admis de r\u00e9a\u00adli\u00adser des angles de vue impres\u00adsi\u00adon\u00adnants. Notre cam\u00e9ra a alors \u00e9t\u00e9 capa\u00adble d\u2019enregistrer sur des car\u00adtes m\u00e9moire. Nous avons uti\u00adlis\u00e9 cette nou\u00advelle tech\u00adni\u00adque d\u00e8s nos pre\u00admiers tour\u00adna\u00adges en France. Plu\u00ads\u00adieurs m\u00e9dias alle\u00admands ont parl\u00e9 de notre tra\u00advail en 2014. Parmi eux, le Nord\u00addeut\u00adscher Rund\u00adfunk, la Bay\u00adri\u00adsche Fern\u00adse\u00adhen, Sat.1\u2011Regional et Deut\u00adsche Welle. Nous avons ras\u00adsem\u00adbl\u00e9 sur notre site inter\u00adnet divers repor\u00adta\u00adges t\u00e9l\u00e9\u00advi\u00ads\u00e9s, artic\u00adles de jour\u00adnaux et enre\u00adgis\u00adtre\u00adments radio\u00adpho\u00adni\u00adques. J\u00f6rn reprend les acti\u00advi\u00adt\u00e9s d\u2019agence et fonde agrimotion.com.<\/p>\n<p>[\/vc_column_text][vc_empty_space height=\u201c25\u201d][\/vc_column_inner][vc_column_inner width=\u201c1\/4\u201d][\/vc_column_inner][\/vc_row_inner][vc_row_inner][vc_column_inner]<\/p><div class=\"iw_cpt_image_gallery_advanced \"><div class=\"iw_cpt_image_gallery \" data-deactive_lightbox=\"false\"><div class=\"desktop\"><div class=\"iw_col_1_2\"><div class=\"iw_cpt_image_gallery_image full one\"><img decoding=\"async\" src=\"https:\/\/farmworld.tv\/wp-content\/uploads\/2022\/11\/ltv-fwtv-leidenschaft-2014-image-01-970x647.jpg\" loading=\"lazy\"><div class=\"clearfix\"><\/div><\/div><\/div><div class=\"iw_col_1_2\"><div class=\"iw_cpt_image_gallery_image two\"><img decoding=\"async\" src=\"https:\/\/farmworld.tv\/wp-content\/uploads\/2022\/11\/ltv-fwtv-leidenschaft-2014-image-02-970x647.jpg\" loading=\"lazy\"><\/div><div class=\"iw_cpt_image_gallery_image three\"><img decoding=\"async\" src=\"https:\/\/farmworld.tv\/wp-content\/uploads\/2022\/11\/ltv-fwtv-leidenschaft-2014-image-03-970x647.jpg\" loading=\"lazy\"><\/div><div class=\"iw_cpt_image_gallery_image\"><img decoding=\"async\" src=\"https:\/\/farmworld.tv\/wp-content\/uploads\/2022\/11\/ltv-fwtv-leidenschaft-2014-image-04-970x647.jpg\" loading=\"lazy\"><\/div><\/div><div class=\"iw_cpt_image_gallery_clearfix\"><\/div><div class=\"iw_col_1_2\"><\/div><div class=\"iw_col_1_2\"><\/div><\/div><div class=\"mobile\"><div class=\"iw_col_1_1\"><div class=\"iw_cpt_image_gallery_image full one\"><img decoding=\"async\" src=\"https:\/\/farmworld.tv\/wp-content\/uploads\/2022\/11\/ltv-fwtv-leidenschaft-2014-image-01-970x647.jpg\" loading=\"lazy\"><\/div><\/div><div class=\"iw_col_1_1\"><div class=\"iw_cpt_image_gallery_image\"><img decoding=\"async\" src=\"https:\/\/farmworld.tv\/wp-content\/uploads\/2022\/11\/ltv-fwtv-leidenschaft-2014-image-02-970x647.jpg\" loading=\"lazy\"><\/div><div class=\"iw_cpt_image_gallery_image\"><img decoding=\"async\" src=\"https:\/\/farmworld.tv\/wp-content\/uploads\/2022\/11\/ltv-fwtv-leidenschaft-2014-image-03-970x647.jpg\" loading=\"lazy\"><\/div><div class=\"iw_cpt_image_gallery_image\"><img decoding=\"async\" src=\"https:\/\/farmworld.tv\/wp-content\/uploads\/2022\/11\/ltv-fwtv-leidenschaft-2014-image-04-970x647.jpg\" loading=\"lazy\"><\/div><\/div><\/div><div class=\"iw_cpt_image_gallery_clearfix\"><\/div><\/div><\/div>[vc_empty_space height=\u201c25\u201d][\/vc_column_inner][\/vc_row_inner][vc_row_inner][vc_column_inner]            <div class=\"iw_svg_viewer \" style=\"text-align:center\">\n                \n                    <div class=\"iw_svg_viewer_content_wrapper\" style=\"width:2px; height:150px\">\n                        <?xml version=\"1.0\" encoding=\"UTF-8\"?><svg id=\"Layer_1\" viewBox=\"0 0 2 150\"><rect id=\"Rechteck_1061\" width=\"2\" height=\"150\" style=\"fill:#5aa05a;\" \/><\/svg>\n                    <\/div>\n                \n            <\/div>\n[vc_empty_space height=\u201c25\u201d][\/vc_column_inner][\/vc_row_inner][\/vc_column][\/vc_row][vc_row full_width=\u201cstretch_row\u201d][vc_column][vc_row_inner][vc_column_inner width=\u201c1\/4\u201d][\/vc_column_inner][vc_column_inner offset=\u201cvc_col-md\u20116\u201d][vc_column_text css=\u201d.vc_custom_1669631003889{margin-bottom: 15px !important;}\u201d]\n<h3 style=\"text-align: center;\"><span style=\"color: #5aa05a;\">2015<\/span><\/h3>\n<p>[\/vc_column_text][vc_column_text css=\u201d.vc_custom_1676994073780{margin-bottom: 20px !important;}\u201d]<\/p>\n<h4 style=\"text-align: center;\">En route pour la France, la Russie &amp; le Canada<\/h4>\n<p>[\/vc_column_text][vc_column_text]<\/p>\n<p style=\"text-align: left;\">L\u2019agriculture fran\u00ad\u00e7aise est incroya\u00adblem\u00adent vari\u00e9e. D\u00e8s le d\u00e9part, il \u00e9tait clair que nous devi\u00adons rendre visite plu\u00ads\u00adieurs fois ce pays, \u00e0 dif\u00adf\u00e9\u00adren\u00adtes sai\u00adsons, afin de pou\u00advoir pr\u00e9\u00adsen\u00adter le plus grand nombre pos\u00adsi\u00adble de travaux des champs. \u00c0 l\u2019automne, nous avons publi\u00e9 un coff\u00adret en trois par\u00adties inti\u00adtul\u00e9 \u00ab&nbsp;L\u2019agriculture en France&nbsp;\u00bb. Par\u00adal\u00adl\u00e8\u00adle\u00adment, nous avons ent\u00adre\u00adpris durant l\u2019\u00e9t\u00e9 un voyage dans l\u2019est du Canada. Dans les pro\u00advin\u00adces de l\u2019Ontario et du Qu\u00e9\u00adbec, nous avons film\u00e9 la r\u00e9colte de four\u00adrage vert, ce qui nous a per\u00admis de d\u00e9cou\u00advrir l\u2019agriculture cana\u00addi\u00adenne sous un tout autre angle. Cet \u00e9t\u00e9-l\u00e0, nous avons \u00e9ga\u00adle\u00adment eu l\u2019occasion de visi\u00adter l\u2019usine de mois\u00adson\u00adneu\u00adses-bat\u00adteu\u00adses de Rost\u00adsel\u00admash dans le sud de la Rus\u00adsie. Un cal\u00aden\u00addrier men\u00adsuel \u00ab&nbsp;Trac\u00adteurs moder\u00adnes&nbsp;\u00bb a de nou\u00adveau \u00e9t\u00e9 r\u00e9a\u00adlis\u00e9 pour l\u2019ann\u00e9e sui\u00advante et com\u00admer\u00adcia\u00adlis\u00e9 en trois lan\u00adgues. Pour notre cha\u00eene You\u00adTube, nous avons film\u00e9 l\u2019une des pre\u00admi\u00e8\u00adres chen\u00adil\u00adles John Deere&nbsp;9RX en Alle\u00adma\u00adgne et publi\u00e9, entre aut\u00adres, deux courts m\u00e9tra\u00adges tr\u00e8s r\u00e9us\u00adsis sur les travaux de l\u2019entreprise agri\u00adcole Osters &amp; Vo\u00df. En outre, nous avons film\u00e9 la pre\u00admi\u00e8re par\u00adtie de notre s\u00e9rie de films sur l\u2019entreprise de travaux publics Maa\u00ad\u00dfen, qui a d\u00e9j\u00e0 \u00e9t\u00e9 visi\u00adonn\u00e9e 2,5&nbsp;mil\u00adli\u00adons de fois \u00e0 ce&nbsp;jour.<\/p>\n<p>[\/vc_column_text][vc_empty_space height=\u201c25\u201d][\/vc_column_inner][vc_column_inner width=\u201c1\/4\u201d][\/vc_column_inner][\/vc_row_inner][vc_row_inner][vc_column_inner]<\/p><div class=\"iw_cpt_image_gallery_advanced \"><div class=\"iw_cpt_image_gallery \" data-deactive_lightbox=\"false\"><div class=\"desktop\"><div class=\"iw_col_1_4\"><div class=\"iw_cpt_image_gallery_image one\"><img decoding=\"async\" src=\"https:\/\/farmworld.tv\/wp-content\/uploads\/2022\/11\/ltv-fwtv-leidenschaft-2015-image-01-970x647.jpg\" loading=\"lazy\"><\/div><div class=\"iw_cpt_image_gallery_image\"><img decoding=\"async\" src=\"https:\/\/farmworld.tv\/wp-content\/uploads\/2022\/11\/ltv-fwtv-leidenschaft-2015-image-04-970x647.jpg\" loading=\"lazy\"><\/div><\/div><div class=\"iw_col_1_2\"><div class=\"iw_cpt_image_gallery_image full two\"><img decoding=\"async\" src=\"https:\/\/farmworld.tv\/wp-content\/uploads\/2022\/11\/ltv-fwtv-leidenschaft-2015-image-02-970x647.jpg\" loading=\"lazy\"><\/div><\/div><div class=\"iw_col_1_4\"><div class=\"iw_cpt_image_gallery_image three\"><img decoding=\"async\" src=\"https:\/\/farmworld.tv\/wp-content\/uploads\/2022\/11\/ltv-fwtv-leidenschaft-2015-image-03-970x647.jpg\" loading=\"lazy\"><\/div><div class=\"iw_cpt_image_gallery_image\"><img decoding=\"async\" src=\"https:\/\/farmworld.tv\/wp-content\/uploads\/2022\/11\/ltv-fwtv-leidenschaft-2015-image-05-970x647.jpg\" loading=\"lazy\"><\/div><\/div><div class=\"iw_cpt_image_gallery_clearfix\"><\/div><div class=\"iw_col_1_2\"><div class=\"iw_cpt_image_gallery_image\"><img decoding=\"async\" src=\"https:\/\/farmworld.tv\/wp-content\/uploads\/2022\/11\/ltv-fwtv-leidenschaft-2015-image-06-970x647.jpg\" loading=\"lazy\"><\/div><\/div><div class=\"iw_col_1_2\"><\/div><\/div><div class=\"mobile\"><div class=\"iw_col_1_1\"><div class=\"iw_cpt_image_gallery_image full one\"><img decoding=\"async\" src=\"https:\/\/farmworld.tv\/wp-content\/uploads\/2022\/11\/ltv-fwtv-leidenschaft-2015-image-01-970x647.jpg\" loading=\"lazy\"><\/div><\/div><div class=\"iw_col_1_1\"><div class=\"iw_cpt_image_gallery_image\"><img decoding=\"async\" src=\"https:\/\/farmworld.tv\/wp-content\/uploads\/2022\/11\/ltv-fwtv-leidenschaft-2015-image-02-970x647.jpg\" loading=\"lazy\"><\/div><div class=\"iw_cpt_image_gallery_image\"><img decoding=\"async\" src=\"https:\/\/farmworld.tv\/wp-content\/uploads\/2022\/11\/ltv-fwtv-leidenschaft-2015-image-03-970x647.jpg\" loading=\"lazy\"><\/div><div class=\"iw_cpt_image_gallery_image\"><img decoding=\"async\" src=\"https:\/\/farmworld.tv\/wp-content\/uploads\/2022\/11\/ltv-fwtv-leidenschaft-2015-image-04-970x647.jpg\" loading=\"lazy\"><\/div><div class=\"iw_cpt_image_gallery_image\"><img decoding=\"async\" src=\"https:\/\/farmworld.tv\/wp-content\/uploads\/2022\/11\/ltv-fwtv-leidenschaft-2015-image-05-970x647.jpg\" loading=\"lazy\"><\/div><div class=\"iw_cpt_image_gallery_image\"><img decoding=\"async\" src=\"https:\/\/farmworld.tv\/wp-content\/uploads\/2022\/11\/ltv-fwtv-leidenschaft-2015-image-06-970x647.jpg\" loading=\"lazy\"><\/div><\/div><\/div><div class=\"iw_cpt_image_gallery_clearfix\"><\/div><\/div><\/div>[vc_empty_space height=\u201c25\u201d][\/vc_column_inner][\/vc_row_inner][vc_row_inner][vc_column_inner]            <div class=\"iw_svg_viewer \" style=\"text-align:center\">\n                \n                    <div class=\"iw_svg_viewer_content_wrapper\" style=\"width:2px; height:150px\">\n                        <?xml version=\"1.0\" encoding=\"UTF-8\"?><svg id=\"Layer_1\" viewBox=\"0 0 2 150\"><rect id=\"Rechteck_1061\" width=\"2\" height=\"150\" style=\"fill:#5aa05a;\" \/><\/svg>\n                    <\/div>\n                \n            <\/div>\n[vc_empty_space height=\u201c25\u201d][\/vc_column_inner][\/vc_row_inner][\/vc_column][\/vc_row][vc_row full_width=\u201cstretch_row\u201d][vc_column][vc_row_inner][vc_column_inner width=\u201c1\/4\u201d][\/vc_column_inner][vc_column_inner offset=\u201cvc_col-md\u20116\u201d][vc_column_text css=\u201d.vc_custom_1669631090908{margin-bottom: 15px !important;}\u201d]\n<h3 style=\"text-align: center;\"><span style=\"color: #5aa05a;\">2016<\/span><\/h3>\n<p>[\/vc_column_text][vc_column_text css=\u201d.vc_custom_1676994091548{margin-bottom: 20px !important;}\u201d]<\/p>\n<h4 style=\"text-align: center;\">Un nouveau site internet et un tournage en Russie<\/h4>\n<p>[\/vc_column_text][vc_column_text]<\/p>\n<p style=\"text-align: left;\">Le pro\u00adjet \u00ab&nbsp;L\u2019agriculture en Rus\u00adsie&nbsp;\u00bb a d\u00e9but\u00e9. En \u00e9t\u00e9, nous avons film\u00e9 la r\u00e9colte des c\u00e9r\u00e9a\u00adles dans le sud de la Rus\u00adsie et plus tard en aut\u00adomne, la r\u00e9colte des bet\u00adter\u00adaves sucri\u00e8\u00adres dans l\u2019oblast de Voronej, au sud de Moscou. Tout au long de l\u2019ann\u00e9e 2016, nous n\u2019avons cess\u00e9 de tra\u00advail\u00adler au nou\u00adveau design de notre site inter\u00adnet www.landtechnikvideos.de. Nous avons enfin ter\u00admin\u00e9 le tra\u00advail en aut\u00adomne&nbsp;: le nou\u00adveau site inter\u00adnet pro\u00adpose, outre nos DVD sur les machi\u00adnes agri\u00adco\u00adles, de nombreux aper\u00ad\u00e7us de notre tra\u00advail. Sa m\u00e9dia\u00adt\u00adh\u00e8\u00adque, dans laquelle nous clas\u00adsons nos pho\u00adtos de machi\u00adnes agri\u00adco\u00adles et les met\u00adtons en libre acc\u00e8s, regroupe rapi\u00adde\u00adment plus de 18&nbsp;000&nbsp;pho\u00adtos. Le logo de landtechnikvideos.de a \u00e9t\u00e9 rema\u00adni\u00e9. La nou\u00adveaut\u00e9 de cette ann\u00e9e-l\u00e0, c\u2019\u00e9tait \u00e9ga\u00adle\u00adment les DVD \u00ab&nbsp;Le temps des mois\u00adsons au Canada&nbsp;\u00bb, qui cou\u00advrent quatre pro\u00advin\u00adces cana\u00addi\u00aden\u00adnes. Notre docu\u00admen\u00adtaire \u00ab&nbsp;Ent\u00adre\u00adpri\u00adses de travaux agri\u00adco\u00adles&nbsp;: 5 pays \u2013 5&nbsp;his\u00adtoires&nbsp;\u00bb, pour lequel nous avons film\u00e9 en Irlande, en Irlande du Nord et au Dane\u00admark, a \u00e9ga\u00adle\u00adment \u00e9t\u00e9 publi\u00e9 cette ann\u00e9e-l\u00e0. Dif\u00adf\u00e9r\u00adents m\u00e9dias se sont pen\u00adch\u00e9s sur notre tra\u00advail, notam\u00adment Bild, Frank\u00adfur\u00adter All\u00adge\u00admeine Zei\u00adtung et agrarheute.com. Nous avons moder\u00adnis\u00e9 nos cam\u00e9\u00adras afin de pou\u00advoir fil\u00admer avec une r\u00e9so\u00adlu\u00adtion d\u2019image 4K. Notre page Face\u00adbook a fran\u00adchi le cap des 100&nbsp;000&nbsp;abon\u00adn\u00e9s et sur You\u00adTube, nous avons exp\u00e9\u00adri\u00adment\u00e9 la tech\u00adni\u00adque vid\u00e9o \u00e0 360&nbsp;degr\u00e9s.<\/p>\n<p>[\/vc_column_text][vc_empty_space height=\u201c25\u201d][\/vc_column_inner][vc_column_inner width=\u201c1\/4\u201d][\/vc_column_inner][\/vc_row_inner][vc_row_inner][vc_column_inner]<\/p><div class=\"iw_cpt_image_gallery_advanced \"><div class=\"iw_cpt_image_gallery \" data-deactive_lightbox=\"false\"><div class=\"desktop\"><div class=\"iw_col_1_2\"><div class=\"iw_cpt_image_gallery_image one\"><img decoding=\"async\" src=\"https:\/\/farmworld.tv\/wp-content\/uploads\/2022\/11\/ltv-fwtv-leidenschaft-2016-image-01-970x647.jpg\" loading=\"lazy\"><\/div><div class=\"iw_cpt_image_gallery_image two\"><img decoding=\"async\" src=\"https:\/\/farmworld.tv\/wp-content\/uploads\/2022\/11\/ltv-fwtv-leidenschaft-2016-image-02-970x647.jpg\" loading=\"lazy\"><\/div><div class=\"iw_cpt_image_gallery_image\"><img decoding=\"async\" src=\"https:\/\/farmworld.tv\/wp-content\/uploads\/2023\/03\/ltv-fwtv-leidenschaft-2016-image-06-970x728.jpg\" loading=\"lazy\"><\/div><div class=\"iw_cpt_image_gallery_image\"><img decoding=\"async\" src=\"https:\/\/farmworld.tv\/wp-content\/uploads\/2022\/11\/ltv-fwtv-leidenschaft-2016-image-05-970x647.jpg\" loading=\"lazy\"><\/div><\/div><div class=\"iw_col_1_2\"><div class=\"iw_cpt_image_gallery_image full three\"><img decoding=\"async\" src=\"https:\/\/farmworld.tv\/wp-content\/uploads\/2022\/11\/ltv-fwtv-leidenschaft-2016-image-03-970x647.jpg\" loading=\"lazy\"><\/div><\/div><div class=\"iw_cpt_image_gallery_clearfix\"><\/div><div class=\"iw_col_1_2\"><\/div><div class=\"iw_col_1_2\"><\/div><\/div><div class=\"mobile\"><div class=\"iw_col_1_1\"><div class=\"iw_cpt_image_gallery_image full one\"><img decoding=\"async\" src=\"https:\/\/farmworld.tv\/wp-content\/uploads\/2022\/11\/ltv-fwtv-leidenschaft-2016-image-01-970x647.jpg\" loading=\"lazy\"><\/div><\/div><div class=\"iw_col_1_1\"><div class=\"iw_cpt_image_gallery_image\"><img decoding=\"async\" src=\"https:\/\/farmworld.tv\/wp-content\/uploads\/2022\/11\/ltv-fwtv-leidenschaft-2016-image-02-970x647.jpg\" loading=\"lazy\"><\/div><div class=\"iw_cpt_image_gallery_image\"><img decoding=\"async\" src=\"https:\/\/farmworld.tv\/wp-content\/uploads\/2022\/11\/ltv-fwtv-leidenschaft-2016-image-03-970x647.jpg\" loading=\"lazy\"><\/div><div class=\"iw_cpt_image_gallery_image\"><img decoding=\"async\" src=\"https:\/\/farmworld.tv\/wp-content\/uploads\/2023\/03\/ltv-fwtv-leidenschaft-2016-image-06-970x728.jpg\" loading=\"lazy\"><\/div><div class=\"iw_cpt_image_gallery_image\"><img decoding=\"async\" src=\"https:\/\/farmworld.tv\/wp-content\/uploads\/2022\/11\/ltv-fwtv-leidenschaft-2016-image-05-970x647.jpg\" loading=\"lazy\"><\/div><\/div><\/div><div class=\"iw_cpt_image_gallery_clearfix\"><\/div><\/div><\/div>[vc_empty_space height=\u201c25\u201d][\/vc_column_inner][\/vc_row_inner][vc_row_inner][vc_column_inner]            <div class=\"iw_svg_viewer \" style=\"text-align:center\">\n                \n                    <div class=\"iw_svg_viewer_content_wrapper\" style=\"width:2px; height:150px\">\n                        <?xml version=\"1.0\" encoding=\"UTF-8\"?><svg id=\"Layer_1\" viewBox=\"0 0 2 150\"><rect id=\"Rechteck_1061\" width=\"2\" height=\"150\" style=\"fill:#5aa05a;\" \/><\/svg>\n                    <\/div>\n                \n            <\/div>\n[vc_empty_space height=\u201c25\u201d][\/vc_column_inner][\/vc_row_inner][\/vc_column][\/vc_row][vc_row full_width=\u201cstretch_row\u201d][vc_column][vc_row_inner][vc_column_inner width=\u201c1\/4\u201d][\/vc_column_inner][vc_column_inner offset=\u201cvc_col-md\u20116\u201d][vc_column_text css=\u201d.vc_custom_1669631172660{margin-bottom: 15px !important;}\u201d]\n<h3 style=\"text-align: center;\"><span style=\"color: #5aa05a;\">2017<\/span><\/h3>\n<p>[\/vc_column_text][vc_column_text css=\u201d.vc_custom_1676994115219{margin-bottom: 20px !important;}\u201d]<\/p>\n<h4 style=\"text-align: center;\">De nombreux voyages en Russie, en Am\u00e9rique du Sud et en Am\u00e9rique du&nbsp;Nord<\/h4>\n<p>[\/vc_column_text][vc_column_text]<\/p>\n<p style=\"text-align: left;\">Nous nous som\u00admes ren\u00addus dans l\u2019\u00c9tat du Mato Grosso au Br\u00e9\u00adsil, pour la r\u00e9colte du soja. Nous n\u2019avions encore jamais r\u00e9a\u00adlis\u00e9 de films en Am\u00e9\u00adri\u00adque du Sud. Dix pour cent du soja pro\u00adduit dans le monde pro\u00advi\u00adent de l\u00e0-bas. C\u2019\u00e9tait un pro\u00adjet pas\u00adsi\u00adon\u00adnant qui n\u2019aurait pas connu un tel suc\u00adc\u00e8s sans des recher\u00adches appro\u00adfon\u00addies en amont. Quel\u00adques semaines plus tard seu\u00adle\u00adment, nous nous som\u00admes ren\u00addus en Argen\u00adtine, o\u00f9 nous \u00e9ti\u00adons \u00e9ga\u00adle\u00adment accom\u00adpa\u00adgn\u00e9s par un habi\u00adtant du pays. Nous avons film\u00e9 la r\u00e9colte du riz et du ma\u00efs, et visit\u00e9 de grands \u00e9le\u00adva\u00adges de bovins. Quel\u00adques semaines seu\u00adle\u00adment apr\u00e8s, nous avons chang\u00e9 enti\u00e8\u00adre\u00adment de d\u00e9cor avec un tour\u00adnage en Sib\u00e9\u00adrie. Entre les vil\u00adles rus\u00adses de Novos\u00adsi\u00adbirsk et Bar\u00adnaul, nous avons film\u00e9 des champs de plu\u00ads\u00adieurs cen\u00adtai\u00adnes d\u2019hectares, visit\u00e9 les \u00e9ta\u00adbles du plus grand \u00e9le\u00adveur lai\u00adtier du pays et par\u00adcouru \u00e9nor\u00adm\u00e9\u00adment de kilo\u00adm\u00e8\u00adtres. On nous a demand\u00e9 \u00e0 plu\u00ads\u00adieurs repri\u00adses si nous pou\u00advi\u00adons emme\u00adner des invi\u00adt\u00e9s sur le tour\u00adnage. C\u2019est de l\u00e0 qu\u2019est n\u00e9e l\u2019id\u00e9e des voy\u00ada\u00adges \u00ab&nbsp;Aven\u00adture agri\u00adcole&nbsp;\u00bb. Au prin\u00adtemps 2017, les pr\u00e9\u00adpa\u00adra\u00adtifs d\u2019un pre\u00admier voyage agri\u00adcole au Canada ont d\u00e9but\u00e9 par une visite de rep\u00e9\u00adrage. Peu avant la sor\u00adtie du nou\u00adveau DVD \u00ab&nbsp;Aven\u00adture russe&nbsp;\u00bb, nous avons obtenu, apr\u00e8s de longues dis\u00adcus\u00adsions, l\u2019autorisation de tour\u00adner dans l\u2019usine de trac\u00adteurs Kirov \u00e0 Saint-P\u00e9ters\u00adbourg. C\u2019est l\u00e0 que se trou\u00advent les cha\u00ee\u00adnes de pro\u00adduc\u00adtion des fameux trac\u00adteurs Kiro\u00advets. Avec ce der\u00adnier cha\u00adpitre est fina\u00adle\u00adment sorti le coff\u00adret de trois DVD \u00ab&nbsp;Aven\u00adture russe&nbsp;\u00bb, un docu\u00admen\u00adtaire qui offre des images et des infor\u00adma\u00adti\u00adons in\u00e9\u00addi\u00adtes sur la pro\u00adduc\u00adtion agri\u00adcole du plus grand pays du monde. En sep\u00adtembre, notre pre\u00admier voyage agri\u00adcole \u00ab&nbsp;Aven\u00adture agri\u00adcole&nbsp;\u00bb a eu lieu au Canada avec 15&nbsp;par\u00adti\u00adci\u00adpants. En novembre 2017, nous avons pr\u00e9\u00adsent\u00e9 notre tra\u00advail cin\u00e9\u00adma\u00adto\u00adgra\u00adphi\u00adque pour la pre\u00admi\u00e8re fois sur notre pro\u00adpre stand, lors de l\u2019exposition de machi\u00adnes agri\u00adco\u00adles Agri\u00adtech\u00adnica \u00e0 Hano\u00advre. Pour une vid\u00e9o Test-Drive de notre cha\u00eene You\u00adTube, Fendt nous a pr\u00e9\u00adsent\u00e9 en exclu\u00adsi\u00advit\u00e9 le pre\u00admier trac\u00adteur \u00e0 chen\u00adil\u00adles 900 Vario&nbsp;MT.<\/p>\n<p>[\/vc_column_text][vc_empty_space height=\u201c25\u201d][\/vc_column_inner][vc_column_inner width=\u201c1\/4\u201d][\/vc_column_inner][\/vc_row_inner][vc_row_inner][vc_column_inner]<\/p><div class=\"iw_cpt_image_gallery_advanced \"><div class=\"iw_cpt_image_gallery \" data-deactive_lightbox=\"false\"><div class=\"desktop\"><div class=\"iw_col_1_2\"><div class=\"iw_cpt_image_gallery_image full one\"><img decoding=\"async\" src=\"https:\/\/farmworld.tv\/wp-content\/uploads\/2022\/11\/ltv-fwtv-leidenschaft-2017-image-01-970x647.jpg\" loading=\"lazy\"><div class=\"clearfix\"><\/div><\/div><\/div><div class=\"iw_col_1_2\"><div class=\"iw_cpt_image_gallery_image two\"><img decoding=\"async\" src=\"https:\/\/farmworld.tv\/wp-content\/uploads\/2022\/11\/ltv-fwtv-leidenschaft-2017-image-02-970x647.jpg\" loading=\"lazy\"><\/div><div class=\"iw_cpt_image_gallery_image three\"><img decoding=\"async\" src=\"https:\/\/farmworld.tv\/wp-content\/uploads\/2022\/11\/ltv-fwtv-leidenschaft-2017-image-03-970x647.jpg\" loading=\"lazy\"><\/div><div class=\"iw_cpt_image_gallery_image\"><img decoding=\"async\" src=\"https:\/\/farmworld.tv\/wp-content\/uploads\/2022\/11\/ltv-fwtv-leidenschaft-2017-image-04-970x647.jpg\" loading=\"lazy\"><\/div><div class=\"iw_cpt_image_gallery_image\"><img decoding=\"async\" src=\"https:\/\/farmworld.tv\/wp-content\/uploads\/2022\/11\/ltv-fwtv-leidenschaft-2017-image-05-970x647.jpg\" loading=\"lazy\"><\/div><\/div><div class=\"iw_cpt_image_gallery_clearfix\"><\/div><div class=\"iw_col_1_2\"><div class=\"iw_cpt_image_gallery_image\"><img decoding=\"async\" src=\"https:\/\/farmworld.tv\/wp-content\/uploads\/2022\/11\/ltv-fwtv-leidenschaft-2017-image-06-970x647.jpg\" loading=\"lazy\"><\/div><div class=\"iw_cpt_image_gallery_image\"><img decoding=\"async\" src=\"https:\/\/farmworld.tv\/wp-content\/uploads\/2022\/11\/ltv-fwtv-leidenschaft-2017-image-07-970x647.jpg\" loading=\"lazy\"><\/div><\/div><div class=\"iw_col_1_2\"><div class=\"iw_cpt_image_gallery_image\"><img decoding=\"async\" src=\"https:\/\/farmworld.tv\/wp-content\/uploads\/2022\/11\/ltv-fwtv-leidenschaft-2017-image-08-970x647.jpg\" loading=\"lazy\"><\/div><div class=\"iw_cpt_image_gallery_image\"><img decoding=\"async\" src=\"https:\/\/farmworld.tv\/wp-content\/uploads\/2022\/11\/ltv-fwtv-leidenschaft-2017-image-09-970x647.jpg\" loading=\"lazy\"><\/div><\/div><\/div><div class=\"mobile\"><div class=\"iw_col_1_1\"><div class=\"iw_cpt_image_gallery_image full one\"><img decoding=\"async\" src=\"https:\/\/farmworld.tv\/wp-content\/uploads\/2022\/11\/ltv-fwtv-leidenschaft-2017-image-01-970x647.jpg\" loading=\"lazy\"><\/div><\/div><div class=\"iw_col_1_1\"><div class=\"iw_cpt_image_gallery_image\"><img decoding=\"async\" src=\"https:\/\/farmworld.tv\/wp-content\/uploads\/2022\/11\/ltv-fwtv-leidenschaft-2017-image-02-970x647.jpg\" loading=\"lazy\"><\/div><div class=\"iw_cpt_image_gallery_image\"><img decoding=\"async\" src=\"https:\/\/farmworld.tv\/wp-content\/uploads\/2022\/11\/ltv-fwtv-leidenschaft-2017-image-03-970x647.jpg\" loading=\"lazy\"><\/div><div class=\"iw_cpt_image_gallery_image\"><img decoding=\"async\" src=\"https:\/\/farmworld.tv\/wp-content\/uploads\/2022\/11\/ltv-fwtv-leidenschaft-2017-image-04-970x647.jpg\" loading=\"lazy\"><\/div><div class=\"iw_cpt_image_gallery_image\"><img decoding=\"async\" src=\"https:\/\/farmworld.tv\/wp-content\/uploads\/2022\/11\/ltv-fwtv-leidenschaft-2017-image-05-970x647.jpg\" loading=\"lazy\"><\/div><div class=\"iw_cpt_image_gallery_image\"><img decoding=\"async\" src=\"https:\/\/farmworld.tv\/wp-content\/uploads\/2022\/11\/ltv-fwtv-leidenschaft-2017-image-06-970x647.jpg\" loading=\"lazy\"><\/div><div class=\"iw_cpt_image_gallery_image\"><img decoding=\"async\" src=\"https:\/\/farmworld.tv\/wp-content\/uploads\/2022\/11\/ltv-fwtv-leidenschaft-2017-image-07-970x647.jpg\" loading=\"lazy\"><\/div><div class=\"iw_cpt_image_gallery_image\"><img decoding=\"async\" src=\"https:\/\/farmworld.tv\/wp-content\/uploads\/2022\/11\/ltv-fwtv-leidenschaft-2017-image-08-970x647.jpg\" loading=\"lazy\"><\/div><div class=\"iw_cpt_image_gallery_image\"><img decoding=\"async\" src=\"https:\/\/farmworld.tv\/wp-content\/uploads\/2022\/11\/ltv-fwtv-leidenschaft-2017-image-09-970x647.jpg\" loading=\"lazy\"><\/div><\/div><\/div><div class=\"iw_cpt_image_gallery_clearfix\"><\/div><\/div><\/div>[vc_empty_space height=\u201c25\u201d][\/vc_column_inner][\/vc_row_inner][vc_row_inner][vc_column_inner]            <div class=\"iw_svg_viewer \" style=\"text-align:center\">\n                \n                    <div class=\"iw_svg_viewer_content_wrapper\" style=\"width:2px; height:150px\">\n                        <?xml version=\"1.0\" encoding=\"UTF-8\"?><svg id=\"Layer_1\" viewBox=\"0 0 2 150\"><rect id=\"Rechteck_1061\" width=\"2\" height=\"150\" style=\"fill:#5aa05a;\" \/><\/svg>\n                    <\/div>\n                \n            <\/div>\n[vc_empty_space height=\u201c25\u201d][\/vc_column_inner][\/vc_row_inner][\/vc_column][\/vc_row][vc_row full_width=\u201cstretch_row\u201d][vc_column][vc_row_inner][vc_column_inner width=\u201c1\/4\u201d][\/vc_column_inner][vc_column_inner offset=\u201cvc_col-md\u20116\u201d][vc_column_text css=\u201d.vc_custom_1669631305062{margin-bottom: 15px !important;}\u201d]\n<h3 style=\"text-align: center;\"><span style=\"color: #5aa05a;\">2018<\/span><\/h3>\n<p>[\/vc_column_text][vc_column_text css=\u201d.vc_custom_1676994178931{margin-bottom: 20px !important;}\u201d]<\/p>\n<h4 style=\"text-align: center;\">Tournage au Br\u00e9sil &amp; au Chili et premier voyage agricole en Russie<\/h4>\n<p>[\/vc_column_text][vc_column_text]<\/p>\n<p style=\"text-align: left;\">Apr\u00e8s le suc\u00adc\u00e8s du voyage agri\u00adcole inau\u00adgu\u00adral au Canada l\u2019ann\u00e9e pr\u00e9\u00adc\u00e9\u00addente, l\u2019offre devait \u00eatre com\u00adpl\u00e9\u00adt\u00e9e d\u00e8s cette ann\u00e9e par un voyage agri\u00adcole en Rus\u00adsie. Les pr\u00e9\u00adpa\u00adra\u00adtifs ont eu lieu au prin\u00adtemps 2018 en Sib\u00e9\u00adrie et autour de Saint-P\u00e9ters\u00adbourg. Nous vouli\u00adons \u00e9ga\u00adle\u00adment com\u00adpl\u00e9\u00adter notre pro\u00adjet cin\u00e9\u00adma\u00adto\u00adgra\u00adphi\u00adque sur l\u2019agriculture en Am\u00e9\u00adri\u00adque du Sud. Nous avons choisi de mon\u00adtrer l\u2019agriculture du Chili afin d\u2019offrir un con\u00adtraste avec le Br\u00e9\u00adsil et l\u2019Argentine. Nous avons film\u00e9 le long des vol\u00adcans et des Andes, sur les ter\u00adres les plus fer\u00adti\u00adles du monde. C\u2019\u00e9tait \u00e9ga\u00adle\u00adment l\u2019un des tour\u00adna\u00adges qui nous a le plus mar\u00adqu\u00e9s. La cul\u00adture de la canne \u00e0 sucre n\u2019est pra\u00adti\u00adqu\u00e9e \u00e0 un haut niveau de tech\u00adni\u00adque agri\u00adcole que dans quel\u00adques pays du monde, dont le Br\u00e9\u00adsil. Apr\u00e8s de longues recher\u00adches, nous avons obtenu l\u2019autorisation de visi\u00adter l\u2019exploitation du deu\u00adxi\u00e8me plus grand pro\u00adduc\u00adteur de canne \u00e0 sucre au monde. Nous avi\u00adons ici devant la cam\u00e9ra la tech\u00adni\u00adque de r\u00e9colte la plus per\u00adfor\u00admante du moment, qui a cl\u00f4\u00adtur\u00e9 le DVD \u00ab&nbsp;L\u2019agriculture en Am\u00e9\u00adri\u00adque du Sud&nbsp;\u00bb. Dans la liste de nos pro\u00adduc\u00adtions les plus co\u00fb\u00adteu\u00adses, ce titre a vol\u00e9 la pre\u00admi\u00e8re place \u00e0 notre docu\u00admen\u00adtaire en Aus\u00adtra\u00adlie. Comme tou\u00adjours, il s\u2019agissait d\u2019une pro\u00adduc\u00adtion tota\u00adle\u00adment ind\u00e9\u00adpen\u00addante, r\u00e9a\u00adli\u00ads\u00e9e sans aucun spon\u00adsor&nbsp;! Notre nou\u00advelle publi\u00adca\u00adtion a fait l\u2019objet de plu\u00ads\u00adieurs artic\u00adles dans les m\u00e9dias, notam\u00adment dans le maga\u00adzine pro\u00adfes\u00adsi\u00adon\u00adnel Profi. Cette ann\u00e9e-l\u00e0, nous avons \u00e9ga\u00adle\u00adment publi\u00e9 la suite de notre s\u00e9rie de repor\u00adta\u00adges popu\u00adlai\u00adres sur l\u2019entreprise de travaux agri\u00adco\u00adles Reiff au Luxem\u00adbourg. La deu\u00adxi\u00e8me par\u00adtie pr\u00e9\u00adsente les der\u00adniers d\u00e9ve\u00adlo\u00adp\u00adpe\u00adments dans l\u2019entreprise. Notre pre\u00admier voyage agri\u00adcole en Rus\u00adsie a \u00e9ga\u00adle\u00adment \u00e9t\u00e9 un grand suc\u00adc\u00e8s. Quel\u00adques jours plus tard, nous \u00e9ti\u00adons d\u00e9j\u00e0 au Canada pour accom\u00adpa\u00adgner un nou\u00adveau groupe de voy\u00ada\u00adge\u00adurs. En 2018, nous avons pr\u00e9\u00adsent\u00e9 pour la pre\u00admi\u00e8re fois les voy\u00ada\u00adges \u00ab&nbsp;Aven\u00adture agri\u00adcole&nbsp;\u00bb ainsi que nos DVD de tech\u00adni\u00adque agri\u00adcole sur un stand du salon EuroTier.<\/p>\n<p>[\/vc_column_text][vc_empty_space height=\u201c25\u201d][\/vc_column_inner][vc_column_inner width=\u201c1\/4\u201d][\/vc_column_inner][\/vc_row_inner][vc_row_inner][vc_column_inner]<\/p><div class=\"iw_cpt_image_gallery_advanced \"><div class=\"iw_cpt_image_gallery \" data-deactive_lightbox=\"false\"><div class=\"desktop\"><div class=\"iw_col_1_2\"><div class=\"iw_cpt_image_gallery_image one\"><img decoding=\"async\" src=\"https:\/\/farmworld.tv\/wp-content\/uploads\/2022\/11\/ltv-fwtv-leidenschaft-2018-image-01-970x546.jpg\" loading=\"lazy\"><\/div><div class=\"iw_cpt_image_gallery_image two\"><img decoding=\"async\" src=\"https:\/\/farmworld.tv\/wp-content\/uploads\/2022\/11\/ltv-fwtv-leidenschaft-2018-image-02-970x666.jpg\" loading=\"lazy\"><\/div><div class=\"iw_cpt_image_gallery_image\"><img decoding=\"async\" src=\"https:\/\/farmworld.tv\/wp-content\/uploads\/2022\/11\/ltv-fwtv-leidenschaft-2018-image-04-970x647.jpg\" loading=\"lazy\"><\/div><div class=\"iw_cpt_image_gallery_image\"><img decoding=\"async\" src=\"https:\/\/farmworld.tv\/wp-content\/uploads\/2022\/11\/ltv-fwtv-leidenschaft-2018-image-05-970x647.jpg\" loading=\"lazy\"><\/div><\/div><div class=\"iw_col_1_2\"><div class=\"iw_cpt_image_gallery_image full three\"><img decoding=\"async\" src=\"https:\/\/farmworld.tv\/wp-content\/uploads\/2022\/11\/ltv-fwtv-leidenschaft-2018-image-03-970x728.jpg\" loading=\"lazy\"><\/div><\/div><div class=\"iw_cpt_image_gallery_clearfix\"><\/div><div class=\"iw_col_1_2\"><div class=\"iw_cpt_image_gallery_image\"><img decoding=\"async\" src=\"https:\/\/farmworld.tv\/wp-content\/uploads\/2022\/11\/ltv-fwtv-leidenschaft-2018-image-06-970x647.jpg\" loading=\"lazy\"><\/div><\/div><div class=\"iw_col_1_2\"><\/div><\/div><div class=\"mobile\"><div class=\"iw_col_1_1\"><div class=\"iw_cpt_image_gallery_image full one\"><img decoding=\"async\" src=\"https:\/\/farmworld.tv\/wp-content\/uploads\/2022\/11\/ltv-fwtv-leidenschaft-2018-image-01-970x546.jpg\" loading=\"lazy\"><\/div><\/div><div class=\"iw_col_1_1\"><div class=\"iw_cpt_image_gallery_image\"><img decoding=\"async\" src=\"https:\/\/farmworld.tv\/wp-content\/uploads\/2022\/11\/ltv-fwtv-leidenschaft-2018-image-02-970x666.jpg\" loading=\"lazy\"><\/div><div class=\"iw_cpt_image_gallery_image\"><img decoding=\"async\" src=\"https:\/\/farmworld.tv\/wp-content\/uploads\/2022\/11\/ltv-fwtv-leidenschaft-2018-image-03-970x728.jpg\" loading=\"lazy\"><\/div><div class=\"iw_cpt_image_gallery_image\"><img decoding=\"async\" src=\"https:\/\/farmworld.tv\/wp-content\/uploads\/2022\/11\/ltv-fwtv-leidenschaft-2018-image-04-970x647.jpg\" loading=\"lazy\"><\/div><div class=\"iw_cpt_image_gallery_image\"><img decoding=\"async\" src=\"https:\/\/farmworld.tv\/wp-content\/uploads\/2022\/11\/ltv-fwtv-leidenschaft-2018-image-05-970x647.jpg\" loading=\"lazy\"><\/div><div class=\"iw_cpt_image_gallery_image\"><img decoding=\"async\" src=\"https:\/\/farmworld.tv\/wp-content\/uploads\/2022\/11\/ltv-fwtv-leidenschaft-2018-image-06-970x647.jpg\" loading=\"lazy\"><\/div><\/div><\/div><div class=\"iw_cpt_image_gallery_clearfix\"><\/div><\/div><\/div>[vc_empty_space height=\u201c25\u201d][\/vc_column_inner][\/vc_row_inner][vc_row_inner][vc_column_inner]            <div class=\"iw_svg_viewer \" style=\"text-align:center\">\n                \n                    <div class=\"iw_svg_viewer_content_wrapper\" style=\"width:2px; height:150px\">\n                        <?xml version=\"1.0\" encoding=\"UTF-8\"?><svg id=\"Layer_1\" viewBox=\"0 0 2 150\"><rect id=\"Rechteck_1061\" width=\"2\" height=\"150\" style=\"fill:#5aa05a;\" \/><\/svg>\n                    <\/div>\n                \n            <\/div>\n[vc_empty_space height=\u201c25\u201d][\/vc_column_inner][\/vc_row_inner][\/vc_column][\/vc_row][vc_row full_width=\u201cstretch_row\u201d][vc_column][vc_row_inner][vc_column_inner width=\u201c1\/4\u201d][\/vc_column_inner][vc_column_inner offset=\u201cvc_col-md\u20116\u201d][vc_column_text css=\u201d.vc_custom_1669631406677{margin-bottom: 15px !important;}\u201d]\n<h3 style=\"text-align: center;\"><span style=\"color: #5aa05a;\">2019<\/span><\/h3>\n<p>[\/vc_column_text][vc_column_text css=\u201d.vc_custom_1676994198061{margin-bottom: 20px !important;}\u201d]<\/p>\n<h4 style=\"text-align: center;\">Nous nous lan\u00e7ons sur Instagram et farmworld.tv<\/h4>\n<p>[\/vc_column_text][vc_column_text]<\/p>\n<p style=\"text-align: left;\">Landtechnikvideos.de a main\u00adten\u00adant une page Insta\u00adgram. Apr\u00e8s seu\u00adle\u00adment 4&nbsp;mois, la com\u00admun\u00adaut\u00e9 comp\u00adtait d\u00e9j\u00e0 20 000&nbsp;fol\u00adlo\u00adwers. Nous tenons nos fans infor\u00adm\u00e9s en postant r\u00e9gu\u00adli\u00e8\u00adre\u00adment les der\u00adni\u00e8\u00adres nou\u00adveau\u00adt\u00e9s. Apr\u00e8s divers voy\u00ada\u00adges loin\u00adta\u00adins, nous nous som\u00admes con\u00adcen\u00adtr\u00e9s cette ann\u00e9e-l\u00e0 sur l\u2019Allemagne, l\u2019Autriche et la Suisse avec notre s\u00e9rie \u00ab&nbsp;Aven\u00adture Agri\u00adcul\u00adture&nbsp;\u00bb. Cet int\u00e9\u00adres\u00adsant pro\u00adjet a com\u00admenc\u00e9 direc\u00adte\u00adment avec le ser\u00advice hiver\u00adnal. Pour att\u00adeindre les 75&nbsp;lieux de tour\u00adnage au total, nous avons par\u00adcouru envi\u00adron 25 000&nbsp;kilo\u00adm\u00e8\u00adtres en voiture&nbsp;; un pro\u00adjet tita\u00adnes\u00adque&nbsp;! Par\u00adal\u00adl\u00e8\u00adle\u00adment, nous avons con\u00adtinu\u00e9 de tra\u00advail\u00adler sur le d\u00e9ve\u00adlo\u00adp\u00adpe\u00adment de la nou\u00advelle offre de strea\u00adming farmworld.tv. Dans un pre\u00admier temps, une phase de test a per\u00admis de tes\u00adter en alle\u00admand le ser\u00advice. Le repor\u00adtage en trois par\u00adties \u00ab&nbsp;Aven\u00adture Agri\u00adcul\u00adture&nbsp;\u00bb est fina\u00adle\u00adment sorti \u00e0 l\u2019automne sous la forme d\u2019un coff\u00adret DVD et d\u2019un strea\u00adming&nbsp;4K \u2013 un tour\u00adnant qui mar\u00adquera nos futures pro\u00adduc\u00adtions cin\u00e9\u00adma\u00adto\u00adgra\u00adphi\u00adques. Nous avons con\u00adtinu\u00e9 \u00e0 d\u00e9ve\u00adlo\u00adp\u00adper notre com\u00admun\u00adaut\u00e9 You\u00adTube avec de nou\u00adveaux courts-m\u00e9tra\u00adges et des vid\u00e9os de tests des tou\u00adtes der\u00adni\u00e8\u00adres tech\u00adni\u00adques agri\u00adco\u00adles. Deux repor\u00adta\u00adges sur l\u2019agriculture en Rus\u00adsie, dans les\u00adquels nous visi\u00adtons l\u2019entreprise agri\u00adcole russe Eko\u00adNiva, ont fait sen\u00adsa\u00adtion. Les par\u00adties 1 et 2 ont \u00e9t\u00e9 visi\u00adonn\u00e9es plus de 3,5&nbsp;mil\u00adli\u00adons de fois. Des voy\u00ada\u00adges agri\u00adco\u00adles en Rus\u00adsie et au Canada ont \u00e9ga\u00adle\u00adment eu lieu en 2019. L\u2019ann\u00e9e s\u2019est ter\u00admi\u00adn\u00e9e par notre par\u00adti\u00adci\u00adpa\u00adtion \u00e0 l\u2019exposition de machi\u00adnes agri\u00adco\u00adles Agri\u00adtech\u00adnica. Sur notre pro\u00adpre stand, nous avons \u00e0 nou\u00adveau eu l\u2019occasion de nous entre\u00adte\u00adnir per\u00adson\u00adnel\u00adle\u00adment avec un grand nombre de&nbsp;fans.<\/p>\n<p>[\/vc_column_text][vc_empty_space height=\u201c25\u201d][\/vc_column_inner][vc_column_inner width=\u201c1\/4\u201d][\/vc_column_inner][\/vc_row_inner][vc_row_inner][vc_column_inner]<\/p><div class=\"iw_cpt_image_gallery_advanced \"><div class=\"iw_cpt_image_gallery \" data-deactive_lightbox=\"false\"><div class=\"desktop\"><div class=\"iw_col_1_4\"><div class=\"iw_cpt_image_gallery_image one\"><img decoding=\"async\" src=\"https:\/\/farmworld.tv\/wp-content\/uploads\/2022\/11\/ltv-fwtv-leidenschaft-2019-image-01-970x647.jpg\" loading=\"lazy\"><\/div><div class=\"iw_cpt_image_gallery_image\"><img decoding=\"async\" src=\"https:\/\/farmworld.tv\/wp-content\/uploads\/2022\/11\/ltv-fwtv-leidenschaft-2019-image-04-970x647.jpg\" loading=\"lazy\"><\/div><\/div><div class=\"iw_col_1_2\"><div class=\"iw_cpt_image_gallery_image full two\"><img decoding=\"async\" src=\"https:\/\/farmworld.tv\/wp-content\/uploads\/2022\/11\/ltv-fwtv-leidenschaft-2019-image-02-970x647.jpg\" loading=\"lazy\"><\/div><\/div><div class=\"iw_col_1_4\"><div class=\"iw_cpt_image_gallery_image three\"><img decoding=\"async\" src=\"https:\/\/farmworld.tv\/wp-content\/uploads\/2022\/11\/ltv-fwtv-leidenschaft-2019-image-03-970x647.jpg\" loading=\"lazy\"><\/div><div class=\"iw_cpt_image_gallery_image\"><img decoding=\"async\" src=\"https:\/\/farmworld.tv\/wp-content\/uploads\/2022\/11\/ltv-fwtv-leidenschaft-2019-image-05-970x546.jpg\" loading=\"lazy\"><\/div><\/div><div class=\"iw_cpt_image_gallery_clearfix\"><\/div><div class=\"iw_col_1_2\"><\/div><div class=\"iw_col_1_2\"><\/div><\/div><div class=\"mobile\"><div class=\"iw_col_1_1\"><div class=\"iw_cpt_image_gallery_image full one\"><img decoding=\"async\" src=\"https:\/\/farmworld.tv\/wp-content\/uploads\/2022\/11\/ltv-fwtv-leidenschaft-2019-image-01-970x647.jpg\" loading=\"lazy\"><\/div><\/div><div class=\"iw_col_1_1\"><div class=\"iw_cpt_image_gallery_image\"><img decoding=\"async\" src=\"https:\/\/farmworld.tv\/wp-content\/uploads\/2022\/11\/ltv-fwtv-leidenschaft-2019-image-02-970x647.jpg\" loading=\"lazy\"><\/div><div class=\"iw_cpt_image_gallery_image\"><img decoding=\"async\" src=\"https:\/\/farmworld.tv\/wp-content\/uploads\/2022\/11\/ltv-fwtv-leidenschaft-2019-image-03-970x647.jpg\" loading=\"lazy\"><\/div><div class=\"iw_cpt_image_gallery_image\"><img decoding=\"async\" src=\"https:\/\/farmworld.tv\/wp-content\/uploads\/2022\/11\/ltv-fwtv-leidenschaft-2019-image-04-970x647.jpg\" loading=\"lazy\"><\/div><div class=\"iw_cpt_image_gallery_image\"><img decoding=\"async\" src=\"https:\/\/farmworld.tv\/wp-content\/uploads\/2022\/11\/ltv-fwtv-leidenschaft-2019-image-05-970x546.jpg\" loading=\"lazy\"><\/div><\/div><\/div><div class=\"iw_cpt_image_gallery_clearfix\"><\/div><\/div><\/div>[vc_empty_space height=\u201c25\u201d][\/vc_column_inner][\/vc_row_inner][vc_row_inner][vc_column_inner]            <div class=\"iw_svg_viewer \" style=\"text-align:center\">\n                \n                    <div class=\"iw_svg_viewer_content_wrapper\" style=\"width:2px; height:150px\">\n                        <?xml version=\"1.0\" encoding=\"UTF-8\"?><svg id=\"Layer_1\" viewBox=\"0 0 2 150\"><rect id=\"Rechteck_1061\" width=\"2\" height=\"150\" style=\"fill:#5aa05a;\" \/><\/svg>\n                    <\/div>\n                \n            <\/div>\n[vc_empty_space height=\u201c25\u201d][\/vc_column_inner][\/vc_row_inner][\/vc_column][\/vc_row][vc_row full_width=\u201cstretch_row\u201d][vc_column][vc_row_inner][vc_column_inner width=\u201c1\/4\u201d][\/vc_column_inner][vc_column_inner offset=\u201cvc_col-md\u20116\u201d][vc_column_text css=\u201d.vc_custom_1669631584220{margin-bottom: 15px !important;}\u201d]\n<h3 style=\"text-align: center;\"><span style=\"color: #5aa05a;\">2020<\/span><\/h3>\n<p>[\/vc_column_text][vc_column_text css=\u201d.vc_custom_1676994215766{margin-bottom: 20px !important;}\u201d]<\/p>\n<h4 style=\"text-align: center;\">Les vid\u00e9os Landtechnik en streaming&nbsp;4K&nbsp;!<\/h4>\n<p>[\/vc_column_text][vc_column_text]<\/p>\n<p style=\"text-align: left;\">La phase de test pour l\u2019offre de strea\u00adming en lan\u00adgue alle\u00admande s\u2019est d\u00e9roul\u00e9e avec suc\u00adc\u00e8s, et nous avons donc com\u00admenc\u00e9 la pro\u00adgram\u00adma\u00adtion de la pla\u00adte\u00adforme inter\u00adna\u00adtio\u00adnale. Farmworld.tv a re\u00e7u son pro\u00adpre logo et servi d\u00e8s lors \u00e0 dif\u00adfu\u00adser notre tra\u00advail \u00e0 l\u2019\u00e9chelle inter\u00adna\u00adtio\u00adnale. \u00c0 la fin de l\u2019ann\u00e9e, des fans de plus de 20&nbsp;pays dif\u00adf\u00e9r\u00adents avai\u00adent d\u00e9j\u00e0 uti\u00adlis\u00e9 le site inter\u00adnet tra\u00adduit en cinq lan\u00adgues, et cela ne fai\u00adsait que com\u00admen\u00adcer&nbsp;! Notre nou\u00adveau film \u00ab&nbsp;La p\u00e9ri\u00adode des r\u00e9col\u00adtes en Alle\u00adma\u00adgne&nbsp;\u00bb est sorti simul\u00adta\u00adn\u00e9\u00adment en DVD et en strea\u00adming 4K. D\u2019autres tour\u00adna\u00adges ont eu lieu au Luxem\u00adbourg dans l\u2019entreprise agri\u00adcole Reiff, mais cette fois-ci, nous nous som\u00admes con\u00adcen\u00adtr\u00e9s sur les v\u00e9hi\u00adcu\u00adles anci\u00adens. Notre cha\u00eene You\u00adTube alle\u00admande a fran\u00adchi le cap des 200 000&nbsp;abon\u00adn\u00e9s, 13&nbsp;ans apr\u00e8s la publi\u00adca\u00adtion de notre pre\u00admi\u00e8re vid\u00e9o. Au milieu de l\u2019ann\u00e9e, l\u2019offre a \u00e9t\u00e9 com\u00adpl\u00e9\u00adt\u00e9e par une cha\u00eene ind\u00e9\u00adpen\u00addante en ang\u00adlais sur la plateforme.<\/p>\n<p>[\/vc_column_text][vc_empty_space height=\u201c25\u201d][\/vc_column_inner][vc_column_inner width=\u201c1\/4\u201d][\/vc_column_inner][\/vc_row_inner][vc_row_inner][vc_column_inner]<\/p><div class=\"iw_cpt_image_gallery_advanced \"><div class=\"iw_cpt_image_gallery \" data-deactive_lightbox=\"false\"><div class=\"desktop\"><div class=\"iw_col_1_2\"><div class=\"iw_cpt_image_gallery_image full one\"><img decoding=\"async\" src=\"https:\/\/farmworld.tv\/wp-content\/uploads\/2022\/11\/ltv-fwtv-leidenschaft-2020-image-01-970x544.jpg\" loading=\"lazy\"><div class=\"clearfix\"><\/div><\/div><\/div><div class=\"iw_col_1_2\"><div class=\"iw_cpt_image_gallery_image two\"><img decoding=\"async\" src=\"https:\/\/farmworld.tv\/wp-content\/uploads\/2022\/11\/ltv-fwtv-leidenschaft-2020-image-02-970x647.jpg\" loading=\"lazy\"><\/div><div class=\"iw_cpt_image_gallery_image three\"><img decoding=\"async\" src=\"https:\/\/farmworld.tv\/wp-content\/uploads\/2022\/11\/ltv-fwtv-leidenschaft-2020-image-03-970x647.jpg\" loading=\"lazy\"><\/div><div class=\"iw_cpt_image_gallery_image\"><img decoding=\"async\" src=\"https:\/\/farmworld.tv\/wp-content\/uploads\/2022\/11\/ltv-fwtv-leidenschaft-2020-image-04-970x647.jpg\" loading=\"lazy\"><\/div><\/div><div class=\"iw_cpt_image_gallery_clearfix\"><\/div><div class=\"iw_col_1_2\"><\/div><div class=\"iw_col_1_2\"><\/div><\/div><div class=\"mobile\"><div class=\"iw_col_1_1\"><div class=\"iw_cpt_image_gallery_image full one\"><img decoding=\"async\" src=\"https:\/\/farmworld.tv\/wp-content\/uploads\/2022\/11\/ltv-fwtv-leidenschaft-2020-image-01-970x544.jpg\" loading=\"lazy\"><\/div><\/div><div class=\"iw_col_1_1\"><div class=\"iw_cpt_image_gallery_image\"><img decoding=\"async\" src=\"https:\/\/farmworld.tv\/wp-content\/uploads\/2022\/11\/ltv-fwtv-leidenschaft-2020-image-02-970x647.jpg\" loading=\"lazy\"><\/div><div class=\"iw_cpt_image_gallery_image\"><img decoding=\"async\" src=\"https:\/\/farmworld.tv\/wp-content\/uploads\/2022\/11\/ltv-fwtv-leidenschaft-2020-image-03-970x647.jpg\" loading=\"lazy\"><\/div><div class=\"iw_cpt_image_gallery_image\"><img decoding=\"async\" src=\"https:\/\/farmworld.tv\/wp-content\/uploads\/2022\/11\/ltv-fwtv-leidenschaft-2020-image-04-970x647.jpg\" loading=\"lazy\"><\/div><\/div><\/div><div class=\"iw_cpt_image_gallery_clearfix\"><\/div><\/div><\/div>[vc_empty_space height=\u201c25\u201d][\/vc_column_inner][\/vc_row_inner][vc_row_inner][vc_column_inner]            <div class=\"iw_svg_viewer \" style=\"text-align:center\">\n                \n                    <div class=\"iw_svg_viewer_content_wrapper\" style=\"width:2px; height:150px\">\n                        <?xml version=\"1.0\" encoding=\"UTF-8\"?><svg id=\"Layer_1\" viewBox=\"0 0 2 150\"><rect id=\"Rechteck_1061\" width=\"2\" height=\"150\" style=\"fill:#5aa05a;\" \/><\/svg>\n                    <\/div>\n                \n            <\/div>\n[vc_empty_space height=\u201c25\u201d][\/vc_column_inner][\/vc_row_inner][\/vc_column][\/vc_row][vc_row full_width=\u201cstretch_row\u201d][vc_column][vc_row_inner][vc_column_inner width=\u201c1\/4\u201d][\/vc_column_inner][vc_column_inner offset=\u201cvc_col-md\u20116\u201d][vc_column_text css=\u201d.vc_custom_1669631679554{margin-bottom: 15px !important;}\u201d]\n<h3 style=\"text-align: center;\"><span style=\"color: #5aa05a;\">2021<\/span><\/h3>\n<p>[\/vc_column_text][vc_column_text css=\u201d.vc_custom_1676994232718{margin-bottom: 20px !important;}\u201d]<\/p>\n<h4 style=\"text-align: center;\">Plus de 200&nbsp;000&nbsp;abonn\u00e9s YouTube<\/h4>\n<p>[\/vc_column_text][vc_column_text]<\/p>\n<p style=\"text-align: left;\">Les ann\u00e9es pr\u00e9\u00adc\u00e9\u00adden\u00adtes, c\u2019\u00e9tait sur\u00adtout la tech\u00adni\u00adque agri\u00adcole moderne qui \u00e9tait au centre de nos pro\u00adjets cin\u00e9\u00adma\u00adto\u00adgra\u00adphi\u00adques. Mais en 2021, nous avons d\u00e9cid\u00e9 de chan\u00adger la for\u00admule. Avec \u00ab&nbsp;Les l\u00e9gend\u00adai\u00adres trac\u00adteurs XXL&nbsp;\u00bb, nous nous som\u00admes con\u00ads\u00adacr\u00e9s aux trac\u00adteurs les plus remar\u00adquables des ann\u00e9es 1980 et 1990. Une cin\u00adquan\u00adtaine de trac\u00adteurs de 20&nbsp;mar\u00adques dif\u00adf\u00e9\u00adren\u00adtes sont pr\u00e9\u00adsen\u00adt\u00e9s, parmi eux des Fendt, John Deere, Deutz-Fahr, Mer\u00adce\u00addes-Benz, Schl\u00fc\u00adter, Mas\u00adsey Fer\u00adgu\u00adson et Fiat, ainsi que de nombreux mod\u00e8\u00adles plus exo\u00adti\u00adques. Pour nous, ce pro\u00adjet \u00e9tait aussi un voyage dans le temps et dans notre pro\u00adpre pass\u00e9. Le deu\u00adxi\u00e8me repor\u00adtage sorti cette ann\u00e9e-l\u00e0 \u00e9tait \u00e9ga\u00adle\u00adment con\u00ads\u00adacr\u00e9 aux anci\u00aden\u00adnes machi\u00adnes agri\u00adco\u00adles. La pre\u00admi\u00e8re par\u00adtie de \u00ab&nbsp;J\u2011Reiff Fendt Clas\u00adsics&nbsp;\u00bb a \u00e9t\u00e9 tour\u00adn\u00e9e dans l\u2019entreprise agri\u00adcole Reiff au Luxem\u00adbourg. Au cours des der\u00adni\u00e8\u00adres ann\u00e9es, Josy Reiff, le chef de l\u2019exploitation, a ras\u00adsem\u00adbl\u00e9 la plus grande coll\u00adec\u00adtion de trac\u00adteurs Fendt au monde. La pre\u00admi\u00e8re par\u00adtie traite de la p\u00e9ri\u00adode de fabri\u00adca\u00adtion de 1928 \u00e0 1958. Ces deux repor\u00adta\u00adges sont parus en DVD et strea\u00adming 4K. Nos vid\u00e9os You\u00adTube ent\u00adhousi\u00adas\u00admai\u00adent de plus en plus de spec\u00adta\u00adteurs&nbsp;: rien qu\u2019en 2021, la cha\u00eene a enre\u00adgis\u00adtr\u00e9 14&nbsp;mil\u00adli\u00adons de vues pour une dur\u00e9e totale de 1,1&nbsp;mil\u00adlion d\u2019heures&nbsp;! Notre repor\u00adtage exclu\u00adsif sur le v\u00e9hi\u00adcule por\u00adteur Wide-Span NEXAT, que nous avons tourn\u00e9 en Ukraine, a eu beau\u00adcoup de suc\u00adc\u00e8s. En plus de notre offre en alle\u00admand et en ang\u00adlais, nous avons \u00e9ga\u00adle\u00adment cr\u00e9\u00e9 cette ann\u00e9e-l\u00e0 une cha\u00eene en fran\u00e7ais.<\/p>\n<p>[\/vc_column_text][vc_empty_space height=\u201c25\u201d][\/vc_column_inner][vc_column_inner width=\u201c1\/4\u201d][\/vc_column_inner][\/vc_row_inner][vc_row_inner][vc_column_inner]<\/p><div class=\"iw_cpt_image_gallery_advanced \"><div class=\"iw_cpt_image_gallery \" data-deactive_lightbox=\"false\"><div class=\"desktop\"><div class=\"iw_col_1_2\"><div class=\"iw_cpt_image_gallery_image one\"><img decoding=\"async\" src=\"https:\/\/farmworld.tv\/wp-content\/uploads\/2022\/11\/ltv-fwtv-leidenschaft-2021-image-01-970x647.jpg\" loading=\"lazy\"><\/div><div class=\"iw_cpt_image_gallery_image two\"><img decoding=\"async\" src=\"https:\/\/farmworld.tv\/wp-content\/uploads\/2022\/11\/ltv-fwtv-leidenschaft-2021-image-02-970x647.jpg\" loading=\"lazy\"><\/div><div class=\"iw_cpt_image_gallery_image\"><img decoding=\"async\" src=\"https:\/\/farmworld.tv\/wp-content\/uploads\/2022\/11\/ltv-fwtv-leidenschaft-2021-image-04-970x647.jpg\" loading=\"lazy\"><\/div><div class=\"iw_cpt_image_gallery_image\"><img decoding=\"async\" src=\"https:\/\/farmworld.tv\/wp-content\/uploads\/2022\/11\/ltv-fwtv-leidenschaft-2021-image-05-970x647.jpg\" loading=\"lazy\"><\/div><\/div><div class=\"iw_col_1_2\"><div class=\"iw_cpt_image_gallery_image full three\"><img decoding=\"async\" src=\"https:\/\/farmworld.tv\/wp-content\/uploads\/2022\/11\/ltv-fwtv-leidenschaft-2021-image-03-970x647.jpg\" loading=\"lazy\"><\/div><\/div><div class=\"iw_cpt_image_gallery_clearfix\"><\/div><div class=\"iw_col_1_2\"><div class=\"iw_cpt_image_gallery_image\"><img decoding=\"async\" src=\"https:\/\/farmworld.tv\/wp-content\/uploads\/2022\/11\/ltv-fwtv-leidenschaft-2021-image-06-970x647.jpg\" loading=\"lazy\"><\/div><div class=\"iw_cpt_image_gallery_image\"><img decoding=\"async\" src=\"https:\/\/farmworld.tv\/wp-content\/uploads\/2022\/11\/ltv-fwtv-leidenschaft-2021-image-07-1-970x647.jpg\" loading=\"lazy\"><\/div><\/div><div class=\"iw_col_1_2\"><\/div><\/div><div class=\"mobile\"><div class=\"iw_col_1_1\"><div class=\"iw_cpt_image_gallery_image full one\"><img decoding=\"async\" src=\"https:\/\/farmworld.tv\/wp-content\/uploads\/2022\/11\/ltv-fwtv-leidenschaft-2021-image-01-970x647.jpg\" loading=\"lazy\"><\/div><\/div><div class=\"iw_col_1_1\"><div class=\"iw_cpt_image_gallery_image\"><img decoding=\"async\" src=\"https:\/\/farmworld.tv\/wp-content\/uploads\/2022\/11\/ltv-fwtv-leidenschaft-2021-image-02-970x647.jpg\" loading=\"lazy\"><\/div><div class=\"iw_cpt_image_gallery_image\"><img decoding=\"async\" src=\"https:\/\/farmworld.tv\/wp-content\/uploads\/2022\/11\/ltv-fwtv-leidenschaft-2021-image-03-970x647.jpg\" loading=\"lazy\"><\/div><div class=\"iw_cpt_image_gallery_image\"><img decoding=\"async\" src=\"https:\/\/farmworld.tv\/wp-content\/uploads\/2022\/11\/ltv-fwtv-leidenschaft-2021-image-04-970x647.jpg\" loading=\"lazy\"><\/div><div class=\"iw_cpt_image_gallery_image\"><img decoding=\"async\" src=\"https:\/\/farmworld.tv\/wp-content\/uploads\/2022\/11\/ltv-fwtv-leidenschaft-2021-image-05-970x647.jpg\" loading=\"lazy\"><\/div><div class=\"iw_cpt_image_gallery_image\"><img decoding=\"async\" src=\"https:\/\/farmworld.tv\/wp-content\/uploads\/2022\/11\/ltv-fwtv-leidenschaft-2021-image-06-970x647.jpg\" loading=\"lazy\"><\/div><div class=\"iw_cpt_image_gallery_image\"><img decoding=\"async\" src=\"https:\/\/farmworld.tv\/wp-content\/uploads\/2022\/11\/ltv-fwtv-leidenschaft-2021-image-07-1-970x647.jpg\" loading=\"lazy\"><\/div><\/div><\/div><div class=\"iw_cpt_image_gallery_clearfix\"><\/div><\/div><\/div>[vc_empty_space height=\u201c25\u201d][\/vc_column_inner][\/vc_row_inner][vc_row_inner][vc_column_inner]            <div class=\"iw_svg_viewer \" style=\"text-align:center\">\n                \n                    <div class=\"iw_svg_viewer_content_wrapper\" style=\"width:2px; height:150px\">\n                        <?xml version=\"1.0\" encoding=\"UTF-8\"?><svg id=\"Layer_1\" viewBox=\"0 0 2 150\"><rect id=\"Rechteck_1061\" width=\"2\" height=\"150\" style=\"fill:#5aa05a;\" \/><\/svg>\n                    <\/div>\n                \n            <\/div>\n[vc_empty_space height=\u201c25\u201d][\/vc_column_inner][\/vc_row_inner][\/vc_column][\/vc_row][vc_row full_width=\u201cstretch_row\u201d][vc_column][vc_row_inner][vc_column_inner width=\u201c1\/4\u201d][\/vc_column_inner][vc_column_inner offset=\u201cvc_col-md\u20116\u201d][vc_column_text css=\u201d.vc_custom_1669631741339{margin-bottom: 15px !important;}\u201d]\n<h3 style=\"text-align: center;\"><span style=\"color: #5aa05a;\">2022<\/span><\/h3>\n<p>[\/vc_column_text][vc_column_text css=\u201d.vc_custom_1676994250668{margin-bottom: 20px !important;}\u201d]<\/p>\n<h4 style=\"text-align: center;\">En route pour la Scandinavie<\/h4>\n<p>[\/vc_column_text][vc_column_text]<\/p>\n<p style=\"text-align: left;\">Avec le repor\u00adtage \u00ab L\u2019agriculture en Scan\u00addi\u00adna\u00advie \u00bb, nous avons com\u00adbl\u00e9 une nou\u00advelle lacune de notre docu\u00admen\u00adta\u00adtion de l\u2019agriculture euro\u00adp\u00e9\u00adenne. S\u2019attaquer aux quatre pays que sont le Dane\u00admark, la Su\u00e8de, la Fin\u00adlande et la Nor\u00adv\u00e8ge \u00e9tait ambi\u00adti\u00adeux et nous a demand\u00e9 beau\u00adcoup de recher\u00adches. Nous avons cepen\u00addant r\u00e9ussi \u00e0 visi\u00adter plu\u00ads\u00adieurs r\u00e9gions agri\u00adco\u00adles importan\u00adtes et \u00e0 pr\u00e9\u00adsen\u00adter des pay\u00adsa\u00adges et des tech\u00adni\u00adques agri\u00adco\u00adles remar\u00adquables. Nous avons d\u00e9sor\u00admais film\u00e9 dans 25 pays dif\u00adf\u00e9r\u00adents sur les cinq con\u00adti\u00adnents ! Autre nou\u00adveaut\u00e9 : la suite de la s\u00e9rie de vid\u00e9os \u00ab J\u2011Reiff Fendt Clas\u00adsics \u00bb, avec une deu\u00adxi\u00e8me par\u00adtie qui traite de la p\u00e9ri\u00adode de fabri\u00adca\u00adtion des trac\u00adteurs Fendt de 1959 \u00e0 1969. Notre cha\u00eene You\u00adTube alle\u00admande a att\u00adeint 85 mil\u00adli\u00adons de vues et 250 000 abon\u00adn\u00e9s, et la cha\u00eene ang\u00adlaise a fran\u00adchi la barre des 15 000 abonn\u00e9s.<\/p>\n<p>[\/vc_column_text][vc_empty_space height=\u201c25\u201d][\/vc_column_inner][vc_column_inner width=\u201c1\/4\u201d][\/vc_column_inner][\/vc_row_inner][vc_row_inner][vc_column_inner]<\/p><div class=\"iw_cpt_image_gallery_advanced \"><div class=\"iw_cpt_image_gallery \" data-deactive_lightbox=\"false\"><div class=\"desktop\"><div class=\"iw_col_1_2\"><div class=\"iw_cpt_image_gallery_image full one\"><img decoding=\"async\" src=\"https:\/\/farmworld.tv\/wp-content\/uploads\/2022\/11\/ltv-fwtv-leidenschaft-2022-image-01-970x647.jpg\" loading=\"lazy\"><div class=\"clearfix\"><\/div><\/div><\/div><div class=\"iw_col_1_2\"><div class=\"iw_cpt_image_gallery_image two\"><img decoding=\"async\" src=\"https:\/\/farmworld.tv\/wp-content\/uploads\/2022\/11\/ltv-fwtv-leidenschaft-2022-image-02-970x728.jpg\" loading=\"lazy\"><\/div><div class=\"iw_cpt_image_gallery_image three\"><img decoding=\"async\" src=\"https:\/\/farmworld.tv\/wp-content\/uploads\/2022\/11\/ltv-fwtv-leidenschaft-2022-image-03-970x437.jpg\" loading=\"lazy\"><\/div><div class=\"iw_cpt_image_gallery_image\"><img decoding=\"async\" src=\"https:\/\/farmworld.tv\/wp-content\/uploads\/2022\/11\/ltv-fwtv-leidenschaft-2022-image-04-970x728.jpg\" loading=\"lazy\"><\/div><div class=\"iw_cpt_image_gallery_image\"><img decoding=\"async\" src=\"https:\/\/farmworld.tv\/wp-content\/uploads\/2022\/11\/ltv-fwtv-leidenschaft-2022-image-05-970x728.jpg\" loading=\"lazy\"><\/div><\/div><div class=\"iw_cpt_image_gallery_clearfix\"><\/div><div class=\"iw_col_1_2\"><div class=\"iw_cpt_image_gallery_image\"><img decoding=\"async\" src=\"https:\/\/farmworld.tv\/wp-content\/uploads\/2022\/11\/ltv-fwtv-leidenschaft-2022-image-06-970x647.jpg\" loading=\"lazy\"><\/div><\/div><div class=\"iw_col_1_2\"><\/div><\/div><div class=\"mobile\"><div class=\"iw_col_1_1\"><div class=\"iw_cpt_image_gallery_image full one\"><img decoding=\"async\" src=\"https:\/\/farmworld.tv\/wp-content\/uploads\/2022\/11\/ltv-fwtv-leidenschaft-2022-image-01-970x647.jpg\" loading=\"lazy\"><\/div><\/div><div class=\"iw_col_1_1\"><div class=\"iw_cpt_image_gallery_image\"><img decoding=\"async\" src=\"https:\/\/farmworld.tv\/wp-content\/uploads\/2022\/11\/ltv-fwtv-leidenschaft-2022-image-02-970x728.jpg\" loading=\"lazy\"><\/div><div class=\"iw_cpt_image_gallery_image\"><img decoding=\"async\" src=\"https:\/\/farmworld.tv\/wp-content\/uploads\/2022\/11\/ltv-fwtv-leidenschaft-2022-image-03-970x437.jpg\" loading=\"lazy\"><\/div><div class=\"iw_cpt_image_gallery_image\"><img decoding=\"async\" src=\"https:\/\/farmworld.tv\/wp-content\/uploads\/2022\/11\/ltv-fwtv-leidenschaft-2022-image-04-970x728.jpg\" loading=\"lazy\"><\/div><div class=\"iw_cpt_image_gallery_image\"><img decoding=\"async\" src=\"https:\/\/farmworld.tv\/wp-content\/uploads\/2022\/11\/ltv-fwtv-leidenschaft-2022-image-05-970x728.jpg\" loading=\"lazy\"><\/div><div class=\"iw_cpt_image_gallery_image\"><img decoding=\"async\" src=\"https:\/\/farmworld.tv\/wp-content\/uploads\/2022\/11\/ltv-fwtv-leidenschaft-2022-image-06-970x647.jpg\" loading=\"lazy\"><\/div><\/div><\/div><div class=\"iw_cpt_image_gallery_clearfix\"><\/div><\/div><\/div>[vc_empty_space height=\u201c25\u201d][\/vc_column_inner][\/vc_row_inner][vc_row_inner][vc_column_inner]            <div class=\"iw_svg_viewer \" style=\"text-align:center\">\n                \n                    <div class=\"iw_svg_viewer_content_wrapper\" style=\"width:2px; height:150px\">\n                        <?xml version=\"1.0\" encoding=\"UTF-8\"?><svg id=\"Layer_1\" viewBox=\"0 0 2 150\"><rect id=\"Rechteck_1061\" width=\"2\" height=\"150\" style=\"fill:#5aa05a;\" \/><\/svg>\n                    <\/div>\n                \n            <\/div>\n[vc_empty_space height=\u201c25\u201d][\/vc_column_inner][\/vc_row_inner][\/vc_column][\/vc_row][vc_row full_width=\u201cstretch_row\u201d][vc_column][vc_row_inner][vc_column_inner width=\u201c1\/4\u201d][\/vc_column_inner][vc_column_inner offset=\u201cvc_col-md\u20116\u201d][vc_column_text css=\u201d.vc_custom_1678799272379{margin-bottom: 15px !important;}\u201d]\n<h3 style=\"text-align: center;\"><span style=\"color: #5aa05a;\">2023<\/span><\/h3>\n<p>[\/vc_column_text][vc_column_text css=\u201d.vc_custom_1764856901104{margin-bottom: 20px !important;}\u201d]<\/p>\n<h4 style=\"text-align: center;\">Notre dernier continent agricole : l\u2019Afrique<\/h4>\n<p>[\/vc_column_text][vc_column_text css=\u201c\u201d]En f\u00e9vrier, apr\u00e8s des recher\u00adches appro\u00adfon\u00addies et dif\u00adfi\u00adci\u00adles, nous nous som\u00admes ren\u00addus pour la pre\u00admi\u00e8re fois en Afri\u00adque du Sud et avons d\u00e9sor\u00admais tourn\u00e9 sur six des sept con\u00adti\u00adnents. La pro\u00adduc\u00adtion a com\u00admenc\u00e9 avec la r\u00e9colte du ma\u00efs et une visite chez de grands \u00e9le\u00adve\u00adurs de b\u00e9tail \u00e0 l\u2019est de Johan\u00adnes\u00adburg. Le voyage nous a ensuite amen\u00e9s \u00e0 tra\u00adver\u00adser le pays jus\u00adqu\u2019au Cap. Cepen\u00addant, deux aut\u00adres visi\u00adtes ont \u00e9t\u00e9 n\u00e9ces\u00adsaires pour ter\u00admi\u00adner la s\u00e9rie de trois films \u00ab Adven\u00adture South Africa \u00bb. Au final, nous avons par\u00adcouru plus de 8 000 kilo\u00adm\u00e8\u00adtres \u00e0 tra\u00advers les r\u00e9gions les plus importan\u00adtes du pays pour les films ![\/vc_column_text][vc_column_text css=\u201c\u201d]Nous \u00e9ti\u00adons tr\u00e8s ent\u00adhousi\u00adas\u00adtes \u00e0 l\u2019i\u00add\u00e9e de lan\u00adcer notre nou\u00adveau site web. Avec l\u2019aide d\u2019une agence, nous avons cr\u00e9\u00e9 le site en cinq lan\u00adgues et y avons int\u00e9\u00adgr\u00e9 la bou\u00adtique en ligne clas\u00adsi\u00adque et le ser\u00advice de strea\u00adming. Farmworld.tv est d\u00e9sor\u00admais uti\u00adlis\u00e9 par des cin\u00e9\u00adphi\u00adles de plus de 30 pays et donne acc\u00e8s \u00e0 tous nos docu\u00admen\u00adtai\u00adres agri\u00adco\u00adles depuis 2012. La m\u00e9dia\u00adt\u00adh\u00e8\u00adque nou\u00advel\u00adle\u00adment con\u00ad\u00e7ue, qui compte envi\u00adron 20 000 pho\u00adtos, offre un acc\u00e8s gra\u00adtuit aux archi\u00adves d\u2019i\u00admages de 20 ans de landtechnikvideos.de.[\/vc_column_text][vc_column_text css=\u201c\u201d]En novembre 2023, le salon des machi\u00adnes agri\u00adco\u00adles Agri\u00adtech\u00adnica s\u2019est tenu \u00e0 Hano\u00advre, o\u00f9 nous avons une nou\u00advelle fois par\u00adti\u00adcip\u00e9 avec un stand. Gr\u00e2ce \u00e0 la s\u00e9rie de vid\u00e9os You\u00adTube \u00ab Inside Agri\u00adtech\u00adnica \u00bb, nous avons non seu\u00adle\u00adment suivi les pr\u00e9\u00adpa\u00adra\u00adtifs, mais nous avons \u00e9ga\u00adle\u00adment pu d\u00e9voi\u00adler en exclu\u00adsi\u00advit\u00e9 quel\u00adques nou\u00adveaux pro\u00adduits pas\u00adsi\u00adon\u00adnants. \u00c0 l\u2019au\u00adt\u00adomne de cette ann\u00e9e, nous pr\u00e9\u00ads\u00adente\u00adrons la Stream\u00adbox, un nou\u00adveau pro\u00adduit qui per\u00admet\u00adtra \u00e0 nos fans de cin\u00e9ma de coll\u00adec\u00adter et de par\u00adta\u00adger des vid\u00e9os num\u00e9\u00adri\u00adques. Le voyage agri\u00adcole Agrar-Adven\u00adture de cette ann\u00e9e s\u2019est d\u00e9roul\u00e9 au Canada.[\/vc_column_text][vc_empty_space height=\u201c25\u201d][\/vc_column_inner][vc_column_inner width=\u201c1\/4\u201d][\/vc_column_inner][\/vc_row_inner][vc_row_inner][vc_column_inner]<\/p><div class=\"iw_cpt_image_gallery_advanced \"><div class=\"iw_cpt_image_gallery \" data-deactive_lightbox=\"false\"><div class=\"desktop\"><div class=\"iw_col_1_4\"><div class=\"iw_cpt_image_gallery_image one\"><img decoding=\"async\" src=\"https:\/\/farmworld.tv\/wp-content\/uploads\/2023\/03\/ltv-fwtv-leidenschaft-2023-image-01-970x728.jpg\" loading=\"lazy\"><\/div><div class=\"iw_cpt_image_gallery_image\"><img decoding=\"async\" src=\"https:\/\/farmworld.tv\/wp-content\/uploads\/2023\/03\/ltv-fwtv-leidenschaft-2023-image-04-970x647.jpg\" loading=\"lazy\"><\/div><\/div><div class=\"iw_col_1_2\"><div class=\"iw_cpt_image_gallery_image full two\"><img decoding=\"async\" src=\"https:\/\/farmworld.tv\/wp-content\/uploads\/2023\/03\/ltv-fwtv-leidenschaft-2023-image-02-970x728.jpg\" loading=\"lazy\"><\/div><\/div><div class=\"iw_col_1_4\"><div class=\"iw_cpt_image_gallery_image three\"><img decoding=\"async\" src=\"https:\/\/farmworld.tv\/wp-content\/uploads\/2023\/03\/ltv-fwtv-leidenschaft-2023-image-03-970x728.jpg\" loading=\"lazy\"><\/div><div class=\"iw_cpt_image_gallery_image\"><img decoding=\"async\" src=\"https:\/\/farmworld.tv\/wp-content\/uploads\/2023\/03\/ltv-fwtv-leidenschaft-2023-image-05-970x647.jpg\" loading=\"lazy\"><\/div><\/div><div class=\"iw_cpt_image_gallery_clearfix\"><\/div><div class=\"iw_col_1_2\"><div class=\"iw_cpt_image_gallery_image\"><img decoding=\"async\" src=\"https:\/\/farmworld.tv\/wp-content\/uploads\/2025\/12\/ltv-fwtv-leidenschaft-2023-image-06-970x647.jpg\" loading=\"lazy\"><\/div><div class=\"iw_cpt_image_gallery_image\"><img decoding=\"async\" src=\"https:\/\/farmworld.tv\/wp-content\/uploads\/2025\/12\/ltv-fwtv-leidenschaft-2023-image-07-970x546.jpg\" loading=\"lazy\"><\/div><\/div><div class=\"iw_col_1_2\"><div class=\"iw_cpt_image_gallery_image\"><img decoding=\"async\" src=\"https:\/\/farmworld.tv\/wp-content\/uploads\/2025\/12\/ltv-fwtv-leidenschaft-2023-image-08-970x437.jpg\" loading=\"lazy\"><\/div><\/div><\/div><div class=\"mobile\"><div class=\"iw_col_1_1\"><div class=\"iw_cpt_image_gallery_image full one\"><img decoding=\"async\" src=\"https:\/\/farmworld.tv\/wp-content\/uploads\/2023\/03\/ltv-fwtv-leidenschaft-2023-image-01-970x728.jpg\" loading=\"lazy\"><\/div><\/div><div class=\"iw_col_1_1\"><div class=\"iw_cpt_image_gallery_image\"><img decoding=\"async\" src=\"https:\/\/farmworld.tv\/wp-content\/uploads\/2023\/03\/ltv-fwtv-leidenschaft-2023-image-02-970x728.jpg\" loading=\"lazy\"><\/div><div class=\"iw_cpt_image_gallery_image\"><img decoding=\"async\" src=\"https:\/\/farmworld.tv\/wp-content\/uploads\/2023\/03\/ltv-fwtv-leidenschaft-2023-image-03-970x728.jpg\" loading=\"lazy\"><\/div><div class=\"iw_cpt_image_gallery_image\"><img decoding=\"async\" src=\"https:\/\/farmworld.tv\/wp-content\/uploads\/2023\/03\/ltv-fwtv-leidenschaft-2023-image-04-970x647.jpg\" loading=\"lazy\"><\/div><div class=\"iw_cpt_image_gallery_image\"><img decoding=\"async\" src=\"https:\/\/farmworld.tv\/wp-content\/uploads\/2023\/03\/ltv-fwtv-leidenschaft-2023-image-05-970x647.jpg\" loading=\"lazy\"><\/div><div class=\"iw_cpt_image_gallery_image\"><img decoding=\"async\" src=\"https:\/\/farmworld.tv\/wp-content\/uploads\/2025\/12\/ltv-fwtv-leidenschaft-2023-image-06-970x647.jpg\" loading=\"lazy\"><\/div><div class=\"iw_cpt_image_gallery_image\"><img decoding=\"async\" src=\"https:\/\/farmworld.tv\/wp-content\/uploads\/2025\/12\/ltv-fwtv-leidenschaft-2023-image-07-970x546.jpg\" loading=\"lazy\"><\/div><div class=\"iw_cpt_image_gallery_image\"><img decoding=\"async\" src=\"https:\/\/farmworld.tv\/wp-content\/uploads\/2025\/12\/ltv-fwtv-leidenschaft-2023-image-08-970x437.jpg\" loading=\"lazy\"><\/div><\/div><\/div><div class=\"iw_cpt_image_gallery_clearfix\"><\/div><\/div><\/div>[vc_empty_space height=\u201c25\u201d][\/vc_column_inner][\/vc_row_inner][vc_row_inner][vc_column_inner]            <div class=\"iw_svg_viewer \" style=\"text-align:center\">\n                \n                    <div class=\"iw_svg_viewer_content_wrapper\" style=\"width:2px; height:150px\">\n                        <?xml version=\"1.0\" encoding=\"UTF-8\"?><svg id=\"Layer_1\" viewBox=\"0 0 2 150\"><rect id=\"Rechteck_1061\" width=\"2\" height=\"150\" style=\"fill:#5aa05a;\" \/><\/svg>\n                    <\/div>\n                \n            <\/div>\n[vc_empty_space height=\u201c25\u201d][\/vc_column_inner][\/vc_row_inner][\/vc_column][\/vc_row][vc_row full_width=\u201cstretch_row\u201d][vc_column][vc_row_inner][vc_column_inner width=\u201c1\/4\u201d][\/vc_column_inner][vc_column_inner offset=\u201cvc_col-md\u20116\u201d][vc_column_text css=\u201d.vc_custom_1764853717833{margin-bottom: 15px !important;}\u201d]\n<h3 style=\"text-align: center;\"><span style=\"color: #5aa05a;\">2024<\/span><\/h3>\n<p>[\/vc_column_text][vc_column_text css=\u201d.vc_custom_1764856959077{margin-bottom: 20px !important;}\u201d]<\/p>\n<h4 style=\"text-align: center;\">Dans toute l\u2019Europe<\/h4>\n<p>[\/vc_column_text][vc_column_text css=\u201c\u201d]Les recher\u00adches pour \u00ab Agri\u00adcul\u00adture in Europe \u00bb ont \u00e9t\u00e9 tr\u00e8s appro\u00adfon\u00addies. L\u2019ob\u00adjec\u00adtif \u00e9tait de visi\u00adter des explo\u00adita\u00adti\u00adons agri\u00adco\u00adles et des entre\u00adpre\u00adneurs dans autant de pays que pos\u00adsi\u00adble o\u00f9 nous n\u2019a\u00advi\u00adons jamais film\u00e9 aupa\u00adra\u00advant ou tr\u00e8s peu. Au prin\u00adtemps, nous nous ren\u00addrons en Ita\u00adlie et aux Pays-Bas. Plus tard dans l\u2019an\u00adn\u00e9e, 11 aut\u00adres pays vien\u00addront s\u2019a\u00adjou\u00adter, notam\u00adment des r\u00e9gions int\u00e9\u00adres\u00adsan\u00adtes d\u2019Eu\u00adrope de l\u2019Est, de Slo\u00adv\u00e9\u00adnie, de Hon\u00adgrie, de Rou\u00adma\u00adnie et de Tch\u00e9\u00adquie. La s\u00e9rie en deux par\u00adties d\u2019une dur\u00e9e de 195 minu\u00adtes est fina\u00adle\u00adment sor\u00adtie \u00e0 l\u2019au\u00adt\u00adomne, en m\u00eame temps que J\u2011Reiff Fendt Clas\u00adsics Vol. 4. La suite con\u00ads\u00adacr\u00e9e \u00e0 la coll\u00adec\u00adtion de trac\u00adteurs anci\u00adens de Josy Reiff traite de la \u00ab s\u00e9rie moderne \u00bb de Fendt et pr\u00e9\u00adsente 40 trac\u00adteurs con\u00adstruits entre 1967 et 1976. Le cir\u00adcuit agri\u00adcole Agrar-Adven\u00adture nous a emme\u00adn\u00e9s pour la pre\u00admi\u00e8re fois aux \u00c9tats-Unis en 2024. Au cours de cette excur\u00adsion d\u2019en\u00advi\u00adron 3 500 kilo\u00adm\u00e8\u00adtres, nous avons explor\u00e9 le Mid\u00adwest, visit\u00e9 le Farm Pro\u00adgress Show et d\u00e9cou\u00advert de nombreu\u00adses ent\u00adre\u00adpri\u00adses agri\u00adco\u00adles pas\u00adsi\u00adon\u00adnan\u00adtes. Bien s\u00fbr, il existe \u00e9ga\u00adle\u00adment un road movie sur ce cir\u00adcuit sur YouTube.[\/vc_column_text][vc_column_text css=\u201c\u201d]Nous avons \u00e9ga\u00adle\u00adment pro\u00adduit des sujets int\u00e9\u00adres\u00adsants pour notre cha\u00eene You\u00adTube en 2024. Il con\u00advi\u00adent notam\u00adment de men\u00adti\u00adon\u00adner les essais rou\u00adtiers exclu\u00adsifs avec la mois\u00adson\u00adneuse-bat\u00adteuse New Hol\u00adland CR11 et le John Deere 9RX. M\u00eame si le temps pour mettre en \u0153uvre de nou\u00advel\u00adles id\u00e9es est mal\u00adheu\u00adreu\u00adse\u00adment tr\u00e8s limit\u00e9, nous avons lanc\u00e9 un pod\u00adcast et enre\u00adgis\u00adtr\u00e9 trois \u00e9pi\u00adso\u00addes avec des agri\u00adcul\u00adteurs du Canada, de Rus\u00adsie et d\u2019Afri\u00adque du Sud pour d\u00e9mar\u00adrer. En rai\u00adson des excell\u00adents retours sur ces \u00e9pi\u00adso\u00addes, nous sou\u00adhai\u00adtons abso\u00adlu\u00adment pour\u00adsuivre cette s\u00e9rie \u00e0 l\u2019avenir.[\/vc_column_text][vc_empty_space height=\u201c25\u201d][\/vc_column_inner][vc_column_inner width=\u201c1\/4\u201d][\/vc_column_inner][\/vc_row_inner][vc_row_inner][vc_column_inner]<\/p><div class=\"iw_cpt_image_gallery_advanced \"><div class=\"iw_cpt_image_gallery \" data-deactive_lightbox=\"false\"><div class=\"desktop\"><div class=\"iw_col_1_2\"><div class=\"iw_cpt_image_gallery_image one\"><img decoding=\"async\" src=\"https:\/\/farmworld.tv\/wp-content\/uploads\/2025\/12\/ltv-fwtv-leidenschaft-2024-image-01-970x728.jpg\" loading=\"lazy\"><\/div><div class=\"iw_cpt_image_gallery_image two\"><img decoding=\"async\" src=\"https:\/\/farmworld.tv\/wp-content\/uploads\/2025\/12\/ltv-fwtv-leidenschaft-2024-image-02-970x728.jpg\" loading=\"lazy\"><\/div><div class=\"iw_cpt_image_gallery_image\"><img decoding=\"async\" src=\"https:\/\/farmworld.tv\/wp-content\/uploads\/2025\/12\/ltv-fwtv-leidenschaft-2024-image-04-970x648.jpg\" loading=\"lazy\"><\/div><div class=\"iw_cpt_image_gallery_image\"><img decoding=\"async\" src=\"https:\/\/farmworld.tv\/wp-content\/uploads\/2025\/12\/ltv-fwtv-leidenschaft-2024-image-05-970x647.jpg\" loading=\"lazy\"><\/div><\/div><div class=\"iw_col_1_2\"><div class=\"iw_cpt_image_gallery_image full three\"><img decoding=\"async\" src=\"https:\/\/farmworld.tv\/wp-content\/uploads\/2025\/12\/ltv-fwtv-leidenschaft-2024-image-03-970x546.jpg\" loading=\"lazy\"><\/div><\/div><div class=\"iw_cpt_image_gallery_clearfix\"><\/div><div class=\"iw_col_1_2\"><div class=\"iw_cpt_image_gallery_image\"><img decoding=\"async\" src=\"https:\/\/farmworld.tv\/wp-content\/uploads\/2025\/12\/ltv-fwtv-leidenschaft-2024-image-06-970x647.jpg\" loading=\"lazy\"><\/div><div class=\"iw_cpt_image_gallery_image\"><img decoding=\"async\" src=\"https:\/\/farmworld.tv\/wp-content\/uploads\/2025\/12\/ltv-fwtv-leidenschaft-2024-image-07-780x780.jpg\" loading=\"lazy\"><\/div><\/div><div class=\"iw_col_1_2\"><div class=\"iw_cpt_image_gallery_image\"><img decoding=\"async\" src=\"https:\/\/farmworld.tv\/wp-content\/uploads\/2025\/12\/ltv-fwtv-leidenschaft-2024-image-08-970x546.jpg\" loading=\"lazy\"><\/div><\/div><\/div><div class=\"mobile\"><div class=\"iw_col_1_1\"><div class=\"iw_cpt_image_gallery_image full one\"><img decoding=\"async\" src=\"https:\/\/farmworld.tv\/wp-content\/uploads\/2025\/12\/ltv-fwtv-leidenschaft-2024-image-01-970x728.jpg\" loading=\"lazy\"><\/div><\/div><div class=\"iw_col_1_1\"><div class=\"iw_cpt_image_gallery_image\"><img decoding=\"async\" src=\"https:\/\/farmworld.tv\/wp-content\/uploads\/2025\/12\/ltv-fwtv-leidenschaft-2024-image-02-970x728.jpg\" loading=\"lazy\"><\/div><div class=\"iw_cpt_image_gallery_image\"><img decoding=\"async\" src=\"https:\/\/farmworld.tv\/wp-content\/uploads\/2025\/12\/ltv-fwtv-leidenschaft-2024-image-03-970x546.jpg\" loading=\"lazy\"><\/div><div class=\"iw_cpt_image_gallery_image\"><img decoding=\"async\" src=\"https:\/\/farmworld.tv\/wp-content\/uploads\/2025\/12\/ltv-fwtv-leidenschaft-2024-image-04-970x648.jpg\" loading=\"lazy\"><\/div><div class=\"iw_cpt_image_gallery_image\"><img decoding=\"async\" src=\"https:\/\/farmworld.tv\/wp-content\/uploads\/2025\/12\/ltv-fwtv-leidenschaft-2024-image-05-970x647.jpg\" loading=\"lazy\"><\/div><div class=\"iw_cpt_image_gallery_image\"><img decoding=\"async\" src=\"https:\/\/farmworld.tv\/wp-content\/uploads\/2025\/12\/ltv-fwtv-leidenschaft-2024-image-06-970x647.jpg\" loading=\"lazy\"><\/div><div class=\"iw_cpt_image_gallery_image\"><img decoding=\"async\" src=\"https:\/\/farmworld.tv\/wp-content\/uploads\/2025\/12\/ltv-fwtv-leidenschaft-2024-image-07-780x780.jpg\" loading=\"lazy\"><\/div><div class=\"iw_cpt_image_gallery_image\"><img decoding=\"async\" src=\"https:\/\/farmworld.tv\/wp-content\/uploads\/2025\/12\/ltv-fwtv-leidenschaft-2024-image-08-970x546.jpg\" loading=\"lazy\"><\/div><\/div><\/div><div class=\"iw_cpt_image_gallery_clearfix\"><\/div><\/div><\/div>[vc_empty_space height=\u201c25\u201d][\/vc_column_inner][\/vc_row_inner][vc_row_inner][vc_column_inner]            <div class=\"iw_svg_viewer \" style=\"text-align:center\">\n                \n                    <div class=\"iw_svg_viewer_content_wrapper\" style=\"width:2px; height:150px\">\n                        <?xml version=\"1.0\" encoding=\"UTF-8\"?><svg id=\"Layer_1\" viewBox=\"0 0 2 150\"><rect id=\"Rechteck_1061\" width=\"2\" height=\"150\" style=\"fill:#5aa05a;\" \/><\/svg>\n                    <\/div>\n                \n            <\/div>\n[vc_empty_space height=\u201c25\u201d][\/vc_column_inner][\/vc_row_inner][\/vc_column][\/vc_row][vc_row full_width=\u201cstretch_row\u201d][vc_column][vc_row_inner][vc_column_inner width=\u201c1\/4\u201d][\/vc_column_inner][vc_column_inner offset=\u201cvc_col-md\u20116\u201d][vc_column_text css=\u201d.vc_custom_1764854284144{margin-bottom: 15px !important;}\u201d]\n<h3 style=\"text-align: center;\"><span style=\"color: #5aa05a;\">2025<\/span><\/h3>\n<p>[\/vc_column_text][vc_column_text css=\u201d.vc_custom_1764857039655{margin-bottom: 20px !important;}\u201d]<\/p>\n<h4 style=\"text-align: center;\">Sur la route : voyager \u00e0 travers les \u00c9tats-Unis<\/h4>\n<p>[\/vc_column_text][vc_column_text css=\u201c\u201d]Cette ann\u00e9e, nos longs m\u00e9tra\u00adges nous ont emme\u00adn\u00e9s sur un autre con\u00adti\u00adnent. Bien que nous ayons d\u00e9j\u00e0 explor\u00e9 le Mid\u00adwest am\u00e9\u00adri\u00adcain il y a quel\u00adques ann\u00e9es pour notre film \u00ab Agri\u00adcul\u00adture in North Ame\u00adrica Vol. 3 \u00bb, les dro\u00adnes de tour\u00adnage n\u2019e\u00adxis\u00adtaient pas \u00e0 l\u2019\u00e9\u00adpo\u00adque, et il reste encore beau\u00adcoup \u00e0 d\u00e9cou\u00advrir dans le troi\u00adsi\u00e8me plus grand pays du monde. Apr\u00e8s plu\u00ads\u00adieurs visi\u00adtes \u00e0 dif\u00adf\u00e9\u00adren\u00adtes sai\u00adsons, nous avons fina\u00adle\u00adment film\u00e9 dans 13 \u00c9tats am\u00e9\u00adri\u00adcains dif\u00adf\u00e9r\u00adents. Ce fut une pro\u00adduc\u00adtion incroya\u00adblem\u00adent pas\u00adsi\u00adon\u00adnante, avec des machi\u00adnes agri\u00adco\u00adles et des pay\u00adsa\u00adges impres\u00adsi\u00adon\u00adnants, ainsi que des per\u00adson\u00adnes mer\u00adveil\u00adleu\u00adses que nous avons eu l\u2019oc\u00adca\u00adsion de ren\u00adcon\u00adtrer sur place. De la fron\u00adti\u00e8re cana\u00addi\u00adenne \u00e0 la Cali\u00adfor\u00adnie et jus\u00adqu\u2019aux zones d\u00e9ser\u00adti\u00adques pr\u00e8s du Mexi\u00adque, nous avons v\u00e9cu de nombreu\u00adses exp\u00e9\u00adri\u00aden\u00adces. La s\u00e9rie en deux par\u00adties \u00ab Agri\u00adcul\u00adture in the USA \u00bb est dis\u00adpo\u00adnible en DVD, en strea\u00adming vid\u00e9o 4K et en Stream\u00adbox. La s\u00e9rie de films J\u2011Reiff Fendt Clas\u00adsics a \u00e9ga\u00adle\u00adment \u00e9t\u00e9 \u00e9lar\u00adgie. La par\u00adtie 5 est con\u00ads\u00adacr\u00e9e aux ann\u00e9es 1977 \u00e0 1985.[\/vc_column_text][vc_column_text css=\u201c\u201d]Lors du salon Agri\u00adtech\u00adnica 2025, de nombreux fabri\u00adcants de machi\u00adnes agri\u00adco\u00adles ont pr\u00e9\u00adsent\u00e9 de nou\u00adveaux pro\u00adduits pas\u00adsi\u00adon\u00adnants, dont cer\u00adta\u00adins ont pu \u00eatre pr\u00e9\u00adsen\u00adt\u00e9s en avant-pre\u00admi\u00e8re sur notre cha\u00eene You\u00adTube dans le cadre d\u2019es\u00adsais rou\u00adtiers. Parmi ceux-ci figu\u00adrai\u00adent la nou\u00advelle ensi\u00adleuse Claas Jaguar et la t\u00eate de r\u00e9colte \u00e0 ma\u00efs 16 rangs de Krone. Nous avons \u00e9ga\u00adle\u00adment \u00e9t\u00e9 ravis de pou\u00advoir par\u00adti\u00adci\u00adper \u00e0 Agri\u00adtech\u00adnica avec notre pro\u00adpre stand d\u2019ex\u00adpo\u00adsi\u00adtion et de ren\u00adcon\u00adtrer en per\u00adsonne tant de fans de cin\u00e9ma. Le num\u00e9ro de d\u00e9cembre du maga\u00adzine de tech\u00adno\u00adlo\u00adgie agri\u00adcole Profi a publi\u00e9 un repor\u00adtage d\u00e9taill\u00e9 sur notre pro\u00adduc\u00adtion cin\u00e9\u00adma\u00adto\u00adgra\u00adphi\u00adque aux \u00c9tats-Unis. \u00c0 la fin de l\u2019an\u00adn\u00e9e, notre cha\u00eene You\u00adTube en ang\u00adlais a d\u00e9pass\u00e9 les 25 000 abon\u00adn\u00e9s ![\/vc_column_text][vc_column_text css=\u201c\u201d]Vers la fin de l\u2019an\u00adn\u00e9e, une s\u00e9rie de films tr\u00e8s sp\u00e9\u00adciale a \u00e9t\u00e9 mise en ligne sur notre cha\u00eene You\u00adTube. Pour mar\u00adquer les 30 ans du Fendt Vario, nous avons eu l\u2019oc\u00adca\u00adsion de fil\u00admer les trac\u00adteurs l\u00e9gend\u00adai\u00adres, notam\u00adment le Tri\u00adsix et l\u2019Evo. Un r\u00eave d\u2019en\u00adfant devenu r\u00e9a\u00adlit\u00e9 ! Les par\u00adties 1 et 2 sont dis\u00adpo\u00adnibles sur notre cha\u00eene You\u00adTube et ont bien s\u00fbr \u00e9ga\u00adle\u00adment \u00e9t\u00e9 publi\u00e9es en ang\u00adlais et en fran\u00e7ais.[\/vc_column_text][vc_empty_space height=\u201c25\u201d][\/vc_column_inner][vc_column_inner width=\u201c1\/4\u201d][\/vc_column_inner][\/vc_row_inner][vc_row_inner][vc_column_inner]<\/p><div class=\"iw_cpt_image_gallery_advanced \"><div class=\"iw_cpt_image_gallery \" data-deactive_lightbox=\"false\"><div class=\"desktop\"><div class=\"iw_col_1_2\"><div class=\"iw_cpt_image_gallery_image full one\"><img decoding=\"async\" src=\"https:\/\/farmworld.tv\/wp-content\/uploads\/2025\/12\/ltv-fwtv-leidenschaft-2025-image-01-970x727.jpg\" loading=\"lazy\"><div class=\"clearfix\"><\/div><\/div><\/div><div class=\"iw_col_1_2\"><div class=\"iw_cpt_image_gallery_image two\"><img decoding=\"async\" src=\"https:\/\/farmworld.tv\/wp-content\/uploads\/2025\/12\/ltv-fwtv-leidenschaft-2025-image-02-970x648.jpg\" loading=\"lazy\"><\/div><div class=\"iw_cpt_image_gallery_image three\"><img decoding=\"async\" src=\"https:\/\/farmworld.tv\/wp-content\/uploads\/2025\/12\/ltv-fwtv-leidenschaft-2025-image-03-970x648.jpg\" loading=\"lazy\"><\/div><div class=\"iw_cpt_image_gallery_image\"><img decoding=\"async\" src=\"https:\/\/farmworld.tv\/wp-content\/uploads\/2025\/12\/ltv-fwtv-leidenschaft-2025-image-04-970x647.jpg\" loading=\"lazy\"><\/div><div class=\"iw_cpt_image_gallery_image\"><img decoding=\"async\" src=\"https:\/\/farmworld.tv\/wp-content\/uploads\/2025\/12\/ltv-fwtv-leidenschaft-2025-image-05-970x647.jpg\" loading=\"lazy\"><\/div><\/div><div class=\"iw_cpt_image_gallery_clearfix\"><\/div><div class=\"iw_col_1_2\"><div class=\"iw_cpt_image_gallery_image\"><img decoding=\"async\" src=\"https:\/\/farmworld.tv\/wp-content\/uploads\/2025\/12\/ltv-fwtv-leidenschaft-2025-image-06-970x647.jpg\" loading=\"lazy\"><\/div><div class=\"iw_cpt_image_gallery_image\"><img decoding=\"async\" src=\"https:\/\/farmworld.tv\/wp-content\/uploads\/2025\/12\/ltv-fwtv-leidenschaft-2025-image-07-970x647.jpg\" loading=\"lazy\"><\/div><\/div><div class=\"iw_col_1_2\"><\/div><\/div><div class=\"mobile\"><div class=\"iw_col_1_1\"><div class=\"iw_cpt_image_gallery_image full one\"><img decoding=\"async\" src=\"https:\/\/farmworld.tv\/wp-content\/uploads\/2025\/12\/ltv-fwtv-leidenschaft-2025-image-01-970x727.jpg\" loading=\"lazy\"><\/div><\/div><div class=\"iw_col_1_1\"><div class=\"iw_cpt_image_gallery_image\"><img decoding=\"async\" src=\"https:\/\/farmworld.tv\/wp-content\/uploads\/2025\/12\/ltv-fwtv-leidenschaft-2025-image-02-970x648.jpg\" loading=\"lazy\"><\/div><div class=\"iw_cpt_image_gallery_image\"><img decoding=\"async\" src=\"https:\/\/farmworld.tv\/wp-content\/uploads\/2025\/12\/ltv-fwtv-leidenschaft-2025-image-03-970x648.jpg\" loading=\"lazy\"><\/div><div class=\"iw_cpt_image_gallery_image\"><img decoding=\"async\" src=\"https:\/\/farmworld.tv\/wp-content\/uploads\/2025\/12\/ltv-fwtv-leidenschaft-2025-image-04-970x647.jpg\" loading=\"lazy\"><\/div><div class=\"iw_cpt_image_gallery_image\"><img decoding=\"async\" src=\"https:\/\/farmworld.tv\/wp-content\/uploads\/2025\/12\/ltv-fwtv-leidenschaft-2025-image-05-970x647.jpg\" loading=\"lazy\"><\/div><div class=\"iw_cpt_image_gallery_image\"><img decoding=\"async\" src=\"https:\/\/farmworld.tv\/wp-content\/uploads\/2025\/12\/ltv-fwtv-leidenschaft-2025-image-06-970x647.jpg\" loading=\"lazy\"><\/div><div class=\"iw_cpt_image_gallery_image\"><img decoding=\"async\" src=\"https:\/\/farmworld.tv\/wp-content\/uploads\/2025\/12\/ltv-fwtv-leidenschaft-2025-image-07-970x647.jpg\" loading=\"lazy\"><\/div><\/div><\/div><div class=\"iw_cpt_image_gallery_clearfix\"><\/div><\/div><\/div>[vc_empty_space height=\u201c25\u201d][\/vc_column_inner][\/vc_row_inner][vc_row_inner][vc_column_inner]            <div class=\"iw_svg_viewer \" style=\"text-align:center\">\n                \n                    <div class=\"iw_svg_viewer_content_wrapper\" style=\"width:2px; height:150px\">\n                        <?xml version=\"1.0\" encoding=\"UTF-8\"?><svg id=\"Layer_1\" viewBox=\"0 0 2 150\"><rect id=\"Rechteck_1061\" width=\"2\" height=\"150\" style=\"fill:#5aa05a;\" \/><\/svg>\n                    <\/div>\n                \n            <\/div>\n[vc_empty_space height=\u201c25\u201d][\/vc_column_inner][\/vc_row_inner][\/vc_column][\/vc_row][vc_row full_width=\u201cstretch_row\u201d][vc_column][vc_row_inner][vc_column_inner width=\u201c1\/4\u201d][\/vc_column_inner][vc_column_inner offset=\u201cvc_col-md\u20116\u201d][vc_column_text css=\u201d.vc_custom_1764854470673{margin-bottom: 15px !important;}\u201d]\n<h3 style=\"text-align: center;\"><span style=\"color: #5aa05a;\">2026<\/span><\/h3>\n<p>[\/vc_column_text][vc_column_text css=\u201d.vc_custom_1764857107998{margin-bottom: 20px !important;}\u201d]<\/p>\n<h4 style=\"text-align: center;\">De nouveaux pays et de nouveaux th\u00e8mes : il y a tant \u00e0 d\u00e9couvrir&nbsp;!<\/h4>\n<p>[\/vc_column_text][vc_column_text css=\u201c\u201d]Inspir\u00e9s par les nombreu\u00adses con\u00adver\u00adsa\u00adti\u00adons int\u00e9\u00adres\u00adsan\u00adtes et les ren\u00adcon\u00adtres per\u00adson\u00adnel\u00adles que nous avons eues lors du salon des machi\u00adnes agri\u00adco\u00adles Agri\u00adtech\u00adnica \u00e0 Hano\u00advre, nous envi\u00adsa\u00adge\u00adons de nou\u00adveaux pro\u00adjets vid\u00e9o qui nous m\u00e8ne\u00adront dans des r\u00e9gions o\u00f9 nous n\u2019a\u00advons pas encore mis nos cam\u00e9\u00adras. L\u2019a\u00adve\u00adnir s\u2019an\u00adnonce pas\u00adsi\u00adon\u00adnant ! Notre cha\u00eene You\u00adTube en lan\u00adgue alle\u00admande appro\u00adche les 300 000 abon\u00adn\u00e9s. Avec un itin\u00ad\u00e9\u00adraire l\u00e9g\u00e8\u00adre\u00adment modi\u00adfi\u00e9, le cir\u00adcuit agri\u00adcole Agrar-Adven\u00adture aux \u00c9tats-Unis aura lieu en sep\u00adtembre. De plus, landtechnikvideos.de f\u00eate son 25e anni\u00adver\u00adsaire ![\/vc_column_text][vc_empty_space height=\u201c25\u201d][vc_single_image image=\u201c9445\u201d img_size=\u201cfull\u201d alignment=\u201ccenter\u201d css=\u201c\u201d][\/vc_column_inner][vc_column_inner width=\u201c1\/4\u201d][\/vc_column_inner][\/vc_row_inner][vc_row_inner disable_element=\u201cyes\u201d][vc_column_inner]<\/p><div class=\"iw_cpt_image_gallery_advanced \"><div class=\"iw_cpt_image_gallery \" data-deactive_lightbox=\"false\"><div class=\"desktop\"><div class=\"iw_col_1_2\"><div class=\"iw_cpt_image_gallery_image full one\"><img decoding=\"async\" src=\"https:\/\/farmworld.tv\/wp-content\/uploads\/2025\/12\/ltv-fwtv-leidenschaft-2025-image-01-970x727.jpg\" loading=\"lazy\"><div class=\"clearfix\"><\/div><\/div><\/div><div class=\"iw_col_1_2\"><div class=\"iw_cpt_image_gallery_image two\"><img decoding=\"async\" src=\"https:\/\/farmworld.tv\/wp-content\/uploads\/2025\/12\/ltv-fwtv-leidenschaft-2025-image-02-970x648.jpg\" loading=\"lazy\"><\/div><div class=\"iw_cpt_image_gallery_image three\"><img decoding=\"async\" src=\"https:\/\/farmworld.tv\/wp-content\/uploads\/2025\/12\/ltv-fwtv-leidenschaft-2025-image-03-970x648.jpg\" loading=\"lazy\"><\/div><div class=\"iw_cpt_image_gallery_image\"><img decoding=\"async\" src=\"https:\/\/farmworld.tv\/wp-content\/uploads\/2025\/12\/ltv-fwtv-leidenschaft-2025-image-04-970x647.jpg\" loading=\"lazy\"><\/div><div class=\"iw_cpt_image_gallery_image\"><img decoding=\"async\" src=\"https:\/\/farmworld.tv\/wp-content\/uploads\/2025\/12\/ltv-fwtv-leidenschaft-2025-image-05-970x647.jpg\" loading=\"lazy\"><\/div><\/div><div class=\"iw_cpt_image_gallery_clearfix\"><\/div><div class=\"iw_col_1_2\"><div class=\"iw_cpt_image_gallery_image\"><img decoding=\"async\" src=\"https:\/\/farmworld.tv\/wp-content\/uploads\/2025\/12\/ltv-fwtv-leidenschaft-2025-image-06-970x647.jpg\" loading=\"lazy\"><\/div><div class=\"iw_cpt_image_gallery_image\"><img decoding=\"async\" src=\"https:\/\/farmworld.tv\/wp-content\/uploads\/2025\/12\/ltv-fwtv-leidenschaft-2025-image-07-970x647.jpg\" loading=\"lazy\"><\/div><\/div><div class=\"iw_col_1_2\"><\/div><\/div><div class=\"mobile\"><div class=\"iw_col_1_1\"><div class=\"iw_cpt_image_gallery_image full one\"><img decoding=\"async\" src=\"https:\/\/farmworld.tv\/wp-content\/uploads\/2025\/12\/ltv-fwtv-leidenschaft-2025-image-01-970x727.jpg\" loading=\"lazy\"><\/div><\/div><div class=\"iw_col_1_1\"><div class=\"iw_cpt_image_gallery_image\"><img decoding=\"async\" src=\"https:\/\/farmworld.tv\/wp-content\/uploads\/2025\/12\/ltv-fwtv-leidenschaft-2025-image-02-970x648.jpg\" loading=\"lazy\"><\/div><div class=\"iw_cpt_image_gallery_image\"><img decoding=\"async\" src=\"https:\/\/farmworld.tv\/wp-content\/uploads\/2025\/12\/ltv-fwtv-leidenschaft-2025-image-03-970x648.jpg\" loading=\"lazy\"><\/div><div class=\"iw_cpt_image_gallery_image\"><img decoding=\"async\" src=\"https:\/\/farmworld.tv\/wp-content\/uploads\/2025\/12\/ltv-fwtv-leidenschaft-2025-image-04-970x647.jpg\" loading=\"lazy\"><\/div><div class=\"iw_cpt_image_gallery_image\"><img decoding=\"async\" src=\"https:\/\/farmworld.tv\/wp-content\/uploads\/2025\/12\/ltv-fwtv-leidenschaft-2025-image-05-970x647.jpg\" loading=\"lazy\"><\/div><div class=\"iw_cpt_image_gallery_image\"><img decoding=\"async\" src=\"https:\/\/farmworld.tv\/wp-content\/uploads\/2025\/12\/ltv-fwtv-leidenschaft-2025-image-06-970x647.jpg\" loading=\"lazy\"><\/div><div class=\"iw_cpt_image_gallery_image\"><img decoding=\"async\" src=\"https:\/\/farmworld.tv\/wp-content\/uploads\/2025\/12\/ltv-fwtv-leidenschaft-2025-image-07-970x647.jpg\" loading=\"lazy\"><\/div><\/div><\/div><div class=\"iw_cpt_image_gallery_clearfix\"><\/div><\/div><\/div>[vc_empty_space height=\u201c25\u201d][\/vc_column_inner][\/vc_row_inner][vc_row_inner disable_element=\u201cyes\u201d][vc_column_inner]            <div class=\"iw_svg_viewer \" style=\"text-align:center\">\n                \n                    <div class=\"iw_svg_viewer_content_wrapper\" style=\"width:2px; height:150px\">\n                        <?xml version=\"1.0\" encoding=\"UTF-8\"?><svg id=\"Layer_1\" viewBox=\"0 0 2 150\"><rect id=\"Rechteck_1061\" width=\"2\" height=\"150\" style=\"fill:#5aa05a;\" \/><\/svg>\n                    <\/div>\n                \n            <\/div>\n[vc_empty_space height=\u201c25\u201d][\/vc_column_inner][\/vc_row_inner][\/vc_column][\/vc_row][vc_row full_width=\u201cstretch_row\u201d][vc_column][vc_row_inner][vc_column_inner][vc_empty_space height=\u201c50\u201d][\/vc_column_inner][\/vc_row_inner][vc_row_inner][vc_column_inner][vc_empty_space height=\u201c50\u201d][\/vc_column_inner][\/vc_row_inner][\/vc_column][\/vc_row]\n<\/div>","protected":false},"excerpt":{"rendered":"<p>[vc_row full_width=\u201cstretch_row_content_no_spaces\u201d][vc_column][vc_row_inner][vc_column_inner][\/vc_column_inner][\/vc_row_inner][\/vc_column][\/vc_row][vc_row full_width=\u201cstretch_row\u201d][vc_column][vc_row_inner][vc_column_inner][vc_empty_space height=\u201c50\u201d][\/vc_column_inner][\/vc_row_inner][vc_row_inner][vc_column_inner width=\u201c1\/6\u201d offset=\u201cvc_hidden-sm vc_hidden-xs\u201d][\/vc_column_inner][vc_column_inner offset=\u201cvc_col-md\u20118\u201d][vc_column_text] Notre pas\u00adsion [\/vc_column_text][vc_column_text] Bon\u00adjour \u00e0 tous&nbsp;! Voici un petit tour d\u2019horizon de nous et notre pas\u00adsion&nbsp;!&nbsp; [\/vc_column_text][vc_empty_space height=\u201c25px\u201d][\/vc_column_inner][vc_column_inner width=\u201c1\/6\u201d offset=\u201cvc_hidden-sm vc_hidden-xs\u201d][\/vc_column_inner][\/vc_row_inner][\/vc_column][\/vc_row][vc_row full_width=\u201cstretch_row\u201d][vc_column][vc_row_inner][vc_column_inner][vc_empty_space height=\u201c50\u201d][\/vc_column_inner][\/vc_row_inner][vc_row_inner][vc_column_inner width=\u201c1\/12\u201d offset=\u201cvc_hidden-sm vc_hidden-xs\u201d][\/vc_column_inner][vc_column_inner width=\u201c1\/2\u201d offset=\u201cvc_col-md\u20114\u201d][vc_single_image image=\u201c779\u201d img_size=\u201c175x175\u201d alignment=\u201ccenter\u201d style=\u201cvc_box_circle\u201d][vc_column_text css=\u201d.vc_custom_1669207015155{margin-bottom: 15px !important;}\u201d] Tammo Gl\u00e4\u00adser [\/vc_column_text][vc_column_text css=\u201d.vc_custom_1676993684887{margin-bottom: 20px !important;}\u201d] Ann\u00e9e de con\u00ads\u00adtruc\u00adtion&nbsp;: 1985 [\/vc_column_text][vc_column_text css=\u201d.vc_custom_1676993709140{margin-bottom: [\u2026]<\/p>\n","protected":false},"author":2,"featured_media":0,"parent":0,"menu_order":0,"comment_status":"closed","ping_status":"closed","template":"","meta":{"wp_typography_post_enhancements_disabled":false,"footnotes":""},"class_list":["post-2932","page","type-page","status-publish","hentry"],"yoast_head":"<!-- This site is optimized with the Yoast SEO plugin v25.3.1 - https:\/\/yoast.com\/wordpress\/plugins\/seo\/ -->\n<title>Notre passion - Tammo et J\u00f6rn Gl\u00e4ser<\/title>\n<meta name=\"description\" content=\"Depuis les premi\u00e8res prises de vue avec la &quot;cam\u00e9ra Ritsch-Ratsch-Klick&quot; jusqu&#039;\u00e0 la production actuelle de films 4K...\" \/>\n<meta name=\"robots\" content=\"index, follow, max-snippet:-1, max-image-preview:large, max-video-preview:-1\" \/>\n<link rel=\"canonical\" href=\"https:\/\/farmworld.tv\/fr\/notre-passion\/\" \/>\n<meta property=\"og:locale\" content=\"fr_FR\" \/>\n<meta property=\"og:type\" content=\"article\" \/>\n<meta property=\"og:title\" content=\"Notre passion - Tammo et J\u00f6rn Gl\u00e4ser\" \/>\n<meta property=\"og:description\" content=\"Depuis les premi\u00e8res prises de vue avec la &quot;cam\u00e9ra Ritsch-Ratsch-Klick&quot; jusqu&#039;\u00e0 la production actuelle de films 4K...\" \/>\n<meta property=\"og:url\" content=\"https:\/\/farmworld.tv\/fr\/notre-passion\/\" \/>\n<meta property=\"og:site_name\" content=\"farmworld.tv\" \/>\n<meta property=\"article:modified_time\" content=\"2025-12-04T14:05:55+00:00\" \/>\n<meta name=\"twitter:card\" content=\"summary_large_image\" \/>\n<meta name=\"twitter:label1\" content=\"Dur\u00e9e de lecture estim\u00e9e\" \/>\n\t<meta name=\"twitter:data1\" content=\"24 minutes\" \/>\n<script type=\"application\/ld+json\" class=\"yoast-schema-graph\">{\"@context\":\"https:\/\/schema.org\",\"@graph\":[{\"@type\":\"WebPage\",\"@id\":\"https:\/\/farmworld.tv\/fr\/notre-passion\/\",\"url\":\"https:\/\/farmworld.tv\/fr\/notre-passion\/\",\"name\":\"Notre passion - Tammo et J\u00f6rn Gl\u00e4ser\",\"isPartOf\":{\"@id\":\"https:\/\/farmworld.tv\/en\/#website\"},\"datePublished\":\"2022-07-19T12:06:44+00:00\",\"dateModified\":\"2025-12-04T14:05:55+00:00\",\"description\":\"Depuis les premi\u00e8res prises de vue avec la \\\"cam\u00e9ra Ritsch-Ratsch-Klick\\\" jusqu'\u00e0 la production actuelle de films 4K...\",\"breadcrumb\":{\"@id\":\"https:\/\/farmworld.tv\/fr\/notre-passion\/#breadcrumb\"},\"inLanguage\":\"fr-FR\",\"potentialAction\":[{\"@type\":\"ReadAction\",\"target\":[\"https:\/\/farmworld.tv\/fr\/notre-passion\/\"]}]},{\"@type\":\"BreadcrumbList\",\"@id\":\"https:\/\/farmworld.tv\/fr\/notre-passion\/#breadcrumb\",\"itemListElement\":[{\"@type\":\"ListItem\",\"position\":1,\"name\":\"Home\",\"item\":\"https:\/\/farmworld.tv\/fr\/\"},{\"@type\":\"ListItem\",\"position\":2,\"name\":\"Notre passion\"}]},{\"@type\":\"WebSite\",\"@id\":\"https:\/\/farmworld.tv\/en\/#website\",\"url\":\"https:\/\/farmworld.tv\/en\/\",\"name\":\"farmworld.tv\",\"description\":\"\",\"potentialAction\":[{\"@type\":\"SearchAction\",\"target\":{\"@type\":\"EntryPoint\",\"urlTemplate\":\"https:\/\/farmworld.tv\/en\/?s={search_term_string}\"},\"query-input\":{\"@type\":\"PropertyValueSpecification\",\"valueRequired\":true,\"valueName\":\"search_term_string\"}}],\"inLanguage\":\"fr-FR\"}]}<\/script>\n<!-- \/ Yoast SEO plugin. -->","yoast_head_json":{"title":"Notre passion - Tammo et J\u00f6rn Gl\u00e4ser","description":"Depuis les premi\u00e8res prises de vue avec la \"cam\u00e9ra Ritsch-Ratsch-Klick\" jusqu'\u00e0 la production actuelle de films 4K...","robots":{"index":"index","follow":"follow","max-snippet":"max-snippet:-1","max-image-preview":"max-image-preview:large","max-video-preview":"max-video-preview:-1"},"canonical":"https:\/\/farmworld.tv\/fr\/notre-passion\/","og_locale":"fr_FR","og_type":"article","og_title":"Notre passion - Tammo et J\u00f6rn Gl\u00e4ser","og_description":"Depuis les premi\u00e8res prises de vue avec la \"cam\u00e9ra Ritsch-Ratsch-Klick\" jusqu'\u00e0 la production actuelle de films 4K...","og_url":"https:\/\/farmworld.tv\/fr\/notre-passion\/","og_site_name":"farmworld.tv","article_modified_time":"2025-12-04T14:05:55+00:00","twitter_card":"summary_large_image","twitter_misc":{"Dur\u00e9e de lecture estim\u00e9e":"24 minutes"},"schema":{"@context":"https:\/\/schema.org","@graph":[{"@type":"WebPage","@id":"https:\/\/farmworld.tv\/fr\/notre-passion\/","url":"https:\/\/farmworld.tv\/fr\/notre-passion\/","name":"Notre passion - Tammo et J\u00f6rn Gl\u00e4ser","isPartOf":{"@id":"https:\/\/farmworld.tv\/en\/#website"},"datePublished":"2022-07-19T12:06:44+00:00","dateModified":"2025-12-04T14:05:55+00:00","description":"Depuis les premi\u00e8res prises de vue avec la \"cam\u00e9ra Ritsch-Ratsch-Klick\" jusqu'\u00e0 la production actuelle de films 4K...","breadcrumb":{"@id":"https:\/\/farmworld.tv\/fr\/notre-passion\/#breadcrumb"},"inLanguage":"fr-FR","potentialAction":[{"@type":"ReadAction","target":["https:\/\/farmworld.tv\/fr\/notre-passion\/"]}]},{"@type":"BreadcrumbList","@id":"https:\/\/farmworld.tv\/fr\/notre-passion\/#breadcrumb","itemListElement":[{"@type":"ListItem","position":1,"name":"Home","item":"https:\/\/farmworld.tv\/fr\/"},{"@type":"ListItem","position":2,"name":"Notre passion"}]},{"@type":"WebSite","@id":"https:\/\/farmworld.tv\/en\/#website","url":"https:\/\/farmworld.tv\/en\/","name":"farmworld.tv","description":"","potentialAction":[{"@type":"SearchAction","target":{"@type":"EntryPoint","urlTemplate":"https:\/\/farmworld.tv\/en\/?s={search_term_string}"},"query-input":{"@type":"PropertyValueSpecification","valueRequired":true,"valueName":"search_term_string"}}],"inLanguage":"fr-FR"}]}},"_links":{"self":[{"href":"https:\/\/farmworld.tv\/fr\/wp-json\/wp\/v2\/pages\/2932","targetHints":{"allow":["GET"]}}],"collection":[{"href":"https:\/\/farmworld.tv\/fr\/wp-json\/wp\/v2\/pages"}],"about":[{"href":"https:\/\/farmworld.tv\/fr\/wp-json\/wp\/v2\/types\/page"}],"author":[{"embeddable":true,"href":"https:\/\/farmworld.tv\/fr\/wp-json\/wp\/v2\/users\/2"}],"replies":[{"embeddable":true,"href":"https:\/\/farmworld.tv\/fr\/wp-json\/wp\/v2\/comments?post=2932"}],"version-history":[{"count":36,"href":"https:\/\/farmworld.tv\/fr\/wp-json\/wp\/v2\/pages\/2932\/revisions"}],"predecessor-version":[{"id":3157,"href":"https:\/\/farmworld.tv\/fr\/wp-json\/wp\/v2\/pages\/2932\/revisions\/3157"}],"wp:attachment":[{"href":"https:\/\/farmworld.tv\/fr\/wp-json\/wp\/v2\/media?parent=2932"}],"curies":[{"name":"wp","href":"https:\/\/api.w.org\/{rel}","templated":true}]}}