{"id":2933,"date":"2022-07-19T14:06:44","date_gmt":"2022-07-19T12:06:44","guid":{"rendered":"https:\/\/farmworld.tv\/unsere-leidenschaft\/"},"modified":"2025-12-04T15:17:23","modified_gmt":"2025-12-04T14:17:23","slug":"nuestra-pasion","status":"publish","type":"page","link":"https:\/\/farmworld.tv\/es\/nuestra-pasion\/","title":{"rendered":"Nuestra pasi\u00f3n"},"content":{"rendered":"<div class=\"wpb-content-wrapper\"><p>[vc_row full_width=\u201cstretch_row_content_no_spaces\u201d][vc_column][vc_row_inner][vc_column_inner]            <\/p><div class=\"iw_header_image \" data-max-height=\"700\">\n                <div class=\"iw_header_image_image_wrapper\">\n                    <div class=\"iw_header_image_image_rescue\"><\/div>\n                    <div class=\"picture-tag-wrapper\">\n                                        <picture>\n                    <source media=\"(max-width: 465px)\" srcset=\"https:\/\/farmworld.tv\/wp-content\/uploads\/2022\/07\/ltv_header_demo-scaled.jpg\">\n                    <source media=\"(max-width: 860px)\" srcset=\"https:\/\/farmworld.tv\/wp-content\/uploads\/2022\/07\/ltv_header_demo-scaled.jpg\">\n                    <img decoding=\"async\" src=\"https:\/\/farmworld.tv\/wp-content\/uploads\/2022\/07\/ltv_header_demo-scaled.jpg\" title=\"ltv_header_demo\" alt width=\"2560\" height=\"1440\" style=\"width: 100%; height: 100%; object-fit: cover\" loading=\"lazy\">\n                <\/picture>\n                    <\/div>\n                <\/div>\n                \n            <\/div>\n[\/vc_column_inner][\/vc_row_inner][\/vc_column][\/vc_row][vc_row full_width=\u201cstretch_row\u201d][vc_column][vc_row_inner][vc_column_inner][vc_empty_space height=\u201c50\u201d][\/vc_column_inner][\/vc_row_inner][vc_row_inner][vc_column_inner width=\u201c1\/6\u201d offset=\u201cvc_hidden-sm vc_hidden-xs\u201d][\/vc_column_inner][vc_column_inner offset=\u201cvc_col-md\u20118\u201d][vc_column_text]\n<h1 style=\"text-align: center;\">Nuestra pasi\u00f3n<\/h1>\n<p>[\/vc_column_text][vc_column_text]<\/p>\n<h4 style=\"text-align: center;\"><span style=\"color: #5aa05a;\">Hola, estos somos nosotros y esta es nuestra pasi\u00f3n.<br>\n<\/span><\/h4>\n<p>[\/vc_column_text][vc_empty_space height=\u201c25px\u201d][\/vc_column_inner][vc_column_inner width=\u201c1\/6\u201d offset=\u201cvc_hidden-sm vc_hidden-xs\u201d][\/vc_column_inner][\/vc_row_inner][\/vc_column][\/vc_row][vc_row full_width=\u201cstretch_row\u201d][vc_column][vc_row_inner][vc_column_inner][vc_empty_space height=\u201c50\u201d][\/vc_column_inner][\/vc_row_inner][vc_row_inner][vc_column_inner width=\u201c1\/12\u201d offset=\u201cvc_hidden-sm vc_hidden-xs\u201d][\/vc_column_inner][vc_column_inner width=\u201c1\/2\u201d offset=\u201cvc_col-md\u20114\u201d][vc_single_image image=\u201c779\u201d img_size=\u201c175x175\u201d alignment=\u201ccenter\u201d style=\u201cvc_box_circle\u201d][vc_column_text css=\u201d.vc_custom_1669207015155{margin-bottom: 15px !important;}\u201d]<\/p>\n<h2 style=\"text-align: center;\">Tammo Gl\u00e4ser<\/h2>\n<p>[\/vc_column_text][vc_column_text css=\u201d.vc_custom_1676994385443{margin-bottom: 20px !important;}\u201d]<\/p>\n<p style=\"text-align: center;\">A\u00f1o de lanz\u00ada\u00admi\u00adento&nbsp;1985<\/p>\n<p>[\/vc_column_text][vc_column_text css=\u201d.vc_custom_1676994396972{margin-bottom: 20px !important;}\u201d]<\/p>\n<p style=\"text-align: center;\">Inge\u00adniero (Dipl. \u2011Ing. (FH)) en comer\u00adcia\u00adli\u00adza\u00adci\u00f3n y gesti\u00f3n agr\u00edcola<\/p>\n<p>[\/vc_column_text][vc_column_text css=\u201d.vc_custom_1676994405756{margin-bottom: 20px !important;}\u201d]<\/p>\n<p style=\"text-align: center;\">Trac\u00adtor favo\u00adrito: Case IH Quadt\u00adrac&nbsp;535<\/p>\n<p>[\/vc_column_text][vc_column_text css=\u201d.vc_custom_1676994413493{margin-bottom: 20px !important;}\u201d]<\/p>\n<p style=\"text-align: center;\">Destino favo\u00adrito: Sas\u00adkat\u00adche\u00adwan (Canad\u00e1)<\/p>\n<p>[\/vc_column_text][vc_column_text css=\u201d.vc_custom_1676994421288{margin-bottom: 20px !important;}\u201d]<\/p>\n<p style=\"text-align: center;\">Tema favo\u00adrito hasta ahora: La semb\u00adra\u00addora de 65 metros (Agri\u00adcul\u00adtura en Australia)<\/p>\n<p>[\/vc_column_text][vc_column_text css=\u201d.vc_custom_1676994429890{margin-bottom: 20px !important;}\u201d]<\/p>\n<p style=\"text-align: center;\">Minu\u00adtos de pel\u00ed\u00adcula graba\u00addos: M\u00e1s de 60.000<\/p>\n<p>[\/vc_column_text][vc_column_text css=\u201d.vc_custom_1676994438688{margin-bottom: 20px !important;}\u201d]<\/p>\n<p style=\"text-align: center;\">Ca\u00ed\u00addas de dro\u00adnes hasta ahora: 2<\/p>\n<p>[\/vc_column_text][vc_empty_space height=\u201c50\u201d][\/vc_column_inner][vc_column_inner width=\u201c1\/12\u201d offset=\u201cvc_hidden-sm vc_hidden-xs\u201d][\/vc_column_inner][vc_column_inner width=\u201c1\/12\u201d offset=\u201cvc_hidden-sm vc_hidden-xs\u201d][\/vc_column_inner][vc_column_inner width=\u201c1\/2\u201d offset=\u201cvc_col-md\u20114\u201d][vc_single_image image=\u201c783\u201d img_size=\u201c175x175\u201d alignment=\u201ccenter\u201d style=\u201cvc_box_circle\u201d][vc_column_text css=\u201d.vc_custom_1669207177490{margin-bottom: 15px !important;}\u201d]<\/p>\n<h2 style=\"text-align: center;\">J\u00f6rn Gl\u00e4ser<\/h2>\n<p>[\/vc_column_text][vc_column_text css=\u201d.vc_custom_1676994446785{margin-bottom: 20px !important;}\u201d]<\/p>\n<p style=\"text-align: center;\">A\u00f1o de lanz\u00ada\u00admi\u00adento&nbsp;1988<\/p>\n<p>[\/vc_column_text][vc_column_text css=\u201d.vc_custom_1676994463271{margin-bottom: 20px !important;}\u201d]<\/p>\n<p style=\"text-align: center;\">Inge\u00adniero (B. Eng.) en comer\u00adcia\u00adli\u00adza\u00adci\u00f3n y gesti\u00f3n agr\u00edcola<\/p>\n<p>[\/vc_column_text][vc_column_text css=\u201d.vc_custom_1676994471021{margin-bottom: 20px !important;}\u201d]<\/p>\n<p style=\"text-align: center;\">Trac\u00adtor favo\u00adrito: Fendt Favo\u00adrit 615&nbsp;LSA<\/p>\n<p>[\/vc_column_text][vc_column_text css=\u201d.vc_custom_1676994483039{margin-bottom: 20px !important;}\u201d]<\/p>\n<p style=\"text-align: center;\">Destino favo\u00adrito: Francia<\/p>\n<p>[\/vc_column_text][vc_column_text css=\u201d.vc_custom_1676994490785{margin-bottom: 20px !important;}\u201d]<\/p>\n<p style=\"text-align: center;\">Tema favo\u00adrito: El Deutz-Fahr del\u00adante de un volc\u00e1n en&nbsp;Chile<\/p>\n<p>[\/vc_column_text][vc_column_text css=\u201d.vc_custom_1676994498138{margin-bottom: 20px !important;}\u201d]<\/p>\n<p style=\"text-align: center;\">Fotos toma\u00addas hasta ahora: M\u00e1s de 500.000<\/p>\n<p>[\/vc_column_text][vc_column_text css=\u201d.vc_custom_1676994505935{margin-bottom: 20px !important;}\u201d]<\/p>\n<p style=\"text-align: center;\">Ca\u00ed\u00addas de dro\u00adnes hasta ahora: 1<\/p>\n<p>[\/vc_column_text][vc_empty_space height=\u201c50\u201d][\/vc_column_inner][vc_column_inner width=\u201c1\/12\u201d offset=\u201cvc_hidden-sm vc_hidden-xs\u201d][\/vc_column_inner][\/vc_row_inner][vc_row_inner][vc_column_inner offset=\u201cvc_hidden-sm vc_hidden-xs\u201d][vc_empty_space height=\u201c50\u201d][\/vc_column_inner][\/vc_row_inner][vc_row_inner][vc_column_inner][vc_empty_space height=\u201c25\u201d][\/vc_column_inner][\/vc_row_inner][\/vc_column][\/vc_row][vc_row full_width=\u201cstretch_row\u201d][vc_column][vc_row_inner][vc_column_inner width=\u201c1\/4\u201d][\/vc_column_inner][vc_column_inner offset=\u201cvc_col-md\u20116\u201d][vc_column_text css=\u201d.vc_custom_1669630113967{margin-bottom: 15px !important;}\u201d]<\/p>\n<h3 style=\"text-align: center;\"><span style=\"color: #5aa05a;\">1985 \u2013&nbsp;2000<\/span><\/h3>\n<p>[\/vc_column_text][vc_column_text css=\u201d.vc_custom_1676994524537{margin-bottom: 20px !important;}\u201d]<\/p>\n<h4 style=\"text-align: center;\">Orde\u00f1ando vacas durante las vacaciones escolares<\/h4>\n<p>[\/vc_column_text][vc_column_text]<\/p>\n<p style=\"text-align: left;\">Somos Tammo y J\u00f6rn. Pasa\u00admos cada minuto libre de nues\u00adtra infan\u00adcia en la granja lechera de nues\u00adtro t\u00edo. Aqu\u00ed fue donde apren\u00addi\u00admos a con\u00addu\u00adcir un trac\u00adtor, un Fendt Far\u00admer 309 LSA, y aqu\u00ed fue donde tom\u00adamos la mayo\u00adr\u00eda de nuestras pri\u00adme\u00adras fotos de maqui\u00adna\u00adria agr\u00ed\u00adcola con una \u00abc\u00e1mara de bolsillo\u00bb.<\/p>\n<p>[\/vc_column_text][vc_empty_space height=\u201c25\u201d][\/vc_column_inner][vc_column_inner width=\u201c1\/4\u201d][\/vc_column_inner][\/vc_row_inner][vc_row_inner][vc_column_inner]<\/p><div class=\"iw_cpt_image_gallery_advanced \"><div class=\"iw_cpt_image_gallery  first_gallery \" data-deactive_lightbox=\"false\"><div class=\"desktop\"><div class=\"iw_col_1_2\"><div class=\"iw_cpt_image_gallery_image full one\"><img decoding=\"async\" src=\"https:\/\/farmworld.tv\/wp-content\/uploads\/2022\/11\/ltv-fwtv-leidenschaft-1985-2000-image-01-970x647.jpg\" loading=\"lazy\"><div class=\"clearfix\"><\/div><\/div><\/div><div class=\"iw_col_1_2\"><div class=\"iw_cpt_image_gallery_image two\"><img decoding=\"async\" src=\"https:\/\/farmworld.tv\/wp-content\/uploads\/2022\/11\/ltv-fwtv-leidenschaft-1985-2000-image-02-970x647.jpg\" loading=\"lazy\"><\/div><div class=\"iw_cpt_image_gallery_image three\"><img decoding=\"async\" src=\"https:\/\/farmworld.tv\/wp-content\/uploads\/2022\/11\/ltv-fwtv-leidenschaft-1985-2000-image-03-970x647.jpg\" loading=\"lazy\"><\/div><div class=\"iw_cpt_image_gallery_image\"><img decoding=\"async\" src=\"https:\/\/farmworld.tv\/wp-content\/uploads\/2022\/11\/ltv-fwtv-leidenschaft-1985-2000-image-04-970x647.jpg\" loading=\"lazy\"><\/div><\/div><div class=\"iw_cpt_image_gallery_clearfix\"><\/div><div class=\"iw_col_1_2\"><\/div><div class=\"iw_col_1_2\"><\/div><\/div><div class=\"mobile\"><div class=\"iw_col_1_1\"><div class=\"iw_cpt_image_gallery_image full one\"><img decoding=\"async\" src=\"https:\/\/farmworld.tv\/wp-content\/uploads\/2022\/11\/ltv-fwtv-leidenschaft-1985-2000-image-01-970x647.jpg\" loading=\"lazy\"><\/div><\/div><div class=\"iw_col_1_1\"><div class=\"iw_cpt_image_gallery_image\"><img decoding=\"async\" src=\"https:\/\/farmworld.tv\/wp-content\/uploads\/2022\/11\/ltv-fwtv-leidenschaft-1985-2000-image-02-970x647.jpg\" loading=\"lazy\"><\/div><div class=\"iw_cpt_image_gallery_image\"><img decoding=\"async\" src=\"https:\/\/farmworld.tv\/wp-content\/uploads\/2022\/11\/ltv-fwtv-leidenschaft-1985-2000-image-03-970x647.jpg\" loading=\"lazy\"><\/div><div class=\"iw_cpt_image_gallery_image\"><img decoding=\"async\" src=\"https:\/\/farmworld.tv\/wp-content\/uploads\/2022\/11\/ltv-fwtv-leidenschaft-1985-2000-image-04-970x647.jpg\" loading=\"lazy\"><\/div><\/div><\/div><div class=\"iw_cpt_image_gallery_clearfix\"><\/div><\/div><\/div>[vc_empty_space height=\u201c25\u201d][\/vc_column_inner][\/vc_row_inner][vc_row_inner][vc_column_inner]            <div class=\"iw_svg_viewer \" style=\"text-align:center\">\n                \n                    <div class=\"iw_svg_viewer_content_wrapper\" style=\"width:2px; height:150px\">\n                        <?xml version=\"1.0\" encoding=\"UTF-8\"?><svg id=\"Layer_1\" viewBox=\"0 0 2 150\"><rect id=\"Rechteck_1061\" width=\"2\" height=\"150\" style=\"fill:#5aa05a;\" \/><\/svg>\n                    <\/div>\n                \n            <\/div>\n[vc_empty_space height=\u201c25\u201d][\/vc_column_inner][\/vc_row_inner][\/vc_column][\/vc_row][vc_row full_width=\u201cstretch_row\u201d][vc_column][vc_row_inner][vc_column_inner width=\u201c1\/4\u201d][\/vc_column_inner][vc_column_inner offset=\u201cvc_col-md\u20116\u201d][vc_column_text css=\u201d.vc_custom_1669630100681{margin-bottom: 15px !important;}\u201d]\n<h3 style=\"text-align: center;\"><span style=\"color: #5aa05a;\">2001 \u2013&nbsp;2002<\/span><\/h3>\n<p>[\/vc_column_text][vc_column_text css=\u201d.vc_custom_1676994543007{margin-bottom: 20px !important;}\u201d]<\/p>\n<h4 style=\"text-align: center;\">Con la c\u00e1mara de v\u00eddeo a todas partes<\/h4>\n<p>[\/vc_column_text][vc_column_text]<\/p>\n<p style=\"text-align: left;\">Siempre uti\u00adli\u00adz\u00e1b\u00ada\u00admos la c\u00e1mara de 8 mm de nues\u00adtro padre para captar im\u00e1\u00adge\u00adnes en movi\u00admi\u00adento de las apa\u00adsio\u00adn\u00adan\u00adtes ope\u00adra\u00adcio\u00adnes de la maqui\u00adna\u00adria agr\u00ed\u00adcola. Lo m\u00e1s desta\u00adcado fueron las pri\u00adme\u00adras im\u00e1\u00adge\u00adnes de trac\u00adto\u00adres Fendt Favo\u00adrit 800 y 900 uti\u00adliz\u00adados por diversos cont\u00adra\u00adtis\u00adtas. El pri\u00admer mon\u00adtaje fil\u00admo\u00adgr\u00e1\u00adfico con el t\u00edtulo de \u00ab5 horas de maqui\u00adna\u00adria agr\u00ed\u00adcola \u2013 en todos los \u00e1mbi\u00adtos\u00bb lo rea\u00adliz\u00ada\u00admos en una casete VHS. A tra\u00adv\u00e9s de anun\u00adcios en los peri\u00ad\u00f3d\u00adicos encon\u00adtra\u00admos los pri\u00adme\u00adros com\u00adpra\u00addo\u00adres y nos sen\u00adti\u00admos extra\u00ador\u00addi\u00adna\u00adria\u00admente orgul\u00adlo\u00adsos de cada casete ven\u00addida con v\u00eddeos sobre maqui\u00adna\u00adria agr\u00edcola.<\/p>\n<p>[\/vc_column_text][vc_empty_space height=\u201c25\u201d][\/vc_column_inner][vc_column_inner width=\u201c1\/4\u201d][\/vc_column_inner][\/vc_row_inner][vc_row_inner][vc_column_inner]<\/p><div class=\"iw_cpt_image_gallery_advanced \"><div class=\"iw_cpt_image_gallery \" data-deactive_lightbox=\"false\"><div class=\"desktop\"><div class=\"iw_col_1_4\"><div class=\"iw_cpt_image_gallery_image one\"><img decoding=\"async\" src=\"https:\/\/farmworld.tv\/wp-content\/uploads\/2023\/03\/ltv-fwtv-leidenschaft-2001-image-01-970x728.jpg\" loading=\"lazy\"><\/div><\/div><div class=\"iw_col_1_2\"><div class=\"iw_cpt_image_gallery_image full two\"><img decoding=\"async\" src=\"https:\/\/farmworld.tv\/wp-content\/uploads\/2023\/03\/ltv-fwtv-leidenschaft-2001-image-02-970x728.jpg\" loading=\"lazy\"><\/div><\/div><div class=\"iw_col_1_4\"><div class=\"iw_cpt_image_gallery_image three\"><img decoding=\"async\" src=\"https:\/\/farmworld.tv\/wp-content\/uploads\/2023\/03\/ltv-fwtv-leidenschaft-2001-image-03-970x728.jpg\" loading=\"lazy\"><\/div><\/div><div class=\"iw_cpt_image_gallery_clearfix\"><\/div><div class=\"iw_col_1_2\"><\/div><div class=\"iw_col_1_2\"><\/div><\/div><div class=\"mobile\"><div class=\"iw_col_1_1\"><div class=\"iw_cpt_image_gallery_image full one\"><img decoding=\"async\" src=\"https:\/\/farmworld.tv\/wp-content\/uploads\/2023\/03\/ltv-fwtv-leidenschaft-2001-image-01-970x728.jpg\" loading=\"lazy\"><\/div><\/div><div class=\"iw_col_1_1\"><div class=\"iw_cpt_image_gallery_image\"><img decoding=\"async\" src=\"https:\/\/farmworld.tv\/wp-content\/uploads\/2023\/03\/ltv-fwtv-leidenschaft-2001-image-02-970x728.jpg\" loading=\"lazy\"><\/div><div class=\"iw_cpt_image_gallery_image\"><img decoding=\"async\" src=\"https:\/\/farmworld.tv\/wp-content\/uploads\/2023\/03\/ltv-fwtv-leidenschaft-2001-image-03-970x728.jpg\" loading=\"lazy\"><\/div><\/div><\/div><div class=\"iw_cpt_image_gallery_clearfix\"><\/div><\/div><\/div>[vc_empty_space height=\u201c25\u201d][\/vc_column_inner][\/vc_row_inner][vc_row_inner][vc_column_inner]            <div class=\"iw_svg_viewer \" style=\"text-align:center\">\n                \n                    <div class=\"iw_svg_viewer_content_wrapper\" style=\"width:2px; height:150px\">\n                        <?xml version=\"1.0\" encoding=\"UTF-8\"?><svg id=\"Layer_1\" viewBox=\"0 0 2 150\"><rect id=\"Rechteck_1061\" width=\"2\" height=\"150\" style=\"fill:#5aa05a;\" \/><\/svg>\n                    <\/div>\n                \n            <\/div>\n[vc_empty_space height=\u201c25\u201d][\/vc_column_inner][\/vc_row_inner][\/vc_column][\/vc_row][vc_row full_width=\u201cstretch_row\u201d][vc_column][vc_row_inner][vc_column_inner width=\u201c1\/4\u201d][\/vc_column_inner][vc_column_inner offset=\u201cvc_col-md\u20116\u201d][vc_column_text css=\u201d.vc_custom_1669629757632{margin-bottom: 15px !important;}\u201d]\n<h3 style=\"text-align: center;\"><span style=\"color: #5aa05a;\">2003<\/span><\/h3>\n<p>[\/vc_column_text][vc_column_text css=\u201d.vc_custom_1676994560057{margin-bottom: 20px !important;}\u201d]<\/p>\n<h4 style=\"text-align: center;\">Los primeros DVD<\/h4>\n<p>[\/vc_column_text][vc_column_text]<\/p>\n<p style=\"text-align: left;\">Reco\u00adg\u00ed\u00ada\u00admos im\u00e1\u00adge\u00adnes sin descanso Tammo hac\u00eda las graba\u00adcio\u00adnes de v\u00eddeo y J\u00f6rn tomaba las fotos. A par\u00adtir del ver\u00adano de 2003, J\u00f6rn se puso en camino con su pri\u00admera c\u00e1mara digi\u00adtal y uno de los pri\u00adme\u00adros motivos fue un trac\u00adtor Claas Xer\u00adion 2500. As\u00ed fue como empe\u00adz\u00ada\u00admos a salir en bici\u00adc\u00adleta y, m\u00e1s tarde, ya en coche a la caza de motivos siempre nue\u00advos en torno a la agri\u00adcul\u00adtura regio\u00adnal y la maqui\u00adna\u00adria agr\u00ed\u00adcola. Con\u00adstru\u00adi\u00admos un peque\u00f1o sitio web y empe\u00adz\u00ada\u00admos a pre\u00adsen\u00adtar muchas de nuestras fotos de maqui\u00adna\u00adria agr\u00ed\u00adcola en l\u00ednea para una cre\u00adci\u00adente comu\u00adni\u00addad que com\u00adpar\u00adt\u00eda la misma pasi\u00f3n. Nues\u00adtra pri\u00admera direcci\u00f3n URL pro\u00adpia, www.vario716.de, a\u00fan est\u00e1 activa. El pri\u00admer DVD sobre maqui\u00adna\u00adria agr\u00ed\u00adcola, titu\u00adlado \u00abOto\u00f1o de 2003 \u2013 Enfo\u00adque prin\u00adci\u00adpal en la cosecha de remol\u00adacha\u00bb, lo cre\u00ada\u00admos en el PC de casa. Los DVD, al igual que las cin\u00adtas VHS, los dupli\u00adc\u00e1b\u00ada\u00admos en nues\u00adtra habit\u00ada\u00adci\u00f3n. Desde el prin\u00adci\u00adpio, nues\u00adtros pad\u00adres nos apoyaron en todas las nue\u00advas ideas y se encar\u00adga\u00adron prin\u00adci\u00adpal\u00admente de los env\u00edos y la con\u00adta\u00adbil\u00adidad de nues\u00adtra peque\u00f1a empresa familiar.<\/p>\n<p>[\/vc_column_text][vc_empty_space height=\u201c25\u201d][\/vc_column_inner][vc_column_inner width=\u201c1\/4\u201d][\/vc_column_inner][\/vc_row_inner][vc_row_inner][vc_column_inner]<\/p><div class=\"iw_cpt_image_gallery_advanced \"><div class=\"iw_cpt_image_gallery \" data-deactive_lightbox=\"false\"><div class=\"desktop\"><div class=\"iw_col_1_4\"><div class=\"iw_cpt_image_gallery_image one\"><img decoding=\"async\" src=\"https:\/\/farmworld.tv\/wp-content\/uploads\/2022\/11\/ltv-fwtv-leidenschaft-2003-image-01-970x728.jpg\" loading=\"lazy\"><\/div><\/div><div class=\"iw_col_1_2\"><div class=\"iw_cpt_image_gallery_image full two\"><img decoding=\"async\" src=\"https:\/\/farmworld.tv\/wp-content\/uploads\/2022\/11\/ltv-fwtv-leidenschaft-2003-image-02-970x728.jpg\" loading=\"lazy\"><\/div><\/div><div class=\"iw_col_1_4\"><div class=\"iw_cpt_image_gallery_image three\"><img decoding=\"async\" src=\"https:\/\/farmworld.tv\/wp-content\/uploads\/2022\/11\/ltv-fwtv-leidenschaft-2003-image-03-970x728.jpg\" loading=\"lazy\"><\/div><\/div><div class=\"iw_cpt_image_gallery_clearfix\"><\/div><div class=\"iw_col_1_2\"><\/div><div class=\"iw_col_1_2\"><\/div><\/div><div class=\"mobile\"><div class=\"iw_col_1_1\"><div class=\"iw_cpt_image_gallery_image full one\"><img decoding=\"async\" src=\"https:\/\/farmworld.tv\/wp-content\/uploads\/2022\/11\/ltv-fwtv-leidenschaft-2003-image-01-970x728.jpg\" loading=\"lazy\"><\/div><\/div><div class=\"iw_col_1_1\"><div class=\"iw_cpt_image_gallery_image\"><img decoding=\"async\" src=\"https:\/\/farmworld.tv\/wp-content\/uploads\/2022\/11\/ltv-fwtv-leidenschaft-2003-image-02-970x728.jpg\" loading=\"lazy\"><\/div><div class=\"iw_cpt_image_gallery_image\"><img decoding=\"async\" src=\"https:\/\/farmworld.tv\/wp-content\/uploads\/2022\/11\/ltv-fwtv-leidenschaft-2003-image-03-970x728.jpg\" loading=\"lazy\"><\/div><\/div><\/div><div class=\"iw_cpt_image_gallery_clearfix\"><\/div><\/div><\/div>[vc_empty_space height=\u201c25\u201d][\/vc_column_inner][\/vc_row_inner][vc_row_inner][vc_column_inner]            <div class=\"iw_svg_viewer \" style=\"text-align:center\">\n                \n                    <div class=\"iw_svg_viewer_content_wrapper\" style=\"width:2px; height:150px\">\n                        <?xml version=\"1.0\" encoding=\"UTF-8\"?><svg id=\"Layer_1\" viewBox=\"0 0 2 150\"><rect id=\"Rechteck_1061\" width=\"2\" height=\"150\" style=\"fill:#5aa05a;\" \/><\/svg>\n                    <\/div>\n                \n            <\/div>\n[vc_empty_space height=\u201c25\u201d][\/vc_column_inner][\/vc_row_inner][\/vc_column][\/vc_row][vc_row full_width=\u201cstretch_row\u201d][vc_column][vc_row_inner][vc_column_inner width=\u201c1\/4\u201d][\/vc_column_inner][vc_column_inner offset=\u201cvc_col-md\u20116\u201d][vc_column_text css=\u201d.vc_custom_1669630090530{margin-bottom: 15px !important;}\u201d]\n<h3 style=\"text-align: center;\"><span style=\"color: #5aa05a;\">2004 \u2013&nbsp;2005<\/span><\/h3>\n<p>[\/vc_column_text][vc_column_text css=\u201d.vc_custom_1676994576569{margin-bottom: 20px !important;}\u201d]<\/p>\n<h4 style=\"text-align: center;\">El primer tractor articulado ante nuestras c\u00e1maras<\/h4>\n<p>[\/vc_column_text][vc_column_text]<\/p>\n<p style=\"text-align: left;\">El archivo cine\u00adma\u00adto\u00adgr\u00e1\u00adfico se fue llen\u00adando y, a esas alt\u00aduras, ya hab\u00ed\u00ada\u00admos docu\u00admen\u00adtado lo m\u00e1s importante del tra\u00adbajo de campo regio\u00adnal. En el ver\u00adano de 2004 y 2005 film\u00adamos por pri\u00admera vez en Meck\u00adlem\u00adburgo-Pome\u00adra\u00adnia Occi\u00adden\u00adtal, donde nos encon\u00adtra\u00admos con la maqui\u00adna\u00adria agr\u00ed\u00adcola XXL. De inme\u00addiato comenz\u00ada\u00admos a grabar con una c\u00e1mara MiniDV. Abso\u00adlu\u00adt\u00adamente inol\u00advi\u00add\u00ada\u00adbles son esas graba\u00adcio\u00adnes de nues\u00adtro pri\u00admer trac\u00adtor arti\u00adcu\u00adlado, un John Deere 9320 cerca de Mag\u00adde\u00adburgo. De este y muchos otros motivos sur\u00adgie\u00adron pel\u00ed\u00adcu\u00adlas de varias horas con t\u00edtu\u00adlos como \u00abMaqui\u00adna\u00adria agr\u00ed\u00adcola en toda su per\u00adfecci\u00f3n\u00bb o \u00abLa aven\u00adtura de la agri\u00adcul\u00adtura\u00bb. Los DVD de maqui\u00adna\u00adria agr\u00ed\u00adcola se segu\u00edan repro\u00addu\u00adci\u00adendo en nues\u00adtra habit\u00ada\u00adci\u00f3n. Mien\u00adtras tanto, a tra\u00adv\u00e9s de eBay empe\u00adz\u00ada\u00admos a llegar a cli\u00adentes en el extranjero.<\/p>\n<p>[\/vc_column_text][vc_empty_space height=\u201c25\u201d][\/vc_column_inner][vc_column_inner width=\u201c1\/4\u201d][\/vc_column_inner][\/vc_row_inner][vc_row_inner][vc_column_inner]<\/p><div class=\"iw_cpt_image_gallery_advanced \"><div class=\"iw_cpt_image_gallery \" data-deactive_lightbox=\"false\"><div class=\"desktop\"><div class=\"iw_col_1_2\"><div class=\"iw_cpt_image_gallery_image one\"><img decoding=\"async\" src=\"https:\/\/farmworld.tv\/wp-content\/uploads\/2022\/11\/ltv-fwtv-leidenschaft-2004-2005-image-01-970x728.jpg\" loading=\"lazy\"><\/div><div class=\"iw_cpt_image_gallery_image two\"><img decoding=\"async\" src=\"https:\/\/farmworld.tv\/wp-content\/uploads\/2022\/11\/ltv-fwtv-leidenschaft-2004-2005-image-02-970x728.jpg\" loading=\"lazy\"><\/div><div class=\"iw_cpt_image_gallery_image\"><img decoding=\"async\" src=\"https:\/\/farmworld.tv\/wp-content\/uploads\/2022\/11\/ltv-fwtv-leidenschaft-2004-2005-image-04-970x728.jpg\" loading=\"lazy\"><\/div><div class=\"iw_cpt_image_gallery_image\"><img decoding=\"async\" src=\"https:\/\/farmworld.tv\/wp-content\/uploads\/2022\/11\/ltv-fwtv-leidenschaft-2004-2005-image-05-970x728.jpg\" loading=\"lazy\"><\/div><\/div><div class=\"iw_col_1_2\"><div class=\"iw_cpt_image_gallery_image full three\"><img decoding=\"async\" src=\"https:\/\/farmworld.tv\/wp-content\/uploads\/2022\/11\/ltv-fwtv-leidenschaft-2004-2005-image-03-970x728.jpg\" loading=\"lazy\"><\/div><\/div><div class=\"iw_cpt_image_gallery_clearfix\"><\/div><div class=\"iw_col_1_2\"><div class=\"iw_cpt_image_gallery_image\"><img decoding=\"async\" src=\"https:\/\/farmworld.tv\/wp-content\/uploads\/2023\/03\/ltv-fwtv-leidenschaft-2004-2005-image-06-970x728.jpg\" loading=\"lazy\"><\/div><\/div><div class=\"iw_col_1_2\"><\/div><\/div><div class=\"mobile\"><div class=\"iw_col_1_1\"><div class=\"iw_cpt_image_gallery_image full one\"><img decoding=\"async\" src=\"https:\/\/farmworld.tv\/wp-content\/uploads\/2022\/11\/ltv-fwtv-leidenschaft-2004-2005-image-01-970x728.jpg\" loading=\"lazy\"><\/div><\/div><div class=\"iw_col_1_1\"><div class=\"iw_cpt_image_gallery_image\"><img decoding=\"async\" src=\"https:\/\/farmworld.tv\/wp-content\/uploads\/2022\/11\/ltv-fwtv-leidenschaft-2004-2005-image-02-970x728.jpg\" loading=\"lazy\"><\/div><div class=\"iw_cpt_image_gallery_image\"><img decoding=\"async\" src=\"https:\/\/farmworld.tv\/wp-content\/uploads\/2022\/11\/ltv-fwtv-leidenschaft-2004-2005-image-03-970x728.jpg\" loading=\"lazy\"><\/div><div class=\"iw_cpt_image_gallery_image\"><img decoding=\"async\" src=\"https:\/\/farmworld.tv\/wp-content\/uploads\/2022\/11\/ltv-fwtv-leidenschaft-2004-2005-image-04-970x728.jpg\" loading=\"lazy\"><\/div><div class=\"iw_cpt_image_gallery_image\"><img decoding=\"async\" src=\"https:\/\/farmworld.tv\/wp-content\/uploads\/2022\/11\/ltv-fwtv-leidenschaft-2004-2005-image-05-970x728.jpg\" loading=\"lazy\"><\/div><div class=\"iw_cpt_image_gallery_image\"><img decoding=\"async\" src=\"https:\/\/farmworld.tv\/wp-content\/uploads\/2023\/03\/ltv-fwtv-leidenschaft-2004-2005-image-06-970x728.jpg\" loading=\"lazy\"><\/div><\/div><\/div><div class=\"iw_cpt_image_gallery_clearfix\"><\/div><\/div><\/div>[vc_empty_space height=\u201c25\u201d][\/vc_column_inner][\/vc_row_inner][vc_row_inner][vc_column_inner]            <div class=\"iw_svg_viewer \" style=\"text-align:center\">\n                \n                    <div class=\"iw_svg_viewer_content_wrapper\" style=\"width:2px; height:150px\">\n                        <?xml version=\"1.0\" encoding=\"UTF-8\"?><svg id=\"Layer_1\" viewBox=\"0 0 2 150\"><rect id=\"Rechteck_1061\" width=\"2\" height=\"150\" style=\"fill:#5aa05a;\" \/><\/svg>\n                    <\/div>\n                \n            <\/div>\n[vc_empty_space height=\u201c25\u201d][\/vc_column_inner][\/vc_row_inner][\/vc_column][\/vc_row][vc_row full_width=\u201cstretch_row\u201d][vc_column][vc_row_inner][vc_column_inner width=\u201c1\/4\u201d][\/vc_column_inner][vc_column_inner offset=\u201cvc_col-md\u20116\u201d][vc_column_text css=\u201d.vc_custom_1669630041717{margin-bottom: 15px !important;}\u201d]\n<h3 style=\"text-align: center;\"><span style=\"color: #5aa05a;\">2006 \u2013&nbsp;2008<\/span><\/h3>\n<p>[\/vc_column_text][vc_column_text css=\u201d.vc_custom_1676994591853{margin-bottom: 20px !important;}\u201d]<\/p>\n<h4 style=\"text-align: center;\">Por toda Alemania en&nbsp;HD<\/h4>\n<p>[\/vc_column_text][vc_column_text]<\/p>\n<p style=\"text-align: left;\">Para el 25.\u00ba ani\u00adver\u00adsa\u00adrio de la empresa cont\u00adra\u00adtista Blunk acom\u00adpa\u00ad\u00f1a\u00admos al equipo durante todo el a\u00f1o laboral y expe\u00adri\u00admen\u00adta\u00admos para este DVD de maqui\u00adna\u00adria agr\u00ed\u00adcola, por vez pri\u00admera, c\u00f3mo era tra\u00adba\u00adjar con un nar\u00adra\u00addor. A estas alt\u00aduras, fil\u00adm\u00e1b\u00ada\u00admos en HD y nos ini\u00adcia\u00admos con fotos toma\u00addas con una c\u00e1mara r\u00e9flex. A par\u00adtir de ese momento comenz\u00ada\u00admos a uti\u00adli\u00adzar \u00abLandtechnikvideos.de\u00bb como URL del sitio web y tam\u00adbi\u00e9n como marca. Por pri\u00admera vez pro\u00addu\u00adji\u00admos exter\u00adna\u00admente el DVD doble \u00abTrac\u00adci\u00f3n inte\u00adgral \u2013 Pro\u00adpul\u00adsi\u00f3n para m\u00e1s\u00bb en una tirada m\u00e1s grande y roda\u00admos para este proyecto, tam\u00adbi\u00e9n por pri\u00admera vez, en el extran\u00adjero, en Hun\u00adg\u00adr\u00eda. Ade\u00adm\u00e1s, hici\u00admos tomas de labo\u00adres de suelo y de la cosecha de ma\u00edz desde el aire con un giro\u00adc\u00f3p\u00adtero y un para\u00adpente. Por pri\u00admera vez inform\u00ada\u00admos a todos los cli\u00adentes por cor\u00adreo sobre la nueva publi\u00adca\u00adci\u00f3n. En abril de 2007 se estren\u00f3 la subida de v\u00eddeos a nues\u00adtro canal de YouTube.<\/p>\n<p>[\/vc_column_text][vc_empty_space height=\u201c25\u201d][\/vc_column_inner][vc_column_inner width=\u201c1\/4\u201d][\/vc_column_inner][\/vc_row_inner][vc_row_inner][vc_column_inner]<\/p><div class=\"iw_cpt_image_gallery_advanced \"><div class=\"iw_cpt_image_gallery \" data-deactive_lightbox=\"false\"><div class=\"desktop\"><div class=\"iw_col_1_2\"><div class=\"iw_cpt_image_gallery_image full one\"><img decoding=\"async\" src=\"https:\/\/farmworld.tv\/wp-content\/uploads\/2022\/11\/ltv-fwtv-leidenschaft-2006-2008-image-01-970x529.jpg\" loading=\"lazy\"><div class=\"clearfix\"><\/div><\/div><\/div><div class=\"iw_col_1_2\"><div class=\"iw_cpt_image_gallery_image two\"><img decoding=\"async\" src=\"https:\/\/farmworld.tv\/wp-content\/uploads\/2022\/11\/ltv-fwtv-leidenschaft-2006-2008-image-02-585x780.jpg\" loading=\"lazy\"><\/div><div class=\"iw_cpt_image_gallery_image three\"><img decoding=\"async\" src=\"https:\/\/farmworld.tv\/wp-content\/uploads\/2022\/11\/ltv-fwtv-leidenschaft-2006-2008-image-03-970x728.jpg\" loading=\"lazy\"><\/div><div class=\"iw_cpt_image_gallery_image\"><img decoding=\"async\" src=\"https:\/\/farmworld.tv\/wp-content\/uploads\/2022\/11\/ltv-fwtv-leidenschaft-2006-2008-image-04-970x728.jpg\" loading=\"lazy\"><\/div><div class=\"iw_cpt_image_gallery_image\"><img decoding=\"async\" src=\"https:\/\/farmworld.tv\/wp-content\/uploads\/2022\/11\/ltv-fwtv-leidenschaft-2006-2008-image-05-970x647.jpg\" loading=\"lazy\"><\/div><\/div><div class=\"iw_cpt_image_gallery_clearfix\"><\/div><div class=\"iw_col_1_2\"><div class=\"iw_cpt_image_gallery_image\"><img decoding=\"async\" src=\"https:\/\/farmworld.tv\/wp-content\/uploads\/2022\/11\/ltv-fwtv-leidenschaft-2006-2008-image-06-970x647.jpg\" loading=\"lazy\"><\/div><div class=\"iw_cpt_image_gallery_image\"><img decoding=\"async\" src=\"https:\/\/farmworld.tv\/wp-content\/uploads\/2022\/11\/ltv-fwtv-leidenschaft-2006-2008-image-07-970x647.jpg\" loading=\"lazy\"><\/div><\/div><div class=\"iw_col_1_2\"><\/div><\/div><div class=\"mobile\"><div class=\"iw_col_1_1\"><div class=\"iw_cpt_image_gallery_image full one\"><img decoding=\"async\" src=\"https:\/\/farmworld.tv\/wp-content\/uploads\/2022\/11\/ltv-fwtv-leidenschaft-2006-2008-image-01-970x529.jpg\" loading=\"lazy\"><\/div><\/div><div class=\"iw_col_1_1\"><div class=\"iw_cpt_image_gallery_image\"><img decoding=\"async\" src=\"https:\/\/farmworld.tv\/wp-content\/uploads\/2022\/11\/ltv-fwtv-leidenschaft-2006-2008-image-02-585x780.jpg\" loading=\"lazy\"><\/div><div class=\"iw_cpt_image_gallery_image\"><img decoding=\"async\" src=\"https:\/\/farmworld.tv\/wp-content\/uploads\/2022\/11\/ltv-fwtv-leidenschaft-2006-2008-image-03-970x728.jpg\" loading=\"lazy\"><\/div><div class=\"iw_cpt_image_gallery_image\"><img decoding=\"async\" src=\"https:\/\/farmworld.tv\/wp-content\/uploads\/2022\/11\/ltv-fwtv-leidenschaft-2006-2008-image-04-970x728.jpg\" loading=\"lazy\"><\/div><div class=\"iw_cpt_image_gallery_image\"><img decoding=\"async\" src=\"https:\/\/farmworld.tv\/wp-content\/uploads\/2022\/11\/ltv-fwtv-leidenschaft-2006-2008-image-05-970x647.jpg\" loading=\"lazy\"><\/div><div class=\"iw_cpt_image_gallery_image\"><img decoding=\"async\" src=\"https:\/\/farmworld.tv\/wp-content\/uploads\/2022\/11\/ltv-fwtv-leidenschaft-2006-2008-image-06-970x647.jpg\" loading=\"lazy\"><\/div><div class=\"iw_cpt_image_gallery_image\"><img decoding=\"async\" src=\"https:\/\/farmworld.tv\/wp-content\/uploads\/2022\/11\/ltv-fwtv-leidenschaft-2006-2008-image-07-970x647.jpg\" loading=\"lazy\"><\/div><\/div><\/div><div class=\"iw_cpt_image_gallery_clearfix\"><\/div><\/div><\/div>[vc_empty_space height=\u201c25\u201d][\/vc_column_inner][\/vc_row_inner][vc_row_inner][vc_column_inner]            <div class=\"iw_svg_viewer \" style=\"text-align:center\">\n                \n                    <div class=\"iw_svg_viewer_content_wrapper\" style=\"width:2px; height:150px\">\n                        <?xml version=\"1.0\" encoding=\"UTF-8\"?><svg id=\"Layer_1\" viewBox=\"0 0 2 150\"><rect id=\"Rechteck_1061\" width=\"2\" height=\"150\" style=\"fill:#5aa05a;\" \/><\/svg>\n                    <\/div>\n                \n            <\/div>\n[vc_empty_space height=\u201c25\u201d][\/vc_column_inner][\/vc_row_inner][\/vc_column][\/vc_row][vc_row full_width=\u201cstretch_row\u201d][vc_column][vc_row_inner][vc_column_inner width=\u201c1\/4\u201d][\/vc_column_inner][vc_column_inner offset=\u201cvc_col-md\u20116\u201d][vc_column_text css=\u201d.vc_custom_1669630262885{margin-bottom: 15px !important;}\u201d]\n<h3 style=\"text-align: center;\"><span style=\"color: #5aa05a;\">2009<\/span><\/h3>\n<p>[\/vc_column_text][vc_column_text css=\u201d.vc_custom_1676994608567{margin-bottom: 20px !important;}\u201d]<\/p>\n<h4 style=\"text-align: center;\">Agricultura en Norteam\u00e9rica<\/h4>\n<p>[\/vc_column_text][vc_column_text]<\/p>\n<p style=\"text-align: left;\">En Canad\u00e1, espe\u00adcial\u00admente en la pro\u00advin\u00adcia de Alberta y en Mon\u00adtana, roda\u00admos nues\u00adtro pri\u00admer docu\u00admen\u00adtal aut\u00e9n\u00adtico sobre la agri\u00adcul\u00adtura en el extran\u00adjero. \u00bfC\u00f3mo reac\u00adcio\u00adna\u00adr\u00edan los agri\u00adcul\u00adto\u00adres a nuestras c\u00e1ma\u00adras y qu\u00e9 dir\u00edan los espec\u00adta\u00addo\u00adres sobre esta idea? En aquel enton\u00adces, cuando nos embar\u00adca\u00admos en ese viaje, habi\u00adendo hecho por pri\u00admera vez una con\u00adsidera\u00adble inver\u00adsi\u00f3n de dinero en una pro\u00adduc\u00adci\u00f3n, ten\u00ed\u00ada\u00admos muchas preg\u00adun\u00adtas. Ade\u00adm\u00e1s del rodaje, descri\u00adbi\u00admos las expe\u00adri\u00aden\u00adcias dia\u00adrias en un blog en directo. Los dos DVD, \u00abAgri\u00adcul\u00adtura en Nor\u00adte\u00adm\u00e9\u00adrica\u00bb Vol. 1 y Vol. 2, fueron tra\u00addu\u00adci\u00addos por pri\u00admera vez al ingl\u00e9s y al fran\u00adc\u00e9s. El p\u00fab\u00adlico inter\u00adna\u00adcio\u00adnal, al que tam\u00adbi\u00e9n lle\u00adgamos a tra\u00adv\u00e9s de dis\u00adtri\u00adbui\u00addo\u00adres y edi\u00adto\u00adria\u00adles, ayud\u00f3 a incre\u00admen\u00adtar las ven\u00adtas. La pista de audio \u00abno-spea\u00adker\u00bb ofrec\u00eda al espec\u00adta\u00addor la opor\u00adtu\u00adni\u00addad de dis\u00adf\u00adrutar de la atm\u00f3s\u00adfera ac\u00fa\u00adstica, incluso sin un nar\u00adra\u00addor. Una carac\u00adte\u00adr\u00ed\u00adstica que va incluida, igual\u00admente, en todos los sigu\u00adi\u00aden\u00adtes DVD sobre maqui\u00adna\u00adria agr\u00ed\u00adcola. Se dise\u00f1\u00f3 el pri\u00admer logo\u00adtipo aut\u00e9n\u00adtico de \u00ablandtechnikvideos.de\u00bb.<\/p>\n<p>[\/vc_column_text][vc_empty_space height=\u201c25\u201d][\/vc_column_inner][vc_column_inner width=\u201c1\/4\u201d][\/vc_column_inner][\/vc_row_inner][vc_row_inner][vc_column_inner]<\/p><div class=\"iw_cpt_image_gallery_advanced \"><div class=\"iw_cpt_image_gallery \" data-deactive_lightbox=\"false\"><div class=\"desktop\"><div class=\"iw_col_1_4\"><div class=\"iw_cpt_image_gallery_image one\"><img decoding=\"async\" src=\"https:\/\/farmworld.tv\/wp-content\/uploads\/2022\/11\/ltv-fwtv-leidenschaft-2009-image-01-970x647.jpg\" loading=\"lazy\"><\/div><div class=\"iw_cpt_image_gallery_image\"><img decoding=\"async\" src=\"https:\/\/farmworld.tv\/wp-content\/uploads\/2022\/11\/ltv-fwtv-leidenschaft-2009-image-04-970x647.jpg\" loading=\"lazy\"><\/div><\/div><div class=\"iw_col_1_2\"><div class=\"iw_cpt_image_gallery_image full two\"><img decoding=\"async\" src=\"https:\/\/farmworld.tv\/wp-content\/uploads\/2022\/11\/ltv-fwtv-leidenschaft-2009-image-02-970x647.jpg\" loading=\"lazy\"><\/div><\/div><div class=\"iw_col_1_4\"><div class=\"iw_cpt_image_gallery_image three\"><img decoding=\"async\" src=\"https:\/\/farmworld.tv\/wp-content\/uploads\/2022\/11\/ltv-fwtv-leidenschaft-2009-image-03-970x647.jpg\" loading=\"lazy\"><\/div><div class=\"iw_cpt_image_gallery_image\"><img decoding=\"async\" src=\"https:\/\/farmworld.tv\/wp-content\/uploads\/2022\/11\/ltv-fwtv-leidenschaft-2009-image-05-970x647.jpg\" loading=\"lazy\"><\/div><\/div><div class=\"iw_cpt_image_gallery_clearfix\"><\/div><div class=\"iw_col_1_2\"><div class=\"iw_cpt_image_gallery_image\"><img decoding=\"async\" src=\"https:\/\/farmworld.tv\/wp-content\/uploads\/2022\/11\/ltv-fwtv-leidenschaft-2009-image-06-970x546.jpg\" loading=\"lazy\"><\/div><div class=\"iw_cpt_image_gallery_image\"><img decoding=\"async\" src=\"https:\/\/farmworld.tv\/wp-content\/uploads\/2022\/11\/ltv-fwtv-leidenschaft-2009-image-07-970x647.jpg\" loading=\"lazy\"><\/div><\/div><div class=\"iw_col_1_2\"><\/div><\/div><div class=\"mobile\"><div class=\"iw_col_1_1\"><div class=\"iw_cpt_image_gallery_image full one\"><img decoding=\"async\" src=\"https:\/\/farmworld.tv\/wp-content\/uploads\/2022\/11\/ltv-fwtv-leidenschaft-2009-image-01-970x647.jpg\" loading=\"lazy\"><\/div><\/div><div class=\"iw_col_1_1\"><div class=\"iw_cpt_image_gallery_image\"><img decoding=\"async\" src=\"https:\/\/farmworld.tv\/wp-content\/uploads\/2022\/11\/ltv-fwtv-leidenschaft-2009-image-02-970x647.jpg\" loading=\"lazy\"><\/div><div class=\"iw_cpt_image_gallery_image\"><img decoding=\"async\" src=\"https:\/\/farmworld.tv\/wp-content\/uploads\/2022\/11\/ltv-fwtv-leidenschaft-2009-image-03-970x647.jpg\" loading=\"lazy\"><\/div><div class=\"iw_cpt_image_gallery_image\"><img decoding=\"async\" src=\"https:\/\/farmworld.tv\/wp-content\/uploads\/2022\/11\/ltv-fwtv-leidenschaft-2009-image-04-970x647.jpg\" loading=\"lazy\"><\/div><div class=\"iw_cpt_image_gallery_image\"><img decoding=\"async\" src=\"https:\/\/farmworld.tv\/wp-content\/uploads\/2022\/11\/ltv-fwtv-leidenschaft-2009-image-05-970x647.jpg\" loading=\"lazy\"><\/div><div class=\"iw_cpt_image_gallery_image\"><img decoding=\"async\" src=\"https:\/\/farmworld.tv\/wp-content\/uploads\/2022\/11\/ltv-fwtv-leidenschaft-2009-image-06-970x546.jpg\" loading=\"lazy\"><\/div><div class=\"iw_cpt_image_gallery_image\"><img decoding=\"async\" src=\"https:\/\/farmworld.tv\/wp-content\/uploads\/2022\/11\/ltv-fwtv-leidenschaft-2009-image-07-970x647.jpg\" loading=\"lazy\"><\/div><\/div><\/div><div class=\"iw_cpt_image_gallery_clearfix\"><\/div><\/div><\/div>[vc_empty_space height=\u201c25\u201d][\/vc_column_inner][\/vc_row_inner][vc_row_inner][vc_column_inner]            <div class=\"iw_svg_viewer \" style=\"text-align:center\">\n                \n                    <div class=\"iw_svg_viewer_content_wrapper\" style=\"width:2px; height:150px\">\n                        <?xml version=\"1.0\" encoding=\"UTF-8\"?><svg id=\"Layer_1\" viewBox=\"0 0 2 150\"><rect id=\"Rechteck_1061\" width=\"2\" height=\"150\" style=\"fill:#5aa05a;\" \/><\/svg>\n                    <\/div>\n                \n            <\/div>\n[vc_empty_space height=\u201c25\u201d][\/vc_column_inner][\/vc_row_inner][\/vc_column][\/vc_row][vc_row full_width=\u201cstretch_row\u201d][vc_column][vc_row_inner][vc_column_inner width=\u201c1\/4\u201d][\/vc_column_inner][vc_column_inner offset=\u201cvc_col-md\u20116\u201d][vc_column_text css=\u201d.vc_custom_1669630347071{margin-bottom: 15px !important;}\u201d]\n<h3 style=\"text-align: center;\"><span style=\"color: #5aa05a;\">2010<\/span><\/h3>\n<p>[\/vc_column_text][vc_column_text css=\u201d.vc_custom_1676994624286{margin-bottom: 20px !important;}\u201d]<\/p>\n<h4 style=\"text-align: center;\">Recorriendo la regi\u00f3n de las tierras negras de&nbsp;Rusia<\/h4>\n<p>[\/vc_column_text][vc_column_text]<\/p>\n<p style=\"text-align: left;\">Nos inva\u00addi\u00f3 la pasi\u00f3n por los via\u00adjes. A tra\u00adv\u00e9s de cont\u00adac\u00adtos muy \u00fati\u00adles, Rusia se nos ofre\u00adci\u00f3 como el sigu\u00adi\u00adente tema en el extran\u00adjero. A\u00fan con inten\u00adsos incen\u00addios foresta\u00adles, nos embar\u00adca\u00admos en este viaje en sep\u00adtiembre de 2010 y, a pesar de todas las cir\u00adcuns\u00adtancias, nos vimos recom\u00adpen\u00adsados con impre\u00adsio\u00adn\u00adan\u00adtes graba\u00adcio\u00adnes. En la memo\u00adria han qued\u00adado los con\u00adtras\u00adtes entre la anti\u00adgua tec\u00adno\u00adlo\u00adg\u00eda sovi\u00e9\u00adtica y las m\u00e1qui\u00adnas agr\u00ed\u00adco\u00adlas occi\u00adden\u00adta\u00adles m\u00e1s moder\u00adnas. El DVD sobre maqui\u00adna\u00adria agr\u00ed\u00adcola \u00abAgri\u00adcul\u00adtura en Rusia\u00bb fue tra\u00addu\u00adcido a tres idio\u00admas y se ven\u00addi\u00f3 en muchos pa\u00ed\u00adses. Nues\u00adtro equipo de film\u00adaci\u00f3n se com\u00adple\u00adment\u00f3 con una c\u00e1mara de acci\u00f3n GoPro&nbsp;Hero.<\/p>\n<p>[\/vc_column_text][vc_empty_space height=\u201c25\u201d][\/vc_column_inner][vc_column_inner width=\u201c1\/4\u201d][\/vc_column_inner][\/vc_row_inner][vc_row_inner][vc_column_inner]<\/p><div class=\"iw_cpt_image_gallery_advanced \"><div class=\"iw_cpt_image_gallery \" data-deactive_lightbox=\"false\"><div class=\"desktop\"><div class=\"iw_col_1_2\"><div class=\"iw_cpt_image_gallery_image one\"><img decoding=\"async\" src=\"https:\/\/farmworld.tv\/wp-content\/uploads\/2022\/11\/ltv-fwtv-leidenschaft-2010-image-01-970x647.jpg\" loading=\"lazy\"><\/div><div class=\"iw_cpt_image_gallery_image two\"><img decoding=\"async\" src=\"https:\/\/farmworld.tv\/wp-content\/uploads\/2022\/11\/ltv-fwtv-leidenschaft-2010-image-02-970x647.jpg\" loading=\"lazy\"><\/div><div class=\"iw_cpt_image_gallery_image\"><img decoding=\"async\" src=\"https:\/\/farmworld.tv\/wp-content\/uploads\/2022\/11\/ltv-fwtv-leidenschaft-2010-image-04-970x647.jpg\" loading=\"lazy\"><\/div><div class=\"iw_cpt_image_gallery_image\"><img decoding=\"async\" src=\"https:\/\/farmworld.tv\/wp-content\/uploads\/2022\/11\/ltv-fwtv-leidenschaft-2010-image-05-970x647.jpg\" loading=\"lazy\"><\/div><\/div><div class=\"iw_col_1_2\"><div class=\"iw_cpt_image_gallery_image full three\"><img decoding=\"async\" src=\"https:\/\/farmworld.tv\/wp-content\/uploads\/2022\/11\/ltv-fwtv-leidenschaft-2010-image-03-970x728.jpg\" loading=\"lazy\"><\/div><\/div><div class=\"iw_cpt_image_gallery_clearfix\"><\/div><div class=\"iw_col_1_2\"><div class=\"iw_cpt_image_gallery_image\"><img decoding=\"async\" src=\"https:\/\/farmworld.tv\/wp-content\/uploads\/2022\/11\/ltv-fwtv-leidenschaft-2010-image-06-585x780.jpg\" loading=\"lazy\"><\/div><div class=\"iw_cpt_image_gallery_image\"><img decoding=\"async\" src=\"https:\/\/farmworld.tv\/wp-content\/uploads\/2022\/11\/ltv-fwtv-leidenschaft-2010-image-07-970x728.jpg\" loading=\"lazy\"><\/div><\/div><div class=\"iw_col_1_2\"><div class=\"iw_cpt_image_gallery_image\"><img decoding=\"async\" src=\"https:\/\/farmworld.tv\/wp-content\/uploads\/2022\/11\/ltv-fwtv-leidenschaft-2010-image-08-970x647.jpg\" loading=\"lazy\"><\/div><\/div><\/div><div class=\"mobile\"><div class=\"iw_col_1_1\"><div class=\"iw_cpt_image_gallery_image full one\"><img decoding=\"async\" src=\"https:\/\/farmworld.tv\/wp-content\/uploads\/2022\/11\/ltv-fwtv-leidenschaft-2010-image-01-970x647.jpg\" loading=\"lazy\"><\/div><\/div><div class=\"iw_col_1_1\"><div class=\"iw_cpt_image_gallery_image\"><img decoding=\"async\" src=\"https:\/\/farmworld.tv\/wp-content\/uploads\/2022\/11\/ltv-fwtv-leidenschaft-2010-image-02-970x647.jpg\" loading=\"lazy\"><\/div><div class=\"iw_cpt_image_gallery_image\"><img decoding=\"async\" src=\"https:\/\/farmworld.tv\/wp-content\/uploads\/2022\/11\/ltv-fwtv-leidenschaft-2010-image-03-970x728.jpg\" loading=\"lazy\"><\/div><div class=\"iw_cpt_image_gallery_image\"><img decoding=\"async\" src=\"https:\/\/farmworld.tv\/wp-content\/uploads\/2022\/11\/ltv-fwtv-leidenschaft-2010-image-04-970x647.jpg\" loading=\"lazy\"><\/div><div class=\"iw_cpt_image_gallery_image\"><img decoding=\"async\" src=\"https:\/\/farmworld.tv\/wp-content\/uploads\/2022\/11\/ltv-fwtv-leidenschaft-2010-image-05-970x647.jpg\" loading=\"lazy\"><\/div><div class=\"iw_cpt_image_gallery_image\"><img decoding=\"async\" src=\"https:\/\/farmworld.tv\/wp-content\/uploads\/2022\/11\/ltv-fwtv-leidenschaft-2010-image-06-585x780.jpg\" loading=\"lazy\"><\/div><div class=\"iw_cpt_image_gallery_image\"><img decoding=\"async\" src=\"https:\/\/farmworld.tv\/wp-content\/uploads\/2022\/11\/ltv-fwtv-leidenschaft-2010-image-07-970x728.jpg\" loading=\"lazy\"><\/div><div class=\"iw_cpt_image_gallery_image\"><img decoding=\"async\" src=\"https:\/\/farmworld.tv\/wp-content\/uploads\/2022\/11\/ltv-fwtv-leidenschaft-2010-image-08-970x647.jpg\" loading=\"lazy\"><\/div><\/div><\/div><div class=\"iw_cpt_image_gallery_clearfix\"><\/div><\/div><\/div>[vc_empty_space height=\u201c25\u201d][\/vc_column_inner][\/vc_row_inner][vc_row_inner][vc_column_inner]            <div class=\"iw_svg_viewer \" style=\"text-align:center\">\n                \n                    <div class=\"iw_svg_viewer_content_wrapper\" style=\"width:2px; height:150px\">\n                        <?xml version=\"1.0\" encoding=\"UTF-8\"?><svg id=\"Layer_1\" viewBox=\"0 0 2 150\"><rect id=\"Rechteck_1061\" width=\"2\" height=\"150\" style=\"fill:#5aa05a;\" \/><\/svg>\n                    <\/div>\n                \n            <\/div>\n[vc_empty_space height=\u201c25\u201d][\/vc_column_inner][\/vc_row_inner][\/vc_column][\/vc_row][vc_row full_width=\u201cstretch_row\u201d][vc_column][vc_row_inner][vc_column_inner width=\u201c1\/4\u201d][\/vc_column_inner][vc_column_inner offset=\u201cvc_col-md\u20116\u201d][vc_column_text css=\u201d.vc_custom_1669630586822{margin-bottom: 15px !important;}\u201d]\n<h3 style=\"text-align: center;\"><span style=\"color: #5aa05a;\">2011<\/span><\/h3>\n<p>[\/vc_column_text][vc_column_text css=\u201d.vc_custom_1676994640485{margin-bottom: 20px !important;}\u201d]<\/p>\n<h4 style=\"text-align: center;\">En viaje de exploraci\u00f3n al granero del Canad\u00e1<\/h4>\n<p>[\/vc_column_text][vc_column_text]<\/p>\n<p style=\"text-align: left;\">En pri\u00adma\u00advera film\u00adamos en B\u00e9l\u00adgica y los Pa\u00ed\u00adses Bajos. Bue\u00adnos cont\u00adac\u00adtos y la sed de nue\u00advas aven\u00adturas nos lle\u00adva\u00adron nue\u00adva\u00admente al Canad\u00e1 en el ver\u00adano de 2011. Recor\u00adri\u00admos miles de kil\u00f3\u00adme\u00adtros entre Win\u00adni\u00adpeg, Regina y Sas\u00adkatoon. Estable\u00adci\u00admos magn\u00ed\u00adfi\u00adcos cont\u00adac\u00adtos y film\u00adamos tra\u00adba\u00adjos de maqui\u00adna\u00adria agr\u00ed\u00adcola hasta enton\u00adces impen\u00adsables para noso\u00adtros. Pero no deja\u00admos de lado tam\u00adpoco la agri\u00adcul\u00adtura nacio\u00adnal. La caja de DVD \u00abAgri\u00adcul\u00adtura en Ale\u00adma\u00adnia\u00bb super\u00f3 todo lo que hab\u00ed\u00ada\u00admos publi\u00adcado hasta ahora: 370 minu\u00adtos de tiempo de repro\u00adduc\u00adci\u00f3n en cua\u00adtro DVD, luga\u00adres de rodaje repart\u00adidos por todo el pa\u00eds, emba\u00adla\u00addos en un estu\u00adche atrac\u00adtivo y tra\u00addu\u00adci\u00addos a cinco idio\u00admas (ale\u00adm\u00e1n, ingl\u00e9s, fran\u00adc\u00e9s, espa\u00ad\u00f1ol e italiano).<\/p>\n<p>[\/vc_column_text][vc_empty_space height=\u201c25\u201d][\/vc_column_inner][vc_column_inner width=\u201c1\/4\u201d][\/vc_column_inner][\/vc_row_inner][vc_row_inner][vc_column_inner]<\/p><div class=\"iw_cpt_image_gallery_advanced \"><div class=\"iw_cpt_image_gallery \" data-deactive_lightbox=\"false\"><div class=\"desktop\"><div class=\"iw_col_1_2\"><div class=\"iw_cpt_image_gallery_image full one\"><img decoding=\"async\" src=\"https:\/\/farmworld.tv\/wp-content\/uploads\/2022\/11\/ltv-fwtv-leidenschaft-2011-image-01-1-970x647.jpg\" loading=\"lazy\"><div class=\"clearfix\"><\/div><\/div><\/div><div class=\"iw_col_1_2\"><div class=\"iw_cpt_image_gallery_image two\"><img decoding=\"async\" src=\"https:\/\/farmworld.tv\/wp-content\/uploads\/2022\/11\/ltv-fwtv-leidenschaft-2011-image-02-1-970x647.jpg\" loading=\"lazy\"><\/div><div class=\"iw_cpt_image_gallery_image three\"><img decoding=\"async\" src=\"https:\/\/farmworld.tv\/wp-content\/uploads\/2022\/11\/ltv-fwtv-leidenschaft-2011-image-03-1-970x647.jpg\" loading=\"lazy\"><\/div><div class=\"iw_cpt_image_gallery_image\"><img decoding=\"async\" src=\"https:\/\/farmworld.tv\/wp-content\/uploads\/2022\/11\/ltv-fwtv-leidenschaft-2011-image-04-1-970x647.jpg\" loading=\"lazy\"><\/div><div class=\"iw_cpt_image_gallery_image\"><img decoding=\"async\" src=\"https:\/\/farmworld.tv\/wp-content\/uploads\/2022\/11\/ltv-fwtv-leidenschaft-2011-image-05-1-970x647.jpg\" loading=\"lazy\"><\/div><\/div><div class=\"iw_cpt_image_gallery_clearfix\"><\/div><div class=\"iw_col_1_2\"><div class=\"iw_cpt_image_gallery_image\"><img decoding=\"async\" src=\"https:\/\/farmworld.tv\/wp-content\/uploads\/2022\/11\/ltv-fwtv-leidenschaft-2011-image-06-1-970x647.jpg\" loading=\"lazy\"><\/div><div class=\"iw_cpt_image_gallery_image\"><img decoding=\"async\" src=\"https:\/\/farmworld.tv\/wp-content\/uploads\/2022\/11\/ltv-fwtv-leidenschaft-2011-image-07-1-970x647.jpg\" loading=\"lazy\"><\/div><\/div><div class=\"iw_col_1_2\"><div class=\"iw_cpt_image_gallery_image\"><img decoding=\"async\" src=\"https:\/\/farmworld.tv\/wp-content\/uploads\/2022\/11\/ltv-fwtv-leidenschaft-2011-image-08-1-970x728.jpg\" loading=\"lazy\"><\/div><\/div><\/div><div class=\"mobile\"><div class=\"iw_col_1_1\"><div class=\"iw_cpt_image_gallery_image full one\"><img decoding=\"async\" src=\"https:\/\/farmworld.tv\/wp-content\/uploads\/2022\/11\/ltv-fwtv-leidenschaft-2011-image-01-1-970x647.jpg\" loading=\"lazy\"><\/div><\/div><div class=\"iw_col_1_1\"><div class=\"iw_cpt_image_gallery_image\"><img decoding=\"async\" src=\"https:\/\/farmworld.tv\/wp-content\/uploads\/2022\/11\/ltv-fwtv-leidenschaft-2011-image-02-1-970x647.jpg\" loading=\"lazy\"><\/div><div class=\"iw_cpt_image_gallery_image\"><img decoding=\"async\" src=\"https:\/\/farmworld.tv\/wp-content\/uploads\/2022\/11\/ltv-fwtv-leidenschaft-2011-image-03-1-970x647.jpg\" loading=\"lazy\"><\/div><div class=\"iw_cpt_image_gallery_image\"><img decoding=\"async\" src=\"https:\/\/farmworld.tv\/wp-content\/uploads\/2022\/11\/ltv-fwtv-leidenschaft-2011-image-04-1-970x647.jpg\" loading=\"lazy\"><\/div><div class=\"iw_cpt_image_gallery_image\"><img decoding=\"async\" src=\"https:\/\/farmworld.tv\/wp-content\/uploads\/2022\/11\/ltv-fwtv-leidenschaft-2011-image-05-1-970x647.jpg\" loading=\"lazy\"><\/div><div class=\"iw_cpt_image_gallery_image\"><img decoding=\"async\" src=\"https:\/\/farmworld.tv\/wp-content\/uploads\/2022\/11\/ltv-fwtv-leidenschaft-2011-image-06-1-970x647.jpg\" loading=\"lazy\"><\/div><div class=\"iw_cpt_image_gallery_image\"><img decoding=\"async\" src=\"https:\/\/farmworld.tv\/wp-content\/uploads\/2022\/11\/ltv-fwtv-leidenschaft-2011-image-07-1-970x647.jpg\" loading=\"lazy\"><\/div><div class=\"iw_cpt_image_gallery_image\"><img decoding=\"async\" src=\"https:\/\/farmworld.tv\/wp-content\/uploads\/2022\/11\/ltv-fwtv-leidenschaft-2011-image-08-1-970x728.jpg\" loading=\"lazy\"><\/div><\/div><\/div><div class=\"iw_cpt_image_gallery_clearfix\"><\/div><\/div><\/div>[vc_empty_space height=\u201c25\u201d][\/vc_column_inner][\/vc_row_inner][vc_row_inner][vc_column_inner]            <div class=\"iw_svg_viewer \" style=\"text-align:center\">\n                \n                    <div class=\"iw_svg_viewer_content_wrapper\" style=\"width:2px; height:150px\">\n                        <?xml version=\"1.0\" encoding=\"UTF-8\"?><svg id=\"Layer_1\" viewBox=\"0 0 2 150\"><rect id=\"Rechteck_1061\" width=\"2\" height=\"150\" style=\"fill:#5aa05a;\" \/><\/svg>\n                    <\/div>\n                \n            <\/div>\n[vc_empty_space height=\u201c25\u201d][\/vc_column_inner][\/vc_row_inner][\/vc_column][\/vc_row][vc_row full_width=\u201cstretch_row\u201d][vc_column][vc_row_inner][vc_column_inner width=\u201c1\/4\u201d][\/vc_column_inner][vc_column_inner offset=\u201cvc_col-md\u20116\u201d][vc_column_text css=\u201d.vc_custom_1669630739589{margin-bottom: 15px !important;}\u201d]\n<h3 style=\"text-align: center;\"><span style=\"color: #5aa05a;\">2012<\/span><\/h3>\n<p>[\/vc_column_text][vc_column_text css=\u201d.vc_custom_1676994655818{margin-bottom: 20px !important;}\u201d]<\/p>\n<h4 style=\"text-align: center;\">El Medio Oeste de los Estados Unidos y Australia<\/h4>\n<p>[\/vc_column_text][vc_column_text]<\/p>\n<p style=\"text-align: left;\">Los exce\u00adlen\u00adtes comen\u00adta\u00adrios sobre nues\u00adtra pro\u00adduc\u00adci\u00f3n ini\u00adcial en el Canad\u00e1 nos incen\u00adti\u00adva\u00adron a empren\u00adder un nuevo viaje al extran\u00adjero, en la pri\u00adma\u00advera de 2012. Los tra\u00adba\u00adjos de rodaje estu\u00advie\u00adron mar\u00adca\u00addos por enor\u00admes semb\u00adra\u00addo\u00adras o trac\u00adto\u00adres arti\u00adcu\u00adla\u00addos de neum\u00e1\u00adti\u00adcos tri\u00adples. El t\u00edtulo \u00abAgri\u00adcul\u00adtura en Nor\u00adteam\u00ad\u00e9\u00adrica, Vol. 3\u00bb dio ori\u00adgen no solo a un DVD sobre maqui\u00adna\u00adria agr\u00ed\u00adcola, sino tam\u00adbi\u00e9n a un disco Blu-ray. Y Landtechnikvideos.de cre\u00f3 una p\u00e1gina en Face\u00adbook. Desde enton\u00adces, hemos uti\u00adliz\u00adado la p\u00e1gina para man\u00adte\u00adner informa\u00addos sobre los roda\u00adjes a los afi\u00adci\u00ado\u00adna\u00addos a nues\u00adtro tra\u00adbajo . A fina\u00adles del ver\u00adano estu\u00advi\u00admos por pri\u00admera vez en Che\u00adquia. En diciembre de 2012 film\u00adamos a tem\u00adpe\u00adra\u00adturas de hasta 47 gra\u00addos, durante la cosecha de cerea\u00adles en el oeste de Aus\u00adtra\u00adlia y por pri\u00admera vez en el hemis\u00adfe\u00adrio sur. \u00a1El pre\u00adludio de nues\u00adtra pro\u00adduc\u00adci\u00f3n m\u00e1s labo\u00adriosa hasta la&nbsp;fecha!<\/p>\n<p>[\/vc_column_text][vc_empty_space height=\u201c25\u201d][\/vc_column_inner][vc_column_inner width=\u201c1\/4\u201d][\/vc_column_inner][\/vc_row_inner][vc_row_inner][vc_column_inner]<\/p><div class=\"iw_cpt_image_gallery_advanced \"><div class=\"iw_cpt_image_gallery \" data-deactive_lightbox=\"false\"><div class=\"desktop\"><div class=\"iw_col_1_4\"><div class=\"iw_cpt_image_gallery_image one\"><img decoding=\"async\" src=\"https:\/\/farmworld.tv\/wp-content\/uploads\/2022\/11\/ltv-fwtv-leidenschaft-2012-image-09-970x647.jpg\" loading=\"lazy\"><\/div><div class=\"iw_cpt_image_gallery_image\"><img decoding=\"async\" src=\"https:\/\/farmworld.tv\/wp-content\/uploads\/2022\/11\/ltv-fwtv-leidenschaft-2012-image-03-970x728.jpg\" loading=\"lazy\"><\/div><\/div><div class=\"iw_col_1_2\"><div class=\"iw_cpt_image_gallery_image full two\"><img decoding=\"async\" src=\"https:\/\/farmworld.tv\/wp-content\/uploads\/2022\/11\/ltv-fwtv-leidenschaft-2012-image-02-970x647.jpg\" loading=\"lazy\"><\/div><\/div><div class=\"iw_col_1_4\"><div class=\"iw_cpt_image_gallery_image three\"><img decoding=\"async\" src=\"https:\/\/farmworld.tv\/wp-content\/uploads\/2022\/11\/ltv-fwtv-leidenschaft-2012-image-08-970x647.jpg\" loading=\"lazy\"><\/div><div class=\"iw_cpt_image_gallery_image\"><img decoding=\"async\" src=\"https:\/\/farmworld.tv\/wp-content\/uploads\/2022\/11\/ltv-fwtv-leidenschaft-2012-image-04-970x728.jpg\" loading=\"lazy\"><\/div><\/div><div class=\"iw_cpt_image_gallery_clearfix\"><\/div><div class=\"iw_col_1_2\"><div class=\"iw_cpt_image_gallery_image\"><img decoding=\"async\" src=\"https:\/\/farmworld.tv\/wp-content\/uploads\/2022\/11\/ltv-fwtv-leidenschaft-2012-image-07-970x647.jpg\" loading=\"lazy\"><\/div><div class=\"iw_cpt_image_gallery_image\"><img decoding=\"async\" src=\"https:\/\/farmworld.tv\/wp-content\/uploads\/2022\/11\/ltv-fwtv-leidenschaft-2012-image-05-970x728.jpg\" loading=\"lazy\"><\/div><\/div><div class=\"iw_col_1_2\"><div class=\"iw_cpt_image_gallery_image\"><img decoding=\"async\" src=\"https:\/\/farmworld.tv\/wp-content\/uploads\/2022\/11\/ltv-fwtv-leidenschaft-2012-image-01-970x647.jpg\" loading=\"lazy\"><\/div><div class=\"iw_cpt_image_gallery_image\"><img decoding=\"async\" src=\"https:\/\/farmworld.tv\/wp-content\/uploads\/2022\/11\/ltv-fwtv-leidenschaft-2012-image-06-970x728.jpg\" loading=\"lazy\"><\/div><\/div><\/div><div class=\"mobile\"><div class=\"iw_col_1_1\"><div class=\"iw_cpt_image_gallery_image full one\"><img decoding=\"async\" src=\"https:\/\/farmworld.tv\/wp-content\/uploads\/2022\/11\/ltv-fwtv-leidenschaft-2012-image-09-970x647.jpg\" loading=\"lazy\"><\/div><\/div><div class=\"iw_col_1_1\"><div class=\"iw_cpt_image_gallery_image\"><img decoding=\"async\" src=\"https:\/\/farmworld.tv\/wp-content\/uploads\/2022\/11\/ltv-fwtv-leidenschaft-2012-image-02-970x647.jpg\" loading=\"lazy\"><\/div><div class=\"iw_cpt_image_gallery_image\"><img decoding=\"async\" src=\"https:\/\/farmworld.tv\/wp-content\/uploads\/2022\/11\/ltv-fwtv-leidenschaft-2012-image-08-970x647.jpg\" loading=\"lazy\"><\/div><div class=\"iw_cpt_image_gallery_image\"><img decoding=\"async\" src=\"https:\/\/farmworld.tv\/wp-content\/uploads\/2022\/11\/ltv-fwtv-leidenschaft-2012-image-03-970x728.jpg\" loading=\"lazy\"><\/div><div class=\"iw_cpt_image_gallery_image\"><img decoding=\"async\" src=\"https:\/\/farmworld.tv\/wp-content\/uploads\/2022\/11\/ltv-fwtv-leidenschaft-2012-image-04-970x728.jpg\" loading=\"lazy\"><\/div><div class=\"iw_cpt_image_gallery_image\"><img decoding=\"async\" src=\"https:\/\/farmworld.tv\/wp-content\/uploads\/2022\/11\/ltv-fwtv-leidenschaft-2012-image-07-970x647.jpg\" loading=\"lazy\"><\/div><div class=\"iw_cpt_image_gallery_image\"><img decoding=\"async\" src=\"https:\/\/farmworld.tv\/wp-content\/uploads\/2022\/11\/ltv-fwtv-leidenschaft-2012-image-05-970x728.jpg\" loading=\"lazy\"><\/div><div class=\"iw_cpt_image_gallery_image\"><img decoding=\"async\" src=\"https:\/\/farmworld.tv\/wp-content\/uploads\/2022\/11\/ltv-fwtv-leidenschaft-2012-image-01-970x647.jpg\" loading=\"lazy\"><\/div><div class=\"iw_cpt_image_gallery_image\"><img decoding=\"async\" src=\"https:\/\/farmworld.tv\/wp-content\/uploads\/2022\/11\/ltv-fwtv-leidenschaft-2012-image-06-970x728.jpg\" loading=\"lazy\"><\/div><\/div><\/div><div class=\"iw_cpt_image_gallery_clearfix\"><\/div><\/div><\/div>[vc_empty_space height=\u201c25\u201d][\/vc_column_inner][\/vc_row_inner][vc_row_inner][vc_column_inner]            <div class=\"iw_svg_viewer \" style=\"text-align:center\">\n                \n                    <div class=\"iw_svg_viewer_content_wrapper\" style=\"width:2px; height:150px\">\n                        <?xml version=\"1.0\" encoding=\"UTF-8\"?><svg id=\"Layer_1\" viewBox=\"0 0 2 150\"><rect id=\"Rechteck_1061\" width=\"2\" height=\"150\" style=\"fill:#5aa05a;\" \/><\/svg>\n                    <\/div>\n                \n            <\/div>\n[vc_empty_space height=\u201c25\u201d][\/vc_column_inner][\/vc_row_inner][\/vc_column][\/vc_row][vc_row full_width=\u201cstretch_row\u201d][vc_column][vc_row_inner][vc_column_inner width=\u201c1\/4\u201d][\/vc_column_inner][vc_column_inner offset=\u201cvc_col-md\u20116\u201d][vc_column_text css=\u201d.vc_custom_1669630811524{margin-bottom: 15px !important;}\u201d]\n<h3 style=\"text-align: center;\"><span style=\"color: #5aa05a;\">2013<\/span><\/h3>\n<p>[\/vc_column_text][vc_column_text css=\u201d.vc_custom_1676994671418{margin-bottom: 20px !important;}\u201d]<\/p>\n<h4 style=\"text-align: center;\">La cosecha del ma\u00edz en Alemania y de viaje por Australia<\/h4>\n<p>[\/vc_column_text][vc_column_text]<\/p>\n<p style=\"text-align: left;\">En pri\u00adma\u00advera hici\u00admos dos via\u00adjes m\u00e1s para filmar en Aus\u00adtra\u00adlia. Una vez all\u00ed, recor\u00adri\u00admos miles de kil\u00f3\u00adme\u00adtros y film\u00adamos en doce\u00adnas de gran\u00adjas. Un tema \u00fanico fue la mayor semb\u00adra\u00addora del mundo. All\u00ed ent\u00adabla\u00admos el pri\u00admer cont\u00adacto con el cul\u00adtivo de la ca\u00f1a de az\u00fa\u00adcar. Para la pel\u00ed\u00adcula \u00abLa tec\u00adno\u00adlo\u00adg\u00eda agr\u00ed\u00adcola en el punto de mira: la cosecha de ma\u00edz\u00bb, nos cen\u00adtra\u00admos en las cosecha\u00addo\u00adras de for\u00adraje m\u00e1s poten\u00adtes y film\u00adamos en varias regio\u00adnes de Ale\u00adma\u00adnia. En aquel momento, hici\u00admos graba\u00adcio\u00adnes a\u00e9reas alre\u00adde\u00addor del Krone BigX desde un para\u00adpente moto\u00adriz\u00adado. Este v\u00eddeo sobre maqui\u00adna\u00adria agr\u00ed\u00adcola tam\u00adbi\u00e9n est\u00e1 dis\u00adpo\u00adnible en Blu-ray. A lo largo del a\u00f1o, acom\u00adpa\u00ad\u00f1a\u00admos ade\u00adm\u00e1s al equipo de la empresa cont\u00adra\u00adtista Reiff, de Luxem\u00adburgo, para rea\u00adli\u00adzar un nuevo repor\u00adtaje. Para 2014 ela\u00adbora\u00admos un calen\u00adda\u00adrio sem\u00adanal con 52 motivos.<\/p>\n<p>[\/vc_column_text][vc_empty_space height=\u201c25\u201d][\/vc_column_inner][vc_column_inner width=\u201c1\/4\u201d][\/vc_column_inner][\/vc_row_inner][vc_row_inner][vc_column_inner]<\/p><div class=\"iw_cpt_image_gallery_advanced \"><div class=\"iw_cpt_image_gallery \" data-deactive_lightbox=\"false\"><div class=\"desktop\"><div class=\"iw_col_1_2\"><div class=\"iw_cpt_image_gallery_image one\"><img decoding=\"async\" src=\"https:\/\/farmworld.tv\/wp-content\/uploads\/2022\/11\/ltv-fwtv-leidenschaft-2013-image-01-970x647.jpg\" loading=\"lazy\"><\/div><div class=\"iw_cpt_image_gallery_image two\"><img decoding=\"async\" src=\"https:\/\/farmworld.tv\/wp-content\/uploads\/2022\/11\/ltv-fwtv-leidenschaft-2013-image-02-970x647.jpg\" loading=\"lazy\"><\/div><div class=\"iw_cpt_image_gallery_image\"><img decoding=\"async\" src=\"https:\/\/farmworld.tv\/wp-content\/uploads\/2022\/11\/ltv-fwtv-leidenschaft-2013-image-04-970x647.jpg\" loading=\"lazy\"><\/div><div class=\"iw_cpt_image_gallery_image\"><img decoding=\"async\" src=\"https:\/\/farmworld.tv\/wp-content\/uploads\/2022\/11\/ltv-fwtv-leidenschaft-2013-image-05-970x647.jpg\" loading=\"lazy\"><\/div><\/div><div class=\"iw_col_1_2\"><div class=\"iw_cpt_image_gallery_image full three\"><img decoding=\"async\" src=\"https:\/\/farmworld.tv\/wp-content\/uploads\/2022\/11\/ltv-fwtv-leidenschaft-2013-image-03-970x647.jpg\" loading=\"lazy\"><\/div><\/div><div class=\"iw_cpt_image_gallery_clearfix\"><\/div><div class=\"iw_col_1_2\"><\/div><div class=\"iw_col_1_2\"><\/div><\/div><div class=\"mobile\"><div class=\"iw_col_1_1\"><div class=\"iw_cpt_image_gallery_image full one\"><img decoding=\"async\" src=\"https:\/\/farmworld.tv\/wp-content\/uploads\/2022\/11\/ltv-fwtv-leidenschaft-2013-image-01-970x647.jpg\" loading=\"lazy\"><\/div><\/div><div class=\"iw_col_1_1\"><div class=\"iw_cpt_image_gallery_image\"><img decoding=\"async\" src=\"https:\/\/farmworld.tv\/wp-content\/uploads\/2022\/11\/ltv-fwtv-leidenschaft-2013-image-02-970x647.jpg\" loading=\"lazy\"><\/div><div class=\"iw_cpt_image_gallery_image\"><img decoding=\"async\" src=\"https:\/\/farmworld.tv\/wp-content\/uploads\/2022\/11\/ltv-fwtv-leidenschaft-2013-image-03-970x647.jpg\" loading=\"lazy\"><\/div><div class=\"iw_cpt_image_gallery_image\"><img decoding=\"async\" src=\"https:\/\/farmworld.tv\/wp-content\/uploads\/2022\/11\/ltv-fwtv-leidenschaft-2013-image-04-970x647.jpg\" loading=\"lazy\"><\/div><div class=\"iw_cpt_image_gallery_image\"><img decoding=\"async\" src=\"https:\/\/farmworld.tv\/wp-content\/uploads\/2022\/11\/ltv-fwtv-leidenschaft-2013-image-05-970x647.jpg\" loading=\"lazy\"><\/div><\/div><\/div><div class=\"iw_cpt_image_gallery_clearfix\"><\/div><\/div><\/div>[vc_empty_space height=\u201c25\u201d][\/vc_column_inner][\/vc_row_inner][vc_row_inner][vc_column_inner]            <div class=\"iw_svg_viewer \" style=\"text-align:center\">\n                \n                    <div class=\"iw_svg_viewer_content_wrapper\" style=\"width:2px; height:150px\">\n                        <?xml version=\"1.0\" encoding=\"UTF-8\"?><svg id=\"Layer_1\" viewBox=\"0 0 2 150\"><rect id=\"Rechteck_1061\" width=\"2\" height=\"150\" style=\"fill:#5aa05a;\" \/><\/svg>\n                    <\/div>\n                \n            <\/div>\n[vc_empty_space height=\u201c25\u201d][\/vc_column_inner][\/vc_row_inner][\/vc_column][\/vc_row][vc_row full_width=\u201cstretch_row\u201d][vc_column][vc_row_inner][vc_column_inner width=\u201c1\/4\u201d][\/vc_column_inner][vc_column_inner offset=\u201cvc_col-md\u20116\u201d][vc_column_text css=\u201d.vc_custom_1669630897559{margin-bottom: 15px !important;}\u201d]\n<h3 style=\"text-align: center;\"><span style=\"color: #5aa05a;\">2014<\/span><\/h3>\n<p>[\/vc_column_text][vc_column_text css=\u201d.vc_custom_1676994687801{margin-bottom: 20px !important;}\u201d]<\/p>\n<h4 style=\"text-align: center;\">La agricultura en Australia y la empresa contratista Reiff<\/h4>\n<p>[\/vc_column_text][vc_column_text]<\/p>\n<p style=\"text-align: left;\">El DVD sobre maqui\u00adna\u00adria agr\u00ed\u00adcola \u00abEmpresa cont\u00adra\u00adtista J\u2011Reiff\u00bb, Vol. 1 se public\u00f3 en la pri\u00adma\u00advera de 2014 y fue solo una de las muchas ideas cine\u00adma\u00adto\u00adgr\u00e1\u00adfi\u00adcas que se lle\u00adva\u00adron a cabo con Reiff en los a\u00f1os sigu\u00adi\u00aden\u00adtes y que se siguen rea\u00adliz\u00adando en la actu\u00adal\u00adi\u00addad. El DVD sobre maqui\u00adna\u00adria agr\u00ed\u00adcola \u00abEmpresa cont\u00adra\u00adtista J\u2011Reiff\u00bb, Vol. 1 ha sido tra\u00addu\u00adcido nada menos que a siete idio\u00admas, entre ellos el neer\u00adlan\u00add\u00e9s y el luxem\u00adbur\u00adgu\u00e9s. Nues\u00adtro t\u00edtulo de m\u00e1s \u00e9xito hasta la fecha, \u00abAgri\u00adcul\u00adtura en Aus\u00adtra\u00adlia\u00bb, se public\u00f3 en el mismo a\u00f1o. Como siempre, la caja de tres DVD se pro\u00addujo de forma total\u00admente inde\u00adpen\u00addi\u00adente, sin patro\u00adcina\u00addo\u00adres, y ofrece una visi\u00f3n exhaus\u00adtiva de la agri\u00adcul\u00adtura y de los desaf\u00edos que esta conlleva en Aus\u00adtra\u00adlia. Desde la inves\u00adti\u00adga\u00adci\u00f3n, pasando por el rodaje, el mon\u00adtaje, la banda sonora y el dise\u00f1o del pro\u00adducto, todo el tra\u00adbajo sali\u00f3 de nuestras manos. Para 2015, pro\u00addu\u00adji\u00admos por pri\u00admera vez un calen\u00adda\u00adrio men\u00adsual, cuyos motivos tam\u00adbi\u00e9n se pre\u00adsen\u00adtan en acci\u00f3n en un DVD adjunto. El calen\u00adda\u00adrio se ven\u00addi\u00f3 por toda Europa. La incor\u00adpora\u00adci\u00f3n de los pri\u00adme\u00adros dro\u00adnes de film\u00adaci\u00f3n a nues\u00adtro equipo abri\u00f3 un nuevo cap\u00ed\u00adtulo en la rea\u00adli\u00adza\u00adci\u00f3n de las pel\u00ed\u00adcu\u00adlas. La tec\u00adno\u00adlo\u00adg\u00eda de los dro\u00adnes mejor\u00f3 mete\u00f3ri\u00adca\u00admente y ya con la segunda y la ter\u00adcera genera\u00adci\u00f3n se pod\u00edan con\u00adse\u00adguir unos \u00e1ngu\u00adlos de visi\u00f3n impac\u00adtan\u00adtes. Ense\u00adguida, nuestras c\u00e1ma\u00adras comen\u00adza\u00adron a grabar, ade\u00adm\u00e1s, en tar\u00adje\u00adtas de memo\u00adria. Uti\u00adliz\u00ada\u00admos ya la nueva tec\u00adno\u00adlo\u00adg\u00eda de c\u00e1ma\u00adras para los pri\u00adme\u00adros roda\u00adjes en Fran\u00adcia. Dife\u00adren\u00adtes medios de comu\u00adni\u00adca\u00adci\u00f3n publi\u00adca\u00adron sobre nues\u00adtro tra\u00adbajo en 2014. Entre ellos, Nord\u00addeut\u00adscher Rund\u00adfunk, Bay\u00adri\u00adsches Fern\u00adse\u00adhen, Sat.1\u2011Regional o Deut\u00adsche Welle. Hemos com\u00adpi\u00adlado varios repor\u00adta\u00adjes de tele\u00advi\u00adsi\u00f3n, art\u00ed\u00adcu\u00adlos de prensa y graba\u00adcio\u00adnes de radio en nues\u00adtro sitio web. J\u00f6rn se hace cargo del nego\u00adcio como agen\u00adcia y funda agrimotion.com.<\/p>\n<p>[\/vc_column_text][vc_empty_space height=\u201c25\u201d][\/vc_column_inner][vc_column_inner width=\u201c1\/4\u201d][\/vc_column_inner][\/vc_row_inner][vc_row_inner][vc_column_inner]<\/p><div class=\"iw_cpt_image_gallery_advanced \"><div class=\"iw_cpt_image_gallery \" data-deactive_lightbox=\"false\"><div class=\"desktop\"><div class=\"iw_col_1_2\"><div class=\"iw_cpt_image_gallery_image full one\"><img decoding=\"async\" src=\"https:\/\/farmworld.tv\/wp-content\/uploads\/2022\/11\/ltv-fwtv-leidenschaft-2014-image-01-970x647.jpg\" loading=\"lazy\"><div class=\"clearfix\"><\/div><\/div><\/div><div class=\"iw_col_1_2\"><div class=\"iw_cpt_image_gallery_image two\"><img decoding=\"async\" src=\"https:\/\/farmworld.tv\/wp-content\/uploads\/2022\/11\/ltv-fwtv-leidenschaft-2014-image-02-970x647.jpg\" loading=\"lazy\"><\/div><div class=\"iw_cpt_image_gallery_image three\"><img decoding=\"async\" src=\"https:\/\/farmworld.tv\/wp-content\/uploads\/2022\/11\/ltv-fwtv-leidenschaft-2014-image-03-970x647.jpg\" loading=\"lazy\"><\/div><div class=\"iw_cpt_image_gallery_image\"><img decoding=\"async\" src=\"https:\/\/farmworld.tv\/wp-content\/uploads\/2022\/11\/ltv-fwtv-leidenschaft-2014-image-04-970x647.jpg\" loading=\"lazy\"><\/div><\/div><div class=\"iw_cpt_image_gallery_clearfix\"><\/div><div class=\"iw_col_1_2\"><\/div><div class=\"iw_col_1_2\"><\/div><\/div><div class=\"mobile\"><div class=\"iw_col_1_1\"><div class=\"iw_cpt_image_gallery_image full one\"><img decoding=\"async\" src=\"https:\/\/farmworld.tv\/wp-content\/uploads\/2022\/11\/ltv-fwtv-leidenschaft-2014-image-01-970x647.jpg\" loading=\"lazy\"><\/div><\/div><div class=\"iw_col_1_1\"><div class=\"iw_cpt_image_gallery_image\"><img decoding=\"async\" src=\"https:\/\/farmworld.tv\/wp-content\/uploads\/2022\/11\/ltv-fwtv-leidenschaft-2014-image-02-970x647.jpg\" loading=\"lazy\"><\/div><div class=\"iw_cpt_image_gallery_image\"><img decoding=\"async\" src=\"https:\/\/farmworld.tv\/wp-content\/uploads\/2022\/11\/ltv-fwtv-leidenschaft-2014-image-03-970x647.jpg\" loading=\"lazy\"><\/div><div class=\"iw_cpt_image_gallery_image\"><img decoding=\"async\" src=\"https:\/\/farmworld.tv\/wp-content\/uploads\/2022\/11\/ltv-fwtv-leidenschaft-2014-image-04-970x647.jpg\" loading=\"lazy\"><\/div><\/div><\/div><div class=\"iw_cpt_image_gallery_clearfix\"><\/div><\/div><\/div>[vc_empty_space height=\u201c25\u201d][\/vc_column_inner][\/vc_row_inner][vc_row_inner][vc_column_inner]            <div class=\"iw_svg_viewer \" style=\"text-align:center\">\n                \n                    <div class=\"iw_svg_viewer_content_wrapper\" style=\"width:2px; height:150px\">\n                        <?xml version=\"1.0\" encoding=\"UTF-8\"?><svg id=\"Layer_1\" viewBox=\"0 0 2 150\"><rect id=\"Rechteck_1061\" width=\"2\" height=\"150\" style=\"fill:#5aa05a;\" \/><\/svg>\n                    <\/div>\n                \n            <\/div>\n[vc_empty_space height=\u201c25\u201d][\/vc_column_inner][\/vc_row_inner][\/vc_column][\/vc_row][vc_row full_width=\u201cstretch_row\u201d][vc_column][vc_row_inner][vc_column_inner width=\u201c1\/4\u201d][\/vc_column_inner][vc_column_inner offset=\u201cvc_col-md\u20116\u201d][vc_column_text css=\u201d.vc_custom_1669631003889{margin-bottom: 15px !important;}\u201d]\n<h3 style=\"text-align: center;\"><span style=\"color: #5aa05a;\">2015<\/span><\/h3>\n<p>[\/vc_column_text][vc_column_text css=\u201d.vc_custom_1676994704517{margin-bottom: 20px !important;}\u201d]<\/p>\n<h4 style=\"text-align: center;\">De viaje por Francia, Rusia y Canad\u00e1<\/h4>\n<p>[\/vc_column_text][vc_column_text]<\/p>\n<p style=\"text-align: left;\">La eco\u00adno\u00adm\u00eda agr\u00ed\u00adcola fran\u00adcesa es incre\u00ed\u00adblem\u00adente diversa. Desde un prin\u00adci\u00adpio ten\u00ed\u00ada\u00admos claro que ten\u00addr\u00ed\u00ada\u00admos que hacer varias visi\u00adtas al pa\u00eds, en dife\u00adren\u00adtes tem\u00adpo\u00adra\u00addas, para poder pre\u00adsen\u00adtar la mayor can\u00adti\u00addad de labo\u00adres agr\u00ed\u00adco\u00adlas posi\u00adble. En oto\u00f1o se public\u00f3 la caja tri\u00adple \u00abAgri\u00adcul\u00adtura en Fran\u00adcia\u00bb. Al mismo tiempo, emp\u00adren\u00addi\u00admos un viaje al este del Canad\u00e1 en el ver\u00adano. En las pro\u00advin\u00adcias de Onta\u00adrio y Que\u00adbec, film\u00adamos durante la cosecha de for\u00adraje y as\u00ed cono\u00adci\u00admos nue\u00adva\u00admente la agri\u00adcul\u00adtura cana\u00addi\u00adense, pero desde un \u00e1ngulo com\u00adple\u00adta\u00admente dife\u00adrente. En el ver\u00adano tuvi\u00admos ade\u00adm\u00e1s la opor\u00adtu\u00adni\u00addad de visi\u00adtar la planta de cosecha\u00addo\u00adras de Rost\u00adsel\u00admash, en el sur de Rusia. Una vez m\u00e1s, ela\u00adbora\u00admos un calen\u00adda\u00adrio men\u00adsual \u00abTrac\u00adto\u00adres moder\u00adnos\u00bb para el a\u00f1o sigu\u00adi\u00adente, que se comer\u00adcia\u00adliz\u00f3 en tres idio\u00admas. Para nues\u00adtro canal de You\u00adTube, film\u00adamos uno de los pri\u00adme\u00adros trac\u00adto\u00adres oruga John Deere 9RX en Ale\u00adma\u00adnia y publi\u00adca\u00admos, entre otras cosas, dos cor\u00adto\u00adme\u00adt\u00adra\u00adjes de gran \u00e9xito sobre el tra\u00adbajo del cont\u00adra\u00adtista Osters &amp; Vo\u00df. Aparte de esto, film\u00adamos la pri\u00admera parte de la serie de pel\u00ed\u00adcu\u00adlas sobre la empresa de inge\u00adnie\u00adr\u00eda civil Maa\u00ad\u00dfen, vista ya 2,5 mil\u00adlo\u00adnes de&nbsp;veces.<\/p>\n<p>[\/vc_column_text][vc_empty_space height=\u201c25\u201d][\/vc_column_inner][vc_column_inner width=\u201c1\/4\u201d][\/vc_column_inner][\/vc_row_inner][vc_row_inner][vc_column_inner]<\/p><div class=\"iw_cpt_image_gallery_advanced \"><div class=\"iw_cpt_image_gallery \" data-deactive_lightbox=\"false\"><div class=\"desktop\"><div class=\"iw_col_1_4\"><div class=\"iw_cpt_image_gallery_image one\"><img decoding=\"async\" src=\"https:\/\/farmworld.tv\/wp-content\/uploads\/2022\/11\/ltv-fwtv-leidenschaft-2015-image-01-970x647.jpg\" loading=\"lazy\"><\/div><div class=\"iw_cpt_image_gallery_image\"><img decoding=\"async\" src=\"https:\/\/farmworld.tv\/wp-content\/uploads\/2022\/11\/ltv-fwtv-leidenschaft-2015-image-04-970x647.jpg\" loading=\"lazy\"><\/div><\/div><div class=\"iw_col_1_2\"><div class=\"iw_cpt_image_gallery_image full two\"><img decoding=\"async\" src=\"https:\/\/farmworld.tv\/wp-content\/uploads\/2022\/11\/ltv-fwtv-leidenschaft-2015-image-02-970x647.jpg\" loading=\"lazy\"><\/div><\/div><div class=\"iw_col_1_4\"><div class=\"iw_cpt_image_gallery_image three\"><img decoding=\"async\" src=\"https:\/\/farmworld.tv\/wp-content\/uploads\/2022\/11\/ltv-fwtv-leidenschaft-2015-image-03-970x647.jpg\" loading=\"lazy\"><\/div><div class=\"iw_cpt_image_gallery_image\"><img decoding=\"async\" src=\"https:\/\/farmworld.tv\/wp-content\/uploads\/2022\/11\/ltv-fwtv-leidenschaft-2015-image-05-970x647.jpg\" loading=\"lazy\"><\/div><\/div><div class=\"iw_cpt_image_gallery_clearfix\"><\/div><div class=\"iw_col_1_2\"><div class=\"iw_cpt_image_gallery_image\"><img decoding=\"async\" src=\"https:\/\/farmworld.tv\/wp-content\/uploads\/2022\/11\/ltv-fwtv-leidenschaft-2015-image-06-970x647.jpg\" loading=\"lazy\"><\/div><\/div><div class=\"iw_col_1_2\"><\/div><\/div><div class=\"mobile\"><div class=\"iw_col_1_1\"><div class=\"iw_cpt_image_gallery_image full one\"><img decoding=\"async\" src=\"https:\/\/farmworld.tv\/wp-content\/uploads\/2022\/11\/ltv-fwtv-leidenschaft-2015-image-01-970x647.jpg\" loading=\"lazy\"><\/div><\/div><div class=\"iw_col_1_1\"><div class=\"iw_cpt_image_gallery_image\"><img decoding=\"async\" src=\"https:\/\/farmworld.tv\/wp-content\/uploads\/2022\/11\/ltv-fwtv-leidenschaft-2015-image-02-970x647.jpg\" loading=\"lazy\"><\/div><div class=\"iw_cpt_image_gallery_image\"><img decoding=\"async\" src=\"https:\/\/farmworld.tv\/wp-content\/uploads\/2022\/11\/ltv-fwtv-leidenschaft-2015-image-03-970x647.jpg\" loading=\"lazy\"><\/div><div class=\"iw_cpt_image_gallery_image\"><img decoding=\"async\" src=\"https:\/\/farmworld.tv\/wp-content\/uploads\/2022\/11\/ltv-fwtv-leidenschaft-2015-image-04-970x647.jpg\" loading=\"lazy\"><\/div><div class=\"iw_cpt_image_gallery_image\"><img decoding=\"async\" src=\"https:\/\/farmworld.tv\/wp-content\/uploads\/2022\/11\/ltv-fwtv-leidenschaft-2015-image-05-970x647.jpg\" loading=\"lazy\"><\/div><div class=\"iw_cpt_image_gallery_image\"><img decoding=\"async\" src=\"https:\/\/farmworld.tv\/wp-content\/uploads\/2022\/11\/ltv-fwtv-leidenschaft-2015-image-06-970x647.jpg\" loading=\"lazy\"><\/div><\/div><\/div><div class=\"iw_cpt_image_gallery_clearfix\"><\/div><\/div><\/div>[vc_empty_space height=\u201c25\u201d][\/vc_column_inner][\/vc_row_inner][vc_row_inner][vc_column_inner]            <div class=\"iw_svg_viewer \" style=\"text-align:center\">\n                \n                    <div class=\"iw_svg_viewer_content_wrapper\" style=\"width:2px; height:150px\">\n                        <?xml version=\"1.0\" encoding=\"UTF-8\"?><svg id=\"Layer_1\" viewBox=\"0 0 2 150\"><rect id=\"Rechteck_1061\" width=\"2\" height=\"150\" style=\"fill:#5aa05a;\" \/><\/svg>\n                    <\/div>\n                \n            <\/div>\n[vc_empty_space height=\u201c25\u201d][\/vc_column_inner][\/vc_row_inner][\/vc_column][\/vc_row][vc_row full_width=\u201cstretch_row\u201d][vc_column][vc_row_inner][vc_column_inner width=\u201c1\/4\u201d][\/vc_column_inner][vc_column_inner offset=\u201cvc_col-md\u20116\u201d][vc_column_text css=\u201d.vc_custom_1669631090908{margin-bottom: 15px !important;}\u201d]\n<h3 style=\"text-align: center;\"><span style=\"color: #5aa05a;\">2016<\/span><\/h3>\n<p>[\/vc_column_text][vc_column_text css=\u201d.vc_custom_1676994720284{margin-bottom: 20px !important;}\u201d]<\/p>\n<h4 style=\"text-align: center;\">El nuevo sitio web y el rodaje en&nbsp;Rusia<\/h4>\n<p>[\/vc_column_text][vc_column_text]<\/p>\n<p style=\"text-align: left;\">El proyecto docu\u00admen\u00adtal \u00abAgri\u00adcul\u00adtura en Rusia\u00bb cobr\u00f3 impulso. En el ver\u00adano film\u00adamos durante la cosecha de cerea\u00adles en el sur de Rusia, y m\u00e1s tarde, en el oto\u00f1o, durante la cosecha de remol\u00adacha azu\u00adca\u00adrera en la pro\u00advin\u00adcia de Voronezh, al sur de Mosc\u00fa. A lo largo de 2016, estu\u00advi\u00admos ocu\u00adp\u00ada\u00addos con la con\u00ads\u00adtruc\u00adci\u00f3n de nues\u00adtro nuevo sitio web www.landtechnikvideos.de. Final\u00admente, en el oto\u00f1o lleg\u00f3 el momento: El nuevo sitio web pre\u00adsenta, junto con nues\u00adtros DVD de maqui\u00adna\u00adria agr\u00ed\u00adcola, muchos datos e ideas sobre nues\u00adtro tra\u00adbajo. La media\u00adteca, en la que cla\u00adsi\u00adfi\u00adca\u00admos las fotos de maqui\u00adna\u00adria agr\u00ed\u00adcola y las pone\u00admos a dis\u00adpo\u00adsi\u00adci\u00f3n libre del p\u00fab\u00adlico, lleg\u00f3 r\u00e1pi\u00adda\u00admente a incluir m\u00e1s de 18.000 fotos. El logo de landtechnikvideos.de se modi\u00adfica. La nove\u00addad de este a\u00f1o fueron los DVD \u00abTiempo de cosecha en el Canad\u00e1\u00bb, que hacen con el espec\u00adta\u00addor un recor\u00adrido agr\u00ed\u00adcola por cua\u00adtro pro\u00advin\u00adcias cana\u00addi\u00aden\u00adses. Otra nove\u00addad de ese a\u00f1o fue la publi\u00adca\u00adci\u00f3n del t\u00edtulo \u00abCont\u00adra\u00adtis\u00adtas: 5 pa\u00ed\u00adses \u2013 5 his\u00adto\u00adrias\u00bb, para el que film\u00adamos en Irlanda, Irlanda del Norte y Dina\u00admarca. Varios medios de comu\u00adni\u00adca\u00adci\u00f3n se ref\u00adirie\u00adron a nues\u00adtro tra\u00adbajo, entre ellos Bild.de, Frank\u00adfur\u00adter All\u00adge\u00admeine Zei\u00adtung y agrarheute.com. La tec\u00adno\u00adlo\u00adg\u00eda de la c\u00e1mara se fue aju\u00ads\u00adtando, paso a paso, a una reso\u00adlu\u00adci\u00f3n de ima\u00adgen 4K. Nues\u00adtra p\u00e1gina de Face\u00adbook super\u00f3 los 100.000 segui\u00addo\u00adres y en You\u00adTube expe\u00adri\u00admen\u00adta\u00admos con la tec\u00adno\u00adlo\u00adg\u00eda de v\u00eddeo de 360 grados.<\/p>\n<p>[\/vc_column_text][vc_empty_space height=\u201c25\u201d][\/vc_column_inner][vc_column_inner width=\u201c1\/4\u201d][\/vc_column_inner][\/vc_row_inner][vc_row_inner][vc_column_inner]<\/p><div class=\"iw_cpt_image_gallery_advanced \"><div class=\"iw_cpt_image_gallery \" data-deactive_lightbox=\"false\"><div class=\"desktop\"><div class=\"iw_col_1_2\"><div class=\"iw_cpt_image_gallery_image one\"><img decoding=\"async\" src=\"https:\/\/farmworld.tv\/wp-content\/uploads\/2022\/11\/ltv-fwtv-leidenschaft-2016-image-01-970x647.jpg\" loading=\"lazy\"><\/div><div class=\"iw_cpt_image_gallery_image two\"><img decoding=\"async\" src=\"https:\/\/farmworld.tv\/wp-content\/uploads\/2022\/11\/ltv-fwtv-leidenschaft-2016-image-02-970x647.jpg\" loading=\"lazy\"><\/div><div class=\"iw_cpt_image_gallery_image\"><img decoding=\"async\" src=\"https:\/\/farmworld.tv\/wp-content\/uploads\/2023\/03\/ltv-fwtv-leidenschaft-2016-image-06-970x728.jpg\" loading=\"lazy\"><\/div><div class=\"iw_cpt_image_gallery_image\"><img decoding=\"async\" src=\"https:\/\/farmworld.tv\/wp-content\/uploads\/2022\/11\/ltv-fwtv-leidenschaft-2016-image-05-970x647.jpg\" loading=\"lazy\"><\/div><\/div><div class=\"iw_col_1_2\"><div class=\"iw_cpt_image_gallery_image full three\"><img decoding=\"async\" src=\"https:\/\/farmworld.tv\/wp-content\/uploads\/2022\/11\/ltv-fwtv-leidenschaft-2016-image-03-970x647.jpg\" loading=\"lazy\"><\/div><\/div><div class=\"iw_cpt_image_gallery_clearfix\"><\/div><div class=\"iw_col_1_2\"><\/div><div class=\"iw_col_1_2\"><\/div><\/div><div class=\"mobile\"><div class=\"iw_col_1_1\"><div class=\"iw_cpt_image_gallery_image full one\"><img decoding=\"async\" src=\"https:\/\/farmworld.tv\/wp-content\/uploads\/2022\/11\/ltv-fwtv-leidenschaft-2016-image-01-970x647.jpg\" loading=\"lazy\"><\/div><\/div><div class=\"iw_col_1_1\"><div class=\"iw_cpt_image_gallery_image\"><img decoding=\"async\" src=\"https:\/\/farmworld.tv\/wp-content\/uploads\/2022\/11\/ltv-fwtv-leidenschaft-2016-image-02-970x647.jpg\" loading=\"lazy\"><\/div><div class=\"iw_cpt_image_gallery_image\"><img decoding=\"async\" src=\"https:\/\/farmworld.tv\/wp-content\/uploads\/2022\/11\/ltv-fwtv-leidenschaft-2016-image-03-970x647.jpg\" loading=\"lazy\"><\/div><div class=\"iw_cpt_image_gallery_image\"><img decoding=\"async\" src=\"https:\/\/farmworld.tv\/wp-content\/uploads\/2023\/03\/ltv-fwtv-leidenschaft-2016-image-06-970x728.jpg\" loading=\"lazy\"><\/div><div class=\"iw_cpt_image_gallery_image\"><img decoding=\"async\" src=\"https:\/\/farmworld.tv\/wp-content\/uploads\/2022\/11\/ltv-fwtv-leidenschaft-2016-image-05-970x647.jpg\" loading=\"lazy\"><\/div><\/div><\/div><div class=\"iw_cpt_image_gallery_clearfix\"><\/div><\/div><\/div>[vc_empty_space height=\u201c25\u201d][\/vc_column_inner][\/vc_row_inner][vc_row_inner][vc_column_inner]            <div class=\"iw_svg_viewer \" style=\"text-align:center\">\n                \n                    <div class=\"iw_svg_viewer_content_wrapper\" style=\"width:2px; height:150px\">\n                        <?xml version=\"1.0\" encoding=\"UTF-8\"?><svg id=\"Layer_1\" viewBox=\"0 0 2 150\"><rect id=\"Rechteck_1061\" width=\"2\" height=\"150\" style=\"fill:#5aa05a;\" \/><\/svg>\n                    <\/div>\n                \n            <\/div>\n[vc_empty_space height=\u201c25\u201d][\/vc_column_inner][\/vc_row_inner][\/vc_column][\/vc_row][vc_row full_width=\u201cstretch_row\u201d][vc_column][vc_row_inner][vc_column_inner width=\u201c1\/4\u201d][\/vc_column_inner][vc_column_inner offset=\u201cvc_col-md\u20116\u201d][vc_column_text css=\u201d.vc_custom_1669631172660{margin-bottom: 15px !important;}\u201d]\n<h3 style=\"text-align: center;\"><span style=\"color: #5aa05a;\">2017<\/span><\/h3>\n<p>[\/vc_column_text][vc_column_text css=\u201d.vc_custom_1676994737052{margin-bottom: 20px !important;}\u201d]<\/p>\n<h4 style=\"text-align: center;\">Muchos viajes por Rusia, Norte y Sudam\u00e9rica<\/h4>\n<p>[\/vc_column_text][vc_column_text]<\/p>\n<p style=\"text-align: left;\">Visi\u00adta\u00admos la cosecha de soja en el estado de Mato Grosso, en Bra\u00adsil. Suda\u00adm\u00e9\u00adrica es un nuevo con\u00adti\u00adnente en nues\u00adtra his\u00adto\u00adria cine\u00adma\u00adto\u00adgr\u00e1\u00adfica. El 10&nbsp;% de la soja pro\u00addu\u00adcida en el mundo pro\u00adcede de all\u00ed. Fue una pro\u00adduc\u00adci\u00f3n emo\u00adcio\u00adn\u00adante, que no hab\u00adr\u00eda tenido tanto \u00e9xito sin una intensa inves\u00adti\u00adga\u00adci\u00f3n pre\u00advia. Solo algu\u00adnas sema\u00adnas des\u00adpu\u00e9s via\u00adja\u00admos a la Argen\u00adtina, donde hici\u00admos nues\u00adtro recor\u00adrido acom\u00adpa\u00ad\u00f1a\u00addos por una per\u00adsona local. Film\u00adamos durante las cosechas de arroz y ma\u00edz, y visi\u00adta\u00admos gran\u00addes explot\u00adacio\u00adnes ganade\u00adras. Solo unas sema\u00adnas des\u00adpu\u00e9s, el rodaje en Sibe\u00adria fue el pro\u00adgrama de con\u00adtraste. Entre las ciu\u00adda\u00addes rusas de Novo\u00adsi\u00adbirsk y Bar\u00adnaul, film\u00adamos en cam\u00adpos de cientos de hec\u00adt\u00e1\u00adreas, visi\u00adta\u00admos los estab\u00adlos del mayor ganadero de leche del pa\u00eds y recor\u00adri\u00admos muchos kil\u00f3\u00adme\u00adtros. Una y otra vez se nos preg\u00adun\u00adtaba si no pod\u00adr\u00ed\u00ada\u00admos lle\u00advar invi\u00adta\u00addos a nues\u00adtros roda\u00adjes. De ah\u00ed sur\u00adgi\u00f3 la idea de los via\u00adjes agra\u00adrios Agrar-Adven\u00adture. En la pri\u00adma\u00advera de 2017, comenz\u00ada\u00admos los pre\u00adpa\u00adra\u00adtivos para un pri\u00admer viaje agra\u00adrio a Canad\u00e1 con una visita preli\u00admi\u00adnar. Poco antes de la fina\u00adli\u00adza\u00adci\u00f3n del nuevo DVD sobre maqui\u00adna\u00adria agr\u00ed\u00adcola \u00abLa aven\u00adtura rusa\u00bb y tras lar\u00adgas dis\u00adcu\u00adsio\u00adnes, reci\u00adbi\u00admos la auto\u00adri\u00adza\u00adci\u00f3n para rodar en la f\u00e1brica de trac\u00adto\u00adres de Kirov, en San Peters\u00adburgo. Aqu\u00ed es donde se fabri\u00adcan los famo\u00adsos trac\u00adto\u00adres Kiro\u00advets. Junto con este \u00faltimo cap\u00ed\u00adtulo, por fin sali\u00f3 a la venta la caja tri\u00adple de DVD \u00abLa aven\u00adtura rusa\u00bb, un proyecto docu\u00admen\u00adtal que trans\u00admite impre\u00adsio\u00adnes e infor\u00admaci\u00f3n \u00fani\u00adcas sobre la pro\u00adduc\u00adci\u00f3n agr\u00ed\u00adcola en el mayor pa\u00eds del mundo. En sep\u00adtiembre tuvo lugar nues\u00adtro pri\u00admer viaje agra\u00adrio de Agrar-Adven\u00adture al Canad\u00e1, con 15 par\u00adti\u00adci\u00adpan\u00adtes. En noviembre de 2017, pre\u00adsen\u00adta\u00admos nues\u00adtro tra\u00adbajo de rodaje por pri\u00admera vez en nues\u00adtro pro\u00adpio stand en la feria de maqui\u00adna\u00adria agr\u00ed\u00adcola Agri\u00adtech\u00adnica de Han\u00adno\u00adver. Para un v\u00eddeo de prueba de con\u00adduc\u00adci\u00f3n en nues\u00adtro canal de You\u00adTube, Fendt nos pre\u00adsent\u00f3 en exclu\u00adsiva el pri\u00admer trac\u00adtor oruga 900 Vario&nbsp;MT.<\/p>\n<p>[\/vc_column_text][vc_empty_space height=\u201c25\u201d][\/vc_column_inner][vc_column_inner width=\u201c1\/4\u201d][\/vc_column_inner][\/vc_row_inner][vc_row_inner][vc_column_inner]<\/p><div class=\"iw_cpt_image_gallery_advanced \"><div class=\"iw_cpt_image_gallery \" data-deactive_lightbox=\"false\"><div class=\"desktop\"><div class=\"iw_col_1_2\"><div class=\"iw_cpt_image_gallery_image full one\"><img decoding=\"async\" src=\"https:\/\/farmworld.tv\/wp-content\/uploads\/2022\/11\/ltv-fwtv-leidenschaft-2017-image-01-970x647.jpg\" loading=\"lazy\"><div class=\"clearfix\"><\/div><\/div><\/div><div class=\"iw_col_1_2\"><div class=\"iw_cpt_image_gallery_image two\"><img decoding=\"async\" src=\"https:\/\/farmworld.tv\/wp-content\/uploads\/2022\/11\/ltv-fwtv-leidenschaft-2017-image-02-970x647.jpg\" loading=\"lazy\"><\/div><div class=\"iw_cpt_image_gallery_image three\"><img decoding=\"async\" src=\"https:\/\/farmworld.tv\/wp-content\/uploads\/2022\/11\/ltv-fwtv-leidenschaft-2017-image-03-970x647.jpg\" loading=\"lazy\"><\/div><div class=\"iw_cpt_image_gallery_image\"><img decoding=\"async\" src=\"https:\/\/farmworld.tv\/wp-content\/uploads\/2022\/11\/ltv-fwtv-leidenschaft-2017-image-04-970x647.jpg\" loading=\"lazy\"><\/div><div class=\"iw_cpt_image_gallery_image\"><img decoding=\"async\" src=\"https:\/\/farmworld.tv\/wp-content\/uploads\/2022\/11\/ltv-fwtv-leidenschaft-2017-image-05-970x647.jpg\" loading=\"lazy\"><\/div><\/div><div class=\"iw_cpt_image_gallery_clearfix\"><\/div><div class=\"iw_col_1_2\"><div class=\"iw_cpt_image_gallery_image\"><img decoding=\"async\" src=\"https:\/\/farmworld.tv\/wp-content\/uploads\/2022\/11\/ltv-fwtv-leidenschaft-2017-image-06-970x647.jpg\" loading=\"lazy\"><\/div><div class=\"iw_cpt_image_gallery_image\"><img decoding=\"async\" src=\"https:\/\/farmworld.tv\/wp-content\/uploads\/2022\/11\/ltv-fwtv-leidenschaft-2017-image-07-970x647.jpg\" loading=\"lazy\"><\/div><\/div><div class=\"iw_col_1_2\"><div class=\"iw_cpt_image_gallery_image\"><img decoding=\"async\" src=\"https:\/\/farmworld.tv\/wp-content\/uploads\/2022\/11\/ltv-fwtv-leidenschaft-2017-image-08-970x647.jpg\" loading=\"lazy\"><\/div><div class=\"iw_cpt_image_gallery_image\"><img decoding=\"async\" src=\"https:\/\/farmworld.tv\/wp-content\/uploads\/2022\/11\/ltv-fwtv-leidenschaft-2017-image-09-970x647.jpg\" loading=\"lazy\"><\/div><\/div><\/div><div class=\"mobile\"><div class=\"iw_col_1_1\"><div class=\"iw_cpt_image_gallery_image full one\"><img decoding=\"async\" src=\"https:\/\/farmworld.tv\/wp-content\/uploads\/2022\/11\/ltv-fwtv-leidenschaft-2017-image-01-970x647.jpg\" loading=\"lazy\"><\/div><\/div><div class=\"iw_col_1_1\"><div class=\"iw_cpt_image_gallery_image\"><img decoding=\"async\" src=\"https:\/\/farmworld.tv\/wp-content\/uploads\/2022\/11\/ltv-fwtv-leidenschaft-2017-image-02-970x647.jpg\" loading=\"lazy\"><\/div><div class=\"iw_cpt_image_gallery_image\"><img decoding=\"async\" src=\"https:\/\/farmworld.tv\/wp-content\/uploads\/2022\/11\/ltv-fwtv-leidenschaft-2017-image-03-970x647.jpg\" loading=\"lazy\"><\/div><div class=\"iw_cpt_image_gallery_image\"><img decoding=\"async\" src=\"https:\/\/farmworld.tv\/wp-content\/uploads\/2022\/11\/ltv-fwtv-leidenschaft-2017-image-04-970x647.jpg\" loading=\"lazy\"><\/div><div class=\"iw_cpt_image_gallery_image\"><img decoding=\"async\" src=\"https:\/\/farmworld.tv\/wp-content\/uploads\/2022\/11\/ltv-fwtv-leidenschaft-2017-image-05-970x647.jpg\" loading=\"lazy\"><\/div><div class=\"iw_cpt_image_gallery_image\"><img decoding=\"async\" src=\"https:\/\/farmworld.tv\/wp-content\/uploads\/2022\/11\/ltv-fwtv-leidenschaft-2017-image-06-970x647.jpg\" loading=\"lazy\"><\/div><div class=\"iw_cpt_image_gallery_image\"><img decoding=\"async\" src=\"https:\/\/farmworld.tv\/wp-content\/uploads\/2022\/11\/ltv-fwtv-leidenschaft-2017-image-07-970x647.jpg\" loading=\"lazy\"><\/div><div class=\"iw_cpt_image_gallery_image\"><img decoding=\"async\" src=\"https:\/\/farmworld.tv\/wp-content\/uploads\/2022\/11\/ltv-fwtv-leidenschaft-2017-image-08-970x647.jpg\" loading=\"lazy\"><\/div><div class=\"iw_cpt_image_gallery_image\"><img decoding=\"async\" src=\"https:\/\/farmworld.tv\/wp-content\/uploads\/2022\/11\/ltv-fwtv-leidenschaft-2017-image-09-970x647.jpg\" loading=\"lazy\"><\/div><\/div><\/div><div class=\"iw_cpt_image_gallery_clearfix\"><\/div><\/div><\/div>[vc_empty_space height=\u201c25\u201d][\/vc_column_inner][\/vc_row_inner][vc_row_inner][vc_column_inner]            <div class=\"iw_svg_viewer \" style=\"text-align:center\">\n                \n                    <div class=\"iw_svg_viewer_content_wrapper\" style=\"width:2px; height:150px\">\n                        <?xml version=\"1.0\" encoding=\"UTF-8\"?><svg id=\"Layer_1\" viewBox=\"0 0 2 150\"><rect id=\"Rechteck_1061\" width=\"2\" height=\"150\" style=\"fill:#5aa05a;\" \/><\/svg>\n                    <\/div>\n                \n            <\/div>\n[vc_empty_space height=\u201c25\u201d][\/vc_column_inner][\/vc_row_inner][\/vc_column][\/vc_row][vc_row full_width=\u201cstretch_row\u201d][vc_column][vc_row_inner][vc_column_inner width=\u201c1\/4\u201d][\/vc_column_inner][vc_column_inner offset=\u201cvc_col-md\u20116\u201d][vc_column_text css=\u201d.vc_custom_1669631305062{margin-bottom: 15px !important;}\u201d]\n<h3 style=\"text-align: center;\"><span style=\"color: #5aa05a;\">2018<\/span><\/h3>\n<p>[\/vc_column_text][vc_column_text css=\u201d.vc_custom_1676994753390{margin-bottom: 20px !important;}\u201d]<\/p>\n<h4 style=\"text-align: center;\">Rodaje en Brasil y Chile, y primer viaje agrario a&nbsp;Rusia<\/h4>\n<p>[\/vc_column_text][vc_column_text]<\/p>\n<p style=\"text-align: left;\">Nach der erfolg\u00adrei\u00adchen <a href=\"#\">Auf\u00adtakt-Agrar\u00adreise nach Kanada<\/a> im Vor\u00adjahr, sollte das Ange\u00adbot in die\u00adsem Jahr bereits um eine Agrar\u00adreise nach Russ\u00adland erg\u00e4nzt wer\u00adden. Die Vor\u00adbe\u00adrei\u00adtun\u00adgen fan\u00adden im Fr\u00fch\u00adjahr <a href=\"#\">2018 in Sibi\u00adrien<\/a> und rund um Sankt Peters\u00adburg statt. Nun galt es das Film\u00adpro\u00adjekt Land\u00adwirt\u00adschaft in S\u00fcd\u00adame\u00adrika zu ver\u00advoll\u00adst\u00e4n\u00addi\u00adgen. Wir w\u00e4hl\u00adten daf\u00fcr als Kon\u00adtrast zu Bra\u00adsi\u00adlien und Argen\u00adti\u00adnien die Agrar\u00adwirt\u00adschaft in Chile aus. Ent\u00adlang von Vul\u00adka\u00adnen und den Anden film\u00adten wir auf den frucht\u00adbars\u00adten B\u00f6den der Welt. Ein wei\u00adte\u00adres High\u00adlight unter den bis\u00adhe\u00adri\u00adgen Film\u00adrei\u00adsen. Der Zucker\u00adrohr\u00adan\u00adbau ist welt\u00adweit nur in weni\u00adgen L\u00e4n\u00addern auf einem hohen land\u00adtech\u00adni\u00adschen Niveau zu fin\u00adden, dar\u00adun\u00adter in Bra\u00adsi\u00adlien. Nach lan\u00adger Recher\u00adche beka\u00admen wir die Geneh\u00admi\u00adgung zum Besuch des zweit\u00adgr\u00f6\u00df\u00adten Zucker\u00adrohr\u00adan\u00adbau\u00aders der Welt. Vor der Kamera hat\u00adten wir hier die aktu\u00adell leis\u00adtungs\u00adf\u00e4\u00adhigste Ern\u00adte\u00adtech\u00adnik, die das letzte Kapi\u00adtel zu den Land\u00adtech\u00adnik DVDs \u201e<a href=\"#\">Land\u00adwirt\u00adschaft in S\u00fcd\u00adame\u00adrika<\/a>\u201c bei\u00adsteu\u00aderte. Auf der Liste der auf\u00adwen\u00addigs\u00adten Pro\u00adduk\u00adtio\u00adnen wird das Film\u00adpro\u00adjekt in Aus\u00adtra\u00adlien abge\u00adl\u00f6st durch die Neu\u00advor\u00adstel\u00adlung \u201eLand\u00adwirt\u00adschaft in S\u00fcd\u00adame\u00adrika\u201c. Erneut eine voll\u00adkom\u00admen unab\u00adh\u00e4n\u00adgige Pro\u00adduk\u00adtion, die ohne Spon\u00adso\u00adren rea\u00adli\u00adsiert wurde! \u00dcber unsere Neu\u00aderschei\u00adnung wird in ver\u00adschie\u00adde\u00adnen Medien berich\u00adtet, dar\u00adun\u00adter vom Fach\u00adma\u00adga\u00adzin Profi. Link zum Pres\u00adse\u00adbe\u00adreich Eben\u00adfalls erschien in die\u00adsem Jahr die Fort\u00adset\u00adzung der erfolg\u00adrei\u00adchen Repor\u00adta\u00adge\u00adreihe zum Lohn\u00adun\u00adter\u00adneh\u00admen Reiff aus Luxem\u00adburg. Teil 2 stellt die neu\u00ades\u00adten Ent\u00adwick\u00adlun\u00adgen rund um das Unter\u00adneh\u00admen vor. Auch unsere erste <a href=\"#\">Agrar-Adven\u00adture Agrar\u00adreise nach Russ\u00adland<\/a> war ein vol\u00adler Erfolg. Nur wenige Tage sp\u00e4\u00adter beglei\u00adte\u00adten wir eine neue Rei\u00adse\u00adgruppe nach Kanada. Die Agrar-Adven\u00adture Rei\u00adse\u00adak\u00adti\u00advi\u00adt\u00e4\u00adten sowie unsere Land\u00adtech\u00adnik DVDs pr\u00e4\u00adsen\u00adtier\u00adten wir 2018 erst\u00admals auf einem Mes\u00adse\u00adstand auf der EuroTier.<\/p>\n<p>[\/vc_column_text][vc_empty_space height=\u201c25\u201d][\/vc_column_inner][vc_column_inner width=\u201c1\/4\u201d][\/vc_column_inner][\/vc_row_inner][vc_row_inner][vc_column_inner]<\/p><div class=\"iw_cpt_image_gallery_advanced \"><div class=\"iw_cpt_image_gallery \" data-deactive_lightbox=\"false\"><div class=\"desktop\"><div class=\"iw_col_1_2\"><div class=\"iw_cpt_image_gallery_image one\"><img decoding=\"async\" src=\"https:\/\/farmworld.tv\/wp-content\/uploads\/2022\/11\/ltv-fwtv-leidenschaft-2018-image-01-970x546.jpg\" loading=\"lazy\"><\/div><div class=\"iw_cpt_image_gallery_image two\"><img decoding=\"async\" src=\"https:\/\/farmworld.tv\/wp-content\/uploads\/2022\/11\/ltv-fwtv-leidenschaft-2018-image-02-970x666.jpg\" loading=\"lazy\"><\/div><div class=\"iw_cpt_image_gallery_image\"><img decoding=\"async\" src=\"https:\/\/farmworld.tv\/wp-content\/uploads\/2022\/11\/ltv-fwtv-leidenschaft-2018-image-04-970x647.jpg\" loading=\"lazy\"><\/div><div class=\"iw_cpt_image_gallery_image\"><img decoding=\"async\" src=\"https:\/\/farmworld.tv\/wp-content\/uploads\/2022\/11\/ltv-fwtv-leidenschaft-2018-image-05-970x647.jpg\" loading=\"lazy\"><\/div><\/div><div class=\"iw_col_1_2\"><div class=\"iw_cpt_image_gallery_image full three\"><img decoding=\"async\" src=\"https:\/\/farmworld.tv\/wp-content\/uploads\/2022\/11\/ltv-fwtv-leidenschaft-2018-image-03-970x728.jpg\" loading=\"lazy\"><\/div><\/div><div class=\"iw_cpt_image_gallery_clearfix\"><\/div><div class=\"iw_col_1_2\"><div class=\"iw_cpt_image_gallery_image\"><img decoding=\"async\" src=\"https:\/\/farmworld.tv\/wp-content\/uploads\/2022\/11\/ltv-fwtv-leidenschaft-2018-image-06-970x647.jpg\" loading=\"lazy\"><\/div><\/div><div class=\"iw_col_1_2\"><\/div><\/div><div class=\"mobile\"><div class=\"iw_col_1_1\"><div class=\"iw_cpt_image_gallery_image full one\"><img decoding=\"async\" src=\"https:\/\/farmworld.tv\/wp-content\/uploads\/2022\/11\/ltv-fwtv-leidenschaft-2018-image-01-970x546.jpg\" loading=\"lazy\"><\/div><\/div><div class=\"iw_col_1_1\"><div class=\"iw_cpt_image_gallery_image\"><img decoding=\"async\" src=\"https:\/\/farmworld.tv\/wp-content\/uploads\/2022\/11\/ltv-fwtv-leidenschaft-2018-image-02-970x666.jpg\" loading=\"lazy\"><\/div><div class=\"iw_cpt_image_gallery_image\"><img decoding=\"async\" src=\"https:\/\/farmworld.tv\/wp-content\/uploads\/2022\/11\/ltv-fwtv-leidenschaft-2018-image-03-970x728.jpg\" loading=\"lazy\"><\/div><div class=\"iw_cpt_image_gallery_image\"><img decoding=\"async\" src=\"https:\/\/farmworld.tv\/wp-content\/uploads\/2022\/11\/ltv-fwtv-leidenschaft-2018-image-04-970x647.jpg\" loading=\"lazy\"><\/div><div class=\"iw_cpt_image_gallery_image\"><img decoding=\"async\" src=\"https:\/\/farmworld.tv\/wp-content\/uploads\/2022\/11\/ltv-fwtv-leidenschaft-2018-image-05-970x647.jpg\" loading=\"lazy\"><\/div><div class=\"iw_cpt_image_gallery_image\"><img decoding=\"async\" src=\"https:\/\/farmworld.tv\/wp-content\/uploads\/2022\/11\/ltv-fwtv-leidenschaft-2018-image-06-970x647.jpg\" loading=\"lazy\"><\/div><\/div><\/div><div class=\"iw_cpt_image_gallery_clearfix\"><\/div><\/div><\/div>[vc_empty_space height=\u201c25\u201d][\/vc_column_inner][\/vc_row_inner][vc_row_inner][vc_column_inner]            <div class=\"iw_svg_viewer \" style=\"text-align:center\">\n                \n                    <div class=\"iw_svg_viewer_content_wrapper\" style=\"width:2px; height:150px\">\n                        <?xml version=\"1.0\" encoding=\"UTF-8\"?><svg id=\"Layer_1\" viewBox=\"0 0 2 150\"><rect id=\"Rechteck_1061\" width=\"2\" height=\"150\" style=\"fill:#5aa05a;\" \/><\/svg>\n                    <\/div>\n                \n            <\/div>\n[vc_empty_space height=\u201c25\u201d][\/vc_column_inner][\/vc_row_inner][\/vc_column][\/vc_row][vc_row full_width=\u201cstretch_row\u201d][vc_column][vc_row_inner][vc_column_inner width=\u201c1\/4\u201d][\/vc_column_inner][vc_column_inner offset=\u201cvc_col-md\u20116\u201d][vc_column_text css=\u201d.vc_custom_1669631406677{margin-bottom: 15px !important;}\u201d]\n<h3 style=\"text-align: center;\"><span style=\"color: #5aa05a;\">2019<\/span><\/h3>\n<p>[\/vc_column_text][vc_column_text css=\u201d.vc_custom_1676994770680{margin-bottom: 20px !important;}\u201d]<\/p>\n<h4 style=\"text-align: center;\">Nos iniciamos en Instagram y as\u00ed nace farmworld.tv<\/h4>\n<p>[\/vc_column_text][vc_column_text]<\/p>\n<p style=\"text-align: left;\">Landtechnikvideos.de obtuvo una p\u00e1gina en Insta\u00adgram. Des\u00adpu\u00e9s de solo 4 meses, la comu\u00adni\u00addad ten\u00eda ya 20.000 segui\u00addo\u00adres. Man\u00adtene\u00admos a nues\u00adtros cin\u00e9\u00adfi\u00adlos al d\u00eda con publi\u00adca\u00adcio\u00adnes peri\u00ad\u00f3\u00addi\u00adcas y actua\u00adli\u00adza\u00adcio\u00adnes de las his\u00adto\u00adrias. Tras varios via\u00adjes de larga distancia, ese a\u00f1o la pro\u00adduc\u00adci\u00f3n se con\u00adcen\u00adtro en \u00abLa aven\u00adtura de la agri\u00adcul\u00adtura\u00bb en Ale\u00adma\u00adnia, Aus\u00adtria y Suiza. Este inte\u00adres\u00adante proyecto docu\u00admen\u00adtal comenz\u00f3 con el man\u00adten\u00adimi\u00adento inver\u00adnal de car\u00adre\u00adte\u00adras. Para llegar a los 75 luga\u00adres de rodaje, recor\u00adri\u00admos unos 25.000 kil\u00f3\u00adme\u00adtros en coche: \u00a1un mega\u00adproyecto! Los tra\u00adba\u00adjos en el nuevo ser\u00advicio de strea\u00adming farmworld.tv se rea\u00adli\u00adza\u00adron de forma paralela. En un prin\u00adci\u00adpio, en la fase de prueba, la oferta solo se prob\u00f3 en ale\u00adm\u00e1n. La pel\u00ed\u00adcula \u00abLa aven\u00adtura de la agri\u00adcul\u00adtura\u00bb, que consta de tres par\u00adtes, se public\u00f3 final\u00admente en oto\u00f1o como un set de DVD sobre maqui\u00adna\u00adria agr\u00ed\u00adcola y como una trans\u00admi\u00adsi\u00f3n de v\u00eddeo en 4K, lo que supone un hito para noso\u00adtros en cuanto a futu\u00adras pro\u00adduc\u00adcio\u00adnes cine\u00adma\u00adto\u00adgr\u00e1\u00adfi\u00adcas. Tam\u00adbi\u00e9n segu\u00adi\u00admos sum\u00adi\u00adnistrando a nues\u00adtra comu\u00adni\u00addad de You\u00adTube nue\u00advos cor\u00adto\u00adme\u00adt\u00adra\u00adjes y v\u00eddeos de prueba de con\u00adduc\u00adci\u00f3n de la maqui\u00adna\u00adria agr\u00ed\u00adcola m\u00e1s moderna. Dos repor\u00adta\u00adjes sobre la agri\u00adcul\u00adtura en Rusia, en los que visi\u00adta\u00admos la empresa agr\u00ed\u00adcola Eko\u00adNiva, causaron gran admi\u00adra\u00adci\u00f3n . Las par\u00adtes 1 y 2 fueron vis\u00adtas m\u00e1s de 3,5 mil\u00adlo\u00adnes de veces. Los via\u00adjes de agro\u00adaven\u00adtura a Rusia y Canad\u00e1 se vol\u00advie\u00adron a rea\u00adli\u00adzar en 2019. Ese a\u00f1o fue coro\u00adnado con la par\u00adti\u00adci\u00adpa\u00adci\u00f3n en la feria de maqui\u00adna\u00adria agr\u00ed\u00adcola Agri\u00adtech\u00adnica. En nues\u00adtro pro\u00adpio stand, vol\u00advi\u00admos a tener la opor\u00adtu\u00adni\u00addad de hab\u00adlar per\u00adso\u00adnal\u00admente con muchos de nues\u00adtros aficionados.<\/p>\n<p>[\/vc_column_text][vc_empty_space height=\u201c25\u201d][\/vc_column_inner][vc_column_inner width=\u201c1\/4\u201d][\/vc_column_inner][\/vc_row_inner][vc_row_inner][vc_column_inner]<\/p><div class=\"iw_cpt_image_gallery_advanced \"><div class=\"iw_cpt_image_gallery \" data-deactive_lightbox=\"false\"><div class=\"desktop\"><div class=\"iw_col_1_4\"><div class=\"iw_cpt_image_gallery_image one\"><img decoding=\"async\" src=\"https:\/\/farmworld.tv\/wp-content\/uploads\/2022\/11\/ltv-fwtv-leidenschaft-2019-image-01-970x647.jpg\" loading=\"lazy\"><\/div><div class=\"iw_cpt_image_gallery_image\"><img decoding=\"async\" src=\"https:\/\/farmworld.tv\/wp-content\/uploads\/2022\/11\/ltv-fwtv-leidenschaft-2019-image-04-970x647.jpg\" loading=\"lazy\"><\/div><\/div><div class=\"iw_col_1_2\"><div class=\"iw_cpt_image_gallery_image full two\"><img decoding=\"async\" src=\"https:\/\/farmworld.tv\/wp-content\/uploads\/2022\/11\/ltv-fwtv-leidenschaft-2019-image-02-970x647.jpg\" loading=\"lazy\"><\/div><\/div><div class=\"iw_col_1_4\"><div class=\"iw_cpt_image_gallery_image three\"><img decoding=\"async\" src=\"https:\/\/farmworld.tv\/wp-content\/uploads\/2022\/11\/ltv-fwtv-leidenschaft-2019-image-03-970x647.jpg\" loading=\"lazy\"><\/div><div class=\"iw_cpt_image_gallery_image\"><img decoding=\"async\" src=\"https:\/\/farmworld.tv\/wp-content\/uploads\/2022\/11\/ltv-fwtv-leidenschaft-2019-image-05-970x546.jpg\" loading=\"lazy\"><\/div><\/div><div class=\"iw_cpt_image_gallery_clearfix\"><\/div><div class=\"iw_col_1_2\"><\/div><div class=\"iw_col_1_2\"><\/div><\/div><div class=\"mobile\"><div class=\"iw_col_1_1\"><div class=\"iw_cpt_image_gallery_image full one\"><img decoding=\"async\" src=\"https:\/\/farmworld.tv\/wp-content\/uploads\/2022\/11\/ltv-fwtv-leidenschaft-2019-image-01-970x647.jpg\" loading=\"lazy\"><\/div><\/div><div class=\"iw_col_1_1\"><div class=\"iw_cpt_image_gallery_image\"><img decoding=\"async\" src=\"https:\/\/farmworld.tv\/wp-content\/uploads\/2022\/11\/ltv-fwtv-leidenschaft-2019-image-02-970x647.jpg\" loading=\"lazy\"><\/div><div class=\"iw_cpt_image_gallery_image\"><img decoding=\"async\" src=\"https:\/\/farmworld.tv\/wp-content\/uploads\/2022\/11\/ltv-fwtv-leidenschaft-2019-image-03-970x647.jpg\" loading=\"lazy\"><\/div><div class=\"iw_cpt_image_gallery_image\"><img decoding=\"async\" src=\"https:\/\/farmworld.tv\/wp-content\/uploads\/2022\/11\/ltv-fwtv-leidenschaft-2019-image-04-970x647.jpg\" loading=\"lazy\"><\/div><div class=\"iw_cpt_image_gallery_image\"><img decoding=\"async\" src=\"https:\/\/farmworld.tv\/wp-content\/uploads\/2022\/11\/ltv-fwtv-leidenschaft-2019-image-05-970x546.jpg\" loading=\"lazy\"><\/div><\/div><\/div><div class=\"iw_cpt_image_gallery_clearfix\"><\/div><\/div><\/div>[vc_empty_space height=\u201c25\u201d][\/vc_column_inner][\/vc_row_inner][vc_row_inner][vc_column_inner]            <div class=\"iw_svg_viewer \" style=\"text-align:center\">\n                \n                    <div class=\"iw_svg_viewer_content_wrapper\" style=\"width:2px; height:150px\">\n                        <?xml version=\"1.0\" encoding=\"UTF-8\"?><svg id=\"Layer_1\" viewBox=\"0 0 2 150\"><rect id=\"Rechteck_1061\" width=\"2\" height=\"150\" style=\"fill:#5aa05a;\" \/><\/svg>\n                    <\/div>\n                \n            <\/div>\n[vc_empty_space height=\u201c25\u201d][\/vc_column_inner][\/vc_row_inner][\/vc_column][\/vc_row][vc_row full_width=\u201cstretch_row\u201d][vc_column][vc_row_inner][vc_column_inner width=\u201c1\/4\u201d][\/vc_column_inner][vc_column_inner offset=\u201cvc_col-md\u20116\u201d][vc_column_text css=\u201d.vc_custom_1669631584220{margin-bottom: 15px !important;}\u201d]\n<h3 style=\"text-align: center;\"><span style=\"color: #5aa05a;\">2020<\/span><\/h3>\n<p>[\/vc_column_text][vc_column_text css=\u201d.vc_custom_1676994786583{margin-bottom: 20px !important;}\u201d]<\/p>\n<h4 style=\"text-align: center;\">Los v\u00eddeos de maquinaria agr\u00edcola pasan a verse en streaming en&nbsp;4K<\/h4>\n<p>[\/vc_column_text][vc_column_text]<\/p>\n<p style=\"text-align: left;\">La fase de prueba de la oferta de strea\u00adming en ale\u00adm\u00e1n fue un \u00e9xito, por lo que se ini\u00adci\u00f3 el tra\u00adbajo de pro\u00adgra\u00admaci\u00f3n para una pla\u00adta\u00adforma inter\u00adna\u00adcio\u00adnal. Farmworld.tv tiene ahora su pro\u00adpio logo\u00adtipo y desde ese momento sirve para la difu\u00adsi\u00f3n inter\u00adna\u00adcio\u00adnal de nues\u00adtro tra\u00adbajo. A fina\u00adles del a\u00f1o, afi\u00adci\u00ado\u00adna\u00addos de m\u00e1s de 20 pa\u00ed\u00adses hab\u00edan visi\u00adtado ya el sitio web, tra\u00addu\u00adcido a cinco idio\u00admas, y visto las pel\u00ed\u00adcu\u00adlas que se ofre\u00adcen, \u00a1y la ten\u00adden\u00adcia va en aumento! Nues\u00adtra nueva pre\u00adsent\u00ada\u00adci\u00f3n \u00abTiempo de cosecha en Ale\u00adma\u00adnia\u00bb sali\u00f3 a la venta simul\u00adt\u00e1\u00adnea\u00admente en DVD y en trans\u00admi\u00adsi\u00f3n directa de v\u00eddeo en 4k. El sigu\u00adi\u00adente rodaje tuvo lugar en Luxem\u00adburgo, en la empresa cont\u00adra\u00adtista Reiff, pero esta vez nos cen\u00adtra\u00admos en las m\u00e1qui\u00adnas cl\u00e1\u00adsi\u00adcas. Nues\u00adtro canal ale\u00adm\u00e1n de You\u00adTube super\u00f3 la bar\u00adrera de los 200.000 suscrip\u00adto\u00adres 13 a\u00f1os des\u00adpu\u00e9s de la subida del pri\u00admer v\u00eddeo. A media\u00addos del a\u00f1o, la oferta se com\u00adplet\u00f3 con un canal inde\u00adpen\u00addi\u00adente en la pla\u00adta\u00adforma en ingl\u00e9s.<\/p>\n<p>[\/vc_column_text][vc_empty_space height=\u201c25\u201d][\/vc_column_inner][vc_column_inner width=\u201c1\/4\u201d][\/vc_column_inner][\/vc_row_inner][vc_row_inner][vc_column_inner]<\/p><div class=\"iw_cpt_image_gallery_advanced \"><div class=\"iw_cpt_image_gallery \" data-deactive_lightbox=\"false\"><div class=\"desktop\"><div class=\"iw_col_1_2\"><div class=\"iw_cpt_image_gallery_image full one\"><img decoding=\"async\" src=\"https:\/\/farmworld.tv\/wp-content\/uploads\/2022\/11\/ltv-fwtv-leidenschaft-2020-image-01-970x544.jpg\" loading=\"lazy\"><div class=\"clearfix\"><\/div><\/div><\/div><div class=\"iw_col_1_2\"><div class=\"iw_cpt_image_gallery_image two\"><img decoding=\"async\" src=\"https:\/\/farmworld.tv\/wp-content\/uploads\/2022\/11\/ltv-fwtv-leidenschaft-2020-image-02-970x647.jpg\" loading=\"lazy\"><\/div><div class=\"iw_cpt_image_gallery_image three\"><img decoding=\"async\" src=\"https:\/\/farmworld.tv\/wp-content\/uploads\/2022\/11\/ltv-fwtv-leidenschaft-2020-image-03-970x647.jpg\" loading=\"lazy\"><\/div><div class=\"iw_cpt_image_gallery_image\"><img decoding=\"async\" src=\"https:\/\/farmworld.tv\/wp-content\/uploads\/2022\/11\/ltv-fwtv-leidenschaft-2020-image-04-970x647.jpg\" loading=\"lazy\"><\/div><\/div><div class=\"iw_cpt_image_gallery_clearfix\"><\/div><div class=\"iw_col_1_2\"><\/div><div class=\"iw_col_1_2\"><\/div><\/div><div class=\"mobile\"><div class=\"iw_col_1_1\"><div class=\"iw_cpt_image_gallery_image full one\"><img decoding=\"async\" src=\"https:\/\/farmworld.tv\/wp-content\/uploads\/2022\/11\/ltv-fwtv-leidenschaft-2020-image-01-970x544.jpg\" loading=\"lazy\"><\/div><\/div><div class=\"iw_col_1_1\"><div class=\"iw_cpt_image_gallery_image\"><img decoding=\"async\" src=\"https:\/\/farmworld.tv\/wp-content\/uploads\/2022\/11\/ltv-fwtv-leidenschaft-2020-image-02-970x647.jpg\" loading=\"lazy\"><\/div><div class=\"iw_cpt_image_gallery_image\"><img decoding=\"async\" src=\"https:\/\/farmworld.tv\/wp-content\/uploads\/2022\/11\/ltv-fwtv-leidenschaft-2020-image-03-970x647.jpg\" loading=\"lazy\"><\/div><div class=\"iw_cpt_image_gallery_image\"><img decoding=\"async\" src=\"https:\/\/farmworld.tv\/wp-content\/uploads\/2022\/11\/ltv-fwtv-leidenschaft-2020-image-04-970x647.jpg\" loading=\"lazy\"><\/div><\/div><\/div><div class=\"iw_cpt_image_gallery_clearfix\"><\/div><\/div><\/div>[vc_empty_space height=\u201c25\u201d][\/vc_column_inner][\/vc_row_inner][vc_row_inner][vc_column_inner]            <div class=\"iw_svg_viewer \" style=\"text-align:center\">\n                \n                    <div class=\"iw_svg_viewer_content_wrapper\" style=\"width:2px; height:150px\">\n                        <?xml version=\"1.0\" encoding=\"UTF-8\"?><svg id=\"Layer_1\" viewBox=\"0 0 2 150\"><rect id=\"Rechteck_1061\" width=\"2\" height=\"150\" style=\"fill:#5aa05a;\" \/><\/svg>\n                    <\/div>\n                \n            <\/div>\n[vc_empty_space height=\u201c25\u201d][\/vc_column_inner][\/vc_row_inner][\/vc_column][\/vc_row][vc_row full_width=\u201cstretch_row\u201d][vc_column][vc_row_inner][vc_column_inner width=\u201c1\/4\u201d][\/vc_column_inner][vc_column_inner offset=\u201cvc_col-md\u20116\u201d][vc_column_text css=\u201d.vc_custom_1669631679554{margin-bottom: 15px !important;}\u201d]\n<h3 style=\"text-align: center;\"><span style=\"color: #5aa05a;\">2021<\/span><\/h3>\n<p>[\/vc_column_text][vc_column_text css=\u201d.vc_custom_1676994802483{margin-bottom: 20px !important;}\u201d]<\/p>\n<h4 style=\"text-align: center;\">M\u00e1s de 200.000 suscriptores en YouTube<\/h4>\n<p>[\/vc_column_text][vc_column_text]<\/p>\n<p style=\"text-align: left;\">En los a\u00f1os ante\u00adrio\u00adres, la maqui\u00adna\u00adria agr\u00ed\u00adcola moderna hab\u00eda sido el prin\u00adci\u00adpal obje\u00adtivo de nues\u00adtros proyec\u00adtos docu\u00admen\u00adta\u00adles cine\u00adma\u00adto\u00adgr\u00e1\u00adfi\u00adcos. Este a\u00f1o todo cam\u00adbia. Para el docu\u00admen\u00adtal \u00abTrac\u00adto\u00adres cl\u00e1\u00adsi\u00adcos moder\u00adnos XXL\u00bb nos cen\u00adtra\u00admos en los trac\u00adto\u00adres m\u00e1s desta\u00adca\u00addos de los a\u00f1os 80 y 90. Se expo\u00adnen alre\u00adde\u00addor de 50 trac\u00adto\u00adres de 20 mar\u00adcas dife\u00adren\u00adtes, entre ellas Fendt, John Deere, Deutz-Fahr, Mer\u00adce\u00addes-Benz, Schl\u00fc\u00adter, Mas\u00adsey Fer\u00adgu\u00adson y Fiat, as\u00ed como num\u00ade\u00adro\u00adsas pie\u00adzas ex\u00f3\u00adti\u00adcas. Para noso\u00adtros, el tra\u00adbajo de rodaje fue tam\u00adbi\u00e9n un viaje en el tiempo a nues\u00adtra pro\u00adpia his\u00adto\u00adria. El segundo est\u00adreno de este a\u00f1o tam\u00adbi\u00e9n est\u00e1 cen\u00adtrado en la maqui\u00adna\u00adria agr\u00ed\u00adcola anti\u00adgua. \u00abFendt cl\u00e1\u00adsi\u00adcos de J\u2011Reiff\u00bb, Vol.1 se rod\u00f3 en la empresa cont\u00adra\u00adtista Reiff en Luxem\u00adburgo. Josy Reiff Senior ha reu\u00adnido en los \u00falti\u00admos a\u00f1os la colecci\u00f3n de trac\u00adto\u00adres Fendt m\u00e1s extensa del mundo. El Vol. 1 est\u00e1 dedi\u00adcado a los a\u00f1os de fabri\u00adca\u00adci\u00f3n 1928 a 1958. Ambas pel\u00ed\u00adcu\u00adlas sal\u00addr\u00e1n a la venta como DVD y como video\u00adstream 4K. Nues\u00adtros v\u00eddeos de You\u00adTube entus\u00adi\u00adas\u00adman a un n\u00famero cada vez mayor de espec\u00adta\u00addo\u00adres: solo en 2021, el canal regis\u00adtr\u00f3 14 mil\u00adlo\u00adnes de visua\u00adli\u00adza\u00adcio\u00adnes de v\u00eddeos con un tiempo total de repro\u00adduc\u00adci\u00f3n de 1,1 mil\u00adlo\u00adnes de horas. Nues\u00adtro repor\u00adtaje exclu\u00adsivo sobre el veh\u00ed\u00adculo de trans\u00adporte de gran enver\u00adg\u00adadura NEXAT, que film\u00adamos en Ucra\u00adnia, caus\u00f3 ver\u00addadera sen\u00adsa\u00adci\u00f3n. Ade\u00adm\u00e1s de las ofer\u00adtas en ale\u00adm\u00e1n e ingl\u00e9s, ese a\u00f1o abri\u00admos un canal en franc\u00e9s.<\/p>\n<p>[\/vc_column_text][vc_empty_space height=\u201c25\u201d][\/vc_column_inner][vc_column_inner width=\u201c1\/4\u201d][\/vc_column_inner][\/vc_row_inner][vc_row_inner][vc_column_inner]<\/p><div class=\"iw_cpt_image_gallery_advanced \"><div class=\"iw_cpt_image_gallery \" data-deactive_lightbox=\"false\"><div class=\"desktop\"><div class=\"iw_col_1_2\"><div class=\"iw_cpt_image_gallery_image one\"><img decoding=\"async\" src=\"https:\/\/farmworld.tv\/wp-content\/uploads\/2022\/11\/ltv-fwtv-leidenschaft-2021-image-01-970x647.jpg\" loading=\"lazy\"><\/div><div class=\"iw_cpt_image_gallery_image two\"><img decoding=\"async\" src=\"https:\/\/farmworld.tv\/wp-content\/uploads\/2022\/11\/ltv-fwtv-leidenschaft-2021-image-02-970x647.jpg\" loading=\"lazy\"><\/div><div class=\"iw_cpt_image_gallery_image\"><img decoding=\"async\" src=\"https:\/\/farmworld.tv\/wp-content\/uploads\/2022\/11\/ltv-fwtv-leidenschaft-2021-image-04-970x647.jpg\" loading=\"lazy\"><\/div><div class=\"iw_cpt_image_gallery_image\"><img decoding=\"async\" src=\"https:\/\/farmworld.tv\/wp-content\/uploads\/2022\/11\/ltv-fwtv-leidenschaft-2021-image-05-970x647.jpg\" loading=\"lazy\"><\/div><\/div><div class=\"iw_col_1_2\"><div class=\"iw_cpt_image_gallery_image full three\"><img decoding=\"async\" src=\"https:\/\/farmworld.tv\/wp-content\/uploads\/2022\/11\/ltv-fwtv-leidenschaft-2021-image-03-970x647.jpg\" loading=\"lazy\"><\/div><\/div><div class=\"iw_cpt_image_gallery_clearfix\"><\/div><div class=\"iw_col_1_2\"><div class=\"iw_cpt_image_gallery_image\"><img decoding=\"async\" src=\"https:\/\/farmworld.tv\/wp-content\/uploads\/2022\/11\/ltv-fwtv-leidenschaft-2021-image-06-970x647.jpg\" loading=\"lazy\"><\/div><div class=\"iw_cpt_image_gallery_image\"><img decoding=\"async\" src=\"https:\/\/farmworld.tv\/wp-content\/uploads\/2022\/11\/ltv-fwtv-leidenschaft-2021-image-07-1-970x647.jpg\" loading=\"lazy\"><\/div><\/div><div class=\"iw_col_1_2\"><\/div><\/div><div class=\"mobile\"><div class=\"iw_col_1_1\"><div class=\"iw_cpt_image_gallery_image full one\"><img decoding=\"async\" src=\"https:\/\/farmworld.tv\/wp-content\/uploads\/2022\/11\/ltv-fwtv-leidenschaft-2021-image-01-970x647.jpg\" loading=\"lazy\"><\/div><\/div><div class=\"iw_col_1_1\"><div class=\"iw_cpt_image_gallery_image\"><img decoding=\"async\" src=\"https:\/\/farmworld.tv\/wp-content\/uploads\/2022\/11\/ltv-fwtv-leidenschaft-2021-image-02-970x647.jpg\" loading=\"lazy\"><\/div><div class=\"iw_cpt_image_gallery_image\"><img decoding=\"async\" src=\"https:\/\/farmworld.tv\/wp-content\/uploads\/2022\/11\/ltv-fwtv-leidenschaft-2021-image-03-970x647.jpg\" loading=\"lazy\"><\/div><div class=\"iw_cpt_image_gallery_image\"><img decoding=\"async\" src=\"https:\/\/farmworld.tv\/wp-content\/uploads\/2022\/11\/ltv-fwtv-leidenschaft-2021-image-04-970x647.jpg\" loading=\"lazy\"><\/div><div class=\"iw_cpt_image_gallery_image\"><img decoding=\"async\" src=\"https:\/\/farmworld.tv\/wp-content\/uploads\/2022\/11\/ltv-fwtv-leidenschaft-2021-image-05-970x647.jpg\" loading=\"lazy\"><\/div><div class=\"iw_cpt_image_gallery_image\"><img decoding=\"async\" src=\"https:\/\/farmworld.tv\/wp-content\/uploads\/2022\/11\/ltv-fwtv-leidenschaft-2021-image-06-970x647.jpg\" loading=\"lazy\"><\/div><div class=\"iw_cpt_image_gallery_image\"><img decoding=\"async\" src=\"https:\/\/farmworld.tv\/wp-content\/uploads\/2022\/11\/ltv-fwtv-leidenschaft-2021-image-07-1-970x647.jpg\" loading=\"lazy\"><\/div><\/div><\/div><div class=\"iw_cpt_image_gallery_clearfix\"><\/div><\/div><\/div>[vc_empty_space height=\u201c25\u201d][\/vc_column_inner][\/vc_row_inner][vc_row_inner][vc_column_inner]            <div class=\"iw_svg_viewer \" style=\"text-align:center\">\n                \n                    <div class=\"iw_svg_viewer_content_wrapper\" style=\"width:2px; height:150px\">\n                        <?xml version=\"1.0\" encoding=\"UTF-8\"?><svg id=\"Layer_1\" viewBox=\"0 0 2 150\"><rect id=\"Rechteck_1061\" width=\"2\" height=\"150\" style=\"fill:#5aa05a;\" \/><\/svg>\n                    <\/div>\n                \n            <\/div>\n[vc_empty_space height=\u201c25\u201d][\/vc_column_inner][\/vc_row_inner][\/vc_column][\/vc_row][vc_row full_width=\u201cstretch_row\u201d][vc_column][vc_row_inner][vc_column_inner width=\u201c1\/4\u201d][\/vc_column_inner][vc_column_inner offset=\u201cvc_col-md\u20116\u201d][vc_column_text css=\u201d.vc_custom_1669631741339{margin-bottom: 15px !important;}\u201d]\n<h3 style=\"text-align: center;\"><span style=\"color: #5aa05a;\">2022<\/span><\/h3>\n<p>[\/vc_column_text][vc_column_text css=\u201d.vc_custom_1676994818362{margin-bottom: 20px !important;}\u201d]<\/p>\n<h4 style=\"text-align: center;\">De viaje por Escandinavia<\/h4>\n<p>[\/vc_column_text][vc_column_text]<\/p>\n<p style=\"text-align: left;\">Con el proyecto docu\u00admen\u00adtal \u00abAgri\u00adcul\u00adtura en Escan\u00addi\u00adna\u00advia\u00bb llen\u00ada\u00admos una laguna m\u00e1s en la infor\u00admaci\u00f3n sobre la activ\u00adi\u00addad agr\u00ed\u00adcola en Europa. Ocu\u00adpar\u00adnos a la vez de los cua\u00adtro pa\u00ed\u00adses, Dina\u00admarca, Sue\u00adcia, Fin\u00adlan\u00addia y Noruega, era ambicioso y reque\u00adr\u00eda mucho tiempo de inves\u00adti\u00adga\u00adci\u00f3n. Al final, logra\u00admos recor\u00adrer las regio\u00adnes agr\u00ed\u00adco\u00adlas importan\u00adtes con varias visi\u00adtas y pre\u00adsen\u00adtar los pun\u00adtos m\u00e1s desta\u00adca\u00addos, tanto en cuanto a paisa\u00adjes como a agri\u00adcul\u00adtura. Ya hemos rodado en 25 pa\u00ed\u00adses dife\u00adren\u00adtes y en 5 con\u00adti\u00adnen\u00adtes. Este a\u00f1o tam\u00adbi\u00e9n ha sido una nove\u00addad la con\u00adti\u00adnu\u00adaci\u00f3n de la serie de v\u00eddeos \u00ab Fendt cl\u00e1\u00adsi\u00adcos de J\u2011Reiff\u00bb, Vol. 2, que trata del peri\u00adodo de con\u00ads\u00adtruc\u00adci\u00f3n de los trac\u00adto\u00adres Fendt entre 1959 y 1969. Mien\u00adtras tanto, nues\u00adtro canal de You\u00adTube en ale\u00adm\u00e1n ha alcanz\u00adado los 85 mil\u00adlo\u00adnes de visua\u00adli\u00adza\u00adcio\u00adnes de v\u00eddeos y 250.000 suscrip\u00adto\u00adres y el canal en ingl\u00e9s ha super\u00adado la marca de 15.000 suscriptores.<\/p>\n<p>[\/vc_column_text][vc_empty_space height=\u201c25\u201d][\/vc_column_inner][vc_column_inner width=\u201c1\/4\u201d][\/vc_column_inner][\/vc_row_inner][vc_row_inner][vc_column_inner]<\/p><div class=\"iw_cpt_image_gallery_advanced \"><div class=\"iw_cpt_image_gallery \" data-deactive_lightbox=\"false\"><div class=\"desktop\"><div class=\"iw_col_1_2\"><div class=\"iw_cpt_image_gallery_image full one\"><img decoding=\"async\" src=\"https:\/\/farmworld.tv\/wp-content\/uploads\/2022\/11\/ltv-fwtv-leidenschaft-2022-image-01-970x647.jpg\" loading=\"lazy\"><div class=\"clearfix\"><\/div><\/div><\/div><div class=\"iw_col_1_2\"><div class=\"iw_cpt_image_gallery_image two\"><img decoding=\"async\" src=\"https:\/\/farmworld.tv\/wp-content\/uploads\/2022\/11\/ltv-fwtv-leidenschaft-2022-image-02-970x728.jpg\" loading=\"lazy\"><\/div><div class=\"iw_cpt_image_gallery_image three\"><img decoding=\"async\" src=\"https:\/\/farmworld.tv\/wp-content\/uploads\/2022\/11\/ltv-fwtv-leidenschaft-2022-image-03-970x437.jpg\" loading=\"lazy\"><\/div><div class=\"iw_cpt_image_gallery_image\"><img decoding=\"async\" src=\"https:\/\/farmworld.tv\/wp-content\/uploads\/2022\/11\/ltv-fwtv-leidenschaft-2022-image-04-970x728.jpg\" loading=\"lazy\"><\/div><div class=\"iw_cpt_image_gallery_image\"><img decoding=\"async\" src=\"https:\/\/farmworld.tv\/wp-content\/uploads\/2022\/11\/ltv-fwtv-leidenschaft-2022-image-05-970x728.jpg\" loading=\"lazy\"><\/div><\/div><div class=\"iw_cpt_image_gallery_clearfix\"><\/div><div class=\"iw_col_1_2\"><div class=\"iw_cpt_image_gallery_image\"><img decoding=\"async\" src=\"https:\/\/farmworld.tv\/wp-content\/uploads\/2022\/11\/ltv-fwtv-leidenschaft-2022-image-06-970x647.jpg\" loading=\"lazy\"><\/div><\/div><div class=\"iw_col_1_2\"><\/div><\/div><div class=\"mobile\"><div class=\"iw_col_1_1\"><div class=\"iw_cpt_image_gallery_image full one\"><img decoding=\"async\" src=\"https:\/\/farmworld.tv\/wp-content\/uploads\/2022\/11\/ltv-fwtv-leidenschaft-2022-image-01-970x647.jpg\" loading=\"lazy\"><\/div><\/div><div class=\"iw_col_1_1\"><div class=\"iw_cpt_image_gallery_image\"><img decoding=\"async\" src=\"https:\/\/farmworld.tv\/wp-content\/uploads\/2022\/11\/ltv-fwtv-leidenschaft-2022-image-02-970x728.jpg\" loading=\"lazy\"><\/div><div class=\"iw_cpt_image_gallery_image\"><img decoding=\"async\" src=\"https:\/\/farmworld.tv\/wp-content\/uploads\/2022\/11\/ltv-fwtv-leidenschaft-2022-image-03-970x437.jpg\" loading=\"lazy\"><\/div><div class=\"iw_cpt_image_gallery_image\"><img decoding=\"async\" src=\"https:\/\/farmworld.tv\/wp-content\/uploads\/2022\/11\/ltv-fwtv-leidenschaft-2022-image-04-970x728.jpg\" loading=\"lazy\"><\/div><div class=\"iw_cpt_image_gallery_image\"><img decoding=\"async\" src=\"https:\/\/farmworld.tv\/wp-content\/uploads\/2022\/11\/ltv-fwtv-leidenschaft-2022-image-05-970x728.jpg\" loading=\"lazy\"><\/div><div class=\"iw_cpt_image_gallery_image\"><img decoding=\"async\" src=\"https:\/\/farmworld.tv\/wp-content\/uploads\/2022\/11\/ltv-fwtv-leidenschaft-2022-image-06-970x647.jpg\" loading=\"lazy\"><\/div><\/div><\/div><div class=\"iw_cpt_image_gallery_clearfix\"><\/div><\/div><\/div>[vc_empty_space height=\u201c25\u201d][\/vc_column_inner][\/vc_row_inner][vc_row_inner][vc_column_inner]            <div class=\"iw_svg_viewer \" style=\"text-align:center\">\n                \n                    <div class=\"iw_svg_viewer_content_wrapper\" style=\"width:2px; height:150px\">\n                        <?xml version=\"1.0\" encoding=\"UTF-8\"?><svg id=\"Layer_1\" viewBox=\"0 0 2 150\"><rect id=\"Rechteck_1061\" width=\"2\" height=\"150\" style=\"fill:#5aa05a;\" \/><\/svg>\n                    <\/div>\n                \n            <\/div>\n[vc_empty_space height=\u201c25\u201d][\/vc_column_inner][\/vc_row_inner][\/vc_column][\/vc_row][vc_row full_width=\u201cstretch_row\u201d][vc_column][vc_row_inner][vc_column_inner width=\u201c1\/4\u201d][\/vc_column_inner][vc_column_inner offset=\u201cvc_col-md\u20116\u201d][vc_column_text css=\u201d.vc_custom_1678799272379{margin-bottom: 15px !important;}\u201d]\n<h3 style=\"text-align: center;\"><span style=\"color: #5aa05a;\">2023<\/span><\/h3>\n<p>[\/vc_column_text][vc_column_text css=\u201d.vc_custom_1764857690208{margin-bottom: 20px !important;}\u201d]<\/p>\n<h4 style=\"text-align: center;\">Nuestro \u00faltimo continente agr\u00edcola: \u00c1frica<\/h4>\n<p>[\/vc_column_text][vc_column_text css=\u201c\u201d]<\/p>\n<p style=\"text-align: left;\">En febrero, tras una exhaus\u00adtiva y com\u00adpleja inves\u00adti\u00adga\u00adci\u00f3n, via\u00adja\u00admos por pri\u00admera vez a Sud\u00e1f\u00adrica y ya hemos rodado en seis de los siete con\u00adti\u00adnen\u00adtes. La pro\u00adduc\u00adci\u00f3n comenz\u00f3 con la cosecha de ma\u00edz y una visita a gran\u00addes ganade\u00adros al este de Johan\u00adnes\u00adburgo. El viaje nos llev\u00f3 luego a recor\u00adrer el pa\u00eds de un lado a otro hasta llegar a Ciu\u00addad del Cabo. Sin embargo, fueron nece\u00adsa\u00adrias dos visi\u00adtas m\u00e1s para com\u00adple\u00adtar la serie de tres pel\u00ed\u00adcu\u00adlas \u00abAdven\u00adture South Africa\u00bb. Al final, \u00a1recor\u00adri\u00admos m\u00e1s de 8000 kil\u00f3\u00adme\u00adtros por las regio\u00adnes m\u00e1s importan\u00adtes del pa\u00eds para las pel\u00edculas!<\/p>\n<p>[\/vc_column_text][vc_column_text css=\u201c\u201d]<\/p>\n<p style=\"text-align: left;\">Est\u00e1b\u00ada\u00admos muy emo\u00adcio\u00adna\u00addos con el lanz\u00ada\u00admi\u00adento de nues\u00adtra nueva p\u00e1gina web. Con la ayuda de una agen\u00adcia, cre\u00ada\u00admos la p\u00e1gina en cinco idio\u00admas e inte\u00adgra\u00admos la tienda web cl\u00e1\u00adsica y el ser\u00advicio de strea\u00adming. Farmworld.tv es ahora uti\u00adlizada por afi\u00adci\u00ado\u00adna\u00addos al cine de m\u00e1s de 30 pa\u00ed\u00adses y ofrece acceso a todos nues\u00adtros docu\u00admen\u00adta\u00adles agr\u00ed\u00adco\u00adlas desde 2012. La biblio\u00adteca mul\u00adti\u00adme\u00addia de nuevo dise\u00f1o, con alre\u00adde\u00addor de 20 000 fotos, ofrece acceso gra\u00adtuito al archivo de im\u00e1\u00adge\u00adnes de los \u00falti\u00admos 20 a\u00f1os de landtechnikvideos.de.<\/p>\n<p>[\/vc_column_text][vc_column_text css=\u201c\u201d]<\/p>\n<p style=\"text-align: left;\">En noviembre de 2023, se cele\u00adbr\u00f3 en Han\u00adno\u00adver la feria de maqui\u00adna\u00adria agr\u00ed\u00adcola Agri\u00adtech\u00adnica, en la que vol\u00advi\u00admos a par\u00adti\u00adci\u00adpar con un stand. Con la serie de v\u00eddeos de You\u00adTube \u00abInside Agri\u00adtech\u00adnica\u00bb, no solo acom\u00adpa\u00ad\u00f1a\u00admos los pre\u00adpa\u00adra\u00adtivos, sino que tam\u00adbi\u00e9n pudi\u00admos pre\u00adsen\u00adtar en exclu\u00adsiva algu\u00adnos pro\u00adduc\u00adtos nue\u00advos muy inte\u00adres\u00adan\u00adtes. En oto\u00f1o de este a\u00f1o pre\u00adsen\u00adta\u00adre\u00admos Stream\u00adbox, un nuevo pro\u00adducto que per\u00admi\u00adtir\u00e1 a nues\u00adtros afi\u00adci\u00ado\u00adna\u00addos al cine reco\u00adpi\u00adlar y com\u00adpar\u00adtir v\u00eddeos digi\u00adta\u00adles. El viaje agr\u00ed\u00adcola Agrar-Adven\u00adture de este a\u00f1o tuvo lugar en Canad\u00e1.<\/p>\n<p>[\/vc_column_text][vc_empty_space height=\u201c25\u201d][\/vc_column_inner][vc_column_inner width=\u201c1\/4\u201d][\/vc_column_inner][\/vc_row_inner][vc_row_inner][vc_column_inner]<\/p><div class=\"iw_cpt_image_gallery_advanced \"><div class=\"iw_cpt_image_gallery \" data-deactive_lightbox=\"false\"><div class=\"desktop\"><div class=\"iw_col_1_4\"><div class=\"iw_cpt_image_gallery_image one\"><img decoding=\"async\" src=\"https:\/\/farmworld.tv\/wp-content\/uploads\/2023\/03\/ltv-fwtv-leidenschaft-2023-image-01-970x728.jpg\" loading=\"lazy\"><\/div><div class=\"iw_cpt_image_gallery_image\"><img decoding=\"async\" src=\"https:\/\/farmworld.tv\/wp-content\/uploads\/2023\/03\/ltv-fwtv-leidenschaft-2023-image-04-970x647.jpg\" loading=\"lazy\"><\/div><\/div><div class=\"iw_col_1_2\"><div class=\"iw_cpt_image_gallery_image full two\"><img decoding=\"async\" src=\"https:\/\/farmworld.tv\/wp-content\/uploads\/2023\/03\/ltv-fwtv-leidenschaft-2023-image-02-970x728.jpg\" loading=\"lazy\"><\/div><\/div><div class=\"iw_col_1_4\"><div class=\"iw_cpt_image_gallery_image three\"><img decoding=\"async\" src=\"https:\/\/farmworld.tv\/wp-content\/uploads\/2023\/03\/ltv-fwtv-leidenschaft-2023-image-03-970x728.jpg\" loading=\"lazy\"><\/div><div class=\"iw_cpt_image_gallery_image\"><img decoding=\"async\" src=\"https:\/\/farmworld.tv\/wp-content\/uploads\/2023\/03\/ltv-fwtv-leidenschaft-2023-image-05-970x647.jpg\" loading=\"lazy\"><\/div><\/div><div class=\"iw_cpt_image_gallery_clearfix\"><\/div><div class=\"iw_col_1_2\"><div class=\"iw_cpt_image_gallery_image\"><img decoding=\"async\" src=\"https:\/\/farmworld.tv\/wp-content\/uploads\/2025\/12\/ltv-fwtv-leidenschaft-2023-image-06-970x647.jpg\" loading=\"lazy\"><\/div><div class=\"iw_cpt_image_gallery_image\"><img decoding=\"async\" src=\"https:\/\/farmworld.tv\/wp-content\/uploads\/2025\/12\/ltv-fwtv-leidenschaft-2023-image-07-970x546.jpg\" loading=\"lazy\"><\/div><\/div><div class=\"iw_col_1_2\"><div class=\"iw_cpt_image_gallery_image\"><img decoding=\"async\" src=\"https:\/\/farmworld.tv\/wp-content\/uploads\/2025\/12\/ltv-fwtv-leidenschaft-2023-image-08-970x437.jpg\" loading=\"lazy\"><\/div><\/div><\/div><div class=\"mobile\"><div class=\"iw_col_1_1\"><div class=\"iw_cpt_image_gallery_image full one\"><img decoding=\"async\" src=\"https:\/\/farmworld.tv\/wp-content\/uploads\/2023\/03\/ltv-fwtv-leidenschaft-2023-image-01-970x728.jpg\" loading=\"lazy\"><\/div><\/div><div class=\"iw_col_1_1\"><div class=\"iw_cpt_image_gallery_image\"><img decoding=\"async\" src=\"https:\/\/farmworld.tv\/wp-content\/uploads\/2023\/03\/ltv-fwtv-leidenschaft-2023-image-02-970x728.jpg\" loading=\"lazy\"><\/div><div class=\"iw_cpt_image_gallery_image\"><img decoding=\"async\" src=\"https:\/\/farmworld.tv\/wp-content\/uploads\/2023\/03\/ltv-fwtv-leidenschaft-2023-image-03-970x728.jpg\" loading=\"lazy\"><\/div><div class=\"iw_cpt_image_gallery_image\"><img decoding=\"async\" src=\"https:\/\/farmworld.tv\/wp-content\/uploads\/2023\/03\/ltv-fwtv-leidenschaft-2023-image-04-970x647.jpg\" loading=\"lazy\"><\/div><div class=\"iw_cpt_image_gallery_image\"><img decoding=\"async\" src=\"https:\/\/farmworld.tv\/wp-content\/uploads\/2023\/03\/ltv-fwtv-leidenschaft-2023-image-05-970x647.jpg\" loading=\"lazy\"><\/div><div class=\"iw_cpt_image_gallery_image\"><img decoding=\"async\" src=\"https:\/\/farmworld.tv\/wp-content\/uploads\/2025\/12\/ltv-fwtv-leidenschaft-2023-image-06-970x647.jpg\" loading=\"lazy\"><\/div><div class=\"iw_cpt_image_gallery_image\"><img decoding=\"async\" src=\"https:\/\/farmworld.tv\/wp-content\/uploads\/2025\/12\/ltv-fwtv-leidenschaft-2023-image-07-970x546.jpg\" loading=\"lazy\"><\/div><div class=\"iw_cpt_image_gallery_image\"><img decoding=\"async\" src=\"https:\/\/farmworld.tv\/wp-content\/uploads\/2025\/12\/ltv-fwtv-leidenschaft-2023-image-08-970x437.jpg\" loading=\"lazy\"><\/div><\/div><\/div><div class=\"iw_cpt_image_gallery_clearfix\"><\/div><\/div><\/div>[vc_empty_space height=\u201c25\u201d][\/vc_column_inner][\/vc_row_inner][vc_row_inner][vc_column_inner]            <div class=\"iw_svg_viewer \" style=\"text-align:center\">\n                \n                    <div class=\"iw_svg_viewer_content_wrapper\" style=\"width:2px; height:150px\">\n                        <?xml version=\"1.0\" encoding=\"UTF-8\"?><svg id=\"Layer_1\" viewBox=\"0 0 2 150\"><rect id=\"Rechteck_1061\" width=\"2\" height=\"150\" style=\"fill:#5aa05a;\" \/><\/svg>\n                    <\/div>\n                \n            <\/div>\n[vc_empty_space height=\u201c25\u201d][\/vc_column_inner][\/vc_row_inner][\/vc_column][\/vc_row][vc_row full_width=\u201cstretch_row\u201d][vc_column][vc_row_inner][vc_column_inner width=\u201c1\/4\u201d][\/vc_column_inner][vc_column_inner offset=\u201cvc_col-md\u20116\u201d][vc_column_text css=\u201d.vc_custom_1764853717833{margin-bottom: 15px !important;}\u201d]\n<h3 style=\"text-align: center;\"><span style=\"color: #5aa05a;\">2024<\/span><\/h3>\n<p>[\/vc_column_text][vc_column_text css=\u201d.vc_custom_1764857760979{margin-bottom: 20px !important;}\u201d]<\/p>\n<h4 style=\"text-align: center;\">Por toda Europa<\/h4>\n<p>[\/vc_column_text][vc_column_text css=\u201c\u201d]La inves\u00adti\u00adga\u00adci\u00f3n para \u00abAgri\u00adcul\u00adtura en Europa\u00bb fue muy exhaus\u00adtiva. El obje\u00adtivo era visi\u00adtar gran\u00adjas y cont\u00adra\u00adtis\u00adtas en tan\u00adtos pa\u00ed\u00adses como fuera posi\u00adble en los que nunca hubi\u00e9\u00adra\u00admos film\u00adado antes o en los que hubi\u00e9\u00adra\u00admos film\u00adado muy poco. En pri\u00adma\u00advera via\u00adja\u00adre\u00admos a Ita\u00adlia y a los Pa\u00ed\u00adses Bajos. M\u00e1s adel\u00adante, a lo largo del a\u00f1o, se a\u00f1a\u00addir\u00e1n otros 11 pa\u00ed\u00adses, entre los que se incluyen regio\u00adnes inte\u00adres\u00adan\u00adtes de Europa del Este, Eslove\u00adnia, Hun\u00adg\u00adr\u00eda, Ruman\u00eda y Che\u00adquia. La serie de dos par\u00adtes, con una dura\u00adci\u00f3n de 195 minu\u00adtos, se estren\u00f3 final\u00admente en oto\u00f1o junto con J\u2011Reiff Fendt Clas\u00adsics Vol. 4. La secuela sobre la colecci\u00f3n de trac\u00adto\u00adres anti\u00adguos de Josy Reiff trata sobre la deno\u00admi\u00adnada \u00abserie moderna\u00bb de Fendt y mues\u00adtra 40 trac\u00adto\u00adres del peri\u00adodo de con\u00ads\u00adtruc\u00adci\u00f3n com\u00adp\u00adren\u00addido entre 1967 y 1976. La gira agr\u00ed\u00adcola Agrar-Adven\u00adture nos llev\u00f3 por pri\u00admera vez a los Estados Uni\u00addos en 2024. En la excur\u00adsi\u00f3n, de apro\u00adxi\u00adma\u00addamente 3500 kil\u00f3\u00adme\u00adtros de lon\u00adgi\u00adtud, explor\u00ada\u00admos el Medio Oeste, visi\u00adta\u00admos la Farm Pro\u00adgress Show y num\u00ade\u00adro\u00adsas y emo\u00adcio\u00adn\u00adan\u00adtes empre\u00adsas agr\u00ed\u00adco\u00adlas. Por supuesto, tam\u00adbi\u00e9n hay una road movie sobre esta gira en YouTube.[\/vc_column_text][vc_column_text css=\u201c\u201d]En 2024 tam\u00adbi\u00e9n pro\u00addu\u00adji\u00admos temas inte\u00adres\u00adan\u00adtes para nues\u00adtro canal de You\u00adTube. Cabe desta\u00adcar aqu\u00ed las prue\u00adbas de con\u00adduc\u00adci\u00f3n exclu\u00adsi\u00advas con la cosecha\u00addora New Hol\u00adland CR11 y la John Deere 9RX. Aun\u00adque, lamen\u00adta\u00adblem\u00adente, el tiempo para imple\u00admen\u00adtar nue\u00advas ideas es muy limi\u00adtado, lanz\u00ada\u00admos un pod\u00adcast y graba\u00admos tres epi\u00adso\u00addios con agri\u00adcul\u00adto\u00adres de Canad\u00e1, Rusia y Sud\u00e1f\u00adrica para dar el pis\u00adto\u00adle\u00adtazo de sal\u00adida. Debido a la gran aco\u00adgida que tuvie\u00adron los epi\u00adso\u00addios, que\u00adremos con\u00adti\u00adnuar con la serie en el futuro.[\/vc_column_text][vc_empty_space height=\u201c25\u201d][\/vc_column_inner][vc_column_inner width=\u201c1\/4\u201d][\/vc_column_inner][\/vc_row_inner][vc_row_inner][vc_column_inner]<\/p><div class=\"iw_cpt_image_gallery_advanced \"><div class=\"iw_cpt_image_gallery \" data-deactive_lightbox=\"false\"><div class=\"desktop\"><div class=\"iw_col_1_2\"><div class=\"iw_cpt_image_gallery_image one\"><img decoding=\"async\" src=\"https:\/\/farmworld.tv\/wp-content\/uploads\/2025\/12\/ltv-fwtv-leidenschaft-2024-image-01-970x728.jpg\" loading=\"lazy\"><\/div><div class=\"iw_cpt_image_gallery_image two\"><img decoding=\"async\" src=\"https:\/\/farmworld.tv\/wp-content\/uploads\/2025\/12\/ltv-fwtv-leidenschaft-2024-image-02-970x728.jpg\" loading=\"lazy\"><\/div><div class=\"iw_cpt_image_gallery_image\"><img decoding=\"async\" src=\"https:\/\/farmworld.tv\/wp-content\/uploads\/2025\/12\/ltv-fwtv-leidenschaft-2024-image-04-970x648.jpg\" loading=\"lazy\"><\/div><div class=\"iw_cpt_image_gallery_image\"><img decoding=\"async\" src=\"https:\/\/farmworld.tv\/wp-content\/uploads\/2025\/12\/ltv-fwtv-leidenschaft-2024-image-05-970x647.jpg\" loading=\"lazy\"><\/div><\/div><div class=\"iw_col_1_2\"><div class=\"iw_cpt_image_gallery_image full three\"><img decoding=\"async\" src=\"https:\/\/farmworld.tv\/wp-content\/uploads\/2025\/12\/ltv-fwtv-leidenschaft-2024-image-03-970x546.jpg\" loading=\"lazy\"><\/div><\/div><div class=\"iw_cpt_image_gallery_clearfix\"><\/div><div class=\"iw_col_1_2\"><div class=\"iw_cpt_image_gallery_image\"><img decoding=\"async\" src=\"https:\/\/farmworld.tv\/wp-content\/uploads\/2025\/12\/ltv-fwtv-leidenschaft-2024-image-06-970x647.jpg\" loading=\"lazy\"><\/div><div class=\"iw_cpt_image_gallery_image\"><img decoding=\"async\" src=\"https:\/\/farmworld.tv\/wp-content\/uploads\/2025\/12\/ltv-fwtv-leidenschaft-2024-image-07-780x780.jpg\" loading=\"lazy\"><\/div><\/div><div class=\"iw_col_1_2\"><div class=\"iw_cpt_image_gallery_image\"><img decoding=\"async\" src=\"https:\/\/farmworld.tv\/wp-content\/uploads\/2025\/12\/ltv-fwtv-leidenschaft-2024-image-08-970x546.jpg\" loading=\"lazy\"><\/div><\/div><\/div><div class=\"mobile\"><div class=\"iw_col_1_1\"><div class=\"iw_cpt_image_gallery_image full one\"><img decoding=\"async\" src=\"https:\/\/farmworld.tv\/wp-content\/uploads\/2025\/12\/ltv-fwtv-leidenschaft-2024-image-01-970x728.jpg\" loading=\"lazy\"><\/div><\/div><div class=\"iw_col_1_1\"><div class=\"iw_cpt_image_gallery_image\"><img decoding=\"async\" src=\"https:\/\/farmworld.tv\/wp-content\/uploads\/2025\/12\/ltv-fwtv-leidenschaft-2024-image-02-970x728.jpg\" loading=\"lazy\"><\/div><div class=\"iw_cpt_image_gallery_image\"><img decoding=\"async\" src=\"https:\/\/farmworld.tv\/wp-content\/uploads\/2025\/12\/ltv-fwtv-leidenschaft-2024-image-03-970x546.jpg\" loading=\"lazy\"><\/div><div class=\"iw_cpt_image_gallery_image\"><img decoding=\"async\" src=\"https:\/\/farmworld.tv\/wp-content\/uploads\/2025\/12\/ltv-fwtv-leidenschaft-2024-image-04-970x648.jpg\" loading=\"lazy\"><\/div><div class=\"iw_cpt_image_gallery_image\"><img decoding=\"async\" src=\"https:\/\/farmworld.tv\/wp-content\/uploads\/2025\/12\/ltv-fwtv-leidenschaft-2024-image-05-970x647.jpg\" loading=\"lazy\"><\/div><div class=\"iw_cpt_image_gallery_image\"><img decoding=\"async\" src=\"https:\/\/farmworld.tv\/wp-content\/uploads\/2025\/12\/ltv-fwtv-leidenschaft-2024-image-06-970x647.jpg\" loading=\"lazy\"><\/div><div class=\"iw_cpt_image_gallery_image\"><img decoding=\"async\" src=\"https:\/\/farmworld.tv\/wp-content\/uploads\/2025\/12\/ltv-fwtv-leidenschaft-2024-image-07-780x780.jpg\" loading=\"lazy\"><\/div><div class=\"iw_cpt_image_gallery_image\"><img decoding=\"async\" src=\"https:\/\/farmworld.tv\/wp-content\/uploads\/2025\/12\/ltv-fwtv-leidenschaft-2024-image-08-970x546.jpg\" loading=\"lazy\"><\/div><\/div><\/div><div class=\"iw_cpt_image_gallery_clearfix\"><\/div><\/div><\/div>[vc_empty_space height=\u201c25\u201d][\/vc_column_inner][\/vc_row_inner][vc_row_inner][vc_column_inner]            <div class=\"iw_svg_viewer \" style=\"text-align:center\">\n                \n                    <div class=\"iw_svg_viewer_content_wrapper\" style=\"width:2px; height:150px\">\n                        <?xml version=\"1.0\" encoding=\"UTF-8\"?><svg id=\"Layer_1\" viewBox=\"0 0 2 150\"><rect id=\"Rechteck_1061\" width=\"2\" height=\"150\" style=\"fill:#5aa05a;\" \/><\/svg>\n                    <\/div>\n                \n            <\/div>\n[vc_empty_space height=\u201c25\u201d][\/vc_column_inner][\/vc_row_inner][\/vc_column][\/vc_row][vc_row full_width=\u201cstretch_row\u201d][vc_column][vc_row_inner][vc_column_inner width=\u201c1\/4\u201d][\/vc_column_inner][vc_column_inner offset=\u201cvc_col-md\u20116\u201d][vc_column_text css=\u201d.vc_custom_1764854284144{margin-bottom: 15px !important;}\u201d]\n<h3 style=\"text-align: center;\"><span style=\"color: #5aa05a;\">2025<\/span><\/h3>\n<p>[\/vc_column_text][vc_column_text css=\u201d.vc_custom_1764857792313{margin-bottom: 20px !important;}\u201d]<\/p>\n<h4 style=\"text-align: center;\">En la carretera: Viajando por los Estados Unidos<\/h4>\n<p>[\/vc_column_text][vc_column_text css=\u201c\u201d]Este a\u00f1o, nues\u00adtros lar\u00adgo\u00adme\u00adt\u00adra\u00adjes nos lle\u00adva\u00adron a otro con\u00adti\u00adnente. Aun\u00adque ya hab\u00ed\u00ada\u00admos explo\u00adrado el Medio Oeste de Estados Uni\u00addos hace unos a\u00f1os para nues\u00adtra pel\u00ed\u00adcula \u00abAgri\u00adcul\u00adtura en Nor\u00adteam\u00ad\u00e9\u00adrica Vol. 3\u00bb, en aquel momento a\u00fan no exis\u00adt\u00edan los dro\u00adnes cine\u00adma\u00adto\u00adgr\u00e1\u00adfi\u00adcos y toda\u00adv\u00eda queda mucho por des\u00adcu\u00adbrir en el ter\u00adcer pa\u00eds m\u00e1s grande del mundo. Tras varias visi\u00adtas en dife\u00adren\u00adtes estacio\u00adnes, final\u00admente roda\u00admos en 13 estados dife\u00adren\u00adtes de EE. UU. Fue una pro\u00adduc\u00adci\u00f3n incre\u00ed\u00adblem\u00adente emo\u00adcio\u00adn\u00adante, con impre\u00adsio\u00adn\u00adan\u00adtes m\u00e1qui\u00adnas agr\u00ed\u00adco\u00adlas y paisa\u00adjes, as\u00ed como con per\u00adso\u00adnas mara\u00advil\u00adlosas que tuvi\u00admos la opor\u00adtu\u00adni\u00addad de cono\u00adcer in situ. Desde la fron\u00adtera con Canad\u00e1 hasta Cali\u00adfor\u00adnia y bajando hasta las zonas des\u00e9rti\u00adcas cer\u00adca\u00adnas a M\u00e9xico, viv\u00adi\u00admos muchas expe\u00adri\u00aden\u00adcias. La serie de dos par\u00adtes \u00abAgri\u00adcul\u00adtura en EE. UU.\u00bb est\u00e1 dis\u00adpo\u00adnible en DVD, strea\u00adming de v\u00eddeo 4K y como Stream\u00adbox. La serie de pel\u00ed\u00adcu\u00adlas J\u2011Reiff Fendt Clas\u00adsics tam\u00adbi\u00e9n se ha ampli\u00adado. La parte 5 est\u00e1 dedi\u00adcada a los a\u00f1os 1977 a 1985.[\/vc_column_text][vc_column_text css=\u201c\u201d]En Agri\u00adtech\u00adnica 2025, muchos fabri\u00adcan\u00adtes de maqui\u00adna\u00adria agr\u00ed\u00adcola pre\u00adsen\u00adta\u00adron nue\u00advos y emo\u00adcio\u00adn\u00adan\u00adtes pro\u00adduc\u00adtos, algu\u00adnos de los cua\u00adles pudi\u00admos mostrar por adel\u00adan\u00adtado en nues\u00adtro canal de You\u00adTube en prue\u00adbas de con\u00adduc\u00adci\u00f3n. Entre ellos se encon\u00adtra\u00adban la nueva cosecha\u00addora de for\u00adraje Claas Jaguar y el cabe\u00adzal de ma\u00edz de 16 hile\u00adras de Krone. Tam\u00adbi\u00e9n nos encant\u00f3 poder par\u00adti\u00adci\u00adpar en Agri\u00adtech\u00adnica con nues\u00adtro pro\u00adpio stand y cono\u00adcer en per\u00adsona a tan\u00adtos afi\u00adci\u00ado\u00adna\u00addos al cine. La edi\u00adci\u00f3n de diciembre de la revista de tec\u00adno\u00adlo\u00adg\u00eda agr\u00ed\u00adcola Profi incluy\u00f3 un repor\u00adtaje detal\u00adlado sobre nues\u00adtra pro\u00adduc\u00adci\u00f3n cine\u00adma\u00adto\u00adgr\u00e1\u00adfica en Estados Uni\u00addos. A fina\u00adles de a\u00f1o, nues\u00adtro canal de You\u00adTube en ingl\u00e9s super\u00f3 los 25 000 suscriptores.[\/vc_column_text][vc_column_text css=\u201c\u201d]A fina\u00adles de a\u00f1o, se estren\u00f3 una serie de v\u00eddeos muy espe\u00adcial en nues\u00adtro canal de You\u00adTube. Para con\u00adme\u00admorar los 30 a\u00f1os de Fendt Vario, tuvi\u00admos la opor\u00adtu\u00adni\u00addad de grabar los legen\u00adda\u00adrios trac\u00adto\u00adres, inclui\u00addos el Tri\u00adsix y el Evo. \u00a1Un sue\u00f1o de infan\u00adcia hecho rea\u00adli\u00addad! Las par\u00adtes 1 y 2 se pue\u00adden encon\u00adtrar en nues\u00adtro canal de You\u00adTube y, por supuesto, tam\u00adbi\u00e9n se han publi\u00adcado en ingl\u00e9s y franc\u00e9s.[\/vc_column_text][vc_empty_space height=\u201c25\u201d][\/vc_column_inner][vc_column_inner width=\u201c1\/4\u201d][\/vc_column_inner][\/vc_row_inner][vc_row_inner][vc_column_inner]<\/p><div class=\"iw_cpt_image_gallery_advanced \"><div class=\"iw_cpt_image_gallery \" data-deactive_lightbox=\"false\"><div class=\"desktop\"><div class=\"iw_col_1_2\"><div class=\"iw_cpt_image_gallery_image full one\"><img decoding=\"async\" src=\"https:\/\/farmworld.tv\/wp-content\/uploads\/2025\/12\/ltv-fwtv-leidenschaft-2025-image-01-970x727.jpg\" loading=\"lazy\"><div class=\"clearfix\"><\/div><\/div><\/div><div class=\"iw_col_1_2\"><div class=\"iw_cpt_image_gallery_image two\"><img decoding=\"async\" src=\"https:\/\/farmworld.tv\/wp-content\/uploads\/2025\/12\/ltv-fwtv-leidenschaft-2025-image-02-970x648.jpg\" loading=\"lazy\"><\/div><div class=\"iw_cpt_image_gallery_image three\"><img decoding=\"async\" src=\"https:\/\/farmworld.tv\/wp-content\/uploads\/2025\/12\/ltv-fwtv-leidenschaft-2025-image-03-970x648.jpg\" loading=\"lazy\"><\/div><div class=\"iw_cpt_image_gallery_image\"><img decoding=\"async\" src=\"https:\/\/farmworld.tv\/wp-content\/uploads\/2025\/12\/ltv-fwtv-leidenschaft-2025-image-04-970x647.jpg\" loading=\"lazy\"><\/div><div class=\"iw_cpt_image_gallery_image\"><img decoding=\"async\" src=\"https:\/\/farmworld.tv\/wp-content\/uploads\/2025\/12\/ltv-fwtv-leidenschaft-2025-image-05-970x647.jpg\" loading=\"lazy\"><\/div><\/div><div class=\"iw_cpt_image_gallery_clearfix\"><\/div><div class=\"iw_col_1_2\"><div class=\"iw_cpt_image_gallery_image\"><img decoding=\"async\" src=\"https:\/\/farmworld.tv\/wp-content\/uploads\/2025\/12\/ltv-fwtv-leidenschaft-2025-image-06-970x647.jpg\" loading=\"lazy\"><\/div><div class=\"iw_cpt_image_gallery_image\"><img decoding=\"async\" src=\"https:\/\/farmworld.tv\/wp-content\/uploads\/2025\/12\/ltv-fwtv-leidenschaft-2025-image-07-970x647.jpg\" loading=\"lazy\"><\/div><\/div><div class=\"iw_col_1_2\"><\/div><\/div><div class=\"mobile\"><div class=\"iw_col_1_1\"><div class=\"iw_cpt_image_gallery_image full one\"><img decoding=\"async\" src=\"https:\/\/farmworld.tv\/wp-content\/uploads\/2025\/12\/ltv-fwtv-leidenschaft-2025-image-01-970x727.jpg\" loading=\"lazy\"><\/div><\/div><div class=\"iw_col_1_1\"><div class=\"iw_cpt_image_gallery_image\"><img decoding=\"async\" src=\"https:\/\/farmworld.tv\/wp-content\/uploads\/2025\/12\/ltv-fwtv-leidenschaft-2025-image-02-970x648.jpg\" loading=\"lazy\"><\/div><div class=\"iw_cpt_image_gallery_image\"><img decoding=\"async\" src=\"https:\/\/farmworld.tv\/wp-content\/uploads\/2025\/12\/ltv-fwtv-leidenschaft-2025-image-03-970x648.jpg\" loading=\"lazy\"><\/div><div class=\"iw_cpt_image_gallery_image\"><img decoding=\"async\" src=\"https:\/\/farmworld.tv\/wp-content\/uploads\/2025\/12\/ltv-fwtv-leidenschaft-2025-image-04-970x647.jpg\" loading=\"lazy\"><\/div><div class=\"iw_cpt_image_gallery_image\"><img decoding=\"async\" src=\"https:\/\/farmworld.tv\/wp-content\/uploads\/2025\/12\/ltv-fwtv-leidenschaft-2025-image-05-970x647.jpg\" loading=\"lazy\"><\/div><div class=\"iw_cpt_image_gallery_image\"><img decoding=\"async\" src=\"https:\/\/farmworld.tv\/wp-content\/uploads\/2025\/12\/ltv-fwtv-leidenschaft-2025-image-06-970x647.jpg\" loading=\"lazy\"><\/div><div class=\"iw_cpt_image_gallery_image\"><img decoding=\"async\" src=\"https:\/\/farmworld.tv\/wp-content\/uploads\/2025\/12\/ltv-fwtv-leidenschaft-2025-image-07-970x647.jpg\" loading=\"lazy\"><\/div><\/div><\/div><div class=\"iw_cpt_image_gallery_clearfix\"><\/div><\/div><\/div>[vc_empty_space height=\u201c25\u201d][\/vc_column_inner][\/vc_row_inner][vc_row_inner][vc_column_inner]            <div class=\"iw_svg_viewer \" style=\"text-align:center\">\n                \n                    <div class=\"iw_svg_viewer_content_wrapper\" style=\"width:2px; height:150px\">\n                        <?xml version=\"1.0\" encoding=\"UTF-8\"?><svg id=\"Layer_1\" viewBox=\"0 0 2 150\"><rect id=\"Rechteck_1061\" width=\"2\" height=\"150\" style=\"fill:#5aa05a;\" \/><\/svg>\n                    <\/div>\n                \n            <\/div>\n[vc_empty_space height=\u201c25\u201d][\/vc_column_inner][\/vc_row_inner][\/vc_column][\/vc_row][vc_row full_width=\u201cstretch_row\u201d][vc_column][vc_row_inner][vc_column_inner width=\u201c1\/4\u201d][\/vc_column_inner][vc_column_inner offset=\u201cvc_col-md\u20116\u201d][vc_column_text css=\u201d.vc_custom_1764854470673{margin-bottom: 15px !important;}\u201d]\n<h3 style=\"text-align: center;\"><span style=\"color: #5aa05a;\">2026<\/span><\/h3>\n<p>[\/vc_column_text][vc_column_text css=\u201d.vc_custom_1764857831086{margin-bottom: 20px !important;}\u201d]<\/p>\n<h4 style=\"text-align: center;\">Nuevos pa\u00edses y nuevos temas: \u00a1hay tanto por descubrir!<\/h4>\n<p>[\/vc_column_text][vc_column_text css=\u201c\u201d]Inspirados por muchas con\u00adver\u00adsa\u00adcio\u00adnes inte\u00adres\u00adan\u00adtes y encuen\u00adtros per\u00adso\u00adna\u00adles en la feria de maqui\u00adna\u00adria agr\u00ed\u00adcola Agri\u00adtech\u00adnica en Han\u00adno\u00adver, estamos con\u00adside\u00adrando nue\u00advos proyec\u00adtos de v\u00eddeo que nos lle\u00advar\u00e1n a regio\u00adnes en las que a\u00fan no hemos estado activos con nuestras c\u00e1ma\u00adras. \u00a1Sigue siendo emo\u00adcio\u00adn\u00adante! Nues\u00adtro canal de You\u00adTube en ale\u00adm\u00e1n se acerca a los 300 000 suscrip\u00adto\u00adres. Con un itin\u00adera\u00adrio lige\u00adra\u00admente modi\u00adfi\u00adcado, la gira agr\u00ed\u00adcola Agrar-Adven\u00adture a los Estados Uni\u00addos ten\u00addr\u00e1 lugar en sep\u00adtiembre. Ade\u00adm\u00e1s, \u00a1landtechnikvideos.de cele\u00adbra su 25.\u00ba aniversario![\/vc_column_text][vc_empty_space height=\u201c25\u201d][vc_single_image image=\u201c9445\u201d img_size=\u201cfull\u201d alignment=\u201ccenter\u201d css=\u201c\u201d][\/vc_column_inner][vc_column_inner width=\u201c1\/4\u201d][\/vc_column_inner][\/vc_row_inner][vc_row_inner disable_element=\u201cyes\u201d][vc_column_inner]<\/p><div class=\"iw_cpt_image_gallery_advanced \"><div class=\"iw_cpt_image_gallery \" data-deactive_lightbox=\"false\"><div class=\"desktop\"><div class=\"iw_col_1_2\"><div class=\"iw_cpt_image_gallery_image full one\"><img decoding=\"async\" src=\"https:\/\/farmworld.tv\/wp-content\/uploads\/2025\/12\/ltv-fwtv-leidenschaft-2025-image-01-970x727.jpg\" loading=\"lazy\"><div class=\"clearfix\"><\/div><\/div><\/div><div class=\"iw_col_1_2\"><div class=\"iw_cpt_image_gallery_image two\"><img decoding=\"async\" src=\"https:\/\/farmworld.tv\/wp-content\/uploads\/2025\/12\/ltv-fwtv-leidenschaft-2025-image-02-970x648.jpg\" loading=\"lazy\"><\/div><div class=\"iw_cpt_image_gallery_image three\"><img decoding=\"async\" src=\"https:\/\/farmworld.tv\/wp-content\/uploads\/2025\/12\/ltv-fwtv-leidenschaft-2025-image-03-970x648.jpg\" loading=\"lazy\"><\/div><div class=\"iw_cpt_image_gallery_image\"><img decoding=\"async\" src=\"https:\/\/farmworld.tv\/wp-content\/uploads\/2025\/12\/ltv-fwtv-leidenschaft-2025-image-04-970x647.jpg\" loading=\"lazy\"><\/div><div class=\"iw_cpt_image_gallery_image\"><img decoding=\"async\" src=\"https:\/\/farmworld.tv\/wp-content\/uploads\/2025\/12\/ltv-fwtv-leidenschaft-2025-image-05-970x647.jpg\" loading=\"lazy\"><\/div><\/div><div class=\"iw_cpt_image_gallery_clearfix\"><\/div><div class=\"iw_col_1_2\"><div class=\"iw_cpt_image_gallery_image\"><img decoding=\"async\" src=\"https:\/\/farmworld.tv\/wp-content\/uploads\/2025\/12\/ltv-fwtv-leidenschaft-2025-image-06-970x647.jpg\" loading=\"lazy\"><\/div><div class=\"iw_cpt_image_gallery_image\"><img decoding=\"async\" src=\"https:\/\/farmworld.tv\/wp-content\/uploads\/2025\/12\/ltv-fwtv-leidenschaft-2025-image-07-970x647.jpg\" loading=\"lazy\"><\/div><\/div><div class=\"iw_col_1_2\"><\/div><\/div><div class=\"mobile\"><div class=\"iw_col_1_1\"><div class=\"iw_cpt_image_gallery_image full one\"><img decoding=\"async\" src=\"https:\/\/farmworld.tv\/wp-content\/uploads\/2025\/12\/ltv-fwtv-leidenschaft-2025-image-01-970x727.jpg\" loading=\"lazy\"><\/div><\/div><div class=\"iw_col_1_1\"><div class=\"iw_cpt_image_gallery_image\"><img decoding=\"async\" src=\"https:\/\/farmworld.tv\/wp-content\/uploads\/2025\/12\/ltv-fwtv-leidenschaft-2025-image-02-970x648.jpg\" loading=\"lazy\"><\/div><div class=\"iw_cpt_image_gallery_image\"><img decoding=\"async\" src=\"https:\/\/farmworld.tv\/wp-content\/uploads\/2025\/12\/ltv-fwtv-leidenschaft-2025-image-03-970x648.jpg\" loading=\"lazy\"><\/div><div class=\"iw_cpt_image_gallery_image\"><img decoding=\"async\" src=\"https:\/\/farmworld.tv\/wp-content\/uploads\/2025\/12\/ltv-fwtv-leidenschaft-2025-image-04-970x647.jpg\" loading=\"lazy\"><\/div><div class=\"iw_cpt_image_gallery_image\"><img decoding=\"async\" src=\"https:\/\/farmworld.tv\/wp-content\/uploads\/2025\/12\/ltv-fwtv-leidenschaft-2025-image-05-970x647.jpg\" loading=\"lazy\"><\/div><div class=\"iw_cpt_image_gallery_image\"><img decoding=\"async\" src=\"https:\/\/farmworld.tv\/wp-content\/uploads\/2025\/12\/ltv-fwtv-leidenschaft-2025-image-06-970x647.jpg\" loading=\"lazy\"><\/div><div class=\"iw_cpt_image_gallery_image\"><img decoding=\"async\" src=\"https:\/\/farmworld.tv\/wp-content\/uploads\/2025\/12\/ltv-fwtv-leidenschaft-2025-image-07-970x647.jpg\" loading=\"lazy\"><\/div><\/div><\/div><div class=\"iw_cpt_image_gallery_clearfix\"><\/div><\/div><\/div>[vc_empty_space height=\u201c25\u201d][\/vc_column_inner][\/vc_row_inner][vc_row_inner disable_element=\u201cyes\u201d][vc_column_inner]            <div class=\"iw_svg_viewer \" style=\"text-align:center\">\n                \n                    <div class=\"iw_svg_viewer_content_wrapper\" style=\"width:2px; height:150px\">\n                        <?xml version=\"1.0\" encoding=\"UTF-8\"?><svg id=\"Layer_1\" viewBox=\"0 0 2 150\"><rect id=\"Rechteck_1061\" width=\"2\" height=\"150\" style=\"fill:#5aa05a;\" \/><\/svg>\n                    <\/div>\n                \n            <\/div>\n[vc_empty_space height=\u201c25\u201d][\/vc_column_inner][\/vc_row_inner][\/vc_column][\/vc_row][vc_row full_width=\u201cstretch_row\u201d][vc_column][vc_row_inner][vc_column_inner][vc_empty_space height=\u201c50\u201d][\/vc_column_inner][\/vc_row_inner][vc_row_inner][vc_column_inner][vc_empty_space height=\u201c50\u201d][\/vc_column_inner][\/vc_row_inner][\/vc_column][\/vc_row]\n<\/div>","protected":false},"excerpt":{"rendered":"<p>[vc_row full_width=\u201cstretch_row_content_no_spaces\u201d][vc_column][vc_row_inner][vc_column_inner][\/vc_column_inner][\/vc_row_inner][\/vc_column][\/vc_row][vc_row full_width=\u201cstretch_row\u201d][vc_column][vc_row_inner][vc_column_inner][vc_empty_space height=\u201c50\u201d][\/vc_column_inner][\/vc_row_inner][vc_row_inner][vc_column_inner width=\u201c1\/6\u201d offset=\u201cvc_hidden-sm vc_hidden-xs\u201d][\/vc_column_inner][vc_column_inner offset=\u201cvc_col-md\u20118\u201d][vc_column_text] Nues\u00adtra pasi\u00f3n [\/vc_column_text][vc_column_text] Hola, estos somos noso\u00adtros y esta es nues\u00adtra pasi\u00f3n. [\/vc_column_text][vc_empty_space height=\u201c25px\u201d][\/vc_column_inner][vc_column_inner width=\u201c1\/6\u201d offset=\u201cvc_hidden-sm vc_hidden-xs\u201d][\/vc_column_inner][\/vc_row_inner][\/vc_column][\/vc_row][vc_row full_width=\u201cstretch_row\u201d][vc_column][vc_row_inner][vc_column_inner][vc_empty_space height=\u201c50\u201d][\/vc_column_inner][\/vc_row_inner][vc_row_inner][vc_column_inner width=\u201c1\/12\u201d offset=\u201cvc_hidden-sm vc_hidden-xs\u201d][\/vc_column_inner][vc_column_inner width=\u201c1\/2\u201d offset=\u201cvc_col-md\u20114\u201d][vc_single_image image=\u201c779\u201d img_size=\u201c175x175\u201d alignment=\u201ccenter\u201d style=\u201cvc_box_circle\u201d][vc_column_text css=\u201d.vc_custom_1669207015155{margin-bottom: 15px !important;}\u201d] Tammo Gl\u00e4\u00adser [\/vc_column_text][vc_column_text css=\u201d.vc_custom_1676994385443{margin-bottom: 20px !important;}\u201d] A\u00f1o de lanz\u00ada\u00admi\u00adento&nbsp;1985 [\/vc_column_text][vc_column_text css=\u201d.vc_custom_1676994396972{margin-bottom: 20px !important;}\u201d] Inge\u00adniero (Dipl. \u2011Ing. [\u2026]<\/p>\n","protected":false},"author":2,"featured_media":0,"parent":0,"menu_order":0,"comment_status":"closed","ping_status":"closed","template":"","meta":{"wp_typography_post_enhancements_disabled":false,"footnotes":""},"class_list":["post-2933","page","type-page","status-publish","hentry"],"yoast_head":"<!-- This site is optimized with the Yoast SEO plugin v25.3.1 - https:\/\/yoast.com\/wordpress\/plugins\/seo\/ -->\n<title>Nuestra pasi\u00f3n - Tammo y J\u00f6rn Gl\u00e4ser<\/title>\n<meta name=\"description\" content=\"Desde las primeras grabaciones con la &quot;Ritsch-Ratsch-Klick-Kamera&quot; hasta la producci\u00f3n cinematogr\u00e1fica 4K actual....\" \/>\n<meta name=\"robots\" content=\"index, follow, max-snippet:-1, max-image-preview:large, max-video-preview:-1\" \/>\n<link rel=\"canonical\" href=\"https:\/\/farmworld.tv\/es\/nuestra-pasion\/\" \/>\n<meta property=\"og:locale\" content=\"es_ES\" \/>\n<meta property=\"og:type\" content=\"article\" \/>\n<meta property=\"og:title\" content=\"Nuestra pasi\u00f3n - Tammo y J\u00f6rn Gl\u00e4ser\" \/>\n<meta property=\"og:description\" content=\"Desde las primeras grabaciones con la &quot;Ritsch-Ratsch-Klick-Kamera&quot; hasta la producci\u00f3n cinematogr\u00e1fica 4K actual....\" \/>\n<meta property=\"og:url\" content=\"https:\/\/farmworld.tv\/es\/nuestra-pasion\/\" \/>\n<meta property=\"og:site_name\" content=\"farmworld.tv\" \/>\n<meta property=\"article:modified_time\" content=\"2025-12-04T14:17:23+00:00\" \/>\n<meta name=\"twitter:card\" content=\"summary_large_image\" \/>\n<meta name=\"twitter:label1\" content=\"Tiempo de lectura\" \/>\n\t<meta name=\"twitter:data1\" content=\"24 minutos\" \/>\n<script type=\"application\/ld+json\" class=\"yoast-schema-graph\">{\"@context\":\"https:\/\/schema.org\",\"@graph\":[{\"@type\":\"WebPage\",\"@id\":\"https:\/\/farmworld.tv\/es\/nuestra-pasion\/\",\"url\":\"https:\/\/farmworld.tv\/es\/nuestra-pasion\/\",\"name\":\"Nuestra pasi\u00f3n - Tammo y J\u00f6rn Gl\u00e4ser\",\"isPartOf\":{\"@id\":\"https:\/\/farmworld.tv\/en\/#website\"},\"datePublished\":\"2022-07-19T12:06:44+00:00\",\"dateModified\":\"2025-12-04T14:17:23+00:00\",\"description\":\"Desde las primeras grabaciones con la \\\"Ritsch-Ratsch-Klick-Kamera\\\" hasta la producci\u00f3n cinematogr\u00e1fica 4K actual....\",\"breadcrumb\":{\"@id\":\"https:\/\/farmworld.tv\/es\/nuestra-pasion\/#breadcrumb\"},\"inLanguage\":\"es\",\"potentialAction\":[{\"@type\":\"ReadAction\",\"target\":[\"https:\/\/farmworld.tv\/es\/nuestra-pasion\/\"]}]},{\"@type\":\"BreadcrumbList\",\"@id\":\"https:\/\/farmworld.tv\/es\/nuestra-pasion\/#breadcrumb\",\"itemListElement\":[{\"@type\":\"ListItem\",\"position\":1,\"name\":\"Home\",\"item\":\"https:\/\/farmworld.tv\/es\/\"},{\"@type\":\"ListItem\",\"position\":2,\"name\":\"Nuestra pasi\u00f3n\"}]},{\"@type\":\"WebSite\",\"@id\":\"https:\/\/farmworld.tv\/en\/#website\",\"url\":\"https:\/\/farmworld.tv\/en\/\",\"name\":\"farmworld.tv\",\"description\":\"\",\"potentialAction\":[{\"@type\":\"SearchAction\",\"target\":{\"@type\":\"EntryPoint\",\"urlTemplate\":\"https:\/\/farmworld.tv\/en\/?s={search_term_string}\"},\"query-input\":{\"@type\":\"PropertyValueSpecification\",\"valueRequired\":true,\"valueName\":\"search_term_string\"}}],\"inLanguage\":\"es\"}]}<\/script>\n<!-- \/ Yoast SEO plugin. -->","yoast_head_json":{"title":"Nuestra pasi\u00f3n - Tammo y J\u00f6rn Gl\u00e4ser","description":"Desde las primeras grabaciones con la \"Ritsch-Ratsch-Klick-Kamera\" hasta la producci\u00f3n cinematogr\u00e1fica 4K actual....","robots":{"index":"index","follow":"follow","max-snippet":"max-snippet:-1","max-image-preview":"max-image-preview:large","max-video-preview":"max-video-preview:-1"},"canonical":"https:\/\/farmworld.tv\/es\/nuestra-pasion\/","og_locale":"es_ES","og_type":"article","og_title":"Nuestra pasi\u00f3n - Tammo y J\u00f6rn Gl\u00e4ser","og_description":"Desde las primeras grabaciones con la \"Ritsch-Ratsch-Klick-Kamera\" hasta la producci\u00f3n cinematogr\u00e1fica 4K actual....","og_url":"https:\/\/farmworld.tv\/es\/nuestra-pasion\/","og_site_name":"farmworld.tv","article_modified_time":"2025-12-04T14:17:23+00:00","twitter_card":"summary_large_image","twitter_misc":{"Tiempo de lectura":"24 minutos"},"schema":{"@context":"https:\/\/schema.org","@graph":[{"@type":"WebPage","@id":"https:\/\/farmworld.tv\/es\/nuestra-pasion\/","url":"https:\/\/farmworld.tv\/es\/nuestra-pasion\/","name":"Nuestra pasi\u00f3n - Tammo y J\u00f6rn Gl\u00e4ser","isPartOf":{"@id":"https:\/\/farmworld.tv\/en\/#website"},"datePublished":"2022-07-19T12:06:44+00:00","dateModified":"2025-12-04T14:17:23+00:00","description":"Desde las primeras grabaciones con la \"Ritsch-Ratsch-Klick-Kamera\" hasta la producci\u00f3n cinematogr\u00e1fica 4K actual....","breadcrumb":{"@id":"https:\/\/farmworld.tv\/es\/nuestra-pasion\/#breadcrumb"},"inLanguage":"es","potentialAction":[{"@type":"ReadAction","target":["https:\/\/farmworld.tv\/es\/nuestra-pasion\/"]}]},{"@type":"BreadcrumbList","@id":"https:\/\/farmworld.tv\/es\/nuestra-pasion\/#breadcrumb","itemListElement":[{"@type":"ListItem","position":1,"name":"Home","item":"https:\/\/farmworld.tv\/es\/"},{"@type":"ListItem","position":2,"name":"Nuestra pasi\u00f3n"}]},{"@type":"WebSite","@id":"https:\/\/farmworld.tv\/en\/#website","url":"https:\/\/farmworld.tv\/en\/","name":"farmworld.tv","description":"","potentialAction":[{"@type":"SearchAction","target":{"@type":"EntryPoint","urlTemplate":"https:\/\/farmworld.tv\/en\/?s={search_term_string}"},"query-input":{"@type":"PropertyValueSpecification","valueRequired":true,"valueName":"search_term_string"}}],"inLanguage":"es"}]}},"_links":{"self":[{"href":"https:\/\/farmworld.tv\/es\/wp-json\/wp\/v2\/pages\/2933","targetHints":{"allow":["GET"]}}],"collection":[{"href":"https:\/\/farmworld.tv\/es\/wp-json\/wp\/v2\/pages"}],"about":[{"href":"https:\/\/farmworld.tv\/es\/wp-json\/wp\/v2\/types\/page"}],"author":[{"embeddable":true,"href":"https:\/\/farmworld.tv\/es\/wp-json\/wp\/v2\/users\/2"}],"replies":[{"embeddable":true,"href":"https:\/\/farmworld.tv\/es\/wp-json\/wp\/v2\/comments?post=2933"}],"version-history":[{"count":36,"href":"https:\/\/farmworld.tv\/es\/wp-json\/wp\/v2\/pages\/2933\/revisions"}],"predecessor-version":[{"id":3158,"href":"https:\/\/farmworld.tv\/es\/wp-json\/wp\/v2\/pages\/2933\/revisions\/3158"}],"wp:attachment":[{"href":"https:\/\/farmworld.tv\/es\/wp-json\/wp\/v2\/media?parent=2933"}],"curies":[{"name":"wp","href":"https:\/\/api.w.org\/{rel}","templated":true}]}}